{"id":898,"date":"2017-08-30T21:24:01","date_gmt":"2017-08-30T19:24:01","guid":{"rendered":"https:\/\/www.czech-neuro.cz\/?page_id=898"},"modified":"2025-01-13T19:50:27","modified_gmt":"2025-01-13T18:50:27","slug":"sekce-cerebrovaskularni","status":"publish","type":"page","link":"https:\/\/www.czech-neuro.cz\/sekce\/sekce-cerebrovaskularni\/","title":{"rendered":"Sekce cerebrovaskul\u00e1rn\u00ed"},"content":{"rendered":"<p><img loading=\"lazy\" decoding=\"async\" class=\"size-medium wp-image-2425 aligncenter\" src=\"https:\/\/www.czech-neuro.cz\/content\/uploads\/2017\/08\/sekce-cerebrovystrizek-300x68.png\" alt=\"\" width=\"300\" height=\"68\" srcset=\"https:\/\/www.czech-neuro.cz\/content\/uploads\/2017\/08\/sekce-cerebrovystrizek-300x68.png 300w, https:\/\/www.czech-neuro.cz\/content\/uploads\/2017\/08\/sekce-cerebrovystrizek-60x14.png 60w, https:\/\/www.czech-neuro.cz\/content\/uploads\/2017\/08\/sekce-cerebrovystrizek.png 322w\" sizes=\"auto, (max-width: 300px) 100vw, 300px\" \/><\/p>\n<p><strong>P\u0159edseda:<br \/>\n<\/strong>doc. MUDr. A. Tomek, Ph.D., FESO<br \/>\nNeurologick\u00e1 klinika UK 2. LF\u00a0a FN Motol, Praha<br \/>\ne-mail:\u00a0<a href=\"mailto:ales.tomek@fnmotol.cz\">ales.tomek@fnmotol.cz<\/a><\/p>\n<p><strong>\u010clenov\u00e9 v\u00fdboru:<br \/>\n<\/strong>prof. MUDr. Michal Bar, Ph.D. &#8211; m\u00edstop\u0159edseda pro vzd\u011bl\u00e1v\u00e1n\u00ed<br \/>\nprof. MUDr. Roman Herzig, Ph.D. &#8211; m\u00edstop\u0159edseda pro odborn\u00e9 akce<br \/>\nprof. MUDr. Robert Mikul\u00edk, Ph.D. &#8211; m\u00edstop\u0159edseda pro v\u011bdu a&nbsp;v\u00fdzkum<br \/>\nMUDr. Dagmar Sou\u010dkov\u00e1 &#8211; m\u00edstop\u0159edsedkyn\u011b pro spolupr\u00e1ci s&nbsp;pacientsk\u00fdmi organizacemi<br \/>\nprof. MUDr. Daniel \u0160a\u0148\u00e1k, Ph.D. &#8211; m\u00edstop\u0159edseda pro doporu\u010den\u00e9 postupy<br \/>\nprim. MUDr. Ond\u0159ej \u0160koda, Ph.D. &#8211; m\u00edstop\u0159edseda pro styk s&nbsp;pl\u00e1tci a&nbsp;regul\u00e1tory a&nbsp;pro akreditaci<br \/>\nprof. MUDr. David \u0160koloud\u00edk, Ph.D. &#8211; m\u00edstop\u0159edseda pro neurosonologii<br \/>\nprim. MUDr. Martin Kov\u00e1\u0159<br \/>\nprim. MUDr. Ji\u0159\u00ed Neumann<br \/>\nprim. MUDr. Petra Rekov\u00e1, Ph.D.<br \/>\nprim. MUDr. Martin \u0160r\u00e1mek<br \/>\nprim. MUDr. Daniel V\u00e1clav\u00edk, Ph.D.<\/p>\n<p><strong>Funk\u010dn\u00ed obdob\u00ed v\u00fdboru<\/strong>: 2\/2024 \u2013 1\/2028<\/p>\n<p>Webov\u00e9 str\u00e1nky sekce<strong> <a href=\"http:\/\/www.cmp.cz\/\">www.cmp.cz<\/a><\/strong><\/p>\n<hr \/>\n<h4><strong>Grant ESOC 2025<\/strong><\/h4>\n<div class=\"BL3dva\">\n<div class=\"OSxNQL\">\n<div class=\"OFA52E\">\n<div tabindex=\"-1\" data-hook=\"post-title\">\n<p>V\u00fdbor Cerebrovaskul\u00e1rn\u00ed sekce \u010cNS \u010cLS J.E.P. ve spolupr\u00e1ci s&nbsp;IKTUS o.p.s. vyhla\u0161uje sout\u011b\u017e o&nbsp;3 granty v&nbsp;jednotliv\u00e9 v\u00fd\u0161i 20&nbsp;000,- K\u010d pro c\u00e9vn\u00ed neurology\/neurolo\u017eky k&nbsp;podpo\u0159e aktivn\u00ed \u00fa\u010dasti na The European Stroke Organisation Conference 2025, kter\u00e1 se kon\u00e1 ve dnech 21. \u2013 23.&nbsp;kv\u011btna v&nbsp;Helsink\u00e1ch.<\/p>\n<p>Grant je ur\u010den k&nbsp;pokryt\u00ed kongresov\u00e9ho poplatku a&nbsp;nezbytn\u00fdch cestovn\u00edch n\u00e1klad\u016f. Grant bude vyplacen v\u00fdhradn\u011b osob\u00e1m, kter\u00fdm byla podpora schv\u00e1lena.<\/p>\n<p>Podpora se t\u00fdk\u00e1 c\u00e9vn\u00edch neurolog\u016f\/neurolo\u017eek ve v\u011bku do 35 let aktivn\u011b se \u00fa\u010dastn\u00edc\u00ed konference formou p\u0159edn\u00e1\u0161ky nebo posteru.<\/p>\n<p><strong>Podm\u00ednky k&nbsp;p\u0159ihla\u0161ov\u00e1n\u00ed:<\/strong><\/p>\n<ul>\n<li>V\u011bk v&nbsp;dob\u011b kon\u00e1n\u00ed konference do 35 let v\u010detn\u011b<\/li>\n<li>\u010clen\/\u010dlenka Cerebrovaskul\u00e1rn\u00ed sekce a&nbsp;\u010cNS \u010cLS J.E.P. nejm\u00e9n\u011b od 1.&nbsp;1.&nbsp;2025<\/li>\n<li>\u0158\u00e1dn\u011b zaplacen\u00e9 \u010dlensk\u00e9 p\u0159\u00edsp\u011bvky do \u010cNS \u010cLS JEP<\/li>\n<li>Hlavn\u00ed autor\/autorka sd\u011blen\u00ed<\/li>\n<li>Doklad o&nbsp;p\u0159ijet\u00ed p\u0159\u00edsp\u011bvku k&nbsp;prezentaci formou p\u0159edn\u00e1\u0161ky nebo posteru<\/li>\n<li>Abstrakt sd\u011blen\u00ed<\/li>\n<li>Stru\u010dn\u00fd \u017eivotopis uchaze\u010de\/uchaze\u010dky<\/li>\n<li>Uz\u00e1v\u011brka pro pod\u00e1n\u00ed p\u0159ihl\u00e1\u0161ky je 21.3.2025<\/li>\n<\/ul>\n<p>Uchaze\u010di\/uchaze\u010dky se mohou p\u0159ihla\u0161ovat na jiri.neumann@kzcr.eu. Po&nbsp;p\u0159ihl\u00e1\u0161en\u00ed pr\u00e1ce bude zasl\u00e1no potvrzen\u00ed (e-mailem) o&nbsp;jej\u00edm p\u0159ijet\u00ed do sout\u011b\u017ee.<\/p>\n<p><strong>Vyhodnocen\u00ed a&nbsp;p\u0159ed\u00e1n\u00ed ceny:<\/strong><\/p>\n<p>3 v\u00edt\u011bzn\u00e9 p\u0159\u00edsp\u011bvky vybere v\u00fdbor Cerebrovaskul\u00e1rn\u00ed sekce tajn\u00fdm hlasov\u00e1n\u00edm a&nbsp;v\u00fdsledky p\u0159ed\u00e1 spr\u00e1vn\u00ed rad\u011b IKTUS o.p.s. Ti, kte\u0159\u00ed grant z\u00edskaj\u00ed budou n\u00e1sledn\u011b kontaktov\u00e1ni a&nbsp;bude jim p\u0159ed\u00e1n grant.<\/p>\n<p>\u2713 Do 30 dn\u016f po&nbsp;skon\u010den\u00ed konference je obdr\u017eitel\/ka grantu povinen\/povinna p\u0159edlo\u017eit doklad o&nbsp;zaplacen\u00ed kongresov\u00e9ho poplatku a&nbsp;kopii certifik\u00e1tu o&nbsp;absolvov\u00e1n\u00ed konference.<\/p>\n<p>\u2713 P\u0159id\u011blen\u00ed cestovn\u00edho grantu nen\u00ed n\u00e1rokov\u00e9.<\/p>\n<p>doc. MUDr. Ale\u0161 Tomek, Ph.D., FESO \u2013 za v\u00fdbor Cerebrovaskul\u00e1rn\u00ed sekce \u010cNS \u010cLS J.E.P.<br \/>\nprim. MUDr. Ji\u0159\u00ed Neumann, FESO a&nbsp;prof. Michal Bar, Ph.D., FESO \u2013 za IKTUS o.p.s.<\/p>\n<\/div>\n<\/div>\n<\/div>\n<\/div>\n<hr \/>\n<p><a href=\"https:\/\/mhconsulting.cz\/kongres\/216-52-cesky-a-slovensky-cerebrovaskularni-kongres-4-6-cervna-2024\/obecne-informace\" target=\"_blank\" rel=\"noopener\" data-size=\"2560x851\"><img loading=\"lazy\" decoding=\"async\" class=\"aligncenter wp-image-14025\" src=\"https:\/\/www.czech-neuro.cz\/content\/uploads\/2024\/02\/cerebro-2024-300x100.jpg\" alt=\"\" width=\"597\" height=\"199\" srcset=\"https:\/\/www.czech-neuro.cz\/content\/uploads\/2024\/02\/cerebro-2024-300x100.jpg 300w, https:\/\/www.czech-neuro.cz\/content\/uploads\/2024\/02\/cerebro-2024-1024x340.jpg 1024w, https:\/\/www.czech-neuro.cz\/content\/uploads\/2024\/02\/cerebro-2024-768x255.jpg 768w, https:\/\/www.czech-neuro.cz\/content\/uploads\/2024\/02\/cerebro-2024-1536x510.jpg 1536w, https:\/\/www.czech-neuro.cz\/content\/uploads\/2024\/02\/cerebro-2024-2048x681.jpg 2048w, https:\/\/www.czech-neuro.cz\/content\/uploads\/2024\/02\/cerebro-2024-60x20.jpg 60w\" sizes=\"auto, (max-width: 597px) 100vw, 597px\" \/><\/a><\/p>\n<hr \/>\n<p><span style=\"color: #222222; font-size: 1.5rem; font-weight: bold; background-color: #ffffff;\">Funk\u010dn\u00ed odbornost v&nbsp;neurosonologii\u00a0<\/span><\/p>\n<p><strong>Cerebrovaskul\u00e1rn\u00ed sekce \u010cesk\u00e9 neurologick\u00e9 spole\u010dnosti \u010cLS JEP stanovila n\u00e1sleduj\u00edc\u00ed postup pro z\u00edsk\u00e1n\u00ed funk\u010dn\u00ed odbornosti v&nbsp;neurosonologii:<\/strong><\/p>\n<p>Uchaze\u010di o&nbsp;funk\u010dn\u00ed odbornost v\u00a0oboru neurosonologie mus\u00ed pro z\u00edsk\u00e1n\u00ed t\u00e9to funk\u010dn\u00ed odbornosti splnit podm\u00ednky uveden\u00e9 v\u00a0dokumentu\u00a0<a href=\"https:\/\/www.czech-neuro.cz\/content\/uploads\/2017\/08\/funkcni-odbornost-neurosonolog.pdf\" target=\"_blank\" rel=\"noopener noreferrer\">Funk\u010dn\u00ed odbornost v\u00a0oboru neurosonologie \u2013 obsah a&nbsp;podm\u00ednky k\u00a0z\u00edsk\u00e1n\u00ed funk\u010dn\u00ed odbornosti<\/a>, kter\u00fd schv\u00e1lil v\u00fdbor \u010cesk\u00e9 neurologick\u00e9 spole\u010dnosti \u010cLS JEP dne 5.9.2014.<\/p>\n<p>Ka\u017ed\u00fd uchaze\u010d nejd\u0159\u00edve vypln\u00ed\u00a0<a href=\"https:\/\/www.czech-neuro.cz\/content\/uploads\/2017\/08\/prihlaska-k-testu-neurosonolog.pdf\" target=\"_blank\" rel=\"noopener noreferrer\">P\u0159ihl\u00e1\u0161ku k\u00a0testu pro z\u00edsk\u00e1n\u00ed funk\u010dn\u00ed odbornosti v\u00a0oboru neurosonologie<\/a>\u00a0a ode\u0161le ji elektronicky na emailovou adresu:\u00a0<a href=\"mailto:skoloudik@email.cz\" target=\"_blank\" rel=\"noopener noreferrer\">skoloudik@email.cz<\/a>. Po&nbsp;p\u0159ijet\u00ed p\u0159ihl\u00e1\u0161ky bude uchaze\u010di zasl\u00e1no potvrzen\u00ed o&nbsp;p\u0159ijet\u00ed s&nbsp;n\u00e1vrhy term\u00ednu a&nbsp;m\u00edsta pro vykon\u00e1n\u00ed testu a&nbsp;\u00fadaji k&nbsp;proveden\u00ed platby.<\/p>\n<p>Test se skl\u00e1d\u00e1 z&nbsp;25 ot\u00e1zek n\u00e1hodn\u011b vybran\u00fdch z&nbsp;250 ot\u00e1zek schv\u00e1len\u00fdch Cerebrovaskul\u00e1rn\u00ed sekc\u00ed \u010cesk\u00e9 neurologick\u00e9 spole\u010dnosti \u010cLS JEP.\u00a0<a href=\"https:\/\/www.czech-neuro.cz\/content\/uploads\/2017\/08\/otazky-k-fo-neurosonologie.pdf\" target=\"_blank\" rel=\"noopener noreferrer\">Ot\u00e1zky k\u00a0testu k\u00a0z\u00edsk\u00e1n\u00ed funk\u010dn\u00ed odbornosti v\u00a0oboru neurosonologie<\/a>\u00a0jsou dostupn\u00e9 na str\u00e1nk\u00e1ch Cerebrovaskul\u00e1rn\u00ed sekce Neurologick\u00e9 spole\u010dnosti \u010cLS JEP (<a href=\"http:\/\/www.cmp.cz\/\" target=\"_blank\" rel=\"noopener noreferrer\">www.cmp.cz<\/a>). Spr\u00e1vn\u00e9 odpov\u011bdi jsou vyb\u00edr\u00e1ny ze 4 odpov\u011bd\u00ed, p\u0159i\u010dem\u017e jen 1 je spr\u00e1vn\u00e1. Za spr\u00e1vnou odpov\u011b\u010f z\u00edsk\u00e1v\u00e1 uchaze\u010d 1 bod, za nespr\u00e1vnou odpov\u011b\u010f 0 bod\u016f. Minim\u00e1ln\u00ed po\u010det dosa\u017een\u00fdch bod\u016f k\u00a0\u00fasp\u011b\u0161n\u00e9mu slo\u017een\u00ed zkou\u0161ky je 80% z\u00a0maxim\u00e1ln\u00edho po\u010dtu bod\u016f, tedy 20 z\u00a025 bod\u016f.<\/p>\n<p>N\u00e1sledn\u011b uchaze\u010d vypln\u00ed\u00a0<a href=\"https:\/\/www.czech-neuro.cz\/content\/uploads\/2017\/08\/zadost-o-udeleni-funkcni-odbor.pdf\" target=\"_blank\" rel=\"noopener noreferrer\">\u017d\u00e1dost o&nbsp;ud\u011blen\u00ed funk\u010dn\u00ed odbornosti v\u00a0oboru neurosonologie<\/a>\u00a0a spolu s\u00a0p\u0159\u00edlohami uveden\u00fdmi v\u00a0t\u00e9to \u017e\u00e1dosti ji p\u0159ed\u00e1 p\u0159\u00edslu\u0161n\u00e9 3\u010dlenn\u00e9 zku\u0161ebn\u00ed komisi schv\u00e1len\u00e9 v\u00fdborem Cerebrovaskul\u00e1rn\u00ed sekce \u010cesk\u00e9 neurologick\u00e9 spole\u010dnosti \u010cLS JEP, a&nbsp;to po&nbsp;\u00fasp\u011b\u0161n\u00e9m absolvov\u00e1n\u00ed testu k\u00a0z\u00edsk\u00e1n\u00ed funk\u010dn\u00ed odbornosti v\u00a0oboru neurosonologie.<\/p>\n<p>V\u00a0p\u0159\u00edpad\u011b, \u017ee uchaze\u010d nespln\u00ed krit\u00e9rium absolvov\u00e1n\u00ed kurz\u016f \u201eDuplexn\u00ed sonografie kr\u010dn\u00edch tepen\u201c, \u201eTranskrani\u00e1ln\u00ed barevn\u00e1 duplexn\u00ed sonografie\u201c, event. \u201eTranskrani\u00e1ln\u00ed dopplerometrie\u201c v\u00a0celkov\u00e9 d\u00e9lce minim\u00e1ln\u011b 15 pracovn\u00edch dn\u00ed, m\u016f\u017ee do 31.12.2015 zaslat\u00a0<a href=\"https:\/\/www.czech-neuro.cz\/content\/uploads\/2017\/08\/zadost-o-uznani-uz-kurzu.pdf\" target=\"_blank\" rel=\"noopener noreferrer\">\u017d\u00e1dost o&nbsp;uzn\u00e1n\u00ed krat\u0161\u00ed doby absolvovan\u00fdch kurz\u016f pot\u0159ebn\u00fdch k\u00a0ud\u011blen\u00ed funk\u010dn\u00ed odbornosti v\u00a0oboru neurosonologie<\/a>, a&nbsp;to elektronicky na emailovou adresu:\u00a0<a href=\"mailto:skoloudik@email.cz\" target=\"_blank\" rel=\"noopener noreferrer\">skoloudik@email.cz<\/a>, av\u0161ak nejpozd\u011bji 5 pracovn\u00edch dn\u00ed p\u0159ed zvolen\u00fdm term\u00ednem testu k\u00a0z\u00edsk\u00e1n\u00ed funk\u010dn\u00ed odbornosti v\u00a0oboru neurosonologie.<\/p>\n<p>V\u00a0Praze, dne 2.1.2015<\/p>\n<p>prim. MUDr. Ale\u0161 Tomek, Ph.D.<br \/>\np\u0159edseda Cerebrovaskul\u00e1rn\u00ed sekce \u010cNS \u010cLS JEP<\/p>\n<p>prof. MUDr. David \u0160koloud\u00edk, Ph.D., FESO<br \/>\np\u0159edseda Neurosonologick\u00e9 komise Cerebrovaskul\u00e1rn\u00ed sekce \u010cNS \u010cLS JEP<\/p>\n<p>Dokumenty ke sta\u017een\u00ed: <a href=\"http:\/\/www.cmp.cz\/jnp\/cz\/zdroje_a_odkazy\/funkcni_main.html\" target=\"_blank\" rel=\"noopener noreferrer\">ZDE<\/a><\/p>\n","protected":false},"excerpt":{"rendered":"<p>P\u0159edseda: doc. MUDr. A. Tomek, Ph.D., FESO Neurologick\u00e1 klinika UK 2. LF\u00a0a FN Motol, Praha e-mail:\u00a0ales.tomek@fnmotol.cz \u010clenov\u00e9 v\u00fdboru: prof. MUDr&#8230;.<\/p>\n","protected":false},"author":23,"featured_media":0,"parent":96,"menu_order":7,"comment_status":"closed","ping_status":"closed","template":"template-page-without-sidebar-content.php","meta":{"_acf_changed":false,"_searchwp_excluded":"","kia_subtitle":"","footnotes":""},"class_list":["post-898","page","type-page","status-publish","hentry"],"acf":[],"yoast_head":"<!-- This site is optimized with the Yoast SEO Premium plugin v26.2 (Yoast SEO v26.2) - https:\/\/yoast.com\/wordpress\/plugins\/seo\/ -->\n<title>Sekce cerebrovaskul\u00e1rn\u00ed - \u010cesk\u00e1 neurologick\u00e1 spole\u010dnost<\/title>\n<meta name=\"robots\" content=\"index, follow, max-snippet:-1, max-image-preview:large, max-video-preview:-1\" \/>\n<link rel=\"canonical\" href=\"https:\/\/www.czech-neuro.cz\/sekce\/sekce-cerebrovaskularni\/\" \/>\n<meta property=\"og:locale\" content=\"cs_CZ\" \/>\n<meta property=\"og:type\" content=\"article\" \/>\n<meta property=\"og:title\" content=\"Sekce cerebrovaskul\u00e1rn\u00ed\" \/>\n<meta property=\"og:description\" content=\"P\u0159edseda: doc. MUDr. A. Tomek, Ph.D., FESO Neurologick\u00e1 klinika UK 2. LF\u00a0a FN Motol, Praha e-mail:\u00a0ales.tomek@fnmotol.cz \u010clenov\u00e9 v\u00fdboru: prof. MUDr....\" \/>\n<meta property=\"og:url\" content=\"https:\/\/www.czech-neuro.cz\/sekce\/sekce-cerebrovaskularni\/\" \/>\n<meta property=\"og:site_name\" content=\"\u010cesk\u00e1 neurologick\u00e1 spole\u010dnost\" \/>\n<meta property=\"article:modified_time\" content=\"2025-01-13T18:50:27+00:00\" \/>\n<meta property=\"og:image\" content=\"https:\/\/www.czech-neuro.cz\/content\/uploads\/2017\/08\/sekce-cerebrovystrizek.png\" \/>\n\t<meta property=\"og:image:width\" content=\"322\" \/>\n\t<meta property=\"og:image:height\" content=\"73\" \/>\n\t<meta property=\"og:image:type\" content=\"image\/png\" \/>\n<meta name=\"twitter:card\" content=\"summary_large_image\" \/>\n<meta name=\"twitter:label1\" content=\"Odhadovan\u00e1 doba \u010dten\u00ed\" \/>\n\t<meta name=\"twitter:data1\" content=\"5 minut\" \/>\n<script type=\"application\/ld+json\" class=\"yoast-schema-graph\">{\"@context\":\"https:\/\/schema.org\",\"@graph\":[{\"@type\":\"WebPage\",\"@id\":\"https:\/\/www.czech-neuro.cz\/sekce\/sekce-cerebrovaskularni\/\",\"url\":\"https:\/\/www.czech-neuro.cz\/sekce\/sekce-cerebrovaskularni\/\",\"name\":\"Sekce cerebrovaskul\u00e1rn\u00ed - \u010cesk\u00e1 neurologick\u00e1 spole\u010dnost\",\"isPartOf\":{\"@id\":\"https:\/\/www.czech-neuro.cz\/#website\"},\"primaryImageOfPage\":{\"@id\":\"https:\/\/www.czech-neuro.cz\/sekce\/sekce-cerebrovaskularni\/#primaryimage\"},\"image\":{\"@id\":\"https:\/\/www.czech-neuro.cz\/sekce\/sekce-cerebrovaskularni\/#primaryimage\"},\"thumbnailUrl\":\"https:\/\/www.czech-neuro.cz\/content\/uploads\/2017\/08\/sekce-cerebrovystrizek-300x68.png\",\"datePublished\":\"2017-08-30T19:24:01+00:00\",\"dateModified\":\"2025-01-13T18:50:27+00:00\",\"breadcrumb\":{\"@id\":\"https:\/\/www.czech-neuro.cz\/sekce\/sekce-cerebrovaskularni\/#breadcrumb\"},\"inLanguage\":\"cs\",\"potentialAction\":[{\"@type\":\"ReadAction\",\"target\":[\"https:\/\/www.czech-neuro.cz\/sekce\/sekce-cerebrovaskularni\/\"]}]},{\"@type\":\"ImageObject\",\"inLanguage\":\"cs\",\"@id\":\"https:\/\/www.czech-neuro.cz\/sekce\/sekce-cerebrovaskularni\/#primaryimage\",\"url\":\"https:\/\/www.czech-neuro.cz\/content\/uploads\/2017\/08\/sekce-cerebrovystrizek.png\",\"contentUrl\":\"https:\/\/www.czech-neuro.cz\/content\/uploads\/2017\/08\/sekce-cerebrovystrizek.png\",\"width\":322,\"height\":73},{\"@type\":\"BreadcrumbList\",\"@id\":\"https:\/\/www.czech-neuro.cz\/sekce\/sekce-cerebrovaskularni\/#breadcrumb\",\"itemListElement\":[{\"@type\":\"ListItem\",\"position\":1,\"name\":\"Dom\u016f\",\"item\":\"https:\/\/www.czech-neuro.cz\/\"},{\"@type\":\"ListItem\",\"position\":2,\"name\":\"Sekce\",\"item\":\"https:\/\/www.czech-neuro.cz\/sekce\/\"},{\"@type\":\"ListItem\",\"position\":3,\"name\":\"Sekce cerebrovaskul\u00e1rn\u00ed\"}]},{\"@type\":\"WebSite\",\"@id\":\"https:\/\/www.czech-neuro.cz\/#website\",\"url\":\"https:\/\/www.czech-neuro.cz\/\",\"name\":\"\u010cesk\u00e1 neurologick\u00e1 spole\u010dnost\",\"description\":\"\u010cesk\u00e1 neurologick\u00e1 spole\u010dnost je odborn\u00e1 v\u011bdeck\u00e1 spole\u010dnost, jej\u00edm\u017e c\u00edlem je db\u00e1t o rozvoj neurologie jako v\u00fdznamn\u00e9 l\u00e9ka\u0159sk\u00e9 a v\u011bdeck\u00e9 discipliny v \u010cesk\u00e9 republice.\",\"potentialAction\":[{\"@type\":\"SearchAction\",\"target\":{\"@type\":\"EntryPoint\",\"urlTemplate\":\"https:\/\/www.czech-neuro.cz\/?s={search_term_string}\"},\"query-input\":{\"@type\":\"PropertyValueSpecification\",\"valueRequired\":true,\"valueName\":\"search_term_string\"}}],\"inLanguage\":\"cs\"}]}<\/script>\n<!-- \/ Yoast SEO Premium plugin. -->","yoast_head_json":{"title":"Sekce cerebrovaskul\u00e1rn\u00ed - \u010cesk\u00e1 neurologick\u00e1 spole\u010dnost","robots":{"index":"index","follow":"follow","max-snippet":"max-snippet:-1","max-image-preview":"max-image-preview:large","max-video-preview":"max-video-preview:-1"},"canonical":"https:\/\/www.czech-neuro.cz\/sekce\/sekce-cerebrovaskularni\/","og_locale":"cs_CZ","og_type":"article","og_title":"Sekce cerebrovaskul\u00e1rn\u00ed","og_description":"P\u0159edseda: doc. MUDr. A. Tomek, Ph.D., FESO Neurologick\u00e1 klinika UK 2. LF\u00a0a FN Motol, Praha e-mail:\u00a0ales.tomek@fnmotol.cz \u010clenov\u00e9 v\u00fdboru: prof. MUDr....","og_url":"https:\/\/www.czech-neuro.cz\/sekce\/sekce-cerebrovaskularni\/","og_site_name":"\u010cesk\u00e1 neurologick\u00e1 spole\u010dnost","article_modified_time":"2025-01-13T18:50:27+00:00","og_image":[{"width":322,"height":73,"url":"https:\/\/www.czech-neuro.cz\/content\/uploads\/2017\/08\/sekce-cerebrovystrizek.png","type":"image\/png"}],"twitter_card":"summary_large_image","twitter_misc":{"Odhadovan\u00e1 doba \u010dten\u00ed":"5 minut"},"schema":{"@context":"https:\/\/schema.org","@graph":[{"@type":"WebPage","@id":"https:\/\/www.czech-neuro.cz\/sekce\/sekce-cerebrovaskularni\/","url":"https:\/\/www.czech-neuro.cz\/sekce\/sekce-cerebrovaskularni\/","name":"Sekce cerebrovaskul\u00e1rn\u00ed - \u010cesk\u00e1 neurologick\u00e1 spole\u010dnost","isPartOf":{"@id":"https:\/\/www.czech-neuro.cz\/#website"},"primaryImageOfPage":{"@id":"https:\/\/www.czech-neuro.cz\/sekce\/sekce-cerebrovaskularni\/#primaryimage"},"image":{"@id":"https:\/\/www.czech-neuro.cz\/sekce\/sekce-cerebrovaskularni\/#primaryimage"},"thumbnailUrl":"https:\/\/www.czech-neuro.cz\/content\/uploads\/2017\/08\/sekce-cerebrovystrizek-300x68.png","datePublished":"2017-08-30T19:24:01+00:00","dateModified":"2025-01-13T18:50:27+00:00","breadcrumb":{"@id":"https:\/\/www.czech-neuro.cz\/sekce\/sekce-cerebrovaskularni\/#breadcrumb"},"inLanguage":"cs","potentialAction":[{"@type":"ReadAction","target":["https:\/\/www.czech-neuro.cz\/sekce\/sekce-cerebrovaskularni\/"]}]},{"@type":"ImageObject","inLanguage":"cs","@id":"https:\/\/www.czech-neuro.cz\/sekce\/sekce-cerebrovaskularni\/#primaryimage","url":"https:\/\/www.czech-neuro.cz\/content\/uploads\/2017\/08\/sekce-cerebrovystrizek.png","contentUrl":"https:\/\/www.czech-neuro.cz\/content\/uploads\/2017\/08\/sekce-cerebrovystrizek.png","width":322,"height":73},{"@type":"BreadcrumbList","@id":"https:\/\/www.czech-neuro.cz\/sekce\/sekce-cerebrovaskularni\/#breadcrumb","itemListElement":[{"@type":"ListItem","position":1,"name":"Dom\u016f","item":"https:\/\/www.czech-neuro.cz\/"},{"@type":"ListItem","position":2,"name":"Sekce","item":"https:\/\/www.czech-neuro.cz\/sekce\/"},{"@type":"ListItem","position":3,"name":"Sekce cerebrovaskul\u00e1rn\u00ed"}]},{"@type":"WebSite","@id":"https:\/\/www.czech-neuro.cz\/#website","url":"https:\/\/www.czech-neuro.cz\/","name":"\u010cesk\u00e1 neurologick\u00e1 spole\u010dnost","description":"\u010cesk\u00e1 neurologick\u00e1 spole\u010dnost je odborn\u00e1 v\u011bdeck\u00e1 spole\u010dnost, jej\u00edm\u017e c\u00edlem je db\u00e1t o rozvoj neurologie jako v\u00fdznamn\u00e9 l\u00e9ka\u0159sk\u00e9 a v\u011bdeck\u00e9 discipliny v \u010cesk\u00e9 republice.","potentialAction":[{"@type":"SearchAction","target":{"@type":"EntryPoint","urlTemplate":"https:\/\/www.czech-neuro.cz\/?s={search_term_string}"},"query-input":{"@type":"PropertyValueSpecification","valueRequired":true,"valueName":"search_term_string"}}],"inLanguage":"cs"}]}},"lang":"cs","translations":{"cs":898},"_links":{"self":[{"href":"https:\/\/www.czech-neuro.cz\/api\/wp\/v2\/pages\/898","targetHints":{"allow":["GET"]}}],"collection":[{"href":"https:\/\/www.czech-neuro.cz\/api\/wp\/v2\/pages"}],"about":[{"href":"https:\/\/www.czech-neuro.cz\/api\/wp\/v2\/types\/page"}],"author":[{"embeddable":true,"href":"https:\/\/www.czech-neuro.cz\/api\/wp\/v2\/users\/23"}],"replies":[{"embeddable":true,"href":"https:\/\/www.czech-neuro.cz\/api\/wp\/v2\/comments?post=898"}],"version-history":[{"count":20,"href":"https:\/\/www.czech-neuro.cz\/api\/wp\/v2\/pages\/898\/revisions"}],"predecessor-version":[{"id":14864,"href":"https:\/\/www.czech-neuro.cz\/api\/wp\/v2\/pages\/898\/revisions\/14864"}],"up":[{"embeddable":true,"href":"https:\/\/www.czech-neuro.cz\/api\/wp\/v2\/pages\/96"}],"wp:attachment":[{"href":"https:\/\/www.czech-neuro.cz\/api\/wp\/v2\/media?parent=898"}],"curies":[{"name":"wp","href":"https:\/\/api.w.org\/{rel}","templated":true}]}}