{"id":8828,"date":"2020-01-29T15:58:48","date_gmt":"2020-01-29T14:58:48","guid":{"rendered":"https:\/\/www.czech-neuro.cz\/?page_id=8828"},"modified":"2022-04-21T14:44:13","modified_gmt":"2022-04-21T12:44:13","slug":"33-cesky-a-slovensky-neurologicky-sjezd","status":"publish","type":"page","link":"https:\/\/www.czech-neuro.cz\/odborne-akce\/fotogalerie\/33-cesky-a-slovensky-neurologicky-sjezd\/","title":{"rendered":"33.&nbsp;\u010desk\u00fd a&nbsp;slovensk\u00fd neurologick\u00fd sjezd"},"content":{"rendered":"<div id='gallery-1' class='thumbnails gallery galleryid-8849 gallery-columns-3 gallery-size-large' itemscope itemtype='http:\/\/schema.org\/ImageGallery'>\n<div class=\"grid\">\n<div class='grid-item 1\/2 mt- mb- md-1\/3'><div class='thumbnail'><figure class='gallery-item' itemprop='associatedMedia' itemscope itemtype='http:\/\/schema.org\/ImageObject'>\n                    <div class='gallery-icon landscape'>\n                        <a target=\"_blank\" rel=\"gallery-8850\" href='https:\/\/www.czech-neuro.cz\/odborne-akce\/fotogalerie\/33-cesky-a-slovensky-neurologicky-sjezd\/csns19vbor9-2\/'><img loading=\"lazy\" decoding=\"async\" width=\"1024\" height=\"686\" src=\"https:\/\/www.czech-neuro.cz\/content\/uploads\/2020\/01\/csns19vbor9-1-1024x686.jpg\" class=\"attachment-large size-large\" alt=\"\" srcset=\"https:\/\/www.czech-neuro.cz\/content\/uploads\/2020\/01\/csns19vbor9-1-1024x686.jpg 1024w, https:\/\/www.czech-neuro.cz\/content\/uploads\/2020\/01\/csns19vbor9-1-300x201.jpg 300w, https:\/\/www.czech-neuro.cz\/content\/uploads\/2020\/01\/csns19vbor9-1-768x514.jpg 768w, https:\/\/www.czech-neuro.cz\/content\/uploads\/2020\/01\/csns19vbor9-1-1536x1028.jpg 1536w, https:\/\/www.czech-neuro.cz\/content\/uploads\/2020\/01\/csns19vbor9-1-60x40.jpg 60w, https:\/\/www.czech-neuro.cz\/content\/uploads\/2020\/01\/csns19vbor9-1.jpg 2000w\" sizes=\"auto, (max-width: 1024px) 100vw, 1024px\" itemprop=\"thumbnail\" \/><\/a>\n                        <meta itemprop='width' content='2000'>\n                        <meta itemprop='height' content='1339'>\n                    <\/div><\/figure><\/div><\/div>\n\n<div class='grid-item 1\/2 mt- mb- md-1\/3'><div class='thumbnail'><figure class='gallery-item' itemprop='associatedMedia' itemscope itemtype='http:\/\/schema.org\/ImageObject'>\n                    <div class='gallery-icon landscape'>\n                        <a target=\"_blank\" rel=\"gallery-8860\" href='https:\/\/www.czech-neuro.cz\/odborne-akce\/fotogalerie\/33-cesky-a-slovensky-neurologicky-sjezd\/csns192823-2\/'><img loading=\"lazy\" decoding=\"async\" width=\"1024\" height=\"682\" src=\"https:\/\/www.czech-neuro.cz\/content\/uploads\/2020\/01\/csns192823-1-1024x682.jpg\" class=\"attachment-large size-large\" alt=\"\" srcset=\"https:\/\/www.czech-neuro.cz\/content\/uploads\/2020\/01\/csns192823-1-1024x682.jpg 1024w, https:\/\/www.czech-neuro.cz\/content\/uploads\/2020\/01\/csns192823-1-300x200.jpg 300w, https:\/\/www.czech-neuro.cz\/content\/uploads\/2020\/01\/csns192823-1-768x512.jpg 768w, https:\/\/www.czech-neuro.cz\/content\/uploads\/2020\/01\/csns192823-1-1536x1024.jpg 1536w, https:\/\/www.czech-neuro.cz\/content\/uploads\/2020\/01\/csns192823-1-60x40.jpg 60w, https:\/\/www.czech-neuro.cz\/content\/uploads\/2020\/01\/csns192823-1.jpg 2000w\" sizes=\"auto, (max-width: 1024px) 100vw, 1024px\" itemprop=\"thumbnail\" \/><\/a>\n                        <meta itemprop='width' content='2000'>\n                        <meta itemprop='height' content='1333'>\n                    <\/div><\/figure><\/div><\/div>\n\n<div class='grid-item 1\/2 mt- mb- md-1\/3'><div class='thumbnail'><figure class='gallery-item' itemprop='associatedMedia' itemscope itemtype='http:\/\/schema.org\/ImageObject'>\n                    <div class='gallery-icon landscape'>\n                        <a target=\"_blank\" rel=\"gallery-8853\" href='https:\/\/www.czech-neuro.cz\/odborne-akce\/fotogalerie\/33-cesky-a-slovensky-neurologicky-sjezd\/sony-dsc-16\/'><img loading=\"lazy\" decoding=\"async\" width=\"1024\" height=\"686\" src=\"https:\/\/www.czech-neuro.cz\/content\/uploads\/2020\/01\/csns19zahjen9-1024x686.jpg\" class=\"attachment-large size-large\" alt=\"\" srcset=\"https:\/\/www.czech-neuro.cz\/content\/uploads\/2020\/01\/csns19zahjen9-1024x686.jpg 1024w, https:\/\/www.czech-neuro.cz\/content\/uploads\/2020\/01\/csns19zahjen9-300x201.jpg 300w, https:\/\/www.czech-neuro.cz\/content\/uploads\/2020\/01\/csns19zahjen9-768x514.jpg 768w, https:\/\/www.czech-neuro.cz\/content\/uploads\/2020\/01\/csns19zahjen9-1536x1028.jpg 1536w, https:\/\/www.czech-neuro.cz\/content\/uploads\/2020\/01\/csns19zahjen9-60x40.jpg 60w, https:\/\/www.czech-neuro.cz\/content\/uploads\/2020\/01\/csns19zahjen9.jpg 2000w\" sizes=\"auto, (max-width: 1024px) 100vw, 1024px\" itemprop=\"thumbnail\" \/><\/a>\n                        <meta itemprop='width' content='2000'>\n                        <meta itemprop='height' content='1339'>\n                    <\/div><\/figure><\/div><\/div>\n\n<div class='grid-item 1\/2 mt- mb- md-1\/3'><div class='thumbnail'><figure class='gallery-item' itemprop='associatedMedia' itemscope itemtype='http:\/\/schema.org\/ImageObject'>\n                    <div class='gallery-icon landscape'>\n                        <a target=\"_blank\" rel=\"gallery-8854\" href='https:\/\/www.czech-neuro.cz\/odborne-akce\/fotogalerie\/33-cesky-a-slovensky-neurologicky-sjezd\/sony-dsc-17\/'><img loading=\"lazy\" decoding=\"async\" width=\"1024\" height=\"686\" src=\"https:\/\/www.czech-neuro.cz\/content\/uploads\/2020\/01\/csns19zahjen28-1-1024x686.jpg\" class=\"attachment-large size-large\" alt=\"\" srcset=\"https:\/\/www.czech-neuro.cz\/content\/uploads\/2020\/01\/csns19zahjen28-1-1024x686.jpg 1024w, https:\/\/www.czech-neuro.cz\/content\/uploads\/2020\/01\/csns19zahjen28-1-300x201.jpg 300w, https:\/\/www.czech-neuro.cz\/content\/uploads\/2020\/01\/csns19zahjen28-1-768x514.jpg 768w, https:\/\/www.czech-neuro.cz\/content\/uploads\/2020\/01\/csns19zahjen28-1-1536x1028.jpg 1536w, https:\/\/www.czech-neuro.cz\/content\/uploads\/2020\/01\/csns19zahjen28-1-60x40.jpg 60w, https:\/\/www.czech-neuro.cz\/content\/uploads\/2020\/01\/csns19zahjen28-1.jpg 2000w\" sizes=\"auto, (max-width: 1024px) 100vw, 1024px\" itemprop=\"thumbnail\" \/><\/a>\n                        <meta itemprop='width' content='2000'>\n                        <meta itemprop='height' content='1339'>\n                    <\/div><\/figure><\/div><\/div>\n\n<div class='grid-item 1\/2 mt- mb- md-1\/3'><div class='thumbnail'><figure class='gallery-item' itemprop='associatedMedia' itemscope itemtype='http:\/\/schema.org\/ImageObject'>\n                    <div class='gallery-icon landscape'>\n                        <a target=\"_blank\" rel=\"gallery-8864\" href='https:\/\/www.czech-neuro.cz\/odborne-akce\/fotogalerie\/33-cesky-a-slovensky-neurologicky-sjezd\/csns192847-2\/'><img loading=\"lazy\" decoding=\"async\" width=\"1024\" height=\"682\" src=\"https:\/\/www.czech-neuro.cz\/content\/uploads\/2020\/01\/csns192847-1-1024x682.jpg\" class=\"attachment-large size-large\" alt=\"\" srcset=\"https:\/\/www.czech-neuro.cz\/content\/uploads\/2020\/01\/csns192847-1-1024x682.jpg 1024w, https:\/\/www.czech-neuro.cz\/content\/uploads\/2020\/01\/csns192847-1-300x200.jpg 300w, https:\/\/www.czech-neuro.cz\/content\/uploads\/2020\/01\/csns192847-1-768x512.jpg 768w, https:\/\/www.czech-neuro.cz\/content\/uploads\/2020\/01\/csns192847-1-1536x1024.jpg 1536w, https:\/\/www.czech-neuro.cz\/content\/uploads\/2020\/01\/csns192847-1-60x40.jpg 60w, https:\/\/www.czech-neuro.cz\/content\/uploads\/2020\/01\/csns192847-1.jpg 2000w\" sizes=\"auto, (max-width: 1024px) 100vw, 1024px\" itemprop=\"thumbnail\" \/><\/a>\n                        <meta itemprop='width' content='2000'>\n                        <meta itemprop='height' content='1333'>\n                    <\/div><\/figure><\/div><\/div>\n\n<div class='grid-item 1\/2 mt- mb- md-1\/3'><div class='thumbnail'><figure class='gallery-item' itemprop='associatedMedia' itemscope itemtype='http:\/\/schema.org\/ImageObject'>\n                    <div class='gallery-icon landscape'>\n                        <a target=\"_blank\" rel=\"gallery-8861\" href='https:\/\/www.czech-neuro.cz\/odborne-akce\/fotogalerie\/33-cesky-a-slovensky-neurologicky-sjezd\/csns192829-2\/'><img loading=\"lazy\" decoding=\"async\" width=\"1024\" height=\"682\" src=\"https:\/\/www.czech-neuro.cz\/content\/uploads\/2020\/01\/csns192829-1-1024x682.jpg\" class=\"attachment-large size-large\" alt=\"\" srcset=\"https:\/\/www.czech-neuro.cz\/content\/uploads\/2020\/01\/csns192829-1-1024x682.jpg 1024w, https:\/\/www.czech-neuro.cz\/content\/uploads\/2020\/01\/csns192829-1-300x200.jpg 300w, https:\/\/www.czech-neuro.cz\/content\/uploads\/2020\/01\/csns192829-1-768x512.jpg 768w, https:\/\/www.czech-neuro.cz\/content\/uploads\/2020\/01\/csns192829-1-1536x1024.jpg 1536w, https:\/\/www.czech-neuro.cz\/content\/uploads\/2020\/01\/csns192829-1-60x40.jpg 60w, https:\/\/www.czech-neuro.cz\/content\/uploads\/2020\/01\/csns192829-1.jpg 2000w\" sizes=\"auto, (max-width: 1024px) 100vw, 1024px\" itemprop=\"thumbnail\" \/><\/a>\n                        <meta itemprop='width' content='2000'>\n                        <meta itemprop='height' content='1333'>\n                    <\/div><\/figure><\/div><\/div>\n\n<div class='grid-item 1\/2 mt- mb- md-1\/3'><div class='thumbnail'><figure class='gallery-item' itemprop='associatedMedia' itemscope itemtype='http:\/\/schema.org\/ImageObject'>\n                    <div class='gallery-icon landscape'>\n                        <a target=\"_blank\" rel=\"gallery-8863\" href='https:\/\/www.czech-neuro.cz\/odborne-akce\/fotogalerie\/33-cesky-a-slovensky-neurologicky-sjezd\/sony-dsc-20\/'><img loading=\"lazy\" decoding=\"async\" width=\"1024\" height=\"686\" src=\"https:\/\/www.czech-neuro.cz\/content\/uploads\/2020\/01\/csns192846-1-1024x686.jpg\" class=\"attachment-large size-large\" alt=\"\" srcset=\"https:\/\/www.czech-neuro.cz\/content\/uploads\/2020\/01\/csns192846-1-1024x686.jpg 1024w, https:\/\/www.czech-neuro.cz\/content\/uploads\/2020\/01\/csns192846-1-300x201.jpg 300w, https:\/\/www.czech-neuro.cz\/content\/uploads\/2020\/01\/csns192846-1-768x514.jpg 768w, https:\/\/www.czech-neuro.cz\/content\/uploads\/2020\/01\/csns192846-1-1536x1028.jpg 1536w, https:\/\/www.czech-neuro.cz\/content\/uploads\/2020\/01\/csns192846-1-60x40.jpg 60w, https:\/\/www.czech-neuro.cz\/content\/uploads\/2020\/01\/csns192846-1.jpg 2000w\" sizes=\"auto, (max-width: 1024px) 100vw, 1024px\" itemprop=\"thumbnail\" \/><\/a>\n                        <meta itemprop='width' content='2000'>\n                        <meta itemprop='height' content='1339'>\n                    <\/div><\/figure><\/div><\/div>\n\n<div class='grid-item 1\/2 mt- mb- md-1\/3'><div class='thumbnail'><figure class='gallery-item' itemprop='associatedMedia' itemscope itemtype='http:\/\/schema.org\/ImageObject'>\n                    <div class='gallery-icon landscape'>\n                        <a target=\"_blank\" rel=\"gallery-8862\" href='https:\/\/www.czech-neuro.cz\/odborne-akce\/fotogalerie\/33-cesky-a-slovensky-neurologicky-sjezd\/sony-dsc-19\/'><img loading=\"lazy\" decoding=\"async\" width=\"1024\" height=\"686\" src=\"https:\/\/www.czech-neuro.cz\/content\/uploads\/2020\/01\/csns192835-1-1024x686.jpg\" class=\"attachment-large size-large\" alt=\"\" srcset=\"https:\/\/www.czech-neuro.cz\/content\/uploads\/2020\/01\/csns192835-1-1024x686.jpg 1024w, https:\/\/www.czech-neuro.cz\/content\/uploads\/2020\/01\/csns192835-1-300x201.jpg 300w, https:\/\/www.czech-neuro.cz\/content\/uploads\/2020\/01\/csns192835-1-768x514.jpg 768w, https:\/\/www.czech-neuro.cz\/content\/uploads\/2020\/01\/csns192835-1-1536x1028.jpg 1536w, https:\/\/www.czech-neuro.cz\/content\/uploads\/2020\/01\/csns192835-1-60x40.jpg 60w, https:\/\/www.czech-neuro.cz\/content\/uploads\/2020\/01\/csns192835-1.jpg 2000w\" sizes=\"auto, (max-width: 1024px) 100vw, 1024px\" itemprop=\"thumbnail\" \/><\/a>\n                        <meta itemprop='width' content='2000'>\n                        <meta itemprop='height' content='1339'>\n                    <\/div><\/figure><\/div><\/div>\n\n<div class='grid-item 1\/2 mt- mb- md-1\/3'><div class='thumbnail'><figure class='gallery-item' itemprop='associatedMedia' itemscope itemtype='http:\/\/schema.org\/ImageObject'>\n                    <div class='gallery-icon landscape'>\n                        <a target=\"_blank\" rel=\"gallery-8856\" href='https:\/\/www.czech-neuro.cz\/odborne-akce\/fotogalerie\/33-cesky-a-slovensky-neurologicky-sjezd\/csns19272\/'><img loading=\"lazy\" decoding=\"async\" width=\"1024\" height=\"682\" src=\"https:\/\/www.czech-neuro.cz\/content\/uploads\/2020\/01\/csns19272-1024x682.jpg\" class=\"attachment-large size-large\" alt=\"\" srcset=\"https:\/\/www.czech-neuro.cz\/content\/uploads\/2020\/01\/csns19272-1024x682.jpg 1024w, https:\/\/www.czech-neuro.cz\/content\/uploads\/2020\/01\/csns19272-300x200.jpg 300w, https:\/\/www.czech-neuro.cz\/content\/uploads\/2020\/01\/csns19272-768x512.jpg 768w, https:\/\/www.czech-neuro.cz\/content\/uploads\/2020\/01\/csns19272-1536x1024.jpg 1536w, https:\/\/www.czech-neuro.cz\/content\/uploads\/2020\/01\/csns19272-60x40.jpg 60w, https:\/\/www.czech-neuro.cz\/content\/uploads\/2020\/01\/csns19272.jpg 2000w\" sizes=\"auto, (max-width: 1024px) 100vw, 1024px\" itemprop=\"thumbnail\" \/><\/a>\n                        <meta itemprop='width' content='2000'>\n                        <meta itemprop='height' content='1333'>\n                    <\/div><\/figure><\/div><\/div>\n\n<div class='grid-item 1\/2 mt- mb- md-1\/3'><div class='thumbnail'><figure class='gallery-item' itemprop='associatedMedia' itemscope itemtype='http:\/\/schema.org\/ImageObject'>\n                    <div class='gallery-icon landscape'>\n                        <a target=\"_blank\" rel=\"gallery-8851\" href='https:\/\/www.czech-neuro.cz\/odborne-akce\/fotogalerie\/33-cesky-a-slovensky-neurologicky-sjezd\/sony-dsc-14\/'><img loading=\"lazy\" decoding=\"async\" width=\"1024\" height=\"686\" src=\"https:\/\/www.czech-neuro.cz\/content\/uploads\/2020\/01\/csns19veervnzm27-1-1024x686.jpg\" class=\"attachment-large size-large\" alt=\"\" srcset=\"https:\/\/www.czech-neuro.cz\/content\/uploads\/2020\/01\/csns19veervnzm27-1-1024x686.jpg 1024w, https:\/\/www.czech-neuro.cz\/content\/uploads\/2020\/01\/csns19veervnzm27-1-300x201.jpg 300w, https:\/\/www.czech-neuro.cz\/content\/uploads\/2020\/01\/csns19veervnzm27-1-768x514.jpg 768w, https:\/\/www.czech-neuro.cz\/content\/uploads\/2020\/01\/csns19veervnzm27-1-1536x1028.jpg 1536w, https:\/\/www.czech-neuro.cz\/content\/uploads\/2020\/01\/csns19veervnzm27-1-60x40.jpg 60w, https:\/\/www.czech-neuro.cz\/content\/uploads\/2020\/01\/csns19veervnzm27-1.jpg 2000w\" sizes=\"auto, (max-width: 1024px) 100vw, 1024px\" itemprop=\"thumbnail\" \/><\/a>\n                        <meta itemprop='width' content='2000'>\n                        <meta itemprop='height' content='1339'>\n                    <\/div><\/figure><\/div><\/div>\n\n<div class='grid-item 1\/2 mt- mb- md-1\/3'><div class='thumbnail'><figure class='gallery-item' itemprop='associatedMedia' itemscope itemtype='http:\/\/schema.org\/ImageObject'>\n                    <div class='gallery-icon landscape'>\n                        <a target=\"_blank\" rel=\"gallery-8857\" href='https:\/\/www.czech-neuro.cz\/odborne-akce\/fotogalerie\/33-cesky-a-slovensky-neurologicky-sjezd\/sony-dsc-18\/'><img loading=\"lazy\" decoding=\"async\" width=\"1024\" height=\"686\" src=\"https:\/\/www.czech-neuro.cz\/content\/uploads\/2020\/01\/csns19286-1-1024x686.jpg\" class=\"attachment-large size-large\" alt=\"\" srcset=\"https:\/\/www.czech-neuro.cz\/content\/uploads\/2020\/01\/csns19286-1-1024x686.jpg 1024w, https:\/\/www.czech-neuro.cz\/content\/uploads\/2020\/01\/csns19286-1-300x201.jpg 300w, https:\/\/www.czech-neuro.cz\/content\/uploads\/2020\/01\/csns19286-1-768x514.jpg 768w, https:\/\/www.czech-neuro.cz\/content\/uploads\/2020\/01\/csns19286-1-1536x1028.jpg 1536w, https:\/\/www.czech-neuro.cz\/content\/uploads\/2020\/01\/csns19286-1-60x40.jpg 60w, https:\/\/www.czech-neuro.cz\/content\/uploads\/2020\/01\/csns19286-1.jpg 2000w\" sizes=\"auto, (max-width: 1024px) 100vw, 1024px\" itemprop=\"thumbnail\" \/><\/a>\n                        <meta itemprop='width' content='2000'>\n                        <meta itemprop='height' content='1339'>\n                    <\/div><\/figure><\/div><\/div>\n\n<div class='grid-item 1\/2 mt- mb- md-1\/3'><div class='thumbnail'><figure class='gallery-item' itemprop='associatedMedia' itemscope itemtype='http:\/\/schema.org\/ImageObject'>\n                    <div class='gallery-icon landscape'>\n                        <a target=\"_blank\" rel=\"gallery-8858\" href='https:\/\/www.czech-neuro.cz\/odborne-akce\/fotogalerie\/33-cesky-a-slovensky-neurologicky-sjezd\/csns192714\/'><img loading=\"lazy\" decoding=\"async\" width=\"1024\" height=\"682\" src=\"https:\/\/www.czech-neuro.cz\/content\/uploads\/2020\/01\/csns192714-1024x682.jpg\" class=\"attachment-large size-large\" alt=\"\" srcset=\"https:\/\/www.czech-neuro.cz\/content\/uploads\/2020\/01\/csns192714-1024x682.jpg 1024w, https:\/\/www.czech-neuro.cz\/content\/uploads\/2020\/01\/csns192714-300x200.jpg 300w, https:\/\/www.czech-neuro.cz\/content\/uploads\/2020\/01\/csns192714-768x512.jpg 768w, https:\/\/www.czech-neuro.cz\/content\/uploads\/2020\/01\/csns192714-1536x1024.jpg 1536w, https:\/\/www.czech-neuro.cz\/content\/uploads\/2020\/01\/csns192714-60x40.jpg 60w, https:\/\/www.czech-neuro.cz\/content\/uploads\/2020\/01\/csns192714.jpg 2000w\" sizes=\"auto, (max-width: 1024px) 100vw, 1024px\" itemprop=\"thumbnail\" \/><\/a>\n                        <meta itemprop='width' content='2000'>\n                        <meta itemprop='height' content='1333'>\n                    <\/div><\/figure><\/div><\/div>\n\n<div class='grid-item 1\/2 mt- mb- md-1\/3'><div class='thumbnail'><figure class='gallery-item' itemprop='associatedMedia' itemscope itemtype='http:\/\/schema.org\/ImageObject'>\n                    <div class='gallery-icon landscape'>\n                        <a target=\"_blank\" rel=\"gallery-8848\" href='https:\/\/www.czech-neuro.cz\/odborne-akce\/fotogalerie\/33-cesky-a-slovensky-neurologicky-sjezd\/sony-dsc-2\/'><img loading=\"lazy\" decoding=\"async\" width=\"1024\" height=\"686\" src=\"https:\/\/www.czech-neuro.cz\/content\/uploads\/2020\/01\/csns19vbor4-1-1024x686.jpg\" class=\"attachment-large size-large\" alt=\"\" srcset=\"https:\/\/www.czech-neuro.cz\/content\/uploads\/2020\/01\/csns19vbor4-1-1024x686.jpg 1024w, https:\/\/www.czech-neuro.cz\/content\/uploads\/2020\/01\/csns19vbor4-1-300x201.jpg 300w, https:\/\/www.czech-neuro.cz\/content\/uploads\/2020\/01\/csns19vbor4-1-768x514.jpg 768w, https:\/\/www.czech-neuro.cz\/content\/uploads\/2020\/01\/csns19vbor4-1-1536x1028.jpg 1536w, https:\/\/www.czech-neuro.cz\/content\/uploads\/2020\/01\/csns19vbor4-1-60x40.jpg 60w, https:\/\/www.czech-neuro.cz\/content\/uploads\/2020\/01\/csns19vbor4-1.jpg 2000w\" sizes=\"auto, (max-width: 1024px) 100vw, 1024px\" itemprop=\"thumbnail\" \/><\/a>\n                        <meta itemprop='width' content='2000'>\n                        <meta itemprop='height' content='1339'>\n                    <\/div><\/figure><\/div><\/div>\n\n<div class='grid-item 1\/2 mt- mb- md-1\/3'><div class='thumbnail'><figure class='gallery-item' itemprop='associatedMedia' itemscope itemtype='http:\/\/schema.org\/ImageObject'>\n                    <div class='gallery-icon landscape'>\n                        <a target=\"_blank\" rel=\"gallery-8849\" href='https:\/\/www.czech-neuro.cz\/odborne-akce\/fotogalerie\/33-cesky-a-slovensky-neurologicky-sjezd\/sony-dsc-3\/'><img loading=\"lazy\" decoding=\"async\" width=\"1024\" height=\"686\" src=\"https:\/\/www.czech-neuro.cz\/content\/uploads\/2020\/01\/csns19vbor8-1-1024x686.jpg\" class=\"attachment-large size-large\" alt=\"\" srcset=\"https:\/\/www.czech-neuro.cz\/content\/uploads\/2020\/01\/csns19vbor8-1-1024x686.jpg 1024w, https:\/\/www.czech-neuro.cz\/content\/uploads\/2020\/01\/csns19vbor8-1-300x201.jpg 300w, https:\/\/www.czech-neuro.cz\/content\/uploads\/2020\/01\/csns19vbor8-1-768x514.jpg 768w, https:\/\/www.czech-neuro.cz\/content\/uploads\/2020\/01\/csns19vbor8-1-1536x1028.jpg 1536w, https:\/\/www.czech-neuro.cz\/content\/uploads\/2020\/01\/csns19vbor8-1-60x40.jpg 60w, https:\/\/www.czech-neuro.cz\/content\/uploads\/2020\/01\/csns19vbor8-1.jpg 2000w\" sizes=\"auto, (max-width: 1024px) 100vw, 1024px\" itemprop=\"thumbnail\" \/><\/a>\n                        <meta itemprop='width' content='2000'>\n                        <meta itemprop='height' content='1339'>\n                    <\/div><\/figure><\/div><\/div>\n<\/div>\n<\/div>\n\n","protected":false},"excerpt":{"rendered":"","protected":false},"author":23,"featured_media":8829,"parent":2022,"menu_order":36,"comment_status":"closed","ping_status":"closed","template":"template-page-without-sidebar-content.php","meta":{"_acf_changed":false,"_searchwp_excluded":"","kia_subtitle":"27.-30.11.2019, Praha","footnotes":""},"class_list":["post-8828","page","type-page","status-publish","has-post-thumbnail","hentry"],"acf":[],"yoast_head":"<!-- This site is optimized with the Yoast SEO Premium plugin v26.2 (Yoast SEO v26.2) - https:\/\/yoast.com\/wordpress\/plugins\/seo\/ -->\n<title>33. \u010desk\u00fd a slovensk\u00fd neurologick\u00fd sjezd - \u010cesk\u00e1 neurologick\u00e1 spole\u010dnost<\/title>\n<meta name=\"robots\" content=\"index, follow, max-snippet:-1, max-image-preview:large, max-video-preview:-1\" \/>\n<link rel=\"canonical\" href=\"https:\/\/www.czech-neuro.cz\/odborne-akce\/fotogalerie\/33-cesky-a-slovensky-neurologicky-sjezd\/\" \/>\n<meta property=\"og:locale\" content=\"cs_CZ\" \/>\n<meta property=\"og:type\" content=\"article\" \/>\n<meta property=\"og:title\" content=\"33. \u010desk\u00fd a slovensk\u00fd neurologick\u00fd sjezd\" \/>\n<meta property=\"og:url\" content=\"https:\/\/www.czech-neuro.cz\/odborne-akce\/fotogalerie\/33-cesky-a-slovensky-neurologicky-sjezd\/\" \/>\n<meta property=\"og:site_name\" content=\"\u010cesk\u00e1 neurologick\u00e1 spole\u010dnost\" \/>\n<meta property=\"article:modified_time\" content=\"2022-04-21T12:44:13+00:00\" \/>\n<meta property=\"og:image\" content=\"https:\/\/www.czech-neuro.cz\/content\/uploads\/2020\/01\/csns19zahjen9-1.jpg\" \/>\n\t<meta property=\"og:image:width\" content=\"2000\" \/>\n\t<meta property=\"og:image:height\" content=\"1339\" \/>\n\t<meta property=\"og:image:type\" content=\"image\/jpeg\" \/>\n<meta name=\"twitter:card\" content=\"summary_large_image\" \/>\n<script type=\"application\/ld+json\" class=\"yoast-schema-graph\">{\"@context\":\"https:\/\/schema.org\",\"@graph\":[{\"@type\":\"WebPage\",\"@id\":\"https:\/\/www.czech-neuro.cz\/odborne-akce\/fotogalerie\/33-cesky-a-slovensky-neurologicky-sjezd\/\",\"url\":\"https:\/\/www.czech-neuro.cz\/odborne-akce\/fotogalerie\/33-cesky-a-slovensky-neurologicky-sjezd\/\",\"name\":\"33. \u010desk\u00fd a slovensk\u00fd neurologick\u00fd sjezd - \u010cesk\u00e1 neurologick\u00e1 spole\u010dnost\",\"isPartOf\":{\"@id\":\"https:\/\/www.czech-neuro.cz\/#website\"},\"primaryImageOfPage\":{\"@id\":\"https:\/\/www.czech-neuro.cz\/odborne-akce\/fotogalerie\/33-cesky-a-slovensky-neurologicky-sjezd\/#primaryimage\"},\"image\":{\"@id\":\"https:\/\/www.czech-neuro.cz\/odborne-akce\/fotogalerie\/33-cesky-a-slovensky-neurologicky-sjezd\/#primaryimage\"},\"thumbnailUrl\":\"https:\/\/www.czech-neuro.cz\/content\/uploads\/2020\/01\/csns19zahjen9-1.jpg\",\"datePublished\":\"2020-01-29T14:58:48+00:00\",\"dateModified\":\"2022-04-21T12:44:13+00:00\",\"breadcrumb\":{\"@id\":\"https:\/\/www.czech-neuro.cz\/odborne-akce\/fotogalerie\/33-cesky-a-slovensky-neurologicky-sjezd\/#breadcrumb\"},\"inLanguage\":\"cs\",\"potentialAction\":[{\"@type\":\"ReadAction\",\"target\":[\"https:\/\/www.czech-neuro.cz\/odborne-akce\/fotogalerie\/33-cesky-a-slovensky-neurologicky-sjezd\/\"]}]},{\"@type\":\"ImageObject\",\"inLanguage\":\"cs\",\"@id\":\"https:\/\/www.czech-neuro.cz\/odborne-akce\/fotogalerie\/33-cesky-a-slovensky-neurologicky-sjezd\/#primaryimage\",\"url\":\"https:\/\/www.czech-neuro.cz\/content\/uploads\/2020\/01\/csns19zahjen9-1.jpg\",\"contentUrl\":\"https:\/\/www.czech-neuro.cz\/content\/uploads\/2020\/01\/csns19zahjen9-1.jpg\",\"width\":2000,\"height\":1339,\"caption\":\"SONY DSC\"},{\"@type\":\"BreadcrumbList\",\"@id\":\"https:\/\/www.czech-neuro.cz\/odborne-akce\/fotogalerie\/33-cesky-a-slovensky-neurologicky-sjezd\/#breadcrumb\",\"itemListElement\":[{\"@type\":\"ListItem\",\"position\":1,\"name\":\"Dom\u016f\",\"item\":\"https:\/\/www.czech-neuro.cz\/\"},{\"@type\":\"ListItem\",\"position\":2,\"name\":\"Odborn\u00e9 akce\",\"item\":\"https:\/\/www.czech-neuro.cz\/odborne-akce\/sjezdy-a-akce-cns\/\"},{\"@type\":\"ListItem\",\"position\":3,\"name\":\"Fotogalerie\",\"item\":\"https:\/\/www.czech-neuro.cz\/odborne-akce\/fotogalerie\/\"},{\"@type\":\"ListItem\",\"position\":4,\"name\":\"33.&nbsp;\u010desk\u00fd a&nbsp;slovensk\u00fd neurologick\u00fd sjezd\"}]},{\"@type\":\"WebSite\",\"@id\":\"https:\/\/www.czech-neuro.cz\/#website\",\"url\":\"https:\/\/www.czech-neuro.cz\/\",\"name\":\"\u010cesk\u00e1 neurologick\u00e1 spole\u010dnost\",\"description\":\"\u010cesk\u00e1 neurologick\u00e1 spole\u010dnost je odborn\u00e1 v\u011bdeck\u00e1 spole\u010dnost, jej\u00edm\u017e c\u00edlem je db\u00e1t o rozvoj neurologie jako v\u00fdznamn\u00e9 l\u00e9ka\u0159sk\u00e9 a v\u011bdeck\u00e9 discipliny v \u010cesk\u00e9 republice.\",\"potentialAction\":[{\"@type\":\"SearchAction\",\"target\":{\"@type\":\"EntryPoint\",\"urlTemplate\":\"https:\/\/www.czech-neuro.cz\/?s={search_term_string}\"},\"query-input\":{\"@type\":\"PropertyValueSpecification\",\"valueRequired\":true,\"valueName\":\"search_term_string\"}}],\"inLanguage\":\"cs\"}]}<\/script>\n<!-- \/ Yoast SEO Premium plugin. -->","yoast_head_json":{"title":"33. \u010desk\u00fd a slovensk\u00fd neurologick\u00fd sjezd - \u010cesk\u00e1 neurologick\u00e1 spole\u010dnost","robots":{"index":"index","follow":"follow","max-snippet":"max-snippet:-1","max-image-preview":"max-image-preview:large","max-video-preview":"max-video-preview:-1"},"canonical":"https:\/\/www.czech-neuro.cz\/odborne-akce\/fotogalerie\/33-cesky-a-slovensky-neurologicky-sjezd\/","og_locale":"cs_CZ","og_type":"article","og_title":"33. \u010desk\u00fd a slovensk\u00fd neurologick\u00fd sjezd","og_url":"https:\/\/www.czech-neuro.cz\/odborne-akce\/fotogalerie\/33-cesky-a-slovensky-neurologicky-sjezd\/","og_site_name":"\u010cesk\u00e1 neurologick\u00e1 spole\u010dnost","article_modified_time":"2022-04-21T12:44:13+00:00","og_image":[{"width":2000,"height":1339,"url":"https:\/\/www.czech-neuro.cz\/content\/uploads\/2020\/01\/csns19zahjen9-1.jpg","type":"image\/jpeg"}],"twitter_card":"summary_large_image","schema":{"@context":"https:\/\/schema.org","@graph":[{"@type":"WebPage","@id":"https:\/\/www.czech-neuro.cz\/odborne-akce\/fotogalerie\/33-cesky-a-slovensky-neurologicky-sjezd\/","url":"https:\/\/www.czech-neuro.cz\/odborne-akce\/fotogalerie\/33-cesky-a-slovensky-neurologicky-sjezd\/","name":"33. \u010desk\u00fd a slovensk\u00fd neurologick\u00fd sjezd - \u010cesk\u00e1 neurologick\u00e1 spole\u010dnost","isPartOf":{"@id":"https:\/\/www.czech-neuro.cz\/#website"},"primaryImageOfPage":{"@id":"https:\/\/www.czech-neuro.cz\/odborne-akce\/fotogalerie\/33-cesky-a-slovensky-neurologicky-sjezd\/#primaryimage"},"image":{"@id":"https:\/\/www.czech-neuro.cz\/odborne-akce\/fotogalerie\/33-cesky-a-slovensky-neurologicky-sjezd\/#primaryimage"},"thumbnailUrl":"https:\/\/www.czech-neuro.cz\/content\/uploads\/2020\/01\/csns19zahjen9-1.jpg","datePublished":"2020-01-29T14:58:48+00:00","dateModified":"2022-04-21T12:44:13+00:00","breadcrumb":{"@id":"https:\/\/www.czech-neuro.cz\/odborne-akce\/fotogalerie\/33-cesky-a-slovensky-neurologicky-sjezd\/#breadcrumb"},"inLanguage":"cs","potentialAction":[{"@type":"ReadAction","target":["https:\/\/www.czech-neuro.cz\/odborne-akce\/fotogalerie\/33-cesky-a-slovensky-neurologicky-sjezd\/"]}]},{"@type":"ImageObject","inLanguage":"cs","@id":"https:\/\/www.czech-neuro.cz\/odborne-akce\/fotogalerie\/33-cesky-a-slovensky-neurologicky-sjezd\/#primaryimage","url":"https:\/\/www.czech-neuro.cz\/content\/uploads\/2020\/01\/csns19zahjen9-1.jpg","contentUrl":"https:\/\/www.czech-neuro.cz\/content\/uploads\/2020\/01\/csns19zahjen9-1.jpg","width":2000,"height":1339,"caption":"SONY DSC"},{"@type":"BreadcrumbList","@id":"https:\/\/www.czech-neuro.cz\/odborne-akce\/fotogalerie\/33-cesky-a-slovensky-neurologicky-sjezd\/#breadcrumb","itemListElement":[{"@type":"ListItem","position":1,"name":"Dom\u016f","item":"https:\/\/www.czech-neuro.cz\/"},{"@type":"ListItem","position":2,"name":"Odborn\u00e9 akce","item":"https:\/\/www.czech-neuro.cz\/odborne-akce\/sjezdy-a-akce-cns\/"},{"@type":"ListItem","position":3,"name":"Fotogalerie","item":"https:\/\/www.czech-neuro.cz\/odborne-akce\/fotogalerie\/"},{"@type":"ListItem","position":4,"name":"33.&nbsp;\u010desk\u00fd a&nbsp;slovensk\u00fd neurologick\u00fd sjezd"}]},{"@type":"WebSite","@id":"https:\/\/www.czech-neuro.cz\/#website","url":"https:\/\/www.czech-neuro.cz\/","name":"\u010cesk\u00e1 neurologick\u00e1 spole\u010dnost","description":"\u010cesk\u00e1 neurologick\u00e1 spole\u010dnost je odborn\u00e1 v\u011bdeck\u00e1 spole\u010dnost, jej\u00edm\u017e c\u00edlem je db\u00e1t o rozvoj neurologie jako v\u00fdznamn\u00e9 l\u00e9ka\u0159sk\u00e9 a v\u011bdeck\u00e9 discipliny v \u010cesk\u00e9 republice.","potentialAction":[{"@type":"SearchAction","target":{"@type":"EntryPoint","urlTemplate":"https:\/\/www.czech-neuro.cz\/?s={search_term_string}"},"query-input":{"@type":"PropertyValueSpecification","valueRequired":true,"valueName":"search_term_string"}}],"inLanguage":"cs"}]}},"lang":"cs","translations":{"cs":8828},"_links":{"self":[{"href":"https:\/\/www.czech-neuro.cz\/api\/wp\/v2\/pages\/8828","targetHints":{"allow":["GET"]}}],"collection":[{"href":"https:\/\/www.czech-neuro.cz\/api\/wp\/v2\/pages"}],"about":[{"href":"https:\/\/www.czech-neuro.cz\/api\/wp\/v2\/types\/page"}],"author":[{"embeddable":true,"href":"https:\/\/www.czech-neuro.cz\/api\/wp\/v2\/users\/23"}],"replies":[{"embeddable":true,"href":"https:\/\/www.czech-neuro.cz\/api\/wp\/v2\/comments?post=8828"}],"version-history":[{"count":5,"href":"https:\/\/www.czech-neuro.cz\/api\/wp\/v2\/pages\/8828\/revisions"}],"predecessor-version":[{"id":8868,"href":"https:\/\/www.czech-neuro.cz\/api\/wp\/v2\/pages\/8828\/revisions\/8868"}],"up":[{"embeddable":true,"href":"https:\/\/www.czech-neuro.cz\/api\/wp\/v2\/pages\/2022"}],"wp:featuredmedia":[{"embeddable":true,"href":"https:\/\/www.czech-neuro.cz\/api\/wp\/v2\/media\/8829"}],"wp:attachment":[{"href":"https:\/\/www.czech-neuro.cz\/api\/wp\/v2\/media?parent=8828"}],"curies":[{"name":"wp","href":"https:\/\/api.w.org\/{rel}","templated":true}]}}