{"id":3725,"date":"2018-03-19T11:22:09","date_gmt":"2018-03-19T10:22:09","guid":{"rendered":"https:\/\/www.czech-neuro.cz\/?page_id=3725"},"modified":"2022-01-31T09:57:11","modified_gmt":"2022-01-31T08:57:11","slug":"31-cesky-a-slovensky-neurologicky-sjezd","status":"publish","type":"page","link":"https:\/\/www.czech-neuro.cz\/odborne-akce\/fotogalerie\/31-cesky-a-slovensky-neurologicky-sjezd\/","title":{"rendered":"31.&nbsp;\u010desk\u00fd a&nbsp;slovensk\u00fd neurologick\u00fd sjezd"},"content":{"rendered":"<div id='gallery-1' class='thumbnails gallery galleryid-3169 gallery-columns-3 gallery-size-thumbnail' itemscope itemtype='http:\/\/schema.org\/ImageGallery'>\n<div class=\"grid\">\n<div class='grid-item 1\/2 mt- mb- md-1\/3'><div class='thumbnail'><figure class='gallery-item' itemprop='associatedMedia' itemscope itemtype='http:\/\/schema.org\/ImageObject'>\n                    <div class='gallery-icon landscape'>\n                        <a target=\"_blank\" data-size=\"2400x1600\" href='https:\/\/www.czech-neuro.cz\/content\/uploads\/2018\/03\/dsc_3183-1024x683.jpg'><img loading=\"lazy\" decoding=\"async\" width=\"150\" height=\"150\" src=\"https:\/\/www.czech-neuro.cz\/content\/uploads\/2018\/03\/dsc_3183-150x150.jpg\" class=\"attachment-thumbnail size-thumbnail\" alt=\"\" srcset=\"https:\/\/www.czech-neuro.cz\/content\/uploads\/2018\/03\/dsc_3183-150x150.jpg 150w, https:\/\/www.czech-neuro.cz\/content\/uploads\/2018\/03\/dsc_3183-100x100.jpg 100w\" sizes=\"auto, (max-width: 150px) 100vw, 150px\" itemprop=\"thumbnail\" \/><\/a>\n                        <meta itemprop='width' content='2400'>\n                        <meta itemprop='height' content='1600'>\n                    <\/div><\/figure><\/div><\/div>\n\n<div class='grid-item 1\/2 mt- mb- md-1\/3'><div class='thumbnail'><figure class='gallery-item' itemprop='associatedMedia' itemscope itemtype='http:\/\/schema.org\/ImageObject'>\n                    <div class='gallery-icon portrait'>\n                        <a target=\"_blank\" data-size=\"2400x3595\" href='https:\/\/www.czech-neuro.cz\/content\/uploads\/2018\/01\/vystava_tmm0216-684x1024.jpg'><img loading=\"lazy\" decoding=\"async\" width=\"150\" height=\"150\" src=\"https:\/\/www.czech-neuro.cz\/content\/uploads\/2018\/01\/vystava_tmm0216-150x150.jpg\" class=\"attachment-thumbnail size-thumbnail\" alt=\"\" srcset=\"https:\/\/www.czech-neuro.cz\/content\/uploads\/2018\/01\/vystava_tmm0216-150x150.jpg 150w, https:\/\/www.czech-neuro.cz\/content\/uploads\/2018\/01\/vystava_tmm0216-100x100.jpg 100w\" sizes=\"auto, (max-width: 150px) 100vw, 150px\" itemprop=\"thumbnail\" \/><\/a>\n                        <meta itemprop='width' content='2400'>\n                        <meta itemprop='height' content='3595'>\n                    <\/div><\/figure><\/div><\/div>\n\n<div class='grid-item 1\/2 mt- mb- md-1\/3'><div class='thumbnail'><figure class='gallery-item' itemprop='associatedMedia' itemscope itemtype='http:\/\/schema.org\/ImageObject'>\n                    <div class='gallery-icon landscape'>\n                        <a target=\"_blank\" data-size=\"2400x1602\" href='https:\/\/www.czech-neuro.cz\/content\/uploads\/2018\/03\/tmm2102-1024x684.jpg'><img loading=\"lazy\" decoding=\"async\" width=\"150\" height=\"150\" src=\"https:\/\/www.czech-neuro.cz\/content\/uploads\/2018\/03\/tmm2102-150x150.jpg\" class=\"attachment-thumbnail size-thumbnail\" alt=\"\" srcset=\"https:\/\/www.czech-neuro.cz\/content\/uploads\/2018\/03\/tmm2102-150x150.jpg 150w, https:\/\/www.czech-neuro.cz\/content\/uploads\/2018\/03\/tmm2102-100x100.jpg 100w\" sizes=\"auto, (max-width: 150px) 100vw, 150px\" itemprop=\"thumbnail\" \/><\/a>\n                        <meta itemprop='width' content='2400'>\n                        <meta itemprop='height' content='1602'>\n                    <\/div><\/figure><\/div><\/div>\n\n<div class='grid-item 1\/2 mt- mb- md-1\/3'><div class='thumbnail'><figure class='gallery-item' itemprop='associatedMedia' itemscope itemtype='http:\/\/schema.org\/ImageObject'>\n                    <div class='gallery-icon landscape'>\n                        <a target=\"_blank\" data-size=\"2400x1602\" href='https:\/\/www.czech-neuro.cz\/content\/uploads\/2018\/03\/tmm2041-1024x684.jpg'><img loading=\"lazy\" decoding=\"async\" width=\"150\" height=\"150\" src=\"https:\/\/www.czech-neuro.cz\/content\/uploads\/2018\/03\/tmm2041-150x150.jpg\" class=\"attachment-thumbnail size-thumbnail\" alt=\"\" srcset=\"https:\/\/www.czech-neuro.cz\/content\/uploads\/2018\/03\/tmm2041-150x150.jpg 150w, https:\/\/www.czech-neuro.cz\/content\/uploads\/2018\/03\/tmm2041-100x100.jpg 100w\" sizes=\"auto, (max-width: 150px) 100vw, 150px\" itemprop=\"thumbnail\" \/><\/a>\n                        <meta itemprop='width' content='2400'>\n                        <meta itemprop='height' content='1602'>\n                    <\/div><\/figure><\/div><\/div>\n\n<div class='grid-item 1\/2 mt- mb- md-1\/3'><div class='thumbnail'><figure class='gallery-item' itemprop='associatedMedia' itemscope itemtype='http:\/\/schema.org\/ImageObject'>\n                    <div class='gallery-icon landscape'>\n                        <a target=\"_blank\" data-size=\"2400x1600\" href='https:\/\/www.czech-neuro.cz\/content\/uploads\/2018\/03\/tmm2012-1024x683.jpg'><img loading=\"lazy\" decoding=\"async\" width=\"150\" height=\"150\" src=\"https:\/\/www.czech-neuro.cz\/content\/uploads\/2018\/03\/tmm2012-150x150.jpg\" class=\"attachment-thumbnail size-thumbnail\" alt=\"\" srcset=\"https:\/\/www.czech-neuro.cz\/content\/uploads\/2018\/03\/tmm2012-150x150.jpg 150w, https:\/\/www.czech-neuro.cz\/content\/uploads\/2018\/03\/tmm2012-100x100.jpg 100w\" sizes=\"auto, (max-width: 150px) 100vw, 150px\" itemprop=\"thumbnail\" \/><\/a>\n                        <meta itemprop='width' content='2400'>\n                        <meta itemprop='height' content='1600'>\n                    <\/div><\/figure><\/div><\/div>\n\n<div class='grid-item 1\/2 mt- mb- md-1\/3'><div class='thumbnail'><figure class='gallery-item' itemprop='associatedMedia' itemscope itemtype='http:\/\/schema.org\/ImageObject'>\n                    <div class='gallery-icon landscape'>\n                        <a target=\"_blank\" data-size=\"2400x1600\" href='https:\/\/www.czech-neuro.cz\/content\/uploads\/2017\/12\/cc-rektor-1024x683.jpg'><img loading=\"lazy\" decoding=\"async\" width=\"150\" height=\"150\" src=\"https:\/\/www.czech-neuro.cz\/content\/uploads\/2017\/12\/cc-rektor-150x150.jpg\" class=\"attachment-thumbnail size-thumbnail\" alt=\"\" srcset=\"https:\/\/www.czech-neuro.cz\/content\/uploads\/2017\/12\/cc-rektor-150x150.jpg 150w, https:\/\/www.czech-neuro.cz\/content\/uploads\/2017\/12\/cc-rektor-100x100.jpg 100w\" sizes=\"auto, (max-width: 150px) 100vw, 150px\" itemprop=\"thumbnail\" \/><\/a>\n                        <meta itemprop='width' content='2400'>\n                        <meta itemprop='height' content='1600'>\n                    <\/div><\/figure><\/div><\/div>\n\n<div class='grid-item 1\/2 mt- mb- md-1\/3'><div class='thumbnail'><figure class='gallery-item' itemprop='associatedMedia' itemscope itemtype='http:\/\/schema.org\/ImageObject'>\n                    <div class='gallery-icon landscape'>\n                        <a target=\"_blank\" data-size=\"2400x1602\" href='https:\/\/www.czech-neuro.cz\/content\/uploads\/2018\/03\/tmm0350-1024x684.jpg'><img loading=\"lazy\" decoding=\"async\" width=\"150\" height=\"150\" src=\"https:\/\/www.czech-neuro.cz\/content\/uploads\/2018\/03\/tmm0350-150x150.jpg\" class=\"attachment-thumbnail size-thumbnail\" alt=\"\" srcset=\"https:\/\/www.czech-neuro.cz\/content\/uploads\/2018\/03\/tmm0350-150x150.jpg 150w, https:\/\/www.czech-neuro.cz\/content\/uploads\/2018\/03\/tmm0350-100x100.jpg 100w\" sizes=\"auto, (max-width: 150px) 100vw, 150px\" itemprop=\"thumbnail\" \/><\/a>\n                        <meta itemprop='width' content='2400'>\n                        <meta itemprop='height' content='1602'>\n                    <\/div><\/figure><\/div><\/div>\n\n<div class='grid-item 1\/2 mt- mb- md-1\/3'><div class='thumbnail'><figure class='gallery-item' itemprop='associatedMedia' itemscope itemtype='http:\/\/schema.org\/ImageObject'>\n                    <div class='gallery-icon landscape'>\n                        <a target=\"_blank\" data-size=\"2400x1329\" href='https:\/\/www.czech-neuro.cz\/content\/uploads\/2018\/03\/tmm1020-1024x567.jpg'><img loading=\"lazy\" decoding=\"async\" width=\"150\" height=\"150\" src=\"https:\/\/www.czech-neuro.cz\/content\/uploads\/2018\/03\/tmm1020-150x150.jpg\" class=\"attachment-thumbnail size-thumbnail\" alt=\"\" srcset=\"https:\/\/www.czech-neuro.cz\/content\/uploads\/2018\/03\/tmm1020-150x150.jpg 150w, https:\/\/www.czech-neuro.cz\/content\/uploads\/2018\/03\/tmm1020-100x100.jpg 100w\" sizes=\"auto, (max-width: 150px) 100vw, 150px\" itemprop=\"thumbnail\" \/><\/a>\n                        <meta itemprop='width' content='2400'>\n                        <meta itemprop='height' content='1329'>\n                    <\/div><\/figure><\/div><\/div>\n\n<div class='grid-item 1\/2 mt- mb- md-1\/3'><div class='thumbnail'><figure class='gallery-item' itemprop='associatedMedia' itemscope itemtype='http:\/\/schema.org\/ImageObject'>\n                    <div class='gallery-icon landscape'>\n                        <a target=\"_blank\" data-size=\"2400x1602\" href='https:\/\/www.czech-neuro.cz\/content\/uploads\/2018\/01\/tmm0942-1024x684.jpg'><img loading=\"lazy\" decoding=\"async\" width=\"150\" height=\"150\" src=\"https:\/\/www.czech-neuro.cz\/content\/uploads\/2018\/01\/tmm0942-150x150.jpg\" class=\"attachment-thumbnail size-thumbnail\" alt=\"\" srcset=\"https:\/\/www.czech-neuro.cz\/content\/uploads\/2018\/01\/tmm0942-150x150.jpg 150w, https:\/\/www.czech-neuro.cz\/content\/uploads\/2018\/01\/tmm0942-100x100.jpg 100w\" sizes=\"auto, (max-width: 150px) 100vw, 150px\" itemprop=\"thumbnail\" \/><\/a>\n                        <meta itemprop='width' content='2400'>\n                        <meta itemprop='height' content='1602'>\n                    <\/div><\/figure><\/div><\/div>\n\n<div class='grid-item 1\/2 mt- mb- md-1\/3'><div class='thumbnail'><figure class='gallery-item' itemprop='associatedMedia' itemscope itemtype='http:\/\/schema.org\/ImageObject'>\n                    <div class='gallery-icon landscape'>\n                        <a target=\"_blank\" data-size=\"2000x1335\" href='https:\/\/www.czech-neuro.cz\/content\/uploads\/2018\/02\/tmm1329-1024x684.jpg'><img loading=\"lazy\" decoding=\"async\" width=\"150\" height=\"150\" src=\"https:\/\/www.czech-neuro.cz\/content\/uploads\/2018\/02\/tmm1329-150x150.jpg\" class=\"attachment-thumbnail size-thumbnail\" alt=\"\" srcset=\"https:\/\/www.czech-neuro.cz\/content\/uploads\/2018\/02\/tmm1329-150x150.jpg 150w, https:\/\/www.czech-neuro.cz\/content\/uploads\/2018\/02\/tmm1329-100x100.jpg 100w\" sizes=\"auto, (max-width: 150px) 100vw, 150px\" itemprop=\"thumbnail\" \/><\/a>\n                        <meta itemprop='width' content='2000'>\n                        <meta itemprop='height' content='1335'>\n                    <\/div><\/figure><\/div><\/div>\n\n<div class='grid-item 1\/2 mt- mb- md-1\/3'><div class='thumbnail'><figure class='gallery-item' itemprop='associatedMedia' itemscope itemtype='http:\/\/schema.org\/ImageObject'>\n                    <div class='gallery-icon landscape'>\n                        <a target=\"_blank\" data-size=\"2400x1600\" href='https:\/\/www.czech-neuro.cz\/content\/uploads\/2018\/03\/tmm0790-1024x683.jpg'><img loading=\"lazy\" decoding=\"async\" width=\"150\" height=\"150\" src=\"https:\/\/www.czech-neuro.cz\/content\/uploads\/2018\/03\/tmm0790-150x150.jpg\" class=\"attachment-thumbnail size-thumbnail\" alt=\"\" srcset=\"https:\/\/www.czech-neuro.cz\/content\/uploads\/2018\/03\/tmm0790-150x150.jpg 150w, https:\/\/www.czech-neuro.cz\/content\/uploads\/2018\/03\/tmm0790-100x100.jpg 100w\" sizes=\"auto, (max-width: 150px) 100vw, 150px\" itemprop=\"thumbnail\" \/><\/a>\n                        <meta itemprop='width' content='2400'>\n                        <meta itemprop='height' content='1600'>\n                    <\/div><\/figure><\/div><\/div>\n\n<div class='grid-item 1\/2 mt- mb- md-1\/3'><div class='thumbnail'><figure class='gallery-item' itemprop='associatedMedia' itemscope itemtype='http:\/\/schema.org\/ImageObject'>\n                    <div class='gallery-icon landscape'>\n                        <a target=\"_blank\" data-size=\"2400x1602\" href='https:\/\/www.czech-neuro.cz\/content\/uploads\/2018\/03\/tmm1027-1024x684.jpg'><img loading=\"lazy\" decoding=\"async\" width=\"150\" height=\"150\" src=\"https:\/\/www.czech-neuro.cz\/content\/uploads\/2018\/03\/tmm1027-150x150.jpg\" class=\"attachment-thumbnail size-thumbnail\" alt=\"\" srcset=\"https:\/\/www.czech-neuro.cz\/content\/uploads\/2018\/03\/tmm1027-150x150.jpg 150w, https:\/\/www.czech-neuro.cz\/content\/uploads\/2018\/03\/tmm1027-100x100.jpg 100w\" sizes=\"auto, (max-width: 150px) 100vw, 150px\" itemprop=\"thumbnail\" \/><\/a>\n                        <meta itemprop='width' content='2400'>\n                        <meta itemprop='height' content='1602'>\n                    <\/div><\/figure><\/div><\/div>\n\n<div class='grid-item 1\/2 mt- mb- md-1\/3'><div class='thumbnail'><figure class='gallery-item' itemprop='associatedMedia' itemscope itemtype='http:\/\/schema.org\/ImageObject'>\n                    <div class='gallery-icon landscape'>\n                        <a target=\"_blank\" data-size=\"2400x1602\" href='https:\/\/www.czech-neuro.cz\/content\/uploads\/2018\/03\/tmm0696-1024x684.jpg'><img loading=\"lazy\" decoding=\"async\" width=\"150\" height=\"150\" src=\"https:\/\/www.czech-neuro.cz\/content\/uploads\/2018\/03\/tmm0696-150x150.jpg\" class=\"attachment-thumbnail size-thumbnail\" alt=\"\" srcset=\"https:\/\/www.czech-neuro.cz\/content\/uploads\/2018\/03\/tmm0696-150x150.jpg 150w, https:\/\/www.czech-neuro.cz\/content\/uploads\/2018\/03\/tmm0696-100x100.jpg 100w\" sizes=\"auto, (max-width: 150px) 100vw, 150px\" itemprop=\"thumbnail\" \/><\/a>\n                        <meta itemprop='width' content='2400'>\n                        <meta itemprop='height' content='1602'>\n                    <\/div><\/figure><\/div><\/div>\n\n<div class='grid-item 1\/2 mt- mb- md-1\/3'><div class='thumbnail'><figure class='gallery-item' itemprop='associatedMedia' itemscope itemtype='http:\/\/schema.org\/ImageObject'>\n                    <div class='gallery-icon landscape'>\n                        <a target=\"_blank\" data-size=\"2400x1602\" href='https:\/\/www.czech-neuro.cz\/content\/uploads\/2018\/03\/tmm2181-1024x684.jpg'><img loading=\"lazy\" decoding=\"async\" width=\"150\" height=\"150\" src=\"https:\/\/www.czech-neuro.cz\/content\/uploads\/2018\/03\/tmm2181-150x150.jpg\" class=\"attachment-thumbnail size-thumbnail\" alt=\"\" srcset=\"https:\/\/www.czech-neuro.cz\/content\/uploads\/2018\/03\/tmm2181-150x150.jpg 150w, https:\/\/www.czech-neuro.cz\/content\/uploads\/2018\/03\/tmm2181-100x100.jpg 100w\" sizes=\"auto, (max-width: 150px) 100vw, 150px\" itemprop=\"thumbnail\" \/><\/a>\n                        <meta itemprop='width' content='2400'>\n                        <meta itemprop='height' content='1602'>\n                    <\/div><\/figure><\/div><\/div>\n\n<div class='grid-item 1\/2 mt- mb- md-1\/3'><div class='thumbnail'><figure class='gallery-item' itemprop='associatedMedia' itemscope itemtype='http:\/\/schema.org\/ImageObject'>\n                    <div class='gallery-icon landscape'>\n                        <a target=\"_blank\" data-size=\"2400x1600\" href='https:\/\/www.czech-neuro.cz\/content\/uploads\/2018\/03\/tmm2870-1024x683.jpg'><img loading=\"lazy\" decoding=\"async\" width=\"150\" height=\"150\" src=\"https:\/\/www.czech-neuro.cz\/content\/uploads\/2018\/03\/tmm2870-150x150.jpg\" class=\"attachment-thumbnail size-thumbnail\" alt=\"\" srcset=\"https:\/\/www.czech-neuro.cz\/content\/uploads\/2018\/03\/tmm2870-150x150.jpg 150w, https:\/\/www.czech-neuro.cz\/content\/uploads\/2018\/03\/tmm2870-100x100.jpg 100w\" sizes=\"auto, (max-width: 150px) 100vw, 150px\" itemprop=\"thumbnail\" \/><\/a>\n                        <meta itemprop='width' content='2400'>\n                        <meta itemprop='height' content='1600'>\n                    <\/div><\/figure><\/div><\/div>\n\n<div class='grid-item 1\/2 mt- mb- md-1\/3'><div class='thumbnail'><figure class='gallery-item' itemprop='associatedMedia' itemscope itemtype='http:\/\/schema.org\/ImageObject'>\n                    <div class='gallery-icon landscape'>\n                        <a target=\"_blank\" data-size=\"2400x1600\" href='https:\/\/www.czech-neuro.cz\/content\/uploads\/2018\/03\/tmm0851-1024x683.jpg'><img loading=\"lazy\" decoding=\"async\" width=\"150\" height=\"150\" src=\"https:\/\/www.czech-neuro.cz\/content\/uploads\/2018\/03\/tmm0851-150x150.jpg\" class=\"attachment-thumbnail size-thumbnail\" alt=\"\" srcset=\"https:\/\/www.czech-neuro.cz\/content\/uploads\/2018\/03\/tmm0851-150x150.jpg 150w, https:\/\/www.czech-neuro.cz\/content\/uploads\/2018\/03\/tmm0851-100x100.jpg 100w\" sizes=\"auto, (max-width: 150px) 100vw, 150px\" itemprop=\"thumbnail\" \/><\/a>\n                        <meta itemprop='width' content='2400'>\n                        <meta itemprop='height' content='1600'>\n                    <\/div><\/figure><\/div><\/div>\n\n<div class='grid-item 1\/2 mt- mb- md-1\/3'><div class='thumbnail'><figure class='gallery-item' itemprop='associatedMedia' itemscope itemtype='http:\/\/schema.org\/ImageObject'>\n                    <div class='gallery-icon portrait'>\n                        <a target=\"_blank\" data-size=\"2400x3595\" href='https:\/\/www.czech-neuro.cz\/content\/uploads\/2018\/01\/tmm0940-684x1024.jpg'><img loading=\"lazy\" decoding=\"async\" width=\"150\" height=\"150\" src=\"https:\/\/www.czech-neuro.cz\/content\/uploads\/2018\/01\/tmm0940-150x150.jpg\" class=\"attachment-thumbnail size-thumbnail\" alt=\"\" srcset=\"https:\/\/www.czech-neuro.cz\/content\/uploads\/2018\/01\/tmm0940-150x150.jpg 150w, https:\/\/www.czech-neuro.cz\/content\/uploads\/2018\/01\/tmm0940-100x100.jpg 100w\" sizes=\"auto, (max-width: 150px) 100vw, 150px\" itemprop=\"thumbnail\" \/><\/a>\n                        <meta itemprop='width' content='2400'>\n                        <meta itemprop='height' content='3595'>\n                    <\/div><\/figure><\/div><\/div>\n\n<div class='grid-item 1\/2 mt- mb- md-1\/3'><div class='thumbnail'><figure class='gallery-item' itemprop='associatedMedia' itemscope itemtype='http:\/\/schema.org\/ImageObject'>\n                    <div class='gallery-icon landscape'>\n                        <a target=\"_blank\" data-size=\"2400x1602\" href='https:\/\/www.czech-neuro.cz\/content\/uploads\/2018\/01\/vystava_tmm0494-1024x684.jpg'><img loading=\"lazy\" decoding=\"async\" width=\"150\" height=\"150\" src=\"https:\/\/www.czech-neuro.cz\/content\/uploads\/2018\/01\/vystava_tmm0494-150x150.jpg\" class=\"attachment-thumbnail size-thumbnail\" alt=\"\" srcset=\"https:\/\/www.czech-neuro.cz\/content\/uploads\/2018\/01\/vystava_tmm0494-150x150.jpg 150w, https:\/\/www.czech-neuro.cz\/content\/uploads\/2018\/01\/vystava_tmm0494-100x100.jpg 100w\" sizes=\"auto, (max-width: 150px) 100vw, 150px\" itemprop=\"thumbnail\" \/><\/a>\n                        <meta itemprop='width' content='2400'>\n                        <meta itemprop='height' content='1602'>\n                    <\/div><\/figure><\/div><\/div>\n\n<div class='grid-item 1\/2 mt- mb- md-1\/3'><div class='thumbnail'><figure class='gallery-item' itemprop='associatedMedia' itemscope itemtype='http:\/\/schema.org\/ImageObject'>\n                    <div class='gallery-icon landscape'>\n                        <a target=\"_blank\" data-size=\"2400x1600\" href='https:\/\/www.czech-neuro.cz\/content\/uploads\/2018\/03\/tmm0794-1024x683.jpg'><img loading=\"lazy\" decoding=\"async\" width=\"150\" height=\"150\" src=\"https:\/\/www.czech-neuro.cz\/content\/uploads\/2018\/03\/tmm0794-150x150.jpg\" class=\"attachment-thumbnail size-thumbnail\" alt=\"\" srcset=\"https:\/\/www.czech-neuro.cz\/content\/uploads\/2018\/03\/tmm0794-150x150.jpg 150w, https:\/\/www.czech-neuro.cz\/content\/uploads\/2018\/03\/tmm0794-100x100.jpg 100w\" sizes=\"auto, (max-width: 150px) 100vw, 150px\" itemprop=\"thumbnail\" \/><\/a>\n                        <meta itemprop='width' content='2400'>\n                        <meta itemprop='height' content='1600'>\n                    <\/div><\/figure><\/div><\/div>\n\n<div class='grid-item 1\/2 mt- mb- md-1\/3'><div class='thumbnail'><figure class='gallery-item' itemprop='associatedMedia' itemscope itemtype='http:\/\/schema.org\/ImageObject'>\n                    <div class='gallery-icon landscape'>\n                        <a target=\"_blank\" data-size=\"2400x1602\" href='https:\/\/www.czech-neuro.cz\/content\/uploads\/2018\/03\/tmm1145-1024x684.jpg'><img loading=\"lazy\" decoding=\"async\" width=\"150\" height=\"150\" src=\"https:\/\/www.czech-neuro.cz\/content\/uploads\/2018\/03\/tmm1145-150x150.jpg\" class=\"attachment-thumbnail size-thumbnail\" alt=\"\" srcset=\"https:\/\/www.czech-neuro.cz\/content\/uploads\/2018\/03\/tmm1145-150x150.jpg 150w, https:\/\/www.czech-neuro.cz\/content\/uploads\/2018\/03\/tmm1145-100x100.jpg 100w\" sizes=\"auto, (max-width: 150px) 100vw, 150px\" itemprop=\"thumbnail\" \/><\/a>\n                        <meta itemprop='width' content='2400'>\n                        <meta itemprop='height' content='1602'>\n                    <\/div><\/figure><\/div><\/div>\n\n<div class='grid-item 1\/2 mt- mb- md-1\/3'><div class='thumbnail'><figure class='gallery-item' itemprop='associatedMedia' itemscope itemtype='http:\/\/schema.org\/ImageObject'>\n                    <div class='gallery-icon landscape'>\n                        <a target=\"_blank\" data-size=\"2400x1600\" href='https:\/\/www.czech-neuro.cz\/content\/uploads\/2017\/12\/cckomarek-1024x683.jpg'><img loading=\"lazy\" decoding=\"async\" width=\"150\" height=\"150\" src=\"https:\/\/www.czech-neuro.cz\/content\/uploads\/2017\/12\/cckomarek-150x150.jpg\" class=\"attachment-thumbnail size-thumbnail\" alt=\"\" srcset=\"https:\/\/www.czech-neuro.cz\/content\/uploads\/2017\/12\/cckomarek-150x150.jpg 150w, https:\/\/www.czech-neuro.cz\/content\/uploads\/2017\/12\/cckomarek-100x100.jpg 100w\" sizes=\"auto, (max-width: 150px) 100vw, 150px\" itemprop=\"thumbnail\" \/><\/a>\n                        <meta itemprop='width' content='2400'>\n                        <meta itemprop='height' content='1600'>\n                    <\/div><\/figure><\/div><\/div>\n<\/div>\n<\/div>\n\n","protected":false},"excerpt":{"rendered":"","protected":false},"author":23,"featured_media":3740,"parent":2022,"menu_order":41,"comment_status":"closed","ping_status":"closed","template":"template-page-without-sidebar-content.php","meta":{"_acf_changed":false,"_searchwp_excluded":"","kia_subtitle":"22. - 25.11.2017, BVV - Pavilon E, Brno","footnotes":""},"class_list":["post-3725","page","type-page","status-publish","has-post-thumbnail","hentry"],"acf":[],"yoast_head":"<!-- This site is optimized with the Yoast SEO Premium plugin v26.2 (Yoast SEO v26.2) - https:\/\/yoast.com\/wordpress\/plugins\/seo\/ -->\n<title>31. \u010desk\u00fd a slovensk\u00fd neurologick\u00fd sjezd - \u010cesk\u00e1 neurologick\u00e1 spole\u010dnost<\/title>\n<meta name=\"robots\" content=\"index, follow, max-snippet:-1, max-image-preview:large, max-video-preview:-1\" \/>\n<link rel=\"canonical\" href=\"https:\/\/www.czech-neuro.cz\/odborne-akce\/fotogalerie\/31-cesky-a-slovensky-neurologicky-sjezd\/\" \/>\n<meta property=\"og:locale\" content=\"cs_CZ\" \/>\n<meta property=\"og:type\" content=\"article\" \/>\n<meta property=\"og:title\" content=\"31. \u010desk\u00fd a slovensk\u00fd neurologick\u00fd sjezd\" \/>\n<meta property=\"og:url\" content=\"https:\/\/www.czech-neuro.cz\/odborne-akce\/fotogalerie\/31-cesky-a-slovensky-neurologicky-sjezd\/\" \/>\n<meta property=\"og:site_name\" content=\"\u010cesk\u00e1 neurologick\u00e1 spole\u010dnost\" \/>\n<meta property=\"article:modified_time\" content=\"2022-01-31T08:57:11+00:00\" \/>\n<meta property=\"og:image\" content=\"https:\/\/www.czech-neuro.cz\/content\/uploads\/2018\/03\/dsc_3183-1024x683.jpg\" \/>\n\t<meta property=\"og:image:width\" content=\"1024\" \/>\n\t<meta property=\"og:image:height\" content=\"683\" \/>\n\t<meta property=\"og:image:type\" content=\"image\/jpeg\" \/>\n<meta name=\"twitter:card\" content=\"summary_large_image\" \/>\n<script type=\"application\/ld+json\" class=\"yoast-schema-graph\">{\"@context\":\"https:\/\/schema.org\",\"@graph\":[{\"@type\":\"WebPage\",\"@id\":\"https:\/\/www.czech-neuro.cz\/odborne-akce\/fotogalerie\/31-cesky-a-slovensky-neurologicky-sjezd\/\",\"url\":\"https:\/\/www.czech-neuro.cz\/odborne-akce\/fotogalerie\/31-cesky-a-slovensky-neurologicky-sjezd\/\",\"name\":\"31. \u010desk\u00fd a slovensk\u00fd neurologick\u00fd sjezd - \u010cesk\u00e1 neurologick\u00e1 spole\u010dnost\",\"isPartOf\":{\"@id\":\"https:\/\/www.czech-neuro.cz\/#website\"},\"primaryImageOfPage\":{\"@id\":\"https:\/\/www.czech-neuro.cz\/odborne-akce\/fotogalerie\/31-cesky-a-slovensky-neurologicky-sjezd\/#primaryimage\"},\"image\":{\"@id\":\"https:\/\/www.czech-neuro.cz\/odborne-akce\/fotogalerie\/31-cesky-a-slovensky-neurologicky-sjezd\/#primaryimage\"},\"thumbnailUrl\":\"https:\/\/www.czech-neuro.cz\/content\/uploads\/2018\/03\/dsc_3183.jpg\",\"datePublished\":\"2018-03-19T10:22:09+00:00\",\"dateModified\":\"2022-01-31T08:57:11+00:00\",\"breadcrumb\":{\"@id\":\"https:\/\/www.czech-neuro.cz\/odborne-akce\/fotogalerie\/31-cesky-a-slovensky-neurologicky-sjezd\/#breadcrumb\"},\"inLanguage\":\"cs\",\"potentialAction\":[{\"@type\":\"ReadAction\",\"target\":[\"https:\/\/www.czech-neuro.cz\/odborne-akce\/fotogalerie\/31-cesky-a-slovensky-neurologicky-sjezd\/\"]}]},{\"@type\":\"ImageObject\",\"inLanguage\":\"cs\",\"@id\":\"https:\/\/www.czech-neuro.cz\/odborne-akce\/fotogalerie\/31-cesky-a-slovensky-neurologicky-sjezd\/#primaryimage\",\"url\":\"https:\/\/www.czech-neuro.cz\/content\/uploads\/2018\/03\/dsc_3183.jpg\",\"contentUrl\":\"https:\/\/www.czech-neuro.cz\/content\/uploads\/2018\/03\/dsc_3183.jpg\",\"width\":2400,\"height\":1600},{\"@type\":\"BreadcrumbList\",\"@id\":\"https:\/\/www.czech-neuro.cz\/odborne-akce\/fotogalerie\/31-cesky-a-slovensky-neurologicky-sjezd\/#breadcrumb\",\"itemListElement\":[{\"@type\":\"ListItem\",\"position\":1,\"name\":\"Dom\u016f\",\"item\":\"https:\/\/www.czech-neuro.cz\/\"},{\"@type\":\"ListItem\",\"position\":2,\"name\":\"Odborn\u00e9 akce\",\"item\":\"https:\/\/www.czech-neuro.cz\/odborne-akce\/sjezdy-a-akce-cns\/\"},{\"@type\":\"ListItem\",\"position\":3,\"name\":\"Fotogalerie\",\"item\":\"https:\/\/www.czech-neuro.cz\/odborne-akce\/fotogalerie\/\"},{\"@type\":\"ListItem\",\"position\":4,\"name\":\"31.&nbsp;\u010desk\u00fd a&nbsp;slovensk\u00fd neurologick\u00fd sjezd\"}]},{\"@type\":\"WebSite\",\"@id\":\"https:\/\/www.czech-neuro.cz\/#website\",\"url\":\"https:\/\/www.czech-neuro.cz\/\",\"name\":\"\u010cesk\u00e1 neurologick\u00e1 spole\u010dnost\",\"description\":\"\u010cesk\u00e1 neurologick\u00e1 spole\u010dnost je odborn\u00e1 v\u011bdeck\u00e1 spole\u010dnost, jej\u00edm\u017e c\u00edlem je db\u00e1t o rozvoj neurologie jako v\u00fdznamn\u00e9 l\u00e9ka\u0159sk\u00e9 a v\u011bdeck\u00e9 discipliny v \u010cesk\u00e9 republice.\",\"potentialAction\":[{\"@type\":\"SearchAction\",\"target\":{\"@type\":\"EntryPoint\",\"urlTemplate\":\"https:\/\/www.czech-neuro.cz\/?s={search_term_string}\"},\"query-input\":{\"@type\":\"PropertyValueSpecification\",\"valueRequired\":true,\"valueName\":\"search_term_string\"}}],\"inLanguage\":\"cs\"}]}<\/script>\n<!-- \/ Yoast SEO Premium plugin. -->","yoast_head_json":{"title":"31. \u010desk\u00fd a slovensk\u00fd neurologick\u00fd sjezd - \u010cesk\u00e1 neurologick\u00e1 spole\u010dnost","robots":{"index":"index","follow":"follow","max-snippet":"max-snippet:-1","max-image-preview":"max-image-preview:large","max-video-preview":"max-video-preview:-1"},"canonical":"https:\/\/www.czech-neuro.cz\/odborne-akce\/fotogalerie\/31-cesky-a-slovensky-neurologicky-sjezd\/","og_locale":"cs_CZ","og_type":"article","og_title":"31. \u010desk\u00fd a slovensk\u00fd neurologick\u00fd sjezd","og_url":"https:\/\/www.czech-neuro.cz\/odborne-akce\/fotogalerie\/31-cesky-a-slovensky-neurologicky-sjezd\/","og_site_name":"\u010cesk\u00e1 neurologick\u00e1 spole\u010dnost","article_modified_time":"2022-01-31T08:57:11+00:00","og_image":[{"width":1024,"height":683,"url":"https:\/\/www.czech-neuro.cz\/content\/uploads\/2018\/03\/dsc_3183-1024x683.jpg","type":"image\/jpeg"}],"twitter_card":"summary_large_image","schema":{"@context":"https:\/\/schema.org","@graph":[{"@type":"WebPage","@id":"https:\/\/www.czech-neuro.cz\/odborne-akce\/fotogalerie\/31-cesky-a-slovensky-neurologicky-sjezd\/","url":"https:\/\/www.czech-neuro.cz\/odborne-akce\/fotogalerie\/31-cesky-a-slovensky-neurologicky-sjezd\/","name":"31. \u010desk\u00fd a slovensk\u00fd neurologick\u00fd sjezd - \u010cesk\u00e1 neurologick\u00e1 spole\u010dnost","isPartOf":{"@id":"https:\/\/www.czech-neuro.cz\/#website"},"primaryImageOfPage":{"@id":"https:\/\/www.czech-neuro.cz\/odborne-akce\/fotogalerie\/31-cesky-a-slovensky-neurologicky-sjezd\/#primaryimage"},"image":{"@id":"https:\/\/www.czech-neuro.cz\/odborne-akce\/fotogalerie\/31-cesky-a-slovensky-neurologicky-sjezd\/#primaryimage"},"thumbnailUrl":"https:\/\/www.czech-neuro.cz\/content\/uploads\/2018\/03\/dsc_3183.jpg","datePublished":"2018-03-19T10:22:09+00:00","dateModified":"2022-01-31T08:57:11+00:00","breadcrumb":{"@id":"https:\/\/www.czech-neuro.cz\/odborne-akce\/fotogalerie\/31-cesky-a-slovensky-neurologicky-sjezd\/#breadcrumb"},"inLanguage":"cs","potentialAction":[{"@type":"ReadAction","target":["https:\/\/www.czech-neuro.cz\/odborne-akce\/fotogalerie\/31-cesky-a-slovensky-neurologicky-sjezd\/"]}]},{"@type":"ImageObject","inLanguage":"cs","@id":"https:\/\/www.czech-neuro.cz\/odborne-akce\/fotogalerie\/31-cesky-a-slovensky-neurologicky-sjezd\/#primaryimage","url":"https:\/\/www.czech-neuro.cz\/content\/uploads\/2018\/03\/dsc_3183.jpg","contentUrl":"https:\/\/www.czech-neuro.cz\/content\/uploads\/2018\/03\/dsc_3183.jpg","width":2400,"height":1600},{"@type":"BreadcrumbList","@id":"https:\/\/www.czech-neuro.cz\/odborne-akce\/fotogalerie\/31-cesky-a-slovensky-neurologicky-sjezd\/#breadcrumb","itemListElement":[{"@type":"ListItem","position":1,"name":"Dom\u016f","item":"https:\/\/www.czech-neuro.cz\/"},{"@type":"ListItem","position":2,"name":"Odborn\u00e9 akce","item":"https:\/\/www.czech-neuro.cz\/odborne-akce\/sjezdy-a-akce-cns\/"},{"@type":"ListItem","position":3,"name":"Fotogalerie","item":"https:\/\/www.czech-neuro.cz\/odborne-akce\/fotogalerie\/"},{"@type":"ListItem","position":4,"name":"31.&nbsp;\u010desk\u00fd a&nbsp;slovensk\u00fd neurologick\u00fd sjezd"}]},{"@type":"WebSite","@id":"https:\/\/www.czech-neuro.cz\/#website","url":"https:\/\/www.czech-neuro.cz\/","name":"\u010cesk\u00e1 neurologick\u00e1 spole\u010dnost","description":"\u010cesk\u00e1 neurologick\u00e1 spole\u010dnost je odborn\u00e1 v\u011bdeck\u00e1 spole\u010dnost, jej\u00edm\u017e c\u00edlem je db\u00e1t o rozvoj neurologie jako v\u00fdznamn\u00e9 l\u00e9ka\u0159sk\u00e9 a v\u011bdeck\u00e9 discipliny v \u010cesk\u00e9 republice.","potentialAction":[{"@type":"SearchAction","target":{"@type":"EntryPoint","urlTemplate":"https:\/\/www.czech-neuro.cz\/?s={search_term_string}"},"query-input":{"@type":"PropertyValueSpecification","valueRequired":true,"valueName":"search_term_string"}}],"inLanguage":"cs"}]}},"lang":"cs","translations":{"cs":3725},"_links":{"self":[{"href":"https:\/\/www.czech-neuro.cz\/api\/wp\/v2\/pages\/3725","targetHints":{"allow":["GET"]}}],"collection":[{"href":"https:\/\/www.czech-neuro.cz\/api\/wp\/v2\/pages"}],"about":[{"href":"https:\/\/www.czech-neuro.cz\/api\/wp\/v2\/types\/page"}],"author":[{"embeddable":true,"href":"https:\/\/www.czech-neuro.cz\/api\/wp\/v2\/users\/23"}],"replies":[{"embeddable":true,"href":"https:\/\/www.czech-neuro.cz\/api\/wp\/v2\/comments?post=3725"}],"version-history":[{"count":6,"href":"https:\/\/www.czech-neuro.cz\/api\/wp\/v2\/pages\/3725\/revisions"}],"predecessor-version":[{"id":6062,"href":"https:\/\/www.czech-neuro.cz\/api\/wp\/v2\/pages\/3725\/revisions\/6062"}],"up":[{"embeddable":true,"href":"https:\/\/www.czech-neuro.cz\/api\/wp\/v2\/pages\/2022"}],"wp:featuredmedia":[{"embeddable":true,"href":"https:\/\/www.czech-neuro.cz\/api\/wp\/v2\/media\/3740"}],"wp:attachment":[{"href":"https:\/\/www.czech-neuro.cz\/api\/wp\/v2\/media?parent=3725"}],"curies":[{"name":"wp","href":"https:\/\/api.w.org\/{rel}","templated":true}]}}