{"id":2045,"date":"2017-10-17T13:25:06","date_gmt":"2017-10-17T11:25:06","guid":{"rendered":"https:\/\/www.czech-neuro.cz\/?page_id=2045"},"modified":"2022-01-31T10:02:43","modified_gmt":"2022-01-31T09:02:43","slug":"25-cesky-a-slovensky-neurologicky-sjezd","status":"publish","type":"page","link":"https:\/\/www.czech-neuro.cz\/odborne-akce\/fotogalerie\/25-cesky-a-slovensky-neurologicky-sjezd\/","title":{"rendered":"25.&nbsp;\u010desk\u00fd a&nbsp;slovensk\u00fd neurologick\u00fd sjezd"},"content":{"rendered":"<div id='gallery-1' class='thumbnails gallery galleryid-2080 gallery-columns-3 gallery-size-thumbnail' itemscope itemtype='http:\/\/schema.org\/ImageGallery'>\n<div class=\"grid\">\n<div class='grid-item 1\/2 mt- mb- md-1\/3'><div class='thumbnail'><figure class='gallery-item' itemprop='associatedMedia' itemscope itemtype='http:\/\/schema.org\/ImageObject'>\n                    <div class='gallery-icon landscape'>\n                        <a target=\"_blank\" data-size=\"800x532\" href='https:\/\/www.czech-neuro.cz\/content\/uploads\/2017\/10\/25.-cesky-a-slovensky-neurologicky-sjezd_04.jpg'><img loading=\"lazy\" decoding=\"async\" width=\"150\" height=\"150\" src=\"https:\/\/www.czech-neuro.cz\/content\/uploads\/2017\/10\/25.-cesky-a-slovensky-neurologicky-sjezd_04-150x150.jpg\" class=\"attachment-thumbnail size-thumbnail\" alt=\"\" srcset=\"https:\/\/www.czech-neuro.cz\/content\/uploads\/2017\/10\/25.-cesky-a-slovensky-neurologicky-sjezd_04-150x150.jpg 150w, https:\/\/www.czech-neuro.cz\/content\/uploads\/2017\/10\/25.-cesky-a-slovensky-neurologicky-sjezd_04-100x100.jpg 100w\" sizes=\"auto, (max-width: 150px) 100vw, 150px\" itemprop=\"thumbnail\" \/><\/a>\n                        <meta itemprop='width' content='800'>\n                        <meta itemprop='height' content='532'>\n                    <\/div><\/figure><\/div><\/div>\n\n<div class='grid-item 1\/2 mt- mb- md-1\/3'><div class='thumbnail'><figure class='gallery-item' itemprop='associatedMedia' itemscope itemtype='http:\/\/schema.org\/ImageObject'>\n                    <div class='gallery-icon landscape'>\n                        <a target=\"_blank\" data-size=\"800x532\" href='https:\/\/www.czech-neuro.cz\/content\/uploads\/2017\/10\/25.-cesky-a-slovensky-neurologicky-sjezd_03.jpg'><img loading=\"lazy\" decoding=\"async\" width=\"150\" height=\"150\" src=\"https:\/\/www.czech-neuro.cz\/content\/uploads\/2017\/10\/25.-cesky-a-slovensky-neurologicky-sjezd_03-150x150.jpg\" class=\"attachment-thumbnail size-thumbnail\" alt=\"\" srcset=\"https:\/\/www.czech-neuro.cz\/content\/uploads\/2017\/10\/25.-cesky-a-slovensky-neurologicky-sjezd_03-150x150.jpg 150w, https:\/\/www.czech-neuro.cz\/content\/uploads\/2017\/10\/25.-cesky-a-slovensky-neurologicky-sjezd_03-100x100.jpg 100w\" sizes=\"auto, (max-width: 150px) 100vw, 150px\" itemprop=\"thumbnail\" \/><\/a>\n                        <meta itemprop='width' content='800'>\n                        <meta itemprop='height' content='532'>\n                    <\/div><\/figure><\/div><\/div>\n\n<div class='grid-item 1\/2 mt- mb- md-1\/3'><div class='thumbnail'><figure class='gallery-item' itemprop='associatedMedia' itemscope itemtype='http:\/\/schema.org\/ImageObject'>\n                    <div class='gallery-icon landscape'>\n                        <a target=\"_blank\" data-size=\"800x532\" href='https:\/\/www.czech-neuro.cz\/content\/uploads\/2017\/10\/25.-cesky-a-slovensky-neurologicky-sjezd_05.jpg'><img loading=\"lazy\" decoding=\"async\" width=\"150\" height=\"150\" src=\"https:\/\/www.czech-neuro.cz\/content\/uploads\/2017\/10\/25.-cesky-a-slovensky-neurologicky-sjezd_05-150x150.jpg\" class=\"attachment-thumbnail size-thumbnail\" alt=\"\" srcset=\"https:\/\/www.czech-neuro.cz\/content\/uploads\/2017\/10\/25.-cesky-a-slovensky-neurologicky-sjezd_05-150x150.jpg 150w, https:\/\/www.czech-neuro.cz\/content\/uploads\/2017\/10\/25.-cesky-a-slovensky-neurologicky-sjezd_05-100x100.jpg 100w\" sizes=\"auto, (max-width: 150px) 100vw, 150px\" itemprop=\"thumbnail\" \/><\/a>\n                        <meta itemprop='width' content='800'>\n                        <meta itemprop='height' content='532'>\n                    <\/div><\/figure><\/div><\/div>\n\n<div class='grid-item 1\/2 mt- mb- md-1\/3'><div class='thumbnail'><figure class='gallery-item' itemprop='associatedMedia' itemscope itemtype='http:\/\/schema.org\/ImageObject'>\n                    <div class='gallery-icon landscape'>\n                        <a target=\"_blank\" data-size=\"800x531\" href='https:\/\/www.czech-neuro.cz\/content\/uploads\/2017\/10\/25.-cesky-a-slovensky-neurologicky-sjezd_02.jpg'><img loading=\"lazy\" decoding=\"async\" width=\"150\" height=\"150\" src=\"https:\/\/www.czech-neuro.cz\/content\/uploads\/2017\/10\/25.-cesky-a-slovensky-neurologicky-sjezd_02-150x150.jpg\" class=\"attachment-thumbnail size-thumbnail\" alt=\"\" srcset=\"https:\/\/www.czech-neuro.cz\/content\/uploads\/2017\/10\/25.-cesky-a-slovensky-neurologicky-sjezd_02-150x150.jpg 150w, https:\/\/www.czech-neuro.cz\/content\/uploads\/2017\/10\/25.-cesky-a-slovensky-neurologicky-sjezd_02-100x100.jpg 100w\" sizes=\"auto, (max-width: 150px) 100vw, 150px\" itemprop=\"thumbnail\" \/><\/a>\n                        <meta itemprop='width' content='800'>\n                        <meta itemprop='height' content='531'>\n                    <\/div><\/figure><\/div><\/div>\n\n<div class='grid-item 1\/2 mt- mb- md-1\/3'><div class='thumbnail'><figure class='gallery-item' itemprop='associatedMedia' itemscope itemtype='http:\/\/schema.org\/ImageObject'>\n                    <div class='gallery-icon portrait'>\n                        <a target=\"_blank\" data-size=\"398x600\" href='https:\/\/www.czech-neuro.cz\/content\/uploads\/2017\/10\/25.-cesky-a-slovensky-neurologicky-sjezd_01.jpg'><img loading=\"lazy\" decoding=\"async\" width=\"150\" height=\"150\" src=\"https:\/\/www.czech-neuro.cz\/content\/uploads\/2017\/10\/25.-cesky-a-slovensky-neurologicky-sjezd_01-150x150.jpg\" class=\"attachment-thumbnail size-thumbnail\" alt=\"\" srcset=\"https:\/\/www.czech-neuro.cz\/content\/uploads\/2017\/10\/25.-cesky-a-slovensky-neurologicky-sjezd_01-150x150.jpg 150w, https:\/\/www.czech-neuro.cz\/content\/uploads\/2017\/10\/25.-cesky-a-slovensky-neurologicky-sjezd_01-100x100.jpg 100w\" sizes=\"auto, (max-width: 150px) 100vw, 150px\" itemprop=\"thumbnail\" \/><\/a>\n                        <meta itemprop='width' content='398'>\n                        <meta itemprop='height' content='600'>\n                    <\/div><\/figure><\/div><\/div>\n\n<div class='grid-item 1\/2 mt- mb- md-1\/3'><div class='thumbnail'><figure class='gallery-item' itemprop='associatedMedia' itemscope itemtype='http:\/\/schema.org\/ImageObject'>\n                    <div class='gallery-icon landscape'>\n                        <a target=\"_blank\" data-size=\"800x531\" href='https:\/\/www.czech-neuro.cz\/content\/uploads\/2017\/10\/25.-cesky-a-slovensky-neurologicky-sjezd_06.jpg'><img loading=\"lazy\" decoding=\"async\" width=\"150\" height=\"150\" src=\"https:\/\/www.czech-neuro.cz\/content\/uploads\/2017\/10\/25.-cesky-a-slovensky-neurologicky-sjezd_06-150x150.jpg\" class=\"attachment-thumbnail size-thumbnail\" alt=\"\" srcset=\"https:\/\/www.czech-neuro.cz\/content\/uploads\/2017\/10\/25.-cesky-a-slovensky-neurologicky-sjezd_06-150x150.jpg 150w, https:\/\/www.czech-neuro.cz\/content\/uploads\/2017\/10\/25.-cesky-a-slovensky-neurologicky-sjezd_06-100x100.jpg 100w\" sizes=\"auto, (max-width: 150px) 100vw, 150px\" itemprop=\"thumbnail\" \/><\/a>\n                        <meta itemprop='width' content='800'>\n                        <meta itemprop='height' content='531'>\n                    <\/div><\/figure><\/div><\/div>\n\n<div class='grid-item 1\/2 mt- mb- md-1\/3'><div class='thumbnail'><figure class='gallery-item' itemprop='associatedMedia' itemscope itemtype='http:\/\/schema.org\/ImageObject'>\n                    <div class='gallery-icon landscape'>\n                        <a target=\"_blank\" data-size=\"800x531\" href='https:\/\/www.czech-neuro.cz\/content\/uploads\/2017\/10\/25.-cesky-a-slovensky-neurologicky-sjezd_70.jpg'><img loading=\"lazy\" decoding=\"async\" width=\"150\" height=\"150\" src=\"https:\/\/www.czech-neuro.cz\/content\/uploads\/2017\/10\/25.-cesky-a-slovensky-neurologicky-sjezd_70-150x150.jpg\" class=\"attachment-thumbnail size-thumbnail\" alt=\"\" srcset=\"https:\/\/www.czech-neuro.cz\/content\/uploads\/2017\/10\/25.-cesky-a-slovensky-neurologicky-sjezd_70-150x150.jpg 150w, https:\/\/www.czech-neuro.cz\/content\/uploads\/2017\/10\/25.-cesky-a-slovensky-neurologicky-sjezd_70-100x100.jpg 100w\" sizes=\"auto, (max-width: 150px) 100vw, 150px\" itemprop=\"thumbnail\" \/><\/a>\n                        <meta itemprop='width' content='800'>\n                        <meta itemprop='height' content='531'>\n                    <\/div><\/figure><\/div><\/div>\n\n<div class='grid-item 1\/2 mt- mb- md-1\/3'><div class='thumbnail'><figure class='gallery-item' itemprop='associatedMedia' itemscope itemtype='http:\/\/schema.org\/ImageObject'>\n                    <div class='gallery-icon landscape'>\n                        <a target=\"_blank\" data-size=\"800x531\" href='https:\/\/www.czech-neuro.cz\/content\/uploads\/2017\/10\/25.-cesky-a-slovensky-neurologicky-sjezd_68.jpg'><img loading=\"lazy\" decoding=\"async\" width=\"150\" height=\"150\" src=\"https:\/\/www.czech-neuro.cz\/content\/uploads\/2017\/10\/25.-cesky-a-slovensky-neurologicky-sjezd_68-150x150.jpg\" class=\"attachment-thumbnail size-thumbnail\" alt=\"\" srcset=\"https:\/\/www.czech-neuro.cz\/content\/uploads\/2017\/10\/25.-cesky-a-slovensky-neurologicky-sjezd_68-150x150.jpg 150w, https:\/\/www.czech-neuro.cz\/content\/uploads\/2017\/10\/25.-cesky-a-slovensky-neurologicky-sjezd_68-100x100.jpg 100w\" sizes=\"auto, (max-width: 150px) 100vw, 150px\" itemprop=\"thumbnail\" \/><\/a>\n                        <meta itemprop='width' content='800'>\n                        <meta itemprop='height' content='531'>\n                    <\/div><\/figure><\/div><\/div>\n\n<div class='grid-item 1\/2 mt- mb- md-1\/3'><div class='thumbnail'><figure class='gallery-item' itemprop='associatedMedia' itemscope itemtype='http:\/\/schema.org\/ImageObject'>\n                    <div class='gallery-icon portrait'>\n                        <a target=\"_blank\" data-size=\"398x600\" href='https:\/\/www.czech-neuro.cz\/content\/uploads\/2017\/10\/25.-cesky-a-slovensky-neurologicky-sjezd_67.jpg'><img loading=\"lazy\" decoding=\"async\" width=\"150\" height=\"150\" src=\"https:\/\/www.czech-neuro.cz\/content\/uploads\/2017\/10\/25.-cesky-a-slovensky-neurologicky-sjezd_67-150x150.jpg\" class=\"attachment-thumbnail size-thumbnail\" alt=\"\" srcset=\"https:\/\/www.czech-neuro.cz\/content\/uploads\/2017\/10\/25.-cesky-a-slovensky-neurologicky-sjezd_67-150x150.jpg 150w, https:\/\/www.czech-neuro.cz\/content\/uploads\/2017\/10\/25.-cesky-a-slovensky-neurologicky-sjezd_67-100x100.jpg 100w\" sizes=\"auto, (max-width: 150px) 100vw, 150px\" itemprop=\"thumbnail\" \/><\/a>\n                        <meta itemprop='width' content='398'>\n                        <meta itemprop='height' content='600'>\n                    <\/div><\/figure><\/div><\/div>\n\n<div class='grid-item 1\/2 mt- mb- md-1\/3'><div class='thumbnail'><figure class='gallery-item' itemprop='associatedMedia' itemscope itemtype='http:\/\/schema.org\/ImageObject'>\n                    <div class='gallery-icon landscape'>\n                        <a target=\"_blank\" data-size=\"800x531\" href='https:\/\/www.czech-neuro.cz\/content\/uploads\/2017\/10\/25.-cesky-a-slovensky-neurologicky-sjezd_66.jpg'><img loading=\"lazy\" decoding=\"async\" width=\"150\" height=\"150\" src=\"https:\/\/www.czech-neuro.cz\/content\/uploads\/2017\/10\/25.-cesky-a-slovensky-neurologicky-sjezd_66-150x150.jpg\" class=\"attachment-thumbnail size-thumbnail\" alt=\"\" srcset=\"https:\/\/www.czech-neuro.cz\/content\/uploads\/2017\/10\/25.-cesky-a-slovensky-neurologicky-sjezd_66-150x150.jpg 150w, https:\/\/www.czech-neuro.cz\/content\/uploads\/2017\/10\/25.-cesky-a-slovensky-neurologicky-sjezd_66-100x100.jpg 100w\" sizes=\"auto, (max-width: 150px) 100vw, 150px\" itemprop=\"thumbnail\" \/><\/a>\n                        <meta itemprop='width' content='800'>\n                        <meta itemprop='height' content='531'>\n                    <\/div><\/figure><\/div><\/div>\n\n<div class='grid-item 1\/2 mt- mb- md-1\/3'><div class='thumbnail'><figure class='gallery-item' itemprop='associatedMedia' itemscope itemtype='http:\/\/schema.org\/ImageObject'>\n                    <div class='gallery-icon landscape'>\n                        <a target=\"_blank\" data-size=\"800x531\" href='https:\/\/www.czech-neuro.cz\/content\/uploads\/2017\/10\/25.-cesky-a-slovensky-neurologicky-sjezd_65.jpg'><img loading=\"lazy\" decoding=\"async\" width=\"150\" height=\"150\" src=\"https:\/\/www.czech-neuro.cz\/content\/uploads\/2017\/10\/25.-cesky-a-slovensky-neurologicky-sjezd_65-150x150.jpg\" class=\"attachment-thumbnail size-thumbnail\" alt=\"\" srcset=\"https:\/\/www.czech-neuro.cz\/content\/uploads\/2017\/10\/25.-cesky-a-slovensky-neurologicky-sjezd_65-150x150.jpg 150w, https:\/\/www.czech-neuro.cz\/content\/uploads\/2017\/10\/25.-cesky-a-slovensky-neurologicky-sjezd_65-100x100.jpg 100w\" sizes=\"auto, (max-width: 150px) 100vw, 150px\" itemprop=\"thumbnail\" \/><\/a>\n                        <meta itemprop='width' content='800'>\n                        <meta itemprop='height' content='531'>\n                    <\/div><\/figure><\/div><\/div>\n\n<div class='grid-item 1\/2 mt- mb- md-1\/3'><div class='thumbnail'><figure class='gallery-item' itemprop='associatedMedia' itemscope itemtype='http:\/\/schema.org\/ImageObject'>\n                    <div class='gallery-icon landscape'>\n                        <a target=\"_blank\" data-size=\"800x531\" href='https:\/\/www.czech-neuro.cz\/content\/uploads\/2017\/10\/25.-cesky-a-slovensky-neurologicky-sjezd_64.jpg'><img loading=\"lazy\" decoding=\"async\" width=\"150\" height=\"150\" src=\"https:\/\/www.czech-neuro.cz\/content\/uploads\/2017\/10\/25.-cesky-a-slovensky-neurologicky-sjezd_64-150x150.jpg\" class=\"attachment-thumbnail size-thumbnail\" alt=\"\" srcset=\"https:\/\/www.czech-neuro.cz\/content\/uploads\/2017\/10\/25.-cesky-a-slovensky-neurologicky-sjezd_64-150x150.jpg 150w, https:\/\/www.czech-neuro.cz\/content\/uploads\/2017\/10\/25.-cesky-a-slovensky-neurologicky-sjezd_64-100x100.jpg 100w\" sizes=\"auto, (max-width: 150px) 100vw, 150px\" itemprop=\"thumbnail\" \/><\/a>\n                        <meta itemprop='width' content='800'>\n                        <meta itemprop='height' content='531'>\n                    <\/div><\/figure><\/div><\/div>\n\n<div class='grid-item 1\/2 mt- mb- md-1\/3'><div class='thumbnail'><figure class='gallery-item' itemprop='associatedMedia' itemscope itemtype='http:\/\/schema.org\/ImageObject'>\n                    <div class='gallery-icon landscape'>\n                        <a target=\"_blank\" data-size=\"800x531\" href='https:\/\/www.czech-neuro.cz\/content\/uploads\/2017\/10\/25.-cesky-a-slovensky-neurologicky-sjezd_63.jpg'><img loading=\"lazy\" decoding=\"async\" width=\"150\" height=\"150\" src=\"https:\/\/www.czech-neuro.cz\/content\/uploads\/2017\/10\/25.-cesky-a-slovensky-neurologicky-sjezd_63-150x150.jpg\" class=\"attachment-thumbnail size-thumbnail\" alt=\"\" srcset=\"https:\/\/www.czech-neuro.cz\/content\/uploads\/2017\/10\/25.-cesky-a-slovensky-neurologicky-sjezd_63-150x150.jpg 150w, https:\/\/www.czech-neuro.cz\/content\/uploads\/2017\/10\/25.-cesky-a-slovensky-neurologicky-sjezd_63-100x100.jpg 100w\" sizes=\"auto, (max-width: 150px) 100vw, 150px\" itemprop=\"thumbnail\" \/><\/a>\n                        <meta itemprop='width' content='800'>\n                        <meta itemprop='height' content='531'>\n                    <\/div><\/figure><\/div><\/div>\n\n<div class='grid-item 1\/2 mt- mb- md-1\/3'><div class='thumbnail'><figure class='gallery-item' itemprop='associatedMedia' itemscope itemtype='http:\/\/schema.org\/ImageObject'>\n                    <div class='gallery-icon landscape'>\n                        <a target=\"_blank\" data-size=\"800x531\" href='https:\/\/www.czech-neuro.cz\/content\/uploads\/2017\/10\/25.-cesky-a-slovensky-neurologicky-sjezd_62.jpg'><img loading=\"lazy\" decoding=\"async\" width=\"150\" height=\"150\" src=\"https:\/\/www.czech-neuro.cz\/content\/uploads\/2017\/10\/25.-cesky-a-slovensky-neurologicky-sjezd_62-150x150.jpg\" class=\"attachment-thumbnail size-thumbnail\" alt=\"\" srcset=\"https:\/\/www.czech-neuro.cz\/content\/uploads\/2017\/10\/25.-cesky-a-slovensky-neurologicky-sjezd_62-150x150.jpg 150w, https:\/\/www.czech-neuro.cz\/content\/uploads\/2017\/10\/25.-cesky-a-slovensky-neurologicky-sjezd_62-100x100.jpg 100w\" sizes=\"auto, (max-width: 150px) 100vw, 150px\" itemprop=\"thumbnail\" \/><\/a>\n                        <meta itemprop='width' content='800'>\n                        <meta itemprop='height' content='531'>\n                    <\/div><\/figure><\/div><\/div>\n\n<div class='grid-item 1\/2 mt- mb- md-1\/3'><div class='thumbnail'><figure class='gallery-item' itemprop='associatedMedia' itemscope itemtype='http:\/\/schema.org\/ImageObject'>\n                    <div class='gallery-icon landscape'>\n                        <a target=\"_blank\" data-size=\"800x531\" href='https:\/\/www.czech-neuro.cz\/content\/uploads\/2017\/10\/25.-cesky-a-slovensky-neurologicky-sjezd_61.jpg'><img loading=\"lazy\" decoding=\"async\" width=\"150\" height=\"150\" src=\"https:\/\/www.czech-neuro.cz\/content\/uploads\/2017\/10\/25.-cesky-a-slovensky-neurologicky-sjezd_61-150x150.jpg\" class=\"attachment-thumbnail size-thumbnail\" alt=\"\" srcset=\"https:\/\/www.czech-neuro.cz\/content\/uploads\/2017\/10\/25.-cesky-a-slovensky-neurologicky-sjezd_61-150x150.jpg 150w, https:\/\/www.czech-neuro.cz\/content\/uploads\/2017\/10\/25.-cesky-a-slovensky-neurologicky-sjezd_61-100x100.jpg 100w\" sizes=\"auto, (max-width: 150px) 100vw, 150px\" itemprop=\"thumbnail\" \/><\/a>\n                        <meta itemprop='width' content='800'>\n                        <meta itemprop='height' content='531'>\n                    <\/div><\/figure><\/div><\/div>\n\n<div class='grid-item 1\/2 mt- mb- md-1\/3'><div class='thumbnail'><figure class='gallery-item' itemprop='associatedMedia' itemscope itemtype='http:\/\/schema.org\/ImageObject'>\n                    <div class='gallery-icon landscape'>\n                        <a target=\"_blank\" data-size=\"800x531\" href='https:\/\/www.czech-neuro.cz\/content\/uploads\/2017\/10\/25.-cesky-a-slovensky-neurologicky-sjezd_60.jpg'><img loading=\"lazy\" decoding=\"async\" width=\"150\" height=\"150\" src=\"https:\/\/www.czech-neuro.cz\/content\/uploads\/2017\/10\/25.-cesky-a-slovensky-neurologicky-sjezd_60-150x150.jpg\" class=\"attachment-thumbnail size-thumbnail\" alt=\"\" srcset=\"https:\/\/www.czech-neuro.cz\/content\/uploads\/2017\/10\/25.-cesky-a-slovensky-neurologicky-sjezd_60-150x150.jpg 150w, https:\/\/www.czech-neuro.cz\/content\/uploads\/2017\/10\/25.-cesky-a-slovensky-neurologicky-sjezd_60-100x100.jpg 100w\" sizes=\"auto, (max-width: 150px) 100vw, 150px\" itemprop=\"thumbnail\" \/><\/a>\n                        <meta itemprop='width' content='800'>\n                        <meta itemprop='height' content='531'>\n                    <\/div><\/figure><\/div><\/div>\n\n<div class='grid-item 1\/2 mt- mb- md-1\/3'><div class='thumbnail'><figure class='gallery-item' itemprop='associatedMedia' itemscope itemtype='http:\/\/schema.org\/ImageObject'>\n                    <div class='gallery-icon landscape'>\n                        <a target=\"_blank\" data-size=\"800x531\" href='https:\/\/www.czech-neuro.cz\/content\/uploads\/2017\/10\/25.-cesky-a-slovensky-neurologicky-sjezd_59.jpg'><img loading=\"lazy\" decoding=\"async\" width=\"150\" height=\"150\" src=\"https:\/\/www.czech-neuro.cz\/content\/uploads\/2017\/10\/25.-cesky-a-slovensky-neurologicky-sjezd_59-150x150.jpg\" class=\"attachment-thumbnail size-thumbnail\" alt=\"\" srcset=\"https:\/\/www.czech-neuro.cz\/content\/uploads\/2017\/10\/25.-cesky-a-slovensky-neurologicky-sjezd_59-150x150.jpg 150w, https:\/\/www.czech-neuro.cz\/content\/uploads\/2017\/10\/25.-cesky-a-slovensky-neurologicky-sjezd_59-100x100.jpg 100w\" sizes=\"auto, (max-width: 150px) 100vw, 150px\" itemprop=\"thumbnail\" \/><\/a>\n                        <meta itemprop='width' content='800'>\n                        <meta itemprop='height' content='531'>\n                    <\/div><\/figure><\/div><\/div>\n\n<div class='grid-item 1\/2 mt- mb- md-1\/3'><div class='thumbnail'><figure class='gallery-item' itemprop='associatedMedia' itemscope itemtype='http:\/\/schema.org\/ImageObject'>\n                    <div class='gallery-icon landscape'>\n                        <a target=\"_blank\" data-size=\"800x531\" href='https:\/\/www.czech-neuro.cz\/content\/uploads\/2017\/10\/25.-cesky-a-slovensky-neurologicky-sjezd_58.jpg'><img loading=\"lazy\" decoding=\"async\" width=\"150\" height=\"150\" src=\"https:\/\/www.czech-neuro.cz\/content\/uploads\/2017\/10\/25.-cesky-a-slovensky-neurologicky-sjezd_58-150x150.jpg\" class=\"attachment-thumbnail size-thumbnail\" alt=\"\" srcset=\"https:\/\/www.czech-neuro.cz\/content\/uploads\/2017\/10\/25.-cesky-a-slovensky-neurologicky-sjezd_58-150x150.jpg 150w, https:\/\/www.czech-neuro.cz\/content\/uploads\/2017\/10\/25.-cesky-a-slovensky-neurologicky-sjezd_58-100x100.jpg 100w\" sizes=\"auto, (max-width: 150px) 100vw, 150px\" itemprop=\"thumbnail\" \/><\/a>\n                        <meta itemprop='width' content='800'>\n                        <meta itemprop='height' content='531'>\n                    <\/div><\/figure><\/div><\/div>\n\n<div class='grid-item 1\/2 mt- mb- md-1\/3'><div class='thumbnail'><figure class='gallery-item' itemprop='associatedMedia' itemscope itemtype='http:\/\/schema.org\/ImageObject'>\n                    <div class='gallery-icon landscape'>\n                        <a target=\"_blank\" data-size=\"800x531\" href='https:\/\/www.czech-neuro.cz\/content\/uploads\/2017\/10\/25.-cesky-a-slovensky-neurologicky-sjezd_57.jpg'><img loading=\"lazy\" decoding=\"async\" width=\"150\" height=\"150\" src=\"https:\/\/www.czech-neuro.cz\/content\/uploads\/2017\/10\/25.-cesky-a-slovensky-neurologicky-sjezd_57-150x150.jpg\" class=\"attachment-thumbnail size-thumbnail\" alt=\"\" srcset=\"https:\/\/www.czech-neuro.cz\/content\/uploads\/2017\/10\/25.-cesky-a-slovensky-neurologicky-sjezd_57-150x150.jpg 150w, https:\/\/www.czech-neuro.cz\/content\/uploads\/2017\/10\/25.-cesky-a-slovensky-neurologicky-sjezd_57-100x100.jpg 100w\" sizes=\"auto, (max-width: 150px) 100vw, 150px\" itemprop=\"thumbnail\" \/><\/a>\n                        <meta itemprop='width' content='800'>\n                        <meta itemprop='height' content='531'>\n                    <\/div><\/figure><\/div><\/div>\n\n<div class='grid-item 1\/2 mt- mb- md-1\/3'><div class='thumbnail'><figure class='gallery-item' itemprop='associatedMedia' itemscope itemtype='http:\/\/schema.org\/ImageObject'>\n                    <div class='gallery-icon landscape'>\n                        <a target=\"_blank\" data-size=\"800x531\" href='https:\/\/www.czech-neuro.cz\/content\/uploads\/2017\/10\/25.-cesky-a-slovensky-neurologicky-sjezd_56.jpg'><img loading=\"lazy\" decoding=\"async\" width=\"150\" height=\"150\" src=\"https:\/\/www.czech-neuro.cz\/content\/uploads\/2017\/10\/25.-cesky-a-slovensky-neurologicky-sjezd_56-150x150.jpg\" class=\"attachment-thumbnail size-thumbnail\" alt=\"\" srcset=\"https:\/\/www.czech-neuro.cz\/content\/uploads\/2017\/10\/25.-cesky-a-slovensky-neurologicky-sjezd_56-150x150.jpg 150w, https:\/\/www.czech-neuro.cz\/content\/uploads\/2017\/10\/25.-cesky-a-slovensky-neurologicky-sjezd_56-100x100.jpg 100w\" sizes=\"auto, (max-width: 150px) 100vw, 150px\" itemprop=\"thumbnail\" \/><\/a>\n                        <meta itemprop='width' content='800'>\n                        <meta itemprop='height' content='531'>\n                    <\/div><\/figure><\/div><\/div>\n\n<div class='grid-item 1\/2 mt- mb- md-1\/3'><div class='thumbnail'><figure class='gallery-item' itemprop='associatedMedia' itemscope itemtype='http:\/\/schema.org\/ImageObject'>\n                    <div class='gallery-icon landscape'>\n                        <a target=\"_blank\" data-size=\"800x531\" href='https:\/\/www.czech-neuro.cz\/content\/uploads\/2017\/10\/25.-cesky-a-slovensky-neurologicky-sjezd_55.jpg'><img loading=\"lazy\" decoding=\"async\" width=\"150\" height=\"150\" src=\"https:\/\/www.czech-neuro.cz\/content\/uploads\/2017\/10\/25.-cesky-a-slovensky-neurologicky-sjezd_55-150x150.jpg\" class=\"attachment-thumbnail size-thumbnail\" alt=\"\" srcset=\"https:\/\/www.czech-neuro.cz\/content\/uploads\/2017\/10\/25.-cesky-a-slovensky-neurologicky-sjezd_55-150x150.jpg 150w, https:\/\/www.czech-neuro.cz\/content\/uploads\/2017\/10\/25.-cesky-a-slovensky-neurologicky-sjezd_55-100x100.jpg 100w\" sizes=\"auto, (max-width: 150px) 100vw, 150px\" itemprop=\"thumbnail\" \/><\/a>\n                        <meta itemprop='width' content='800'>\n                        <meta itemprop='height' content='531'>\n                    <\/div><\/figure><\/div><\/div>\n\n<div class='grid-item 1\/2 mt- mb- md-1\/3'><div class='thumbnail'><figure class='gallery-item' itemprop='associatedMedia' itemscope itemtype='http:\/\/schema.org\/ImageObject'>\n                    <div class='gallery-icon portrait'>\n                        <a target=\"_blank\" data-size=\"398x600\" href='https:\/\/www.czech-neuro.cz\/content\/uploads\/2017\/10\/25.-cesky-a-slovensky-neurologicky-sjezd_54.jpg'><img loading=\"lazy\" decoding=\"async\" width=\"150\" height=\"150\" src=\"https:\/\/www.czech-neuro.cz\/content\/uploads\/2017\/10\/25.-cesky-a-slovensky-neurologicky-sjezd_54-150x150.jpg\" class=\"attachment-thumbnail size-thumbnail\" alt=\"\" srcset=\"https:\/\/www.czech-neuro.cz\/content\/uploads\/2017\/10\/25.-cesky-a-slovensky-neurologicky-sjezd_54-150x150.jpg 150w, https:\/\/www.czech-neuro.cz\/content\/uploads\/2017\/10\/25.-cesky-a-slovensky-neurologicky-sjezd_54-100x100.jpg 100w\" sizes=\"auto, (max-width: 150px) 100vw, 150px\" itemprop=\"thumbnail\" \/><\/a>\n                        <meta itemprop='width' content='398'>\n                        <meta itemprop='height' content='600'>\n                    <\/div><\/figure><\/div><\/div>\n\n<div class='grid-item 1\/2 mt- mb- md-1\/3'><div class='thumbnail'><figure class='gallery-item' itemprop='associatedMedia' itemscope itemtype='http:\/\/schema.org\/ImageObject'>\n                    <div class='gallery-icon portrait'>\n                        <a target=\"_blank\" data-size=\"398x600\" href='https:\/\/www.czech-neuro.cz\/content\/uploads\/2017\/10\/25.-cesky-a-slovensky-neurologicky-sjezd_53.jpg'><img loading=\"lazy\" decoding=\"async\" width=\"150\" height=\"150\" src=\"https:\/\/www.czech-neuro.cz\/content\/uploads\/2017\/10\/25.-cesky-a-slovensky-neurologicky-sjezd_53-150x150.jpg\" class=\"attachment-thumbnail size-thumbnail\" alt=\"\" srcset=\"https:\/\/www.czech-neuro.cz\/content\/uploads\/2017\/10\/25.-cesky-a-slovensky-neurologicky-sjezd_53-150x150.jpg 150w, https:\/\/www.czech-neuro.cz\/content\/uploads\/2017\/10\/25.-cesky-a-slovensky-neurologicky-sjezd_53-100x100.jpg 100w\" sizes=\"auto, (max-width: 150px) 100vw, 150px\" itemprop=\"thumbnail\" \/><\/a>\n                        <meta itemprop='width' content='398'>\n                        <meta itemprop='height' content='600'>\n                    <\/div><\/figure><\/div><\/div>\n\n<div class='grid-item 1\/2 mt- mb- md-1\/3'><div class='thumbnail'><figure class='gallery-item' itemprop='associatedMedia' itemscope itemtype='http:\/\/schema.org\/ImageObject'>\n                    <div class='gallery-icon landscape'>\n                        <a target=\"_blank\" data-size=\"800x531\" href='https:\/\/www.czech-neuro.cz\/content\/uploads\/2017\/10\/25.-cesky-a-slovensky-neurologicky-sjezd_52.jpg'><img loading=\"lazy\" decoding=\"async\" width=\"150\" height=\"150\" src=\"https:\/\/www.czech-neuro.cz\/content\/uploads\/2017\/10\/25.-cesky-a-slovensky-neurologicky-sjezd_52-150x150.jpg\" class=\"attachment-thumbnail size-thumbnail\" alt=\"\" srcset=\"https:\/\/www.czech-neuro.cz\/content\/uploads\/2017\/10\/25.-cesky-a-slovensky-neurologicky-sjezd_52-150x150.jpg 150w, https:\/\/www.czech-neuro.cz\/content\/uploads\/2017\/10\/25.-cesky-a-slovensky-neurologicky-sjezd_52-100x100.jpg 100w\" sizes=\"auto, (max-width: 150px) 100vw, 150px\" itemprop=\"thumbnail\" \/><\/a>\n                        <meta itemprop='width' content='800'>\n                        <meta itemprop='height' content='531'>\n                    <\/div><\/figure><\/div><\/div>\n\n<div class='grid-item 1\/2 mt- mb- md-1\/3'><div class='thumbnail'><figure class='gallery-item' itemprop='associatedMedia' itemscope itemtype='http:\/\/schema.org\/ImageObject'>\n                    <div class='gallery-icon portrait'>\n                        <a target=\"_blank\" data-size=\"398x600\" href='https:\/\/www.czech-neuro.cz\/content\/uploads\/2017\/10\/25.-cesky-a-slovensky-neurologicky-sjezd_51.jpg'><img loading=\"lazy\" decoding=\"async\" width=\"150\" height=\"150\" src=\"https:\/\/www.czech-neuro.cz\/content\/uploads\/2017\/10\/25.-cesky-a-slovensky-neurologicky-sjezd_51-150x150.jpg\" class=\"attachment-thumbnail size-thumbnail\" alt=\"\" srcset=\"https:\/\/www.czech-neuro.cz\/content\/uploads\/2017\/10\/25.-cesky-a-slovensky-neurologicky-sjezd_51-150x150.jpg 150w, https:\/\/www.czech-neuro.cz\/content\/uploads\/2017\/10\/25.-cesky-a-slovensky-neurologicky-sjezd_51-100x100.jpg 100w\" sizes=\"auto, (max-width: 150px) 100vw, 150px\" itemprop=\"thumbnail\" \/><\/a>\n                        <meta itemprop='width' content='398'>\n                        <meta itemprop='height' content='600'>\n                    <\/div><\/figure><\/div><\/div>\n\n<div class='grid-item 1\/2 mt- mb- md-1\/3'><div class='thumbnail'><figure class='gallery-item' itemprop='associatedMedia' itemscope itemtype='http:\/\/schema.org\/ImageObject'>\n                    <div class='gallery-icon portrait'>\n                        <a target=\"_blank\" data-size=\"398x600\" href='https:\/\/www.czech-neuro.cz\/content\/uploads\/2017\/10\/25.-cesky-a-slovensky-neurologicky-sjezd_50.jpg'><img loading=\"lazy\" decoding=\"async\" width=\"150\" height=\"150\" src=\"https:\/\/www.czech-neuro.cz\/content\/uploads\/2017\/10\/25.-cesky-a-slovensky-neurologicky-sjezd_50-150x150.jpg\" class=\"attachment-thumbnail size-thumbnail\" alt=\"\" srcset=\"https:\/\/www.czech-neuro.cz\/content\/uploads\/2017\/10\/25.-cesky-a-slovensky-neurologicky-sjezd_50-150x150.jpg 150w, https:\/\/www.czech-neuro.cz\/content\/uploads\/2017\/10\/25.-cesky-a-slovensky-neurologicky-sjezd_50-100x100.jpg 100w\" sizes=\"auto, (max-width: 150px) 100vw, 150px\" itemprop=\"thumbnail\" \/><\/a>\n                        <meta itemprop='width' content='398'>\n                        <meta itemprop='height' content='600'>\n                    <\/div><\/figure><\/div><\/div>\n\n<div class='grid-item 1\/2 mt- mb- md-1\/3'><div class='thumbnail'><figure class='gallery-item' itemprop='associatedMedia' itemscope itemtype='http:\/\/schema.org\/ImageObject'>\n                    <div class='gallery-icon portrait'>\n                        <a target=\"_blank\" data-size=\"398x600\" href='https:\/\/www.czech-neuro.cz\/content\/uploads\/2017\/10\/25.-cesky-a-slovensky-neurologicky-sjezd_49.jpg'><img loading=\"lazy\" decoding=\"async\" width=\"150\" height=\"150\" src=\"https:\/\/www.czech-neuro.cz\/content\/uploads\/2017\/10\/25.-cesky-a-slovensky-neurologicky-sjezd_49-150x150.jpg\" class=\"attachment-thumbnail size-thumbnail\" alt=\"\" srcset=\"https:\/\/www.czech-neuro.cz\/content\/uploads\/2017\/10\/25.-cesky-a-slovensky-neurologicky-sjezd_49-150x150.jpg 150w, https:\/\/www.czech-neuro.cz\/content\/uploads\/2017\/10\/25.-cesky-a-slovensky-neurologicky-sjezd_49-100x100.jpg 100w\" sizes=\"auto, (max-width: 150px) 100vw, 150px\" itemprop=\"thumbnail\" \/><\/a>\n                        <meta itemprop='width' content='398'>\n                        <meta itemprop='height' content='600'>\n                    <\/div><\/figure><\/div><\/div>\n\n<div class='grid-item 1\/2 mt- mb- md-1\/3'><div class='thumbnail'><figure class='gallery-item' itemprop='associatedMedia' itemscope itemtype='http:\/\/schema.org\/ImageObject'>\n                    <div class='gallery-icon landscape'>\n                        <a target=\"_blank\" data-size=\"800x531\" href='https:\/\/www.czech-neuro.cz\/content\/uploads\/2017\/10\/25.-cesky-a-slovensky-neurologicky-sjezd_48.jpg'><img loading=\"lazy\" decoding=\"async\" width=\"150\" height=\"150\" src=\"https:\/\/www.czech-neuro.cz\/content\/uploads\/2017\/10\/25.-cesky-a-slovensky-neurologicky-sjezd_48-150x150.jpg\" class=\"attachment-thumbnail size-thumbnail\" alt=\"\" srcset=\"https:\/\/www.czech-neuro.cz\/content\/uploads\/2017\/10\/25.-cesky-a-slovensky-neurologicky-sjezd_48-150x150.jpg 150w, https:\/\/www.czech-neuro.cz\/content\/uploads\/2017\/10\/25.-cesky-a-slovensky-neurologicky-sjezd_48-100x100.jpg 100w\" sizes=\"auto, (max-width: 150px) 100vw, 150px\" itemprop=\"thumbnail\" \/><\/a>\n                        <meta itemprop='width' content='800'>\n                        <meta itemprop='height' content='531'>\n                    <\/div><\/figure><\/div><\/div>\n\n<div class='grid-item 1\/2 mt- mb- md-1\/3'><div class='thumbnail'><figure class='gallery-item' itemprop='associatedMedia' itemscope itemtype='http:\/\/schema.org\/ImageObject'>\n                    <div class='gallery-icon portrait'>\n                        <a target=\"_blank\" data-size=\"398x600\" href='https:\/\/www.czech-neuro.cz\/content\/uploads\/2017\/10\/25.-cesky-a-slovensky-neurologicky-sjezd_47.jpg'><img loading=\"lazy\" decoding=\"async\" width=\"150\" height=\"150\" src=\"https:\/\/www.czech-neuro.cz\/content\/uploads\/2017\/10\/25.-cesky-a-slovensky-neurologicky-sjezd_47-150x150.jpg\" class=\"attachment-thumbnail size-thumbnail\" alt=\"\" srcset=\"https:\/\/www.czech-neuro.cz\/content\/uploads\/2017\/10\/25.-cesky-a-slovensky-neurologicky-sjezd_47-150x150.jpg 150w, https:\/\/www.czech-neuro.cz\/content\/uploads\/2017\/10\/25.-cesky-a-slovensky-neurologicky-sjezd_47-100x100.jpg 100w\" sizes=\"auto, (max-width: 150px) 100vw, 150px\" itemprop=\"thumbnail\" \/><\/a>\n                        <meta itemprop='width' content='398'>\n                        <meta itemprop='height' content='600'>\n                    <\/div><\/figure><\/div><\/div>\n\n<div class='grid-item 1\/2 mt- mb- md-1\/3'><div class='thumbnail'><figure class='gallery-item' itemprop='associatedMedia' itemscope itemtype='http:\/\/schema.org\/ImageObject'>\n                    <div class='gallery-icon landscape'>\n                        <a target=\"_blank\" data-size=\"800x531\" href='https:\/\/www.czech-neuro.cz\/content\/uploads\/2017\/10\/25.-cesky-a-slovensky-neurologicky-sjezd_46.jpg'><img loading=\"lazy\" decoding=\"async\" width=\"150\" height=\"150\" src=\"https:\/\/www.czech-neuro.cz\/content\/uploads\/2017\/10\/25.-cesky-a-slovensky-neurologicky-sjezd_46-150x150.jpg\" class=\"attachment-thumbnail size-thumbnail\" alt=\"\" srcset=\"https:\/\/www.czech-neuro.cz\/content\/uploads\/2017\/10\/25.-cesky-a-slovensky-neurologicky-sjezd_46-150x150.jpg 150w, https:\/\/www.czech-neuro.cz\/content\/uploads\/2017\/10\/25.-cesky-a-slovensky-neurologicky-sjezd_46-100x100.jpg 100w\" sizes=\"auto, (max-width: 150px) 100vw, 150px\" itemprop=\"thumbnail\" \/><\/a>\n                        <meta itemprop='width' content='800'>\n                        <meta itemprop='height' content='531'>\n                    <\/div><\/figure><\/div><\/div>\n\n<div class='grid-item 1\/2 mt- mb- md-1\/3'><div class='thumbnail'><figure class='gallery-item' itemprop='associatedMedia' itemscope itemtype='http:\/\/schema.org\/ImageObject'>\n                    <div class='gallery-icon portrait'>\n                        <a target=\"_blank\" data-size=\"398x600\" href='https:\/\/www.czech-neuro.cz\/content\/uploads\/2017\/10\/25.-cesky-a-slovensky-neurologicky-sjezd_45.jpg'><img loading=\"lazy\" decoding=\"async\" width=\"150\" height=\"150\" src=\"https:\/\/www.czech-neuro.cz\/content\/uploads\/2017\/10\/25.-cesky-a-slovensky-neurologicky-sjezd_45-150x150.jpg\" class=\"attachment-thumbnail size-thumbnail\" alt=\"\" srcset=\"https:\/\/www.czech-neuro.cz\/content\/uploads\/2017\/10\/25.-cesky-a-slovensky-neurologicky-sjezd_45-150x150.jpg 150w, https:\/\/www.czech-neuro.cz\/content\/uploads\/2017\/10\/25.-cesky-a-slovensky-neurologicky-sjezd_45-100x100.jpg 100w\" sizes=\"auto, (max-width: 150px) 100vw, 150px\" itemprop=\"thumbnail\" \/><\/a>\n                        <meta itemprop='width' content='398'>\n                        <meta itemprop='height' content='600'>\n                    <\/div><\/figure><\/div><\/div>\n\n<div class='grid-item 1\/2 mt- mb- md-1\/3'><div class='thumbnail'><figure class='gallery-item' itemprop='associatedMedia' itemscope itemtype='http:\/\/schema.org\/ImageObject'>\n                    <div class='gallery-icon portrait'>\n                        <a target=\"_blank\" data-size=\"398x600\" href='https:\/\/www.czech-neuro.cz\/content\/uploads\/2017\/10\/25.-cesky-a-slovensky-neurologicky-sjezd_44.jpg'><img loading=\"lazy\" decoding=\"async\" width=\"150\" height=\"150\" src=\"https:\/\/www.czech-neuro.cz\/content\/uploads\/2017\/10\/25.-cesky-a-slovensky-neurologicky-sjezd_44-150x150.jpg\" class=\"attachment-thumbnail size-thumbnail\" alt=\"\" srcset=\"https:\/\/www.czech-neuro.cz\/content\/uploads\/2017\/10\/25.-cesky-a-slovensky-neurologicky-sjezd_44-150x150.jpg 150w, https:\/\/www.czech-neuro.cz\/content\/uploads\/2017\/10\/25.-cesky-a-slovensky-neurologicky-sjezd_44-100x100.jpg 100w\" sizes=\"auto, (max-width: 150px) 100vw, 150px\" itemprop=\"thumbnail\" \/><\/a>\n                        <meta itemprop='width' content='398'>\n                        <meta itemprop='height' content='600'>\n                    <\/div><\/figure><\/div><\/div>\n\n<div class='grid-item 1\/2 mt- mb- md-1\/3'><div class='thumbnail'><figure class='gallery-item' itemprop='associatedMedia' itemscope itemtype='http:\/\/schema.org\/ImageObject'>\n                    <div class='gallery-icon portrait'>\n                        <a target=\"_blank\" data-size=\"398x600\" href='https:\/\/www.czech-neuro.cz\/content\/uploads\/2017\/10\/25.-cesky-a-slovensky-neurologicky-sjezd_43.jpg'><img loading=\"lazy\" decoding=\"async\" width=\"150\" height=\"150\" src=\"https:\/\/www.czech-neuro.cz\/content\/uploads\/2017\/10\/25.-cesky-a-slovensky-neurologicky-sjezd_43-150x150.jpg\" class=\"attachment-thumbnail size-thumbnail\" alt=\"\" srcset=\"https:\/\/www.czech-neuro.cz\/content\/uploads\/2017\/10\/25.-cesky-a-slovensky-neurologicky-sjezd_43-150x150.jpg 150w, https:\/\/www.czech-neuro.cz\/content\/uploads\/2017\/10\/25.-cesky-a-slovensky-neurologicky-sjezd_43-100x100.jpg 100w\" sizes=\"auto, (max-width: 150px) 100vw, 150px\" itemprop=\"thumbnail\" \/><\/a>\n                        <meta itemprop='width' content='398'>\n                        <meta itemprop='height' content='600'>\n                    <\/div><\/figure><\/div><\/div>\n\n<div class='grid-item 1\/2 mt- mb- md-1\/3'><div class='thumbnail'><figure class='gallery-item' itemprop='associatedMedia' itemscope itemtype='http:\/\/schema.org\/ImageObject'>\n                    <div class='gallery-icon portrait'>\n                        <a target=\"_blank\" data-size=\"398x600\" href='https:\/\/www.czech-neuro.cz\/content\/uploads\/2017\/10\/25.-cesky-a-slovensky-neurologicky-sjezd_42.jpg'><img loading=\"lazy\" decoding=\"async\" width=\"150\" height=\"150\" src=\"https:\/\/www.czech-neuro.cz\/content\/uploads\/2017\/10\/25.-cesky-a-slovensky-neurologicky-sjezd_42-150x150.jpg\" class=\"attachment-thumbnail size-thumbnail\" alt=\"\" srcset=\"https:\/\/www.czech-neuro.cz\/content\/uploads\/2017\/10\/25.-cesky-a-slovensky-neurologicky-sjezd_42-150x150.jpg 150w, https:\/\/www.czech-neuro.cz\/content\/uploads\/2017\/10\/25.-cesky-a-slovensky-neurologicky-sjezd_42-100x100.jpg 100w\" sizes=\"auto, (max-width: 150px) 100vw, 150px\" itemprop=\"thumbnail\" \/><\/a>\n                        <meta itemprop='width' content='398'>\n                        <meta itemprop='height' content='600'>\n                    <\/div><\/figure><\/div><\/div>\n\n<div class='grid-item 1\/2 mt- mb- md-1\/3'><div class='thumbnail'><figure class='gallery-item' itemprop='associatedMedia' itemscope itemtype='http:\/\/schema.org\/ImageObject'>\n                    <div class='gallery-icon portrait'>\n                        <a target=\"_blank\" data-size=\"398x600\" href='https:\/\/www.czech-neuro.cz\/content\/uploads\/2017\/10\/25.-cesky-a-slovensky-neurologicky-sjezd_41.jpg'><img loading=\"lazy\" decoding=\"async\" width=\"150\" height=\"150\" src=\"https:\/\/www.czech-neuro.cz\/content\/uploads\/2017\/10\/25.-cesky-a-slovensky-neurologicky-sjezd_41-150x150.jpg\" class=\"attachment-thumbnail size-thumbnail\" alt=\"\" srcset=\"https:\/\/www.czech-neuro.cz\/content\/uploads\/2017\/10\/25.-cesky-a-slovensky-neurologicky-sjezd_41-150x150.jpg 150w, https:\/\/www.czech-neuro.cz\/content\/uploads\/2017\/10\/25.-cesky-a-slovensky-neurologicky-sjezd_41-100x100.jpg 100w\" sizes=\"auto, (max-width: 150px) 100vw, 150px\" itemprop=\"thumbnail\" \/><\/a>\n                        <meta itemprop='width' content='398'>\n                        <meta itemprop='height' content='600'>\n                    <\/div><\/figure><\/div><\/div>\n\n<div class='grid-item 1\/2 mt- mb- md-1\/3'><div class='thumbnail'><figure class='gallery-item' itemprop='associatedMedia' itemscope itemtype='http:\/\/schema.org\/ImageObject'>\n                    <div class='gallery-icon portrait'>\n                        <a target=\"_blank\" data-size=\"398x600\" href='https:\/\/www.czech-neuro.cz\/content\/uploads\/2017\/10\/25.-cesky-a-slovensky-neurologicky-sjezd_40.jpg'><img loading=\"lazy\" decoding=\"async\" width=\"150\" height=\"150\" src=\"https:\/\/www.czech-neuro.cz\/content\/uploads\/2017\/10\/25.-cesky-a-slovensky-neurologicky-sjezd_40-150x150.jpg\" class=\"attachment-thumbnail size-thumbnail\" alt=\"\" srcset=\"https:\/\/www.czech-neuro.cz\/content\/uploads\/2017\/10\/25.-cesky-a-slovensky-neurologicky-sjezd_40-150x150.jpg 150w, https:\/\/www.czech-neuro.cz\/content\/uploads\/2017\/10\/25.-cesky-a-slovensky-neurologicky-sjezd_40-100x100.jpg 100w\" sizes=\"auto, (max-width: 150px) 100vw, 150px\" itemprop=\"thumbnail\" \/><\/a>\n                        <meta itemprop='width' content='398'>\n                        <meta itemprop='height' content='600'>\n                    <\/div><\/figure><\/div><\/div>\n\n<div class='grid-item 1\/2 mt- mb- md-1\/3'><div class='thumbnail'><figure class='gallery-item' itemprop='associatedMedia' itemscope itemtype='http:\/\/schema.org\/ImageObject'>\n                    <div class='gallery-icon portrait'>\n                        <a target=\"_blank\" data-size=\"398x600\" href='https:\/\/www.czech-neuro.cz\/content\/uploads\/2017\/10\/25.-cesky-a-slovensky-neurologicky-sjezd_39.jpg'><img loading=\"lazy\" decoding=\"async\" width=\"150\" height=\"150\" src=\"https:\/\/www.czech-neuro.cz\/content\/uploads\/2017\/10\/25.-cesky-a-slovensky-neurologicky-sjezd_39-150x150.jpg\" class=\"attachment-thumbnail size-thumbnail\" alt=\"\" srcset=\"https:\/\/www.czech-neuro.cz\/content\/uploads\/2017\/10\/25.-cesky-a-slovensky-neurologicky-sjezd_39-150x150.jpg 150w, https:\/\/www.czech-neuro.cz\/content\/uploads\/2017\/10\/25.-cesky-a-slovensky-neurologicky-sjezd_39-100x100.jpg 100w\" sizes=\"auto, (max-width: 150px) 100vw, 150px\" itemprop=\"thumbnail\" \/><\/a>\n                        <meta itemprop='width' content='398'>\n                        <meta itemprop='height' content='600'>\n                    <\/div><\/figure><\/div><\/div>\n\n<div class='grid-item 1\/2 mt- mb- md-1\/3'><div class='thumbnail'><figure class='gallery-item' itemprop='associatedMedia' itemscope itemtype='http:\/\/schema.org\/ImageObject'>\n                    <div class='gallery-icon portrait'>\n                        <a target=\"_blank\" data-size=\"398x600\" href='https:\/\/www.czech-neuro.cz\/content\/uploads\/2017\/10\/25.-cesky-a-slovensky-neurologicky-sjezd_38.jpg'><img loading=\"lazy\" decoding=\"async\" width=\"150\" height=\"150\" src=\"https:\/\/www.czech-neuro.cz\/content\/uploads\/2017\/10\/25.-cesky-a-slovensky-neurologicky-sjezd_38-150x150.jpg\" class=\"attachment-thumbnail size-thumbnail\" alt=\"\" srcset=\"https:\/\/www.czech-neuro.cz\/content\/uploads\/2017\/10\/25.-cesky-a-slovensky-neurologicky-sjezd_38-150x150.jpg 150w, https:\/\/www.czech-neuro.cz\/content\/uploads\/2017\/10\/25.-cesky-a-slovensky-neurologicky-sjezd_38-100x100.jpg 100w\" sizes=\"auto, (max-width: 150px) 100vw, 150px\" itemprop=\"thumbnail\" \/><\/a>\n                        <meta itemprop='width' content='398'>\n                        <meta itemprop='height' content='600'>\n                    <\/div><\/figure><\/div><\/div>\n\n<div class='grid-item 1\/2 mt- mb- md-1\/3'><div class='thumbnail'><figure class='gallery-item' itemprop='associatedMedia' itemscope itemtype='http:\/\/schema.org\/ImageObject'>\n                    <div class='gallery-icon portrait'>\n                        <a target=\"_blank\" data-size=\"398x600\" href='https:\/\/www.czech-neuro.cz\/content\/uploads\/2017\/10\/25.-cesky-a-slovensky-neurologicky-sjezd_37.jpg'><img loading=\"lazy\" decoding=\"async\" width=\"150\" height=\"150\" src=\"https:\/\/www.czech-neuro.cz\/content\/uploads\/2017\/10\/25.-cesky-a-slovensky-neurologicky-sjezd_37-150x150.jpg\" class=\"attachment-thumbnail size-thumbnail\" alt=\"\" srcset=\"https:\/\/www.czech-neuro.cz\/content\/uploads\/2017\/10\/25.-cesky-a-slovensky-neurologicky-sjezd_37-150x150.jpg 150w, https:\/\/www.czech-neuro.cz\/content\/uploads\/2017\/10\/25.-cesky-a-slovensky-neurologicky-sjezd_37-100x100.jpg 100w\" sizes=\"auto, (max-width: 150px) 100vw, 150px\" itemprop=\"thumbnail\" \/><\/a>\n                        <meta itemprop='width' content='398'>\n                        <meta itemprop='height' content='600'>\n                    <\/div><\/figure><\/div><\/div>\n\n<div class='grid-item 1\/2 mt- mb- md-1\/3'><div class='thumbnail'><figure class='gallery-item' itemprop='associatedMedia' itemscope itemtype='http:\/\/schema.org\/ImageObject'>\n                    <div class='gallery-icon portrait'>\n                        <a target=\"_blank\" data-size=\"398x600\" href='https:\/\/www.czech-neuro.cz\/content\/uploads\/2017\/10\/25.-cesky-a-slovensky-neurologicky-sjezd_36.jpg'><img loading=\"lazy\" decoding=\"async\" width=\"150\" height=\"150\" src=\"https:\/\/www.czech-neuro.cz\/content\/uploads\/2017\/10\/25.-cesky-a-slovensky-neurologicky-sjezd_36-150x150.jpg\" class=\"attachment-thumbnail size-thumbnail\" alt=\"\" srcset=\"https:\/\/www.czech-neuro.cz\/content\/uploads\/2017\/10\/25.-cesky-a-slovensky-neurologicky-sjezd_36-150x150.jpg 150w, https:\/\/www.czech-neuro.cz\/content\/uploads\/2017\/10\/25.-cesky-a-slovensky-neurologicky-sjezd_36-100x100.jpg 100w\" sizes=\"auto, (max-width: 150px) 100vw, 150px\" itemprop=\"thumbnail\" \/><\/a>\n                        <meta itemprop='width' content='398'>\n                        <meta itemprop='height' content='600'>\n                    <\/div><\/figure><\/div><\/div>\n\n<div class='grid-item 1\/2 mt- mb- md-1\/3'><div class='thumbnail'><figure class='gallery-item' itemprop='associatedMedia' itemscope itemtype='http:\/\/schema.org\/ImageObject'>\n                    <div class='gallery-icon landscape'>\n                        <a target=\"_blank\" data-size=\"800x531\" href='https:\/\/www.czech-neuro.cz\/content\/uploads\/2017\/10\/25.-cesky-a-slovensky-neurologicky-sjezd_69.jpg'><img loading=\"lazy\" decoding=\"async\" width=\"150\" height=\"150\" src=\"https:\/\/www.czech-neuro.cz\/content\/uploads\/2017\/10\/25.-cesky-a-slovensky-neurologicky-sjezd_69-150x150.jpg\" class=\"attachment-thumbnail size-thumbnail\" alt=\"\" srcset=\"https:\/\/www.czech-neuro.cz\/content\/uploads\/2017\/10\/25.-cesky-a-slovensky-neurologicky-sjezd_69-150x150.jpg 150w, https:\/\/www.czech-neuro.cz\/content\/uploads\/2017\/10\/25.-cesky-a-slovensky-neurologicky-sjezd_69-100x100.jpg 100w\" sizes=\"auto, (max-width: 150px) 100vw, 150px\" itemprop=\"thumbnail\" \/><\/a>\n                        <meta itemprop='width' content='800'>\n                        <meta itemprop='height' content='531'>\n                    <\/div><\/figure><\/div><\/div>\n\n<div class='grid-item 1\/2 mt- mb- md-1\/3'><div class='thumbnail'><figure class='gallery-item' itemprop='associatedMedia' itemscope itemtype='http:\/\/schema.org\/ImageObject'>\n                    <div class='gallery-icon portrait'>\n                        <a target=\"_blank\" data-size=\"398x600\" href='https:\/\/www.czech-neuro.cz\/content\/uploads\/2017\/10\/25.-cesky-a-slovensky-neurologicky-sjezd_34.jpg'><img loading=\"lazy\" decoding=\"async\" width=\"150\" height=\"150\" src=\"https:\/\/www.czech-neuro.cz\/content\/uploads\/2017\/10\/25.-cesky-a-slovensky-neurologicky-sjezd_34-150x150.jpg\" class=\"attachment-thumbnail size-thumbnail\" alt=\"\" srcset=\"https:\/\/www.czech-neuro.cz\/content\/uploads\/2017\/10\/25.-cesky-a-slovensky-neurologicky-sjezd_34-150x150.jpg 150w, https:\/\/www.czech-neuro.cz\/content\/uploads\/2017\/10\/25.-cesky-a-slovensky-neurologicky-sjezd_34-100x100.jpg 100w\" sizes=\"auto, (max-width: 150px) 100vw, 150px\" itemprop=\"thumbnail\" \/><\/a>\n                        <meta itemprop='width' content='398'>\n                        <meta itemprop='height' content='600'>\n                    <\/div><\/figure><\/div><\/div>\n\n<div class='grid-item 1\/2 mt- mb- md-1\/3'><div class='thumbnail'><figure class='gallery-item' itemprop='associatedMedia' itemscope itemtype='http:\/\/schema.org\/ImageObject'>\n                    <div class='gallery-icon portrait'>\n                        <a target=\"_blank\" data-size=\"398x600\" href='https:\/\/www.czech-neuro.cz\/content\/uploads\/2017\/10\/25.-cesky-a-slovensky-neurologicky-sjezd_33.jpg'><img loading=\"lazy\" decoding=\"async\" width=\"150\" height=\"150\" src=\"https:\/\/www.czech-neuro.cz\/content\/uploads\/2017\/10\/25.-cesky-a-slovensky-neurologicky-sjezd_33-150x150.jpg\" class=\"attachment-thumbnail size-thumbnail\" alt=\"\" srcset=\"https:\/\/www.czech-neuro.cz\/content\/uploads\/2017\/10\/25.-cesky-a-slovensky-neurologicky-sjezd_33-150x150.jpg 150w, https:\/\/www.czech-neuro.cz\/content\/uploads\/2017\/10\/25.-cesky-a-slovensky-neurologicky-sjezd_33-100x100.jpg 100w\" sizes=\"auto, (max-width: 150px) 100vw, 150px\" itemprop=\"thumbnail\" \/><\/a>\n                        <meta itemprop='width' content='398'>\n                        <meta itemprop='height' content='600'>\n                    <\/div><\/figure><\/div><\/div>\n\n<div class='grid-item 1\/2 mt- mb- md-1\/3'><div class='thumbnail'><figure class='gallery-item' itemprop='associatedMedia' itemscope itemtype='http:\/\/schema.org\/ImageObject'>\n                    <div class='gallery-icon portrait'>\n                        <a target=\"_blank\" data-size=\"398x600\" href='https:\/\/www.czech-neuro.cz\/content\/uploads\/2017\/10\/25.-cesky-a-slovensky-neurologicky-sjezd_32.jpg'><img loading=\"lazy\" decoding=\"async\" width=\"150\" height=\"150\" src=\"https:\/\/www.czech-neuro.cz\/content\/uploads\/2017\/10\/25.-cesky-a-slovensky-neurologicky-sjezd_32-150x150.jpg\" class=\"attachment-thumbnail size-thumbnail\" alt=\"\" srcset=\"https:\/\/www.czech-neuro.cz\/content\/uploads\/2017\/10\/25.-cesky-a-slovensky-neurologicky-sjezd_32-150x150.jpg 150w, https:\/\/www.czech-neuro.cz\/content\/uploads\/2017\/10\/25.-cesky-a-slovensky-neurologicky-sjezd_32-100x100.jpg 100w\" sizes=\"auto, (max-width: 150px) 100vw, 150px\" itemprop=\"thumbnail\" \/><\/a>\n                        <meta itemprop='width' content='398'>\n                        <meta itemprop='height' content='600'>\n                    <\/div><\/figure><\/div><\/div>\n\n<div class='grid-item 1\/2 mt- mb- md-1\/3'><div class='thumbnail'><figure class='gallery-item' itemprop='associatedMedia' itemscope itemtype='http:\/\/schema.org\/ImageObject'>\n                    <div class='gallery-icon portrait'>\n                        <a target=\"_blank\" data-size=\"398x600\" href='https:\/\/www.czech-neuro.cz\/content\/uploads\/2017\/10\/25.-cesky-a-slovensky-neurologicky-sjezd_31.jpg'><img loading=\"lazy\" decoding=\"async\" width=\"150\" height=\"150\" src=\"https:\/\/www.czech-neuro.cz\/content\/uploads\/2017\/10\/25.-cesky-a-slovensky-neurologicky-sjezd_31-150x150.jpg\" class=\"attachment-thumbnail size-thumbnail\" alt=\"\" srcset=\"https:\/\/www.czech-neuro.cz\/content\/uploads\/2017\/10\/25.-cesky-a-slovensky-neurologicky-sjezd_31-150x150.jpg 150w, https:\/\/www.czech-neuro.cz\/content\/uploads\/2017\/10\/25.-cesky-a-slovensky-neurologicky-sjezd_31-100x100.jpg 100w\" sizes=\"auto, (max-width: 150px) 100vw, 150px\" itemprop=\"thumbnail\" \/><\/a>\n                        <meta itemprop='width' content='398'>\n                        <meta itemprop='height' content='600'>\n                    <\/div><\/figure><\/div><\/div>\n\n<div class='grid-item 1\/2 mt- mb- md-1\/3'><div class='thumbnail'><figure class='gallery-item' itemprop='associatedMedia' itemscope itemtype='http:\/\/schema.org\/ImageObject'>\n                    <div class='gallery-icon portrait'>\n                        <a target=\"_blank\" data-size=\"398x600\" href='https:\/\/www.czech-neuro.cz\/content\/uploads\/2017\/10\/25.-cesky-a-slovensky-neurologicky-sjezd_30.jpg'><img loading=\"lazy\" decoding=\"async\" width=\"150\" height=\"150\" src=\"https:\/\/www.czech-neuro.cz\/content\/uploads\/2017\/10\/25.-cesky-a-slovensky-neurologicky-sjezd_30-150x150.jpg\" class=\"attachment-thumbnail size-thumbnail\" alt=\"\" srcset=\"https:\/\/www.czech-neuro.cz\/content\/uploads\/2017\/10\/25.-cesky-a-slovensky-neurologicky-sjezd_30-150x150.jpg 150w, https:\/\/www.czech-neuro.cz\/content\/uploads\/2017\/10\/25.-cesky-a-slovensky-neurologicky-sjezd_30-100x100.jpg 100w\" sizes=\"auto, (max-width: 150px) 100vw, 150px\" itemprop=\"thumbnail\" \/><\/a>\n                        <meta itemprop='width' content='398'>\n                        <meta itemprop='height' content='600'>\n                    <\/div><\/figure><\/div><\/div>\n\n<div class='grid-item 1\/2 mt- mb- md-1\/3'><div class='thumbnail'><figure class='gallery-item' itemprop='associatedMedia' itemscope itemtype='http:\/\/schema.org\/ImageObject'>\n                    <div class='gallery-icon portrait'>\n                        <a target=\"_blank\" data-size=\"398x600\" href='https:\/\/www.czech-neuro.cz\/content\/uploads\/2017\/10\/25.-cesky-a-slovensky-neurologicky-sjezd_29.jpg'><img loading=\"lazy\" decoding=\"async\" width=\"150\" height=\"150\" src=\"https:\/\/www.czech-neuro.cz\/content\/uploads\/2017\/10\/25.-cesky-a-slovensky-neurologicky-sjezd_29-150x150.jpg\" class=\"attachment-thumbnail size-thumbnail\" alt=\"\" srcset=\"https:\/\/www.czech-neuro.cz\/content\/uploads\/2017\/10\/25.-cesky-a-slovensky-neurologicky-sjezd_29-150x150.jpg 150w, https:\/\/www.czech-neuro.cz\/content\/uploads\/2017\/10\/25.-cesky-a-slovensky-neurologicky-sjezd_29-100x100.jpg 100w\" sizes=\"auto, (max-width: 150px) 100vw, 150px\" itemprop=\"thumbnail\" \/><\/a>\n                        <meta itemprop='width' content='398'>\n                        <meta itemprop='height' content='600'>\n                    <\/div><\/figure><\/div><\/div>\n\n<div class='grid-item 1\/2 mt- mb- md-1\/3'><div class='thumbnail'><figure class='gallery-item' itemprop='associatedMedia' itemscope itemtype='http:\/\/schema.org\/ImageObject'>\n                    <div class='gallery-icon landscape'>\n                        <a target=\"_blank\" data-size=\"800x531\" href='https:\/\/www.czech-neuro.cz\/content\/uploads\/2017\/10\/25.-cesky-a-slovensky-neurologicky-sjezd_28.jpg'><img loading=\"lazy\" decoding=\"async\" width=\"150\" height=\"150\" src=\"https:\/\/www.czech-neuro.cz\/content\/uploads\/2017\/10\/25.-cesky-a-slovensky-neurologicky-sjezd_28-150x150.jpg\" class=\"attachment-thumbnail size-thumbnail\" alt=\"\" srcset=\"https:\/\/www.czech-neuro.cz\/content\/uploads\/2017\/10\/25.-cesky-a-slovensky-neurologicky-sjezd_28-150x150.jpg 150w, https:\/\/www.czech-neuro.cz\/content\/uploads\/2017\/10\/25.-cesky-a-slovensky-neurologicky-sjezd_28-100x100.jpg 100w\" sizes=\"auto, (max-width: 150px) 100vw, 150px\" itemprop=\"thumbnail\" \/><\/a>\n                        <meta itemprop='width' content='800'>\n                        <meta itemprop='height' content='531'>\n                    <\/div><\/figure><\/div><\/div>\n\n<div class='grid-item 1\/2 mt- mb- md-1\/3'><div class='thumbnail'><figure class='gallery-item' itemprop='associatedMedia' itemscope itemtype='http:\/\/schema.org\/ImageObject'>\n                    <div class='gallery-icon landscape'>\n                        <a target=\"_blank\" data-size=\"800x531\" href='https:\/\/www.czech-neuro.cz\/content\/uploads\/2017\/10\/25.-cesky-a-slovensky-neurologicky-sjezd_27.jpg'><img loading=\"lazy\" decoding=\"async\" width=\"150\" height=\"150\" src=\"https:\/\/www.czech-neuro.cz\/content\/uploads\/2017\/10\/25.-cesky-a-slovensky-neurologicky-sjezd_27-150x150.jpg\" class=\"attachment-thumbnail size-thumbnail\" alt=\"\" srcset=\"https:\/\/www.czech-neuro.cz\/content\/uploads\/2017\/10\/25.-cesky-a-slovensky-neurologicky-sjezd_27-150x150.jpg 150w, https:\/\/www.czech-neuro.cz\/content\/uploads\/2017\/10\/25.-cesky-a-slovensky-neurologicky-sjezd_27-100x100.jpg 100w\" sizes=\"auto, (max-width: 150px) 100vw, 150px\" itemprop=\"thumbnail\" \/><\/a>\n                        <meta itemprop='width' content='800'>\n                        <meta itemprop='height' content='531'>\n                    <\/div><\/figure><\/div><\/div>\n\n<div class='grid-item 1\/2 mt- mb- md-1\/3'><div class='thumbnail'><figure class='gallery-item' itemprop='associatedMedia' itemscope itemtype='http:\/\/schema.org\/ImageObject'>\n                    <div class='gallery-icon portrait'>\n                        <a target=\"_blank\" data-size=\"398x600\" href='https:\/\/www.czech-neuro.cz\/content\/uploads\/2017\/10\/25.-cesky-a-slovensky-neurologicky-sjezd_26.jpg'><img loading=\"lazy\" decoding=\"async\" width=\"150\" height=\"150\" src=\"https:\/\/www.czech-neuro.cz\/content\/uploads\/2017\/10\/25.-cesky-a-slovensky-neurologicky-sjezd_26-150x150.jpg\" class=\"attachment-thumbnail size-thumbnail\" alt=\"\" srcset=\"https:\/\/www.czech-neuro.cz\/content\/uploads\/2017\/10\/25.-cesky-a-slovensky-neurologicky-sjezd_26-150x150.jpg 150w, https:\/\/www.czech-neuro.cz\/content\/uploads\/2017\/10\/25.-cesky-a-slovensky-neurologicky-sjezd_26-100x100.jpg 100w\" sizes=\"auto, (max-width: 150px) 100vw, 150px\" itemprop=\"thumbnail\" \/><\/a>\n                        <meta itemprop='width' content='398'>\n                        <meta itemprop='height' content='600'>\n                    <\/div><\/figure><\/div><\/div>\n\n<div class='grid-item 1\/2 mt- mb- md-1\/3'><div class='thumbnail'><figure class='gallery-item' itemprop='associatedMedia' itemscope itemtype='http:\/\/schema.org\/ImageObject'>\n                    <div class='gallery-icon landscape'>\n                        <a target=\"_blank\" data-size=\"800x531\" href='https:\/\/www.czech-neuro.cz\/content\/uploads\/2017\/10\/25.-cesky-a-slovensky-neurologicky-sjezd_25.jpg'><img loading=\"lazy\" decoding=\"async\" width=\"150\" height=\"150\" src=\"https:\/\/www.czech-neuro.cz\/content\/uploads\/2017\/10\/25.-cesky-a-slovensky-neurologicky-sjezd_25-150x150.jpg\" class=\"attachment-thumbnail size-thumbnail\" alt=\"\" srcset=\"https:\/\/www.czech-neuro.cz\/content\/uploads\/2017\/10\/25.-cesky-a-slovensky-neurologicky-sjezd_25-150x150.jpg 150w, https:\/\/www.czech-neuro.cz\/content\/uploads\/2017\/10\/25.-cesky-a-slovensky-neurologicky-sjezd_25-100x100.jpg 100w\" sizes=\"auto, (max-width: 150px) 100vw, 150px\" itemprop=\"thumbnail\" \/><\/a>\n                        <meta itemprop='width' content='800'>\n                        <meta itemprop='height' content='531'>\n                    <\/div><\/figure><\/div><\/div>\n\n<div class='grid-item 1\/2 mt- mb- md-1\/3'><div class='thumbnail'><figure class='gallery-item' itemprop='associatedMedia' itemscope itemtype='http:\/\/schema.org\/ImageObject'>\n                    <div class='gallery-icon landscape'>\n                        <a target=\"_blank\" data-size=\"800x531\" href='https:\/\/www.czech-neuro.cz\/content\/uploads\/2017\/10\/25.-cesky-a-slovensky-neurologicky-sjezd_24.jpg'><img loading=\"lazy\" decoding=\"async\" width=\"150\" height=\"150\" src=\"https:\/\/www.czech-neuro.cz\/content\/uploads\/2017\/10\/25.-cesky-a-slovensky-neurologicky-sjezd_24-150x150.jpg\" class=\"attachment-thumbnail size-thumbnail\" alt=\"\" srcset=\"https:\/\/www.czech-neuro.cz\/content\/uploads\/2017\/10\/25.-cesky-a-slovensky-neurologicky-sjezd_24-150x150.jpg 150w, https:\/\/www.czech-neuro.cz\/content\/uploads\/2017\/10\/25.-cesky-a-slovensky-neurologicky-sjezd_24-100x100.jpg 100w\" sizes=\"auto, (max-width: 150px) 100vw, 150px\" itemprop=\"thumbnail\" \/><\/a>\n                        <meta itemprop='width' content='800'>\n                        <meta itemprop='height' content='531'>\n                    <\/div><\/figure><\/div><\/div>\n\n<div class='grid-item 1\/2 mt- mb- md-1\/3'><div class='thumbnail'><figure class='gallery-item' itemprop='associatedMedia' itemscope itemtype='http:\/\/schema.org\/ImageObject'>\n                    <div class='gallery-icon landscape'>\n                        <a target=\"_blank\" data-size=\"800x531\" href='https:\/\/www.czech-neuro.cz\/content\/uploads\/2017\/10\/25.-cesky-a-slovensky-neurologicky-sjezd_23.jpg'><img loading=\"lazy\" decoding=\"async\" width=\"150\" height=\"150\" src=\"https:\/\/www.czech-neuro.cz\/content\/uploads\/2017\/10\/25.-cesky-a-slovensky-neurologicky-sjezd_23-150x150.jpg\" class=\"attachment-thumbnail size-thumbnail\" alt=\"\" srcset=\"https:\/\/www.czech-neuro.cz\/content\/uploads\/2017\/10\/25.-cesky-a-slovensky-neurologicky-sjezd_23-150x150.jpg 150w, https:\/\/www.czech-neuro.cz\/content\/uploads\/2017\/10\/25.-cesky-a-slovensky-neurologicky-sjezd_23-100x100.jpg 100w\" sizes=\"auto, (max-width: 150px) 100vw, 150px\" itemprop=\"thumbnail\" \/><\/a>\n                        <meta itemprop='width' content='800'>\n                        <meta itemprop='height' content='531'>\n                    <\/div><\/figure><\/div><\/div>\n\n<div class='grid-item 1\/2 mt- mb- md-1\/3'><div class='thumbnail'><figure class='gallery-item' itemprop='associatedMedia' itemscope itemtype='http:\/\/schema.org\/ImageObject'>\n                    <div class='gallery-icon landscape'>\n                        <a target=\"_blank\" data-size=\"800x531\" href='https:\/\/www.czech-neuro.cz\/content\/uploads\/2017\/10\/25.-cesky-a-slovensky-neurologicky-sjezd_22.jpg'><img loading=\"lazy\" decoding=\"async\" width=\"150\" height=\"150\" src=\"https:\/\/www.czech-neuro.cz\/content\/uploads\/2017\/10\/25.-cesky-a-slovensky-neurologicky-sjezd_22-150x150.jpg\" class=\"attachment-thumbnail size-thumbnail\" alt=\"\" srcset=\"https:\/\/www.czech-neuro.cz\/content\/uploads\/2017\/10\/25.-cesky-a-slovensky-neurologicky-sjezd_22-150x150.jpg 150w, https:\/\/www.czech-neuro.cz\/content\/uploads\/2017\/10\/25.-cesky-a-slovensky-neurologicky-sjezd_22-100x100.jpg 100w\" sizes=\"auto, (max-width: 150px) 100vw, 150px\" itemprop=\"thumbnail\" \/><\/a>\n                        <meta itemprop='width' content='800'>\n                        <meta itemprop='height' content='531'>\n                    <\/div><\/figure><\/div><\/div>\n\n<div class='grid-item 1\/2 mt- mb- md-1\/3'><div class='thumbnail'><figure class='gallery-item' itemprop='associatedMedia' itemscope itemtype='http:\/\/schema.org\/ImageObject'>\n                    <div class='gallery-icon portrait'>\n                        <a target=\"_blank\" data-size=\"398x600\" href='https:\/\/www.czech-neuro.cz\/content\/uploads\/2017\/10\/25.-cesky-a-slovensky-neurologicky-sjezd_21.jpg'><img loading=\"lazy\" decoding=\"async\" width=\"150\" height=\"150\" src=\"https:\/\/www.czech-neuro.cz\/content\/uploads\/2017\/10\/25.-cesky-a-slovensky-neurologicky-sjezd_21-150x150.jpg\" class=\"attachment-thumbnail size-thumbnail\" alt=\"\" srcset=\"https:\/\/www.czech-neuro.cz\/content\/uploads\/2017\/10\/25.-cesky-a-slovensky-neurologicky-sjezd_21-150x150.jpg 150w, https:\/\/www.czech-neuro.cz\/content\/uploads\/2017\/10\/25.-cesky-a-slovensky-neurologicky-sjezd_21-100x100.jpg 100w\" sizes=\"auto, (max-width: 150px) 100vw, 150px\" itemprop=\"thumbnail\" \/><\/a>\n                        <meta itemprop='width' content='398'>\n                        <meta itemprop='height' content='600'>\n                    <\/div><\/figure><\/div><\/div>\n\n<div class='grid-item 1\/2 mt- mb- md-1\/3'><div class='thumbnail'><figure class='gallery-item' itemprop='associatedMedia' itemscope itemtype='http:\/\/schema.org\/ImageObject'>\n                    <div class='gallery-icon landscape'>\n                        <a target=\"_blank\" data-size=\"800x531\" href='https:\/\/www.czech-neuro.cz\/content\/uploads\/2017\/10\/25.-cesky-a-slovensky-neurologicky-sjezd_20.jpg'><img loading=\"lazy\" decoding=\"async\" width=\"150\" height=\"150\" src=\"https:\/\/www.czech-neuro.cz\/content\/uploads\/2017\/10\/25.-cesky-a-slovensky-neurologicky-sjezd_20-150x150.jpg\" class=\"attachment-thumbnail size-thumbnail\" alt=\"\" srcset=\"https:\/\/www.czech-neuro.cz\/content\/uploads\/2017\/10\/25.-cesky-a-slovensky-neurologicky-sjezd_20-150x150.jpg 150w, https:\/\/www.czech-neuro.cz\/content\/uploads\/2017\/10\/25.-cesky-a-slovensky-neurologicky-sjezd_20-100x100.jpg 100w\" sizes=\"auto, (max-width: 150px) 100vw, 150px\" itemprop=\"thumbnail\" \/><\/a>\n                        <meta itemprop='width' content='800'>\n                        <meta itemprop='height' content='531'>\n                    <\/div><\/figure><\/div><\/div>\n\n<div class='grid-item 1\/2 mt- mb- md-1\/3'><div class='thumbnail'><figure class='gallery-item' itemprop='associatedMedia' itemscope itemtype='http:\/\/schema.org\/ImageObject'>\n                    <div class='gallery-icon landscape'>\n                        <a target=\"_blank\" data-size=\"800x531\" href='https:\/\/www.czech-neuro.cz\/content\/uploads\/2017\/10\/25.-cesky-a-slovensky-neurologicky-sjezd_19.jpg'><img loading=\"lazy\" decoding=\"async\" width=\"150\" height=\"150\" src=\"https:\/\/www.czech-neuro.cz\/content\/uploads\/2017\/10\/25.-cesky-a-slovensky-neurologicky-sjezd_19-150x150.jpg\" class=\"attachment-thumbnail size-thumbnail\" alt=\"\" srcset=\"https:\/\/www.czech-neuro.cz\/content\/uploads\/2017\/10\/25.-cesky-a-slovensky-neurologicky-sjezd_19-150x150.jpg 150w, https:\/\/www.czech-neuro.cz\/content\/uploads\/2017\/10\/25.-cesky-a-slovensky-neurologicky-sjezd_19-100x100.jpg 100w\" sizes=\"auto, (max-width: 150px) 100vw, 150px\" itemprop=\"thumbnail\" \/><\/a>\n                        <meta itemprop='width' content='800'>\n                        <meta itemprop='height' content='531'>\n                    <\/div><\/figure><\/div><\/div>\n\n<div class='grid-item 1\/2 mt- mb- md-1\/3'><div class='thumbnail'><figure class='gallery-item' itemprop='associatedMedia' itemscope itemtype='http:\/\/schema.org\/ImageObject'>\n                    <div class='gallery-icon landscape'>\n                        <a target=\"_blank\" data-size=\"800x531\" href='https:\/\/www.czech-neuro.cz\/content\/uploads\/2017\/10\/25.-cesky-a-slovensky-neurologicky-sjezd_18.jpg'><img loading=\"lazy\" decoding=\"async\" width=\"150\" height=\"150\" src=\"https:\/\/www.czech-neuro.cz\/content\/uploads\/2017\/10\/25.-cesky-a-slovensky-neurologicky-sjezd_18-150x150.jpg\" class=\"attachment-thumbnail size-thumbnail\" alt=\"\" srcset=\"https:\/\/www.czech-neuro.cz\/content\/uploads\/2017\/10\/25.-cesky-a-slovensky-neurologicky-sjezd_18-150x150.jpg 150w, https:\/\/www.czech-neuro.cz\/content\/uploads\/2017\/10\/25.-cesky-a-slovensky-neurologicky-sjezd_18-100x100.jpg 100w\" sizes=\"auto, (max-width: 150px) 100vw, 150px\" itemprop=\"thumbnail\" \/><\/a>\n                        <meta itemprop='width' content='800'>\n                        <meta itemprop='height' content='531'>\n                    <\/div><\/figure><\/div><\/div>\n\n<div class='grid-item 1\/2 mt- mb- md-1\/3'><div class='thumbnail'><figure class='gallery-item' itemprop='associatedMedia' itemscope itemtype='http:\/\/schema.org\/ImageObject'>\n                    <div class='gallery-icon landscape'>\n                        <a target=\"_blank\" data-size=\"800x531\" href='https:\/\/www.czech-neuro.cz\/content\/uploads\/2017\/10\/25.-cesky-a-slovensky-neurologicky-sjezd_17.jpg'><img loading=\"lazy\" decoding=\"async\" width=\"150\" height=\"150\" src=\"https:\/\/www.czech-neuro.cz\/content\/uploads\/2017\/10\/25.-cesky-a-slovensky-neurologicky-sjezd_17-150x150.jpg\" class=\"attachment-thumbnail size-thumbnail\" alt=\"\" srcset=\"https:\/\/www.czech-neuro.cz\/content\/uploads\/2017\/10\/25.-cesky-a-slovensky-neurologicky-sjezd_17-150x150.jpg 150w, https:\/\/www.czech-neuro.cz\/content\/uploads\/2017\/10\/25.-cesky-a-slovensky-neurologicky-sjezd_17-100x100.jpg 100w\" sizes=\"auto, (max-width: 150px) 100vw, 150px\" itemprop=\"thumbnail\" \/><\/a>\n                        <meta itemprop='width' content='800'>\n                        <meta itemprop='height' content='531'>\n                    <\/div><\/figure><\/div><\/div>\n\n<div class='grid-item 1\/2 mt- mb- md-1\/3'><div class='thumbnail'><figure class='gallery-item' itemprop='associatedMedia' itemscope itemtype='http:\/\/schema.org\/ImageObject'>\n                    <div class='gallery-icon landscape'>\n                        <a target=\"_blank\" data-size=\"800x531\" href='https:\/\/www.czech-neuro.cz\/content\/uploads\/2017\/10\/25.-cesky-a-slovensky-neurologicky-sjezd_16.jpg'><img loading=\"lazy\" decoding=\"async\" width=\"150\" height=\"150\" src=\"https:\/\/www.czech-neuro.cz\/content\/uploads\/2017\/10\/25.-cesky-a-slovensky-neurologicky-sjezd_16-150x150.jpg\" class=\"attachment-thumbnail size-thumbnail\" alt=\"\" srcset=\"https:\/\/www.czech-neuro.cz\/content\/uploads\/2017\/10\/25.-cesky-a-slovensky-neurologicky-sjezd_16-150x150.jpg 150w, https:\/\/www.czech-neuro.cz\/content\/uploads\/2017\/10\/25.-cesky-a-slovensky-neurologicky-sjezd_16-100x100.jpg 100w\" sizes=\"auto, (max-width: 150px) 100vw, 150px\" itemprop=\"thumbnail\" \/><\/a>\n                        <meta itemprop='width' content='800'>\n                        <meta itemprop='height' content='531'>\n                    <\/div><\/figure><\/div><\/div>\n\n<div class='grid-item 1\/2 mt- mb- md-1\/3'><div class='thumbnail'><figure class='gallery-item' itemprop='associatedMedia' itemscope itemtype='http:\/\/schema.org\/ImageObject'>\n                    <div class='gallery-icon landscape'>\n                        <a target=\"_blank\" data-size=\"800x531\" href='https:\/\/www.czech-neuro.cz\/content\/uploads\/2017\/10\/25.-cesky-a-slovensky-neurologicky-sjezd_15.jpg'><img loading=\"lazy\" decoding=\"async\" width=\"150\" height=\"150\" src=\"https:\/\/www.czech-neuro.cz\/content\/uploads\/2017\/10\/25.-cesky-a-slovensky-neurologicky-sjezd_15-150x150.jpg\" class=\"attachment-thumbnail size-thumbnail\" alt=\"\" srcset=\"https:\/\/www.czech-neuro.cz\/content\/uploads\/2017\/10\/25.-cesky-a-slovensky-neurologicky-sjezd_15-150x150.jpg 150w, https:\/\/www.czech-neuro.cz\/content\/uploads\/2017\/10\/25.-cesky-a-slovensky-neurologicky-sjezd_15-100x100.jpg 100w\" sizes=\"auto, (max-width: 150px) 100vw, 150px\" itemprop=\"thumbnail\" \/><\/a>\n                        <meta itemprop='width' content='800'>\n                        <meta itemprop='height' content='531'>\n                    <\/div><\/figure><\/div><\/div>\n\n<div class='grid-item 1\/2 mt- mb- md-1\/3'><div class='thumbnail'><figure class='gallery-item' itemprop='associatedMedia' itemscope itemtype='http:\/\/schema.org\/ImageObject'>\n                    <div class='gallery-icon landscape'>\n                        <a target=\"_blank\" data-size=\"800x531\" href='https:\/\/www.czech-neuro.cz\/content\/uploads\/2017\/10\/25.-cesky-a-slovensky-neurologicky-sjezd_14.jpg'><img loading=\"lazy\" decoding=\"async\" width=\"150\" height=\"150\" src=\"https:\/\/www.czech-neuro.cz\/content\/uploads\/2017\/10\/25.-cesky-a-slovensky-neurologicky-sjezd_14-150x150.jpg\" class=\"attachment-thumbnail size-thumbnail\" alt=\"\" srcset=\"https:\/\/www.czech-neuro.cz\/content\/uploads\/2017\/10\/25.-cesky-a-slovensky-neurologicky-sjezd_14-150x150.jpg 150w, https:\/\/www.czech-neuro.cz\/content\/uploads\/2017\/10\/25.-cesky-a-slovensky-neurologicky-sjezd_14-100x100.jpg 100w\" sizes=\"auto, (max-width: 150px) 100vw, 150px\" itemprop=\"thumbnail\" \/><\/a>\n                        <meta itemprop='width' content='800'>\n                        <meta itemprop='height' content='531'>\n                    <\/div><\/figure><\/div><\/div>\n\n<div class='grid-item 1\/2 mt- mb- md-1\/3'><div class='thumbnail'><figure class='gallery-item' itemprop='associatedMedia' itemscope itemtype='http:\/\/schema.org\/ImageObject'>\n                    <div class='gallery-icon portrait'>\n                        <a target=\"_blank\" data-size=\"398x600\" href='https:\/\/www.czech-neuro.cz\/content\/uploads\/2017\/10\/25.-cesky-a-slovensky-neurologicky-sjezd_13.jpg'><img loading=\"lazy\" decoding=\"async\" width=\"150\" height=\"150\" src=\"https:\/\/www.czech-neuro.cz\/content\/uploads\/2017\/10\/25.-cesky-a-slovensky-neurologicky-sjezd_13-150x150.jpg\" class=\"attachment-thumbnail size-thumbnail\" alt=\"\" srcset=\"https:\/\/www.czech-neuro.cz\/content\/uploads\/2017\/10\/25.-cesky-a-slovensky-neurologicky-sjezd_13-150x150.jpg 150w, https:\/\/www.czech-neuro.cz\/content\/uploads\/2017\/10\/25.-cesky-a-slovensky-neurologicky-sjezd_13-100x100.jpg 100w\" sizes=\"auto, (max-width: 150px) 100vw, 150px\" itemprop=\"thumbnail\" \/><\/a>\n                        <meta itemprop='width' content='398'>\n                        <meta itemprop='height' content='600'>\n                    <\/div><\/figure><\/div><\/div>\n\n<div class='grid-item 1\/2 mt- mb- md-1\/3'><div class='thumbnail'><figure class='gallery-item' itemprop='associatedMedia' itemscope itemtype='http:\/\/schema.org\/ImageObject'>\n                    <div class='gallery-icon landscape'>\n                        <a target=\"_blank\" data-size=\"800x531\" href='https:\/\/www.czech-neuro.cz\/content\/uploads\/2017\/10\/25.-cesky-a-slovensky-neurologicky-sjezd_12.jpg'><img loading=\"lazy\" decoding=\"async\" width=\"150\" height=\"150\" src=\"https:\/\/www.czech-neuro.cz\/content\/uploads\/2017\/10\/25.-cesky-a-slovensky-neurologicky-sjezd_12-150x150.jpg\" class=\"attachment-thumbnail size-thumbnail\" alt=\"\" srcset=\"https:\/\/www.czech-neuro.cz\/content\/uploads\/2017\/10\/25.-cesky-a-slovensky-neurologicky-sjezd_12-150x150.jpg 150w, https:\/\/www.czech-neuro.cz\/content\/uploads\/2017\/10\/25.-cesky-a-slovensky-neurologicky-sjezd_12-100x100.jpg 100w\" sizes=\"auto, (max-width: 150px) 100vw, 150px\" itemprop=\"thumbnail\" \/><\/a>\n                        <meta itemprop='width' content='800'>\n                        <meta itemprop='height' content='531'>\n                    <\/div><\/figure><\/div><\/div>\n\n<div class='grid-item 1\/2 mt- mb- md-1\/3'><div class='thumbnail'><figure class='gallery-item' itemprop='associatedMedia' itemscope itemtype='http:\/\/schema.org\/ImageObject'>\n                    <div class='gallery-icon landscape'>\n                        <a target=\"_blank\" data-size=\"800x531\" href='https:\/\/www.czech-neuro.cz\/content\/uploads\/2017\/10\/25.-cesky-a-slovensky-neurologicky-sjezd_11.jpg'><img loading=\"lazy\" decoding=\"async\" width=\"150\" height=\"150\" src=\"https:\/\/www.czech-neuro.cz\/content\/uploads\/2017\/10\/25.-cesky-a-slovensky-neurologicky-sjezd_11-150x150.jpg\" class=\"attachment-thumbnail size-thumbnail\" alt=\"\" srcset=\"https:\/\/www.czech-neuro.cz\/content\/uploads\/2017\/10\/25.-cesky-a-slovensky-neurologicky-sjezd_11-150x150.jpg 150w, https:\/\/www.czech-neuro.cz\/content\/uploads\/2017\/10\/25.-cesky-a-slovensky-neurologicky-sjezd_11-100x100.jpg 100w\" sizes=\"auto, (max-width: 150px) 100vw, 150px\" itemprop=\"thumbnail\" \/><\/a>\n                        <meta itemprop='width' content='800'>\n                        <meta itemprop='height' content='531'>\n                    <\/div><\/figure><\/div><\/div>\n\n<div class='grid-item 1\/2 mt- mb- md-1\/3'><div class='thumbnail'><figure class='gallery-item' itemprop='associatedMedia' itemscope itemtype='http:\/\/schema.org\/ImageObject'>\n                    <div class='gallery-icon landscape'>\n                        <a target=\"_blank\" data-size=\"800x531\" href='https:\/\/www.czech-neuro.cz\/content\/uploads\/2017\/10\/25.-cesky-a-slovensky-neurologicky-sjezd_10.jpg'><img loading=\"lazy\" decoding=\"async\" width=\"150\" height=\"150\" src=\"https:\/\/www.czech-neuro.cz\/content\/uploads\/2017\/10\/25.-cesky-a-slovensky-neurologicky-sjezd_10-150x150.jpg\" class=\"attachment-thumbnail size-thumbnail\" alt=\"\" srcset=\"https:\/\/www.czech-neuro.cz\/content\/uploads\/2017\/10\/25.-cesky-a-slovensky-neurologicky-sjezd_10-150x150.jpg 150w, https:\/\/www.czech-neuro.cz\/content\/uploads\/2017\/10\/25.-cesky-a-slovensky-neurologicky-sjezd_10-100x100.jpg 100w\" sizes=\"auto, (max-width: 150px) 100vw, 150px\" itemprop=\"thumbnail\" \/><\/a>\n                        <meta itemprop='width' content='800'>\n                        <meta itemprop='height' content='531'>\n                    <\/div><\/figure><\/div><\/div>\n\n<div class='grid-item 1\/2 mt- mb- md-1\/3'><div class='thumbnail'><figure class='gallery-item' itemprop='associatedMedia' itemscope itemtype='http:\/\/schema.org\/ImageObject'>\n                    <div class='gallery-icon landscape'>\n                        <a target=\"_blank\" data-size=\"800x531\" href='https:\/\/www.czech-neuro.cz\/content\/uploads\/2017\/10\/25.-cesky-a-slovensky-neurologicky-sjezd_09.jpg'><img loading=\"lazy\" decoding=\"async\" width=\"150\" height=\"150\" src=\"https:\/\/www.czech-neuro.cz\/content\/uploads\/2017\/10\/25.-cesky-a-slovensky-neurologicky-sjezd_09-150x150.jpg\" class=\"attachment-thumbnail size-thumbnail\" alt=\"\" srcset=\"https:\/\/www.czech-neuro.cz\/content\/uploads\/2017\/10\/25.-cesky-a-slovensky-neurologicky-sjezd_09-150x150.jpg 150w, https:\/\/www.czech-neuro.cz\/content\/uploads\/2017\/10\/25.-cesky-a-slovensky-neurologicky-sjezd_09-100x100.jpg 100w\" sizes=\"auto, (max-width: 150px) 100vw, 150px\" itemprop=\"thumbnail\" \/><\/a>\n                        <meta itemprop='width' content='800'>\n                        <meta itemprop='height' content='531'>\n                    <\/div><\/figure><\/div><\/div>\n\n<div class='grid-item 1\/2 mt- mb- md-1\/3'><div class='thumbnail'><figure class='gallery-item' itemprop='associatedMedia' itemscope itemtype='http:\/\/schema.org\/ImageObject'>\n                    <div class='gallery-icon landscape'>\n                        <a target=\"_blank\" data-size=\"800x531\" href='https:\/\/www.czech-neuro.cz\/content\/uploads\/2017\/10\/25.-cesky-a-slovensky-neurologicky-sjezd_08.jpg'><img loading=\"lazy\" decoding=\"async\" width=\"150\" height=\"150\" src=\"https:\/\/www.czech-neuro.cz\/content\/uploads\/2017\/10\/25.-cesky-a-slovensky-neurologicky-sjezd_08-150x150.jpg\" class=\"attachment-thumbnail size-thumbnail\" alt=\"\" srcset=\"https:\/\/www.czech-neuro.cz\/content\/uploads\/2017\/10\/25.-cesky-a-slovensky-neurologicky-sjezd_08-150x150.jpg 150w, https:\/\/www.czech-neuro.cz\/content\/uploads\/2017\/10\/25.-cesky-a-slovensky-neurologicky-sjezd_08-100x100.jpg 100w\" sizes=\"auto, (max-width: 150px) 100vw, 150px\" itemprop=\"thumbnail\" \/><\/a>\n                        <meta itemprop='width' content='800'>\n                        <meta itemprop='height' content='531'>\n                    <\/div><\/figure><\/div><\/div>\n\n<div class='grid-item 1\/2 mt- mb- md-1\/3'><div class='thumbnail'><figure class='gallery-item' itemprop='associatedMedia' itemscope itemtype='http:\/\/schema.org\/ImageObject'>\n                    <div class='gallery-icon portrait'>\n                        <a target=\"_blank\" data-size=\"398x600\" href='https:\/\/www.czech-neuro.cz\/content\/uploads\/2017\/10\/25.-cesky-a-slovensky-neurologicky-sjezd_07.jpg'><img loading=\"lazy\" decoding=\"async\" width=\"150\" height=\"150\" src=\"https:\/\/www.czech-neuro.cz\/content\/uploads\/2017\/10\/25.-cesky-a-slovensky-neurologicky-sjezd_07-150x150.jpg\" class=\"attachment-thumbnail size-thumbnail\" alt=\"\" srcset=\"https:\/\/www.czech-neuro.cz\/content\/uploads\/2017\/10\/25.-cesky-a-slovensky-neurologicky-sjezd_07-150x150.jpg 150w, https:\/\/www.czech-neuro.cz\/content\/uploads\/2017\/10\/25.-cesky-a-slovensky-neurologicky-sjezd_07-100x100.jpg 100w\" sizes=\"auto, (max-width: 150px) 100vw, 150px\" itemprop=\"thumbnail\" \/><\/a>\n                        <meta itemprop='width' content='398'>\n                        <meta itemprop='height' content='600'>\n                    <\/div><\/figure><\/div><\/div>\n\n<div class='grid-item 1\/2 mt- mb- md-1\/3'><div class='thumbnail'><figure class='gallery-item' itemprop='associatedMedia' itemscope itemtype='http:\/\/schema.org\/ImageObject'>\n                    <div class='gallery-icon landscape'>\n                        <a target=\"_blank\" data-size=\"800x531\" href='https:\/\/www.czech-neuro.cz\/content\/uploads\/2017\/10\/25.-cesky-a-slovensky-neurologicky-sjezd_35.jpg'><img loading=\"lazy\" decoding=\"async\" width=\"150\" height=\"150\" src=\"https:\/\/www.czech-neuro.cz\/content\/uploads\/2017\/10\/25.-cesky-a-slovensky-neurologicky-sjezd_35-150x150.jpg\" class=\"attachment-thumbnail size-thumbnail\" alt=\"\" srcset=\"https:\/\/www.czech-neuro.cz\/content\/uploads\/2017\/10\/25.-cesky-a-slovensky-neurologicky-sjezd_35-150x150.jpg 150w, https:\/\/www.czech-neuro.cz\/content\/uploads\/2017\/10\/25.-cesky-a-slovensky-neurologicky-sjezd_35-100x100.jpg 100w\" sizes=\"auto, (max-width: 150px) 100vw, 150px\" itemprop=\"thumbnail\" \/><\/a>\n                        <meta itemprop='width' content='800'>\n                        <meta itemprop='height' content='531'>\n                    <\/div><\/figure><\/div><\/div>\n<\/div>\n<\/div>\n\n","protected":false},"excerpt":{"rendered":"","protected":false},"author":23,"featured_media":2049,"parent":2022,"menu_order":122,"comment_status":"closed","ping_status":"closed","template":"template-page-without-sidebar-content.php","meta":{"_acf_changed":false,"_searchwp_excluded":"","kia_subtitle":"23. - 26. listopadu 2011 Brno","footnotes":""},"class_list":["post-2045","page","type-page","status-publish","has-post-thumbnail","hentry"],"acf":[],"yoast_head":"<!-- This site is optimized with the Yoast SEO Premium plugin v26.2 (Yoast SEO v26.2) - https:\/\/yoast.com\/wordpress\/plugins\/seo\/ -->\n<title>25. \u010desk\u00fd a slovensk\u00fd neurologick\u00fd sjezd - \u010cesk\u00e1 neurologick\u00e1 spole\u010dnost<\/title>\n<meta name=\"robots\" content=\"index, follow, max-snippet:-1, max-image-preview:large, max-video-preview:-1\" \/>\n<link rel=\"canonical\" href=\"https:\/\/www.czech-neuro.cz\/odborne-akce\/fotogalerie\/25-cesky-a-slovensky-neurologicky-sjezd\/\" \/>\n<meta property=\"og:locale\" content=\"cs_CZ\" \/>\n<meta property=\"og:type\" content=\"article\" \/>\n<meta property=\"og:title\" content=\"25. \u010desk\u00fd a slovensk\u00fd neurologick\u00fd sjezd\" \/>\n<meta property=\"og:url\" content=\"https:\/\/www.czech-neuro.cz\/odborne-akce\/fotogalerie\/25-cesky-a-slovensky-neurologicky-sjezd\/\" \/>\n<meta property=\"og:site_name\" content=\"\u010cesk\u00e1 neurologick\u00e1 spole\u010dnost\" \/>\n<meta property=\"article:modified_time\" content=\"2022-01-31T09:02:43+00:00\" \/>\n<meta property=\"og:image\" content=\"https:\/\/www.czech-neuro.cz\/content\/uploads\/2017\/10\/25.-cesky-a-slovensky-neurologicky-sjezd_04.jpg\" \/>\n\t<meta property=\"og:image:width\" content=\"800\" \/>\n\t<meta property=\"og:image:height\" content=\"532\" \/>\n\t<meta property=\"og:image:type\" content=\"image\/jpeg\" \/>\n<meta name=\"twitter:card\" content=\"summary_large_image\" \/>\n<script type=\"application\/ld+json\" class=\"yoast-schema-graph\">{\"@context\":\"https:\/\/schema.org\",\"@graph\":[{\"@type\":\"WebPage\",\"@id\":\"https:\/\/www.czech-neuro.cz\/odborne-akce\/fotogalerie\/25-cesky-a-slovensky-neurologicky-sjezd\/\",\"url\":\"https:\/\/www.czech-neuro.cz\/odborne-akce\/fotogalerie\/25-cesky-a-slovensky-neurologicky-sjezd\/\",\"name\":\"25. \u010desk\u00fd a slovensk\u00fd neurologick\u00fd sjezd - \u010cesk\u00e1 neurologick\u00e1 spole\u010dnost\",\"isPartOf\":{\"@id\":\"https:\/\/www.czech-neuro.cz\/#website\"},\"primaryImageOfPage\":{\"@id\":\"https:\/\/www.czech-neuro.cz\/odborne-akce\/fotogalerie\/25-cesky-a-slovensky-neurologicky-sjezd\/#primaryimage\"},\"image\":{\"@id\":\"https:\/\/www.czech-neuro.cz\/odborne-akce\/fotogalerie\/25-cesky-a-slovensky-neurologicky-sjezd\/#primaryimage\"},\"thumbnailUrl\":\"https:\/\/www.czech-neuro.cz\/content\/uploads\/2017\/10\/25.-cesky-a-slovensky-neurologicky-sjezd_04.jpg\",\"datePublished\":\"2017-10-17T11:25:06+00:00\",\"dateModified\":\"2022-01-31T09:02:43+00:00\",\"breadcrumb\":{\"@id\":\"https:\/\/www.czech-neuro.cz\/odborne-akce\/fotogalerie\/25-cesky-a-slovensky-neurologicky-sjezd\/#breadcrumb\"},\"inLanguage\":\"cs\",\"potentialAction\":[{\"@type\":\"ReadAction\",\"target\":[\"https:\/\/www.czech-neuro.cz\/odborne-akce\/fotogalerie\/25-cesky-a-slovensky-neurologicky-sjezd\/\"]}]},{\"@type\":\"ImageObject\",\"inLanguage\":\"cs\",\"@id\":\"https:\/\/www.czech-neuro.cz\/odborne-akce\/fotogalerie\/25-cesky-a-slovensky-neurologicky-sjezd\/#primaryimage\",\"url\":\"https:\/\/www.czech-neuro.cz\/content\/uploads\/2017\/10\/25.-cesky-a-slovensky-neurologicky-sjezd_04.jpg\",\"contentUrl\":\"https:\/\/www.czech-neuro.cz\/content\/uploads\/2017\/10\/25.-cesky-a-slovensky-neurologicky-sjezd_04.jpg\",\"width\":800,\"height\":532},{\"@type\":\"BreadcrumbList\",\"@id\":\"https:\/\/www.czech-neuro.cz\/odborne-akce\/fotogalerie\/25-cesky-a-slovensky-neurologicky-sjezd\/#breadcrumb\",\"itemListElement\":[{\"@type\":\"ListItem\",\"position\":1,\"name\":\"Dom\u016f\",\"item\":\"https:\/\/www.czech-neuro.cz\/\"},{\"@type\":\"ListItem\",\"position\":2,\"name\":\"Odborn\u00e9 akce\",\"item\":\"https:\/\/www.czech-neuro.cz\/odborne-akce\/sjezdy-a-akce-cns\/\"},{\"@type\":\"ListItem\",\"position\":3,\"name\":\"Fotogalerie\",\"item\":\"https:\/\/www.czech-neuro.cz\/odborne-akce\/fotogalerie\/\"},{\"@type\":\"ListItem\",\"position\":4,\"name\":\"25.&nbsp;\u010desk\u00fd a&nbsp;slovensk\u00fd neurologick\u00fd sjezd\"}]},{\"@type\":\"WebSite\",\"@id\":\"https:\/\/www.czech-neuro.cz\/#website\",\"url\":\"https:\/\/www.czech-neuro.cz\/\",\"name\":\"\u010cesk\u00e1 neurologick\u00e1 spole\u010dnost\",\"description\":\"\u010cesk\u00e1 neurologick\u00e1 spole\u010dnost je odborn\u00e1 v\u011bdeck\u00e1 spole\u010dnost, jej\u00edm\u017e c\u00edlem je db\u00e1t o rozvoj neurologie jako v\u00fdznamn\u00e9 l\u00e9ka\u0159sk\u00e9 a v\u011bdeck\u00e9 discipliny v \u010cesk\u00e9 republice.\",\"potentialAction\":[{\"@type\":\"SearchAction\",\"target\":{\"@type\":\"EntryPoint\",\"urlTemplate\":\"https:\/\/www.czech-neuro.cz\/?s={search_term_string}\"},\"query-input\":{\"@type\":\"PropertyValueSpecification\",\"valueRequired\":true,\"valueName\":\"search_term_string\"}}],\"inLanguage\":\"cs\"}]}<\/script>\n<!-- \/ Yoast SEO Premium plugin. -->","yoast_head_json":{"title":"25. \u010desk\u00fd a slovensk\u00fd neurologick\u00fd sjezd - \u010cesk\u00e1 neurologick\u00e1 spole\u010dnost","robots":{"index":"index","follow":"follow","max-snippet":"max-snippet:-1","max-image-preview":"max-image-preview:large","max-video-preview":"max-video-preview:-1"},"canonical":"https:\/\/www.czech-neuro.cz\/odborne-akce\/fotogalerie\/25-cesky-a-slovensky-neurologicky-sjezd\/","og_locale":"cs_CZ","og_type":"article","og_title":"25. \u010desk\u00fd a slovensk\u00fd neurologick\u00fd sjezd","og_url":"https:\/\/www.czech-neuro.cz\/odborne-akce\/fotogalerie\/25-cesky-a-slovensky-neurologicky-sjezd\/","og_site_name":"\u010cesk\u00e1 neurologick\u00e1 spole\u010dnost","article_modified_time":"2022-01-31T09:02:43+00:00","og_image":[{"width":800,"height":532,"url":"https:\/\/www.czech-neuro.cz\/content\/uploads\/2017\/10\/25.-cesky-a-slovensky-neurologicky-sjezd_04.jpg","type":"image\/jpeg"}],"twitter_card":"summary_large_image","schema":{"@context":"https:\/\/schema.org","@graph":[{"@type":"WebPage","@id":"https:\/\/www.czech-neuro.cz\/odborne-akce\/fotogalerie\/25-cesky-a-slovensky-neurologicky-sjezd\/","url":"https:\/\/www.czech-neuro.cz\/odborne-akce\/fotogalerie\/25-cesky-a-slovensky-neurologicky-sjezd\/","name":"25. \u010desk\u00fd a slovensk\u00fd neurologick\u00fd sjezd - \u010cesk\u00e1 neurologick\u00e1 spole\u010dnost","isPartOf":{"@id":"https:\/\/www.czech-neuro.cz\/#website"},"primaryImageOfPage":{"@id":"https:\/\/www.czech-neuro.cz\/odborne-akce\/fotogalerie\/25-cesky-a-slovensky-neurologicky-sjezd\/#primaryimage"},"image":{"@id":"https:\/\/www.czech-neuro.cz\/odborne-akce\/fotogalerie\/25-cesky-a-slovensky-neurologicky-sjezd\/#primaryimage"},"thumbnailUrl":"https:\/\/www.czech-neuro.cz\/content\/uploads\/2017\/10\/25.-cesky-a-slovensky-neurologicky-sjezd_04.jpg","datePublished":"2017-10-17T11:25:06+00:00","dateModified":"2022-01-31T09:02:43+00:00","breadcrumb":{"@id":"https:\/\/www.czech-neuro.cz\/odborne-akce\/fotogalerie\/25-cesky-a-slovensky-neurologicky-sjezd\/#breadcrumb"},"inLanguage":"cs","potentialAction":[{"@type":"ReadAction","target":["https:\/\/www.czech-neuro.cz\/odborne-akce\/fotogalerie\/25-cesky-a-slovensky-neurologicky-sjezd\/"]}]},{"@type":"ImageObject","inLanguage":"cs","@id":"https:\/\/www.czech-neuro.cz\/odborne-akce\/fotogalerie\/25-cesky-a-slovensky-neurologicky-sjezd\/#primaryimage","url":"https:\/\/www.czech-neuro.cz\/content\/uploads\/2017\/10\/25.-cesky-a-slovensky-neurologicky-sjezd_04.jpg","contentUrl":"https:\/\/www.czech-neuro.cz\/content\/uploads\/2017\/10\/25.-cesky-a-slovensky-neurologicky-sjezd_04.jpg","width":800,"height":532},{"@type":"BreadcrumbList","@id":"https:\/\/www.czech-neuro.cz\/odborne-akce\/fotogalerie\/25-cesky-a-slovensky-neurologicky-sjezd\/#breadcrumb","itemListElement":[{"@type":"ListItem","position":1,"name":"Dom\u016f","item":"https:\/\/www.czech-neuro.cz\/"},{"@type":"ListItem","position":2,"name":"Odborn\u00e9 akce","item":"https:\/\/www.czech-neuro.cz\/odborne-akce\/sjezdy-a-akce-cns\/"},{"@type":"ListItem","position":3,"name":"Fotogalerie","item":"https:\/\/www.czech-neuro.cz\/odborne-akce\/fotogalerie\/"},{"@type":"ListItem","position":4,"name":"25.&nbsp;\u010desk\u00fd a&nbsp;slovensk\u00fd neurologick\u00fd sjezd"}]},{"@type":"WebSite","@id":"https:\/\/www.czech-neuro.cz\/#website","url":"https:\/\/www.czech-neuro.cz\/","name":"\u010cesk\u00e1 neurologick\u00e1 spole\u010dnost","description":"\u010cesk\u00e1 neurologick\u00e1 spole\u010dnost je odborn\u00e1 v\u011bdeck\u00e1 spole\u010dnost, jej\u00edm\u017e c\u00edlem je db\u00e1t o rozvoj neurologie jako v\u00fdznamn\u00e9 l\u00e9ka\u0159sk\u00e9 a v\u011bdeck\u00e9 discipliny v \u010cesk\u00e9 republice.","potentialAction":[{"@type":"SearchAction","target":{"@type":"EntryPoint","urlTemplate":"https:\/\/www.czech-neuro.cz\/?s={search_term_string}"},"query-input":{"@type":"PropertyValueSpecification","valueRequired":true,"valueName":"search_term_string"}}],"inLanguage":"cs"}]}},"lang":"cs","translations":{"cs":2045},"_links":{"self":[{"href":"https:\/\/www.czech-neuro.cz\/api\/wp\/v2\/pages\/2045","targetHints":{"allow":["GET"]}}],"collection":[{"href":"https:\/\/www.czech-neuro.cz\/api\/wp\/v2\/pages"}],"about":[{"href":"https:\/\/www.czech-neuro.cz\/api\/wp\/v2\/types\/page"}],"author":[{"embeddable":true,"href":"https:\/\/www.czech-neuro.cz\/api\/wp\/v2\/users\/23"}],"replies":[{"embeddable":true,"href":"https:\/\/www.czech-neuro.cz\/api\/wp\/v2\/comments?post=2045"}],"version-history":[{"count":2,"href":"https:\/\/www.czech-neuro.cz\/api\/wp\/v2\/pages\/2045\/revisions"}],"predecessor-version":[{"id":6063,"href":"https:\/\/www.czech-neuro.cz\/api\/wp\/v2\/pages\/2045\/revisions\/6063"}],"up":[{"embeddable":true,"href":"https:\/\/www.czech-neuro.cz\/api\/wp\/v2\/pages\/2022"}],"wp:featuredmedia":[{"embeddable":true,"href":"https:\/\/www.czech-neuro.cz\/api\/wp\/v2\/media\/2049"}],"wp:attachment":[{"href":"https:\/\/www.czech-neuro.cz\/api\/wp\/v2\/media?parent=2045"}],"curies":[{"name":"wp","href":"https:\/\/api.w.org\/{rel}","templated":true}]}}