{"id":2025,"date":"2017-10-17T13:06:24","date_gmt":"2017-10-17T11:06:24","guid":{"rendered":"https:\/\/www.czech-neuro.cz\/?page_id=2025"},"modified":"2022-01-31T10:00:25","modified_gmt":"2022-01-31T09:00:25","slug":"1-ceska-neurologicka-akademie","status":"publish","type":"page","link":"https:\/\/www.czech-neuro.cz\/odborne-akce\/fotogalerie\/1-ceska-neurologicka-akademie\/","title":{"rendered":"1.&nbsp;\u010desk\u00e1 neurologick\u00e1 akademie"},"content":{"rendered":"<div id='gallery-1' class='thumbnails gallery galleryid-1960 gallery-columns-3 gallery-size-thumbnail' itemscope itemtype='http:\/\/schema.org\/ImageGallery'>\n<div class=\"grid\">\n<div class='grid-item 1\/2 mt- mb- md-1\/3'><div class='thumbnail'><figure class='gallery-item' itemprop='associatedMedia' itemscope itemtype='http:\/\/schema.org\/ImageObject'>\n                    <div class='gallery-icon landscape'>\n                        <a target=\"_blank\" data-size=\"800x534\" href='https:\/\/www.czech-neuro.cz\/content\/uploads\/2017\/10\/1_ceska_neurologicka_akademie_01.jpg'><img loading=\"lazy\" decoding=\"async\" width=\"150\" height=\"150\" src=\"https:\/\/www.czech-neuro.cz\/content\/uploads\/2017\/10\/1_ceska_neurologicka_akademie_01-150x150.jpg\" class=\"attachment-thumbnail size-thumbnail\" alt=\"\" srcset=\"https:\/\/www.czech-neuro.cz\/content\/uploads\/2017\/10\/1_ceska_neurologicka_akademie_01-150x150.jpg 150w, https:\/\/www.czech-neuro.cz\/content\/uploads\/2017\/10\/1_ceska_neurologicka_akademie_01-100x100.jpg 100w\" sizes=\"auto, (max-width: 150px) 100vw, 150px\" itemprop=\"thumbnail\" \/><\/a>\n                        <meta itemprop='width' content='800'>\n                        <meta itemprop='height' content='534'>\n                    <\/div><\/figure><\/div><\/div>\n\n<div class='grid-item 1\/2 mt- mb- md-1\/3'><div class='thumbnail'><figure class='gallery-item' itemprop='associatedMedia' itemscope itemtype='http:\/\/schema.org\/ImageObject'>\n                    <div class='gallery-icon landscape'>\n                        <a target=\"_blank\" data-size=\"800x534\" href='https:\/\/www.czech-neuro.cz\/content\/uploads\/2017\/10\/1_ceska_neurologicka_akademie_54.jpg'><img loading=\"lazy\" decoding=\"async\" width=\"150\" height=\"150\" src=\"https:\/\/www.czech-neuro.cz\/content\/uploads\/2017\/10\/1_ceska_neurologicka_akademie_54-150x150.jpg\" class=\"attachment-thumbnail size-thumbnail\" alt=\"\" srcset=\"https:\/\/www.czech-neuro.cz\/content\/uploads\/2017\/10\/1_ceska_neurologicka_akademie_54-150x150.jpg 150w, https:\/\/www.czech-neuro.cz\/content\/uploads\/2017\/10\/1_ceska_neurologicka_akademie_54-100x100.jpg 100w\" sizes=\"auto, (max-width: 150px) 100vw, 150px\" itemprop=\"thumbnail\" \/><\/a>\n                        <meta itemprop='width' content='800'>\n                        <meta itemprop='height' content='534'>\n                    <\/div><\/figure><\/div><\/div>\n\n<div class='grid-item 1\/2 mt- mb- md-1\/3'><div class='thumbnail'><figure class='gallery-item' itemprop='associatedMedia' itemscope itemtype='http:\/\/schema.org\/ImageObject'>\n                    <div class='gallery-icon landscape'>\n                        <a target=\"_blank\" data-size=\"800x534\" href='https:\/\/www.czech-neuro.cz\/content\/uploads\/2017\/10\/1_ceska_neurologicka_akademie_03.jpg'><img loading=\"lazy\" decoding=\"async\" width=\"150\" height=\"150\" src=\"https:\/\/www.czech-neuro.cz\/content\/uploads\/2017\/10\/1_ceska_neurologicka_akademie_03-150x150.jpg\" class=\"attachment-thumbnail size-thumbnail\" alt=\"\" srcset=\"https:\/\/www.czech-neuro.cz\/content\/uploads\/2017\/10\/1_ceska_neurologicka_akademie_03-150x150.jpg 150w, https:\/\/www.czech-neuro.cz\/content\/uploads\/2017\/10\/1_ceska_neurologicka_akademie_03-100x100.jpg 100w\" sizes=\"auto, (max-width: 150px) 100vw, 150px\" itemprop=\"thumbnail\" \/><\/a>\n                        <meta itemprop='width' content='800'>\n                        <meta itemprop='height' content='534'>\n                    <\/div><\/figure><\/div><\/div>\n\n<div class='grid-item 1\/2 mt- mb- md-1\/3'><div class='thumbnail'><figure class='gallery-item' itemprop='associatedMedia' itemscope itemtype='http:\/\/schema.org\/ImageObject'>\n                    <div class='gallery-icon landscape'>\n                        <a target=\"_blank\" data-size=\"800x534\" href='https:\/\/www.czech-neuro.cz\/content\/uploads\/2017\/10\/1_ceska_neurologicka_akademie_04.jpg'><img loading=\"lazy\" decoding=\"async\" width=\"150\" height=\"150\" src=\"https:\/\/www.czech-neuro.cz\/content\/uploads\/2017\/10\/1_ceska_neurologicka_akademie_04-150x150.jpg\" class=\"attachment-thumbnail size-thumbnail\" alt=\"\" srcset=\"https:\/\/www.czech-neuro.cz\/content\/uploads\/2017\/10\/1_ceska_neurologicka_akademie_04-150x150.jpg 150w, https:\/\/www.czech-neuro.cz\/content\/uploads\/2017\/10\/1_ceska_neurologicka_akademie_04-100x100.jpg 100w\" sizes=\"auto, (max-width: 150px) 100vw, 150px\" itemprop=\"thumbnail\" \/><\/a>\n                        <meta itemprop='width' content='800'>\n                        <meta itemprop='height' content='534'>\n                    <\/div><\/figure><\/div><\/div>\n\n<div class='grid-item 1\/2 mt- mb- md-1\/3'><div class='thumbnail'><figure class='gallery-item' itemprop='associatedMedia' itemscope itemtype='http:\/\/schema.org\/ImageObject'>\n                    <div class='gallery-icon landscape'>\n                        <a target=\"_blank\" data-size=\"800x534\" href='https:\/\/www.czech-neuro.cz\/content\/uploads\/2017\/10\/1_ceska_neurologicka_akademie_05.jpg'><img loading=\"lazy\" decoding=\"async\" width=\"150\" height=\"150\" src=\"https:\/\/www.czech-neuro.cz\/content\/uploads\/2017\/10\/1_ceska_neurologicka_akademie_05-150x150.jpg\" class=\"attachment-thumbnail size-thumbnail\" alt=\"\" srcset=\"https:\/\/www.czech-neuro.cz\/content\/uploads\/2017\/10\/1_ceska_neurologicka_akademie_05-150x150.jpg 150w, https:\/\/www.czech-neuro.cz\/content\/uploads\/2017\/10\/1_ceska_neurologicka_akademie_05-100x100.jpg 100w\" sizes=\"auto, (max-width: 150px) 100vw, 150px\" itemprop=\"thumbnail\" \/><\/a>\n                        <meta itemprop='width' content='800'>\n                        <meta itemprop='height' content='534'>\n                    <\/div><\/figure><\/div><\/div>\n\n<div class='grid-item 1\/2 mt- mb- md-1\/3'><div class='thumbnail'><figure class='gallery-item' itemprop='associatedMedia' itemscope itemtype='http:\/\/schema.org\/ImageObject'>\n                    <div class='gallery-icon landscape'>\n                        <a target=\"_blank\" data-size=\"800x534\" href='https:\/\/www.czech-neuro.cz\/content\/uploads\/2017\/10\/1_ceska_neurologicka_akademie_06.jpg'><img loading=\"lazy\" decoding=\"async\" width=\"150\" height=\"150\" src=\"https:\/\/www.czech-neuro.cz\/content\/uploads\/2017\/10\/1_ceska_neurologicka_akademie_06-150x150.jpg\" class=\"attachment-thumbnail size-thumbnail\" alt=\"\" srcset=\"https:\/\/www.czech-neuro.cz\/content\/uploads\/2017\/10\/1_ceska_neurologicka_akademie_06-150x150.jpg 150w, https:\/\/www.czech-neuro.cz\/content\/uploads\/2017\/10\/1_ceska_neurologicka_akademie_06-100x100.jpg 100w\" sizes=\"auto, (max-width: 150px) 100vw, 150px\" itemprop=\"thumbnail\" \/><\/a>\n                        <meta itemprop='width' content='800'>\n                        <meta itemprop='height' content='534'>\n                    <\/div><\/figure><\/div><\/div>\n\n<div class='grid-item 1\/2 mt- mb- md-1\/3'><div class='thumbnail'><figure class='gallery-item' itemprop='associatedMedia' itemscope itemtype='http:\/\/schema.org\/ImageObject'>\n                    <div class='gallery-icon landscape'>\n                        <a target=\"_blank\" data-size=\"800x534\" href='https:\/\/www.czech-neuro.cz\/content\/uploads\/2017\/10\/1_ceska_neurologicka_akademie_07.jpg'><img loading=\"lazy\" decoding=\"async\" width=\"150\" height=\"150\" src=\"https:\/\/www.czech-neuro.cz\/content\/uploads\/2017\/10\/1_ceska_neurologicka_akademie_07-150x150.jpg\" class=\"attachment-thumbnail size-thumbnail\" alt=\"\" srcset=\"https:\/\/www.czech-neuro.cz\/content\/uploads\/2017\/10\/1_ceska_neurologicka_akademie_07-150x150.jpg 150w, https:\/\/www.czech-neuro.cz\/content\/uploads\/2017\/10\/1_ceska_neurologicka_akademie_07-100x100.jpg 100w\" sizes=\"auto, (max-width: 150px) 100vw, 150px\" itemprop=\"thumbnail\" \/><\/a>\n                        <meta itemprop='width' content='800'>\n                        <meta itemprop='height' content='534'>\n                    <\/div><\/figure><\/div><\/div>\n\n<div class='grid-item 1\/2 mt- mb- md-1\/3'><div class='thumbnail'><figure class='gallery-item' itemprop='associatedMedia' itemscope itemtype='http:\/\/schema.org\/ImageObject'>\n                    <div class='gallery-icon landscape'>\n                        <a target=\"_blank\" data-size=\"800x534\" href='https:\/\/www.czech-neuro.cz\/content\/uploads\/2017\/10\/1_ceska_neurologicka_akademie_08.jpg'><img loading=\"lazy\" decoding=\"async\" width=\"150\" height=\"150\" src=\"https:\/\/www.czech-neuro.cz\/content\/uploads\/2017\/10\/1_ceska_neurologicka_akademie_08-150x150.jpg\" class=\"attachment-thumbnail size-thumbnail\" alt=\"\" srcset=\"https:\/\/www.czech-neuro.cz\/content\/uploads\/2017\/10\/1_ceska_neurologicka_akademie_08-150x150.jpg 150w, https:\/\/www.czech-neuro.cz\/content\/uploads\/2017\/10\/1_ceska_neurologicka_akademie_08-100x100.jpg 100w\" sizes=\"auto, (max-width: 150px) 100vw, 150px\" itemprop=\"thumbnail\" \/><\/a>\n                        <meta itemprop='width' content='800'>\n                        <meta itemprop='height' content='534'>\n                    <\/div><\/figure><\/div><\/div>\n\n<div class='grid-item 1\/2 mt- mb- md-1\/3'><div class='thumbnail'><figure class='gallery-item' itemprop='associatedMedia' itemscope itemtype='http:\/\/schema.org\/ImageObject'>\n                    <div class='gallery-icon landscape'>\n                        <a target=\"_blank\" data-size=\"800x534\" href='https:\/\/www.czech-neuro.cz\/content\/uploads\/2017\/10\/1_ceska_neurologicka_akademie_09.jpg'><img loading=\"lazy\" decoding=\"async\" width=\"150\" height=\"150\" src=\"https:\/\/www.czech-neuro.cz\/content\/uploads\/2017\/10\/1_ceska_neurologicka_akademie_09-150x150.jpg\" class=\"attachment-thumbnail size-thumbnail\" alt=\"\" srcset=\"https:\/\/www.czech-neuro.cz\/content\/uploads\/2017\/10\/1_ceska_neurologicka_akademie_09-150x150.jpg 150w, https:\/\/www.czech-neuro.cz\/content\/uploads\/2017\/10\/1_ceska_neurologicka_akademie_09-100x100.jpg 100w\" sizes=\"auto, (max-width: 150px) 100vw, 150px\" itemprop=\"thumbnail\" \/><\/a>\n                        <meta itemprop='width' content='800'>\n                        <meta itemprop='height' content='534'>\n                    <\/div><\/figure><\/div><\/div>\n\n<div class='grid-item 1\/2 mt- mb- md-1\/3'><div class='thumbnail'><figure class='gallery-item' itemprop='associatedMedia' itemscope itemtype='http:\/\/schema.org\/ImageObject'>\n                    <div class='gallery-icon landscape'>\n                        <a target=\"_blank\" data-size=\"800x534\" href='https:\/\/www.czech-neuro.cz\/content\/uploads\/2017\/10\/1_ceska_neurologicka_akademie_10.jpg'><img loading=\"lazy\" decoding=\"async\" width=\"150\" height=\"150\" src=\"https:\/\/www.czech-neuro.cz\/content\/uploads\/2017\/10\/1_ceska_neurologicka_akademie_10-150x150.jpg\" class=\"attachment-thumbnail size-thumbnail\" alt=\"\" srcset=\"https:\/\/www.czech-neuro.cz\/content\/uploads\/2017\/10\/1_ceska_neurologicka_akademie_10-150x150.jpg 150w, https:\/\/www.czech-neuro.cz\/content\/uploads\/2017\/10\/1_ceska_neurologicka_akademie_10-100x100.jpg 100w\" sizes=\"auto, (max-width: 150px) 100vw, 150px\" itemprop=\"thumbnail\" \/><\/a>\n                        <meta itemprop='width' content='800'>\n                        <meta itemprop='height' content='534'>\n                    <\/div><\/figure><\/div><\/div>\n\n<div class='grid-item 1\/2 mt- mb- md-1\/3'><div class='thumbnail'><figure class='gallery-item' itemprop='associatedMedia' itemscope itemtype='http:\/\/schema.org\/ImageObject'>\n                    <div class='gallery-icon landscape'>\n                        <a target=\"_blank\" data-size=\"800x534\" href='https:\/\/www.czech-neuro.cz\/content\/uploads\/2017\/10\/1_ceska_neurologicka_akademie_11.jpg'><img loading=\"lazy\" decoding=\"async\" width=\"150\" height=\"150\" src=\"https:\/\/www.czech-neuro.cz\/content\/uploads\/2017\/10\/1_ceska_neurologicka_akademie_11-150x150.jpg\" class=\"attachment-thumbnail size-thumbnail\" alt=\"\" srcset=\"https:\/\/www.czech-neuro.cz\/content\/uploads\/2017\/10\/1_ceska_neurologicka_akademie_11-150x150.jpg 150w, https:\/\/www.czech-neuro.cz\/content\/uploads\/2017\/10\/1_ceska_neurologicka_akademie_11-100x100.jpg 100w\" sizes=\"auto, (max-width: 150px) 100vw, 150px\" itemprop=\"thumbnail\" \/><\/a>\n                        <meta itemprop='width' content='800'>\n                        <meta itemprop='height' content='534'>\n                    <\/div><\/figure><\/div><\/div>\n\n<div class='grid-item 1\/2 mt- mb- md-1\/3'><div class='thumbnail'><figure class='gallery-item' itemprop='associatedMedia' itemscope itemtype='http:\/\/schema.org\/ImageObject'>\n                    <div class='gallery-icon landscape'>\n                        <a target=\"_blank\" data-size=\"800x534\" href='https:\/\/www.czech-neuro.cz\/content\/uploads\/2017\/10\/1_ceska_neurologicka_akademie_12.jpg'><img loading=\"lazy\" decoding=\"async\" width=\"150\" height=\"150\" src=\"https:\/\/www.czech-neuro.cz\/content\/uploads\/2017\/10\/1_ceska_neurologicka_akademie_12-150x150.jpg\" class=\"attachment-thumbnail size-thumbnail\" alt=\"\" srcset=\"https:\/\/www.czech-neuro.cz\/content\/uploads\/2017\/10\/1_ceska_neurologicka_akademie_12-150x150.jpg 150w, https:\/\/www.czech-neuro.cz\/content\/uploads\/2017\/10\/1_ceska_neurologicka_akademie_12-100x100.jpg 100w\" sizes=\"auto, (max-width: 150px) 100vw, 150px\" itemprop=\"thumbnail\" \/><\/a>\n                        <meta itemprop='width' content='800'>\n                        <meta itemprop='height' content='534'>\n                    <\/div><\/figure><\/div><\/div>\n\n<div class='grid-item 1\/2 mt- mb- md-1\/3'><div class='thumbnail'><figure class='gallery-item' itemprop='associatedMedia' itemscope itemtype='http:\/\/schema.org\/ImageObject'>\n                    <div class='gallery-icon landscape'>\n                        <a target=\"_blank\" data-size=\"800x534\" href='https:\/\/www.czech-neuro.cz\/content\/uploads\/2017\/10\/1_ceska_neurologicka_akademie_13.jpg'><img loading=\"lazy\" decoding=\"async\" width=\"150\" height=\"150\" src=\"https:\/\/www.czech-neuro.cz\/content\/uploads\/2017\/10\/1_ceska_neurologicka_akademie_13-150x150.jpg\" class=\"attachment-thumbnail size-thumbnail\" alt=\"\" srcset=\"https:\/\/www.czech-neuro.cz\/content\/uploads\/2017\/10\/1_ceska_neurologicka_akademie_13-150x150.jpg 150w, https:\/\/www.czech-neuro.cz\/content\/uploads\/2017\/10\/1_ceska_neurologicka_akademie_13-100x100.jpg 100w\" sizes=\"auto, (max-width: 150px) 100vw, 150px\" itemprop=\"thumbnail\" \/><\/a>\n                        <meta itemprop='width' content='800'>\n                        <meta itemprop='height' content='534'>\n                    <\/div><\/figure><\/div><\/div>\n\n<div class='grid-item 1\/2 mt- mb- md-1\/3'><div class='thumbnail'><figure class='gallery-item' itemprop='associatedMedia' itemscope itemtype='http:\/\/schema.org\/ImageObject'>\n                    <div class='gallery-icon landscape'>\n                        <a target=\"_blank\" data-size=\"800x534\" href='https:\/\/www.czech-neuro.cz\/content\/uploads\/2017\/10\/1_ceska_neurologicka_akademie_14.jpg'><img loading=\"lazy\" decoding=\"async\" width=\"150\" height=\"150\" src=\"https:\/\/www.czech-neuro.cz\/content\/uploads\/2017\/10\/1_ceska_neurologicka_akademie_14-150x150.jpg\" class=\"attachment-thumbnail size-thumbnail\" alt=\"\" srcset=\"https:\/\/www.czech-neuro.cz\/content\/uploads\/2017\/10\/1_ceska_neurologicka_akademie_14-150x150.jpg 150w, https:\/\/www.czech-neuro.cz\/content\/uploads\/2017\/10\/1_ceska_neurologicka_akademie_14-100x100.jpg 100w\" sizes=\"auto, (max-width: 150px) 100vw, 150px\" itemprop=\"thumbnail\" \/><\/a>\n                        <meta itemprop='width' content='800'>\n                        <meta itemprop='height' content='534'>\n                    <\/div><\/figure><\/div><\/div>\n\n<div class='grid-item 1\/2 mt- mb- md-1\/3'><div class='thumbnail'><figure class='gallery-item' itemprop='associatedMedia' itemscope itemtype='http:\/\/schema.org\/ImageObject'>\n                    <div class='gallery-icon landscape'>\n                        <a target=\"_blank\" data-size=\"800x534\" href='https:\/\/www.czech-neuro.cz\/content\/uploads\/2017\/10\/1_ceska_neurologicka_akademie_15.jpg'><img loading=\"lazy\" decoding=\"async\" width=\"150\" height=\"150\" src=\"https:\/\/www.czech-neuro.cz\/content\/uploads\/2017\/10\/1_ceska_neurologicka_akademie_15-150x150.jpg\" class=\"attachment-thumbnail size-thumbnail\" alt=\"\" srcset=\"https:\/\/www.czech-neuro.cz\/content\/uploads\/2017\/10\/1_ceska_neurologicka_akademie_15-150x150.jpg 150w, https:\/\/www.czech-neuro.cz\/content\/uploads\/2017\/10\/1_ceska_neurologicka_akademie_15-100x100.jpg 100w\" sizes=\"auto, (max-width: 150px) 100vw, 150px\" itemprop=\"thumbnail\" \/><\/a>\n                        <meta itemprop='width' content='800'>\n                        <meta itemprop='height' content='534'>\n                    <\/div><\/figure><\/div><\/div>\n\n<div class='grid-item 1\/2 mt- mb- md-1\/3'><div class='thumbnail'><figure class='gallery-item' itemprop='associatedMedia' itemscope itemtype='http:\/\/schema.org\/ImageObject'>\n                    <div class='gallery-icon landscape'>\n                        <a target=\"_blank\" data-size=\"800x534\" href='https:\/\/www.czech-neuro.cz\/content\/uploads\/2017\/10\/1_ceska_neurologicka_akademie_16.jpg'><img loading=\"lazy\" decoding=\"async\" width=\"150\" height=\"150\" src=\"https:\/\/www.czech-neuro.cz\/content\/uploads\/2017\/10\/1_ceska_neurologicka_akademie_16-150x150.jpg\" class=\"attachment-thumbnail size-thumbnail\" alt=\"\" srcset=\"https:\/\/www.czech-neuro.cz\/content\/uploads\/2017\/10\/1_ceska_neurologicka_akademie_16-150x150.jpg 150w, https:\/\/www.czech-neuro.cz\/content\/uploads\/2017\/10\/1_ceska_neurologicka_akademie_16-100x100.jpg 100w\" sizes=\"auto, (max-width: 150px) 100vw, 150px\" itemprop=\"thumbnail\" \/><\/a>\n                        <meta itemprop='width' content='800'>\n                        <meta itemprop='height' content='534'>\n                    <\/div><\/figure><\/div><\/div>\n\n<div class='grid-item 1\/2 mt- mb- md-1\/3'><div class='thumbnail'><figure class='gallery-item' itemprop='associatedMedia' itemscope itemtype='http:\/\/schema.org\/ImageObject'>\n                    <div class='gallery-icon landscape'>\n                        <a target=\"_blank\" data-size=\"800x534\" href='https:\/\/www.czech-neuro.cz\/content\/uploads\/2017\/10\/1_ceska_neurologicka_akademie_17.jpg'><img loading=\"lazy\" decoding=\"async\" width=\"150\" height=\"150\" src=\"https:\/\/www.czech-neuro.cz\/content\/uploads\/2017\/10\/1_ceska_neurologicka_akademie_17-150x150.jpg\" class=\"attachment-thumbnail size-thumbnail\" alt=\"\" srcset=\"https:\/\/www.czech-neuro.cz\/content\/uploads\/2017\/10\/1_ceska_neurologicka_akademie_17-150x150.jpg 150w, https:\/\/www.czech-neuro.cz\/content\/uploads\/2017\/10\/1_ceska_neurologicka_akademie_17-100x100.jpg 100w\" sizes=\"auto, (max-width: 150px) 100vw, 150px\" itemprop=\"thumbnail\" \/><\/a>\n                        <meta itemprop='width' content='800'>\n                        <meta itemprop='height' content='534'>\n                    <\/div><\/figure><\/div><\/div>\n\n<div class='grid-item 1\/2 mt- mb- md-1\/3'><div class='thumbnail'><figure class='gallery-item' itemprop='associatedMedia' itemscope itemtype='http:\/\/schema.org\/ImageObject'>\n                    <div class='gallery-icon landscape'>\n                        <a target=\"_blank\" data-size=\"800x534\" href='https:\/\/www.czech-neuro.cz\/content\/uploads\/2017\/10\/1_ceska_neurologicka_akademie_18.jpg'><img loading=\"lazy\" decoding=\"async\" width=\"150\" height=\"150\" src=\"https:\/\/www.czech-neuro.cz\/content\/uploads\/2017\/10\/1_ceska_neurologicka_akademie_18-150x150.jpg\" class=\"attachment-thumbnail size-thumbnail\" alt=\"\" srcset=\"https:\/\/www.czech-neuro.cz\/content\/uploads\/2017\/10\/1_ceska_neurologicka_akademie_18-150x150.jpg 150w, https:\/\/www.czech-neuro.cz\/content\/uploads\/2017\/10\/1_ceska_neurologicka_akademie_18-100x100.jpg 100w\" sizes=\"auto, (max-width: 150px) 100vw, 150px\" itemprop=\"thumbnail\" \/><\/a>\n                        <meta itemprop='width' content='800'>\n                        <meta itemprop='height' content='534'>\n                    <\/div><\/figure><\/div><\/div>\n\n<div class='grid-item 1\/2 mt- mb- md-1\/3'><div class='thumbnail'><figure class='gallery-item' itemprop='associatedMedia' itemscope itemtype='http:\/\/schema.org\/ImageObject'>\n                    <div class='gallery-icon landscape'>\n                        <a target=\"_blank\" data-size=\"800x534\" href='https:\/\/www.czech-neuro.cz\/content\/uploads\/2017\/10\/1_ceska_neurologicka_akademie_19.jpg'><img loading=\"lazy\" decoding=\"async\" width=\"150\" height=\"150\" src=\"https:\/\/www.czech-neuro.cz\/content\/uploads\/2017\/10\/1_ceska_neurologicka_akademie_19-150x150.jpg\" class=\"attachment-thumbnail size-thumbnail\" alt=\"\" srcset=\"https:\/\/www.czech-neuro.cz\/content\/uploads\/2017\/10\/1_ceska_neurologicka_akademie_19-150x150.jpg 150w, https:\/\/www.czech-neuro.cz\/content\/uploads\/2017\/10\/1_ceska_neurologicka_akademie_19-100x100.jpg 100w\" sizes=\"auto, (max-width: 150px) 100vw, 150px\" itemprop=\"thumbnail\" \/><\/a>\n                        <meta itemprop='width' content='800'>\n                        <meta itemprop='height' content='534'>\n                    <\/div><\/figure><\/div><\/div>\n\n<div class='grid-item 1\/2 mt- mb- md-1\/3'><div class='thumbnail'><figure class='gallery-item' itemprop='associatedMedia' itemscope itemtype='http:\/\/schema.org\/ImageObject'>\n                    <div class='gallery-icon landscape'>\n                        <a target=\"_blank\" data-size=\"800x534\" href='https:\/\/www.czech-neuro.cz\/content\/uploads\/2017\/10\/1_ceska_neurologicka_akademie_20.jpg'><img loading=\"lazy\" decoding=\"async\" width=\"150\" height=\"150\" src=\"https:\/\/www.czech-neuro.cz\/content\/uploads\/2017\/10\/1_ceska_neurologicka_akademie_20-150x150.jpg\" class=\"attachment-thumbnail size-thumbnail\" alt=\"\" srcset=\"https:\/\/www.czech-neuro.cz\/content\/uploads\/2017\/10\/1_ceska_neurologicka_akademie_20-150x150.jpg 150w, https:\/\/www.czech-neuro.cz\/content\/uploads\/2017\/10\/1_ceska_neurologicka_akademie_20-100x100.jpg 100w\" sizes=\"auto, (max-width: 150px) 100vw, 150px\" itemprop=\"thumbnail\" \/><\/a>\n                        <meta itemprop='width' content='800'>\n                        <meta itemprop='height' content='534'>\n                    <\/div><\/figure><\/div><\/div>\n\n<div class='grid-item 1\/2 mt- mb- md-1\/3'><div class='thumbnail'><figure class='gallery-item' itemprop='associatedMedia' itemscope itemtype='http:\/\/schema.org\/ImageObject'>\n                    <div class='gallery-icon landscape'>\n                        <a target=\"_blank\" data-size=\"800x534\" href='https:\/\/www.czech-neuro.cz\/content\/uploads\/2017\/10\/1_ceska_neurologicka_akademie_21.jpg'><img loading=\"lazy\" decoding=\"async\" width=\"150\" height=\"150\" src=\"https:\/\/www.czech-neuro.cz\/content\/uploads\/2017\/10\/1_ceska_neurologicka_akademie_21-150x150.jpg\" class=\"attachment-thumbnail size-thumbnail\" alt=\"\" srcset=\"https:\/\/www.czech-neuro.cz\/content\/uploads\/2017\/10\/1_ceska_neurologicka_akademie_21-150x150.jpg 150w, https:\/\/www.czech-neuro.cz\/content\/uploads\/2017\/10\/1_ceska_neurologicka_akademie_21-100x100.jpg 100w\" sizes=\"auto, (max-width: 150px) 100vw, 150px\" itemprop=\"thumbnail\" \/><\/a>\n                        <meta itemprop='width' content='800'>\n                        <meta itemprop='height' content='534'>\n                    <\/div><\/figure><\/div><\/div>\n\n<div class='grid-item 1\/2 mt- mb- md-1\/3'><div class='thumbnail'><figure class='gallery-item' itemprop='associatedMedia' itemscope itemtype='http:\/\/schema.org\/ImageObject'>\n                    <div class='gallery-icon landscape'>\n                        <a target=\"_blank\" data-size=\"800x534\" href='https:\/\/www.czech-neuro.cz\/content\/uploads\/2017\/10\/1_ceska_neurologicka_akademie_22.jpg'><img loading=\"lazy\" decoding=\"async\" width=\"150\" height=\"150\" src=\"https:\/\/www.czech-neuro.cz\/content\/uploads\/2017\/10\/1_ceska_neurologicka_akademie_22-150x150.jpg\" class=\"attachment-thumbnail size-thumbnail\" alt=\"\" srcset=\"https:\/\/www.czech-neuro.cz\/content\/uploads\/2017\/10\/1_ceska_neurologicka_akademie_22-150x150.jpg 150w, https:\/\/www.czech-neuro.cz\/content\/uploads\/2017\/10\/1_ceska_neurologicka_akademie_22-100x100.jpg 100w\" sizes=\"auto, (max-width: 150px) 100vw, 150px\" itemprop=\"thumbnail\" \/><\/a>\n                        <meta itemprop='width' content='800'>\n                        <meta itemprop='height' content='534'>\n                    <\/div><\/figure><\/div><\/div>\n\n<div class='grid-item 1\/2 mt- mb- md-1\/3'><div class='thumbnail'><figure class='gallery-item' itemprop='associatedMedia' itemscope itemtype='http:\/\/schema.org\/ImageObject'>\n                    <div class='gallery-icon landscape'>\n                        <a target=\"_blank\" data-size=\"800x534\" href='https:\/\/www.czech-neuro.cz\/content\/uploads\/2017\/10\/1_ceska_neurologicka_akademie_23.jpg'><img loading=\"lazy\" decoding=\"async\" width=\"150\" height=\"150\" src=\"https:\/\/www.czech-neuro.cz\/content\/uploads\/2017\/10\/1_ceska_neurologicka_akademie_23-150x150.jpg\" class=\"attachment-thumbnail size-thumbnail\" alt=\"\" srcset=\"https:\/\/www.czech-neuro.cz\/content\/uploads\/2017\/10\/1_ceska_neurologicka_akademie_23-150x150.jpg 150w, https:\/\/www.czech-neuro.cz\/content\/uploads\/2017\/10\/1_ceska_neurologicka_akademie_23-100x100.jpg 100w\" sizes=\"auto, (max-width: 150px) 100vw, 150px\" itemprop=\"thumbnail\" \/><\/a>\n                        <meta itemprop='width' content='800'>\n                        <meta itemprop='height' content='534'>\n                    <\/div><\/figure><\/div><\/div>\n\n<div class='grid-item 1\/2 mt- mb- md-1\/3'><div class='thumbnail'><figure class='gallery-item' itemprop='associatedMedia' itemscope itemtype='http:\/\/schema.org\/ImageObject'>\n                    <div class='gallery-icon landscape'>\n                        <a target=\"_blank\" data-size=\"800x534\" href='https:\/\/www.czech-neuro.cz\/content\/uploads\/2017\/10\/1_ceska_neurologicka_akademie_24.jpg'><img loading=\"lazy\" decoding=\"async\" width=\"150\" height=\"150\" src=\"https:\/\/www.czech-neuro.cz\/content\/uploads\/2017\/10\/1_ceska_neurologicka_akademie_24-150x150.jpg\" class=\"attachment-thumbnail size-thumbnail\" alt=\"\" srcset=\"https:\/\/www.czech-neuro.cz\/content\/uploads\/2017\/10\/1_ceska_neurologicka_akademie_24-150x150.jpg 150w, https:\/\/www.czech-neuro.cz\/content\/uploads\/2017\/10\/1_ceska_neurologicka_akademie_24-100x100.jpg 100w\" sizes=\"auto, (max-width: 150px) 100vw, 150px\" itemprop=\"thumbnail\" \/><\/a>\n                        <meta itemprop='width' content='800'>\n                        <meta itemprop='height' content='534'>\n                    <\/div><\/figure><\/div><\/div>\n\n<div class='grid-item 1\/2 mt- mb- md-1\/3'><div class='thumbnail'><figure class='gallery-item' itemprop='associatedMedia' itemscope itemtype='http:\/\/schema.org\/ImageObject'>\n                    <div class='gallery-icon landscape'>\n                        <a target=\"_blank\" data-size=\"800x534\" href='https:\/\/www.czech-neuro.cz\/content\/uploads\/2017\/10\/1_ceska_neurologicka_akademie_25.jpg'><img loading=\"lazy\" decoding=\"async\" width=\"150\" height=\"150\" src=\"https:\/\/www.czech-neuro.cz\/content\/uploads\/2017\/10\/1_ceska_neurologicka_akademie_25-150x150.jpg\" class=\"attachment-thumbnail size-thumbnail\" alt=\"\" srcset=\"https:\/\/www.czech-neuro.cz\/content\/uploads\/2017\/10\/1_ceska_neurologicka_akademie_25-150x150.jpg 150w, https:\/\/www.czech-neuro.cz\/content\/uploads\/2017\/10\/1_ceska_neurologicka_akademie_25-100x100.jpg 100w\" sizes=\"auto, (max-width: 150px) 100vw, 150px\" itemprop=\"thumbnail\" \/><\/a>\n                        <meta itemprop='width' content='800'>\n                        <meta itemprop='height' content='534'>\n                    <\/div><\/figure><\/div><\/div>\n\n<div class='grid-item 1\/2 mt- mb- md-1\/3'><div class='thumbnail'><figure class='gallery-item' itemprop='associatedMedia' itemscope itemtype='http:\/\/schema.org\/ImageObject'>\n                    <div class='gallery-icon landscape'>\n                        <a target=\"_blank\" data-size=\"800x534\" href='https:\/\/www.czech-neuro.cz\/content\/uploads\/2017\/10\/1_ceska_neurologicka_akademie_26.jpg'><img loading=\"lazy\" decoding=\"async\" width=\"150\" height=\"150\" src=\"https:\/\/www.czech-neuro.cz\/content\/uploads\/2017\/10\/1_ceska_neurologicka_akademie_26-150x150.jpg\" class=\"attachment-thumbnail size-thumbnail\" alt=\"\" srcset=\"https:\/\/www.czech-neuro.cz\/content\/uploads\/2017\/10\/1_ceska_neurologicka_akademie_26-150x150.jpg 150w, https:\/\/www.czech-neuro.cz\/content\/uploads\/2017\/10\/1_ceska_neurologicka_akademie_26-100x100.jpg 100w\" sizes=\"auto, (max-width: 150px) 100vw, 150px\" itemprop=\"thumbnail\" \/><\/a>\n                        <meta itemprop='width' content='800'>\n                        <meta itemprop='height' content='534'>\n                    <\/div><\/figure><\/div><\/div>\n\n<div class='grid-item 1\/2 mt- mb- md-1\/3'><div class='thumbnail'><figure class='gallery-item' itemprop='associatedMedia' itemscope itemtype='http:\/\/schema.org\/ImageObject'>\n                    <div class='gallery-icon landscape'>\n                        <a target=\"_blank\" data-size=\"800x534\" href='https:\/\/www.czech-neuro.cz\/content\/uploads\/2017\/10\/1_ceska_neurologicka_akademie_27.jpg'><img loading=\"lazy\" decoding=\"async\" width=\"150\" height=\"150\" src=\"https:\/\/www.czech-neuro.cz\/content\/uploads\/2017\/10\/1_ceska_neurologicka_akademie_27-150x150.jpg\" class=\"attachment-thumbnail size-thumbnail\" alt=\"\" srcset=\"https:\/\/www.czech-neuro.cz\/content\/uploads\/2017\/10\/1_ceska_neurologicka_akademie_27-150x150.jpg 150w, https:\/\/www.czech-neuro.cz\/content\/uploads\/2017\/10\/1_ceska_neurologicka_akademie_27-100x100.jpg 100w\" sizes=\"auto, (max-width: 150px) 100vw, 150px\" itemprop=\"thumbnail\" \/><\/a>\n                        <meta itemprop='width' content='800'>\n                        <meta itemprop='height' content='534'>\n                    <\/div><\/figure><\/div><\/div>\n\n<div class='grid-item 1\/2 mt- mb- md-1\/3'><div class='thumbnail'><figure class='gallery-item' itemprop='associatedMedia' itemscope itemtype='http:\/\/schema.org\/ImageObject'>\n                    <div class='gallery-icon landscape'>\n                        <a target=\"_blank\" data-size=\"800x534\" href='https:\/\/www.czech-neuro.cz\/content\/uploads\/2017\/10\/1_ceska_neurologicka_akademie_02.jpg'><img loading=\"lazy\" decoding=\"async\" width=\"150\" height=\"150\" src=\"https:\/\/www.czech-neuro.cz\/content\/uploads\/2017\/10\/1_ceska_neurologicka_akademie_02-150x150.jpg\" class=\"attachment-thumbnail size-thumbnail\" alt=\"\" srcset=\"https:\/\/www.czech-neuro.cz\/content\/uploads\/2017\/10\/1_ceska_neurologicka_akademie_02-150x150.jpg 150w, https:\/\/www.czech-neuro.cz\/content\/uploads\/2017\/10\/1_ceska_neurologicka_akademie_02-100x100.jpg 100w\" sizes=\"auto, (max-width: 150px) 100vw, 150px\" itemprop=\"thumbnail\" \/><\/a>\n                        <meta itemprop='width' content='800'>\n                        <meta itemprop='height' content='534'>\n                    <\/div><\/figure><\/div><\/div>\n\n<div class='grid-item 1\/2 mt- mb- md-1\/3'><div class='thumbnail'><figure class='gallery-item' itemprop='associatedMedia' itemscope itemtype='http:\/\/schema.org\/ImageObject'>\n                    <div class='gallery-icon landscape'>\n                        <a target=\"_blank\" data-size=\"800x534\" href='https:\/\/www.czech-neuro.cz\/content\/uploads\/2017\/10\/1_ceska_neurologicka_akademie_29.jpg'><img loading=\"lazy\" decoding=\"async\" width=\"150\" height=\"150\" src=\"https:\/\/www.czech-neuro.cz\/content\/uploads\/2017\/10\/1_ceska_neurologicka_akademie_29-150x150.jpg\" class=\"attachment-thumbnail size-thumbnail\" alt=\"\" srcset=\"https:\/\/www.czech-neuro.cz\/content\/uploads\/2017\/10\/1_ceska_neurologicka_akademie_29-150x150.jpg 150w, https:\/\/www.czech-neuro.cz\/content\/uploads\/2017\/10\/1_ceska_neurologicka_akademie_29-100x100.jpg 100w\" sizes=\"auto, (max-width: 150px) 100vw, 150px\" itemprop=\"thumbnail\" \/><\/a>\n                        <meta itemprop='width' content='800'>\n                        <meta itemprop='height' content='534'>\n                    <\/div><\/figure><\/div><\/div>\n\n<div class='grid-item 1\/2 mt- mb- md-1\/3'><div class='thumbnail'><figure class='gallery-item' itemprop='associatedMedia' itemscope itemtype='http:\/\/schema.org\/ImageObject'>\n                    <div class='gallery-icon landscape'>\n                        <a target=\"_blank\" data-size=\"800x534\" href='https:\/\/www.czech-neuro.cz\/content\/uploads\/2017\/10\/1_ceska_neurologicka_akademie_30.jpg'><img loading=\"lazy\" decoding=\"async\" width=\"150\" height=\"150\" src=\"https:\/\/www.czech-neuro.cz\/content\/uploads\/2017\/10\/1_ceska_neurologicka_akademie_30-150x150.jpg\" class=\"attachment-thumbnail size-thumbnail\" alt=\"\" srcset=\"https:\/\/www.czech-neuro.cz\/content\/uploads\/2017\/10\/1_ceska_neurologicka_akademie_30-150x150.jpg 150w, https:\/\/www.czech-neuro.cz\/content\/uploads\/2017\/10\/1_ceska_neurologicka_akademie_30-100x100.jpg 100w\" sizes=\"auto, (max-width: 150px) 100vw, 150px\" itemprop=\"thumbnail\" \/><\/a>\n                        <meta itemprop='width' content='800'>\n                        <meta itemprop='height' content='534'>\n                    <\/div><\/figure><\/div><\/div>\n\n<div class='grid-item 1\/2 mt- mb- md-1\/3'><div class='thumbnail'><figure class='gallery-item' itemprop='associatedMedia' itemscope itemtype='http:\/\/schema.org\/ImageObject'>\n                    <div class='gallery-icon landscape'>\n                        <a target=\"_blank\" data-size=\"800x534\" href='https:\/\/www.czech-neuro.cz\/content\/uploads\/2017\/10\/1_ceska_neurologicka_akademie_31.jpg'><img loading=\"lazy\" decoding=\"async\" width=\"150\" height=\"150\" src=\"https:\/\/www.czech-neuro.cz\/content\/uploads\/2017\/10\/1_ceska_neurologicka_akademie_31-150x150.jpg\" class=\"attachment-thumbnail size-thumbnail\" alt=\"\" srcset=\"https:\/\/www.czech-neuro.cz\/content\/uploads\/2017\/10\/1_ceska_neurologicka_akademie_31-150x150.jpg 150w, https:\/\/www.czech-neuro.cz\/content\/uploads\/2017\/10\/1_ceska_neurologicka_akademie_31-100x100.jpg 100w\" sizes=\"auto, (max-width: 150px) 100vw, 150px\" itemprop=\"thumbnail\" \/><\/a>\n                        <meta itemprop='width' content='800'>\n                        <meta itemprop='height' content='534'>\n                    <\/div><\/figure><\/div><\/div>\n\n<div class='grid-item 1\/2 mt- mb- md-1\/3'><div class='thumbnail'><figure class='gallery-item' itemprop='associatedMedia' itemscope itemtype='http:\/\/schema.org\/ImageObject'>\n                    <div class='gallery-icon landscape'>\n                        <a target=\"_blank\" data-size=\"800x534\" href='https:\/\/www.czech-neuro.cz\/content\/uploads\/2017\/10\/1_ceska_neurologicka_akademie_32.jpg'><img loading=\"lazy\" decoding=\"async\" width=\"150\" height=\"150\" src=\"https:\/\/www.czech-neuro.cz\/content\/uploads\/2017\/10\/1_ceska_neurologicka_akademie_32-150x150.jpg\" class=\"attachment-thumbnail size-thumbnail\" alt=\"\" srcset=\"https:\/\/www.czech-neuro.cz\/content\/uploads\/2017\/10\/1_ceska_neurologicka_akademie_32-150x150.jpg 150w, https:\/\/www.czech-neuro.cz\/content\/uploads\/2017\/10\/1_ceska_neurologicka_akademie_32-100x100.jpg 100w\" sizes=\"auto, (max-width: 150px) 100vw, 150px\" itemprop=\"thumbnail\" \/><\/a>\n                        <meta itemprop='width' content='800'>\n                        <meta itemprop='height' content='534'>\n                    <\/div><\/figure><\/div><\/div>\n\n<div class='grid-item 1\/2 mt- mb- md-1\/3'><div class='thumbnail'><figure class='gallery-item' itemprop='associatedMedia' itemscope itemtype='http:\/\/schema.org\/ImageObject'>\n                    <div class='gallery-icon landscape'>\n                        <a target=\"_blank\" data-size=\"800x534\" href='https:\/\/www.czech-neuro.cz\/content\/uploads\/2017\/10\/1_ceska_neurologicka_akademie_33.jpg'><img loading=\"lazy\" decoding=\"async\" width=\"150\" height=\"150\" src=\"https:\/\/www.czech-neuro.cz\/content\/uploads\/2017\/10\/1_ceska_neurologicka_akademie_33-150x150.jpg\" class=\"attachment-thumbnail size-thumbnail\" alt=\"\" srcset=\"https:\/\/www.czech-neuro.cz\/content\/uploads\/2017\/10\/1_ceska_neurologicka_akademie_33-150x150.jpg 150w, https:\/\/www.czech-neuro.cz\/content\/uploads\/2017\/10\/1_ceska_neurologicka_akademie_33-100x100.jpg 100w\" sizes=\"auto, (max-width: 150px) 100vw, 150px\" itemprop=\"thumbnail\" \/><\/a>\n                        <meta itemprop='width' content='800'>\n                        <meta itemprop='height' content='534'>\n                    <\/div><\/figure><\/div><\/div>\n\n<div class='grid-item 1\/2 mt- mb- md-1\/3'><div class='thumbnail'><figure class='gallery-item' itemprop='associatedMedia' itemscope itemtype='http:\/\/schema.org\/ImageObject'>\n                    <div class='gallery-icon landscape'>\n                        <a target=\"_blank\" data-size=\"800x534\" href='https:\/\/www.czech-neuro.cz\/content\/uploads\/2017\/10\/1_ceska_neurologicka_akademie_34.jpg'><img loading=\"lazy\" decoding=\"async\" width=\"150\" height=\"150\" src=\"https:\/\/www.czech-neuro.cz\/content\/uploads\/2017\/10\/1_ceska_neurologicka_akademie_34-150x150.jpg\" class=\"attachment-thumbnail size-thumbnail\" alt=\"\" srcset=\"https:\/\/www.czech-neuro.cz\/content\/uploads\/2017\/10\/1_ceska_neurologicka_akademie_34-150x150.jpg 150w, https:\/\/www.czech-neuro.cz\/content\/uploads\/2017\/10\/1_ceska_neurologicka_akademie_34-100x100.jpg 100w\" sizes=\"auto, (max-width: 150px) 100vw, 150px\" itemprop=\"thumbnail\" \/><\/a>\n                        <meta itemprop='width' content='800'>\n                        <meta itemprop='height' content='534'>\n                    <\/div><\/figure><\/div><\/div>\n\n<div class='grid-item 1\/2 mt- mb- md-1\/3'><div class='thumbnail'><figure class='gallery-item' itemprop='associatedMedia' itemscope itemtype='http:\/\/schema.org\/ImageObject'>\n                    <div class='gallery-icon landscape'>\n                        <a target=\"_blank\" data-size=\"800x534\" href='https:\/\/www.czech-neuro.cz\/content\/uploads\/2017\/10\/1_ceska_neurologicka_akademie_35.jpg'><img loading=\"lazy\" decoding=\"async\" width=\"150\" height=\"150\" src=\"https:\/\/www.czech-neuro.cz\/content\/uploads\/2017\/10\/1_ceska_neurologicka_akademie_35-150x150.jpg\" class=\"attachment-thumbnail size-thumbnail\" alt=\"\" srcset=\"https:\/\/www.czech-neuro.cz\/content\/uploads\/2017\/10\/1_ceska_neurologicka_akademie_35-150x150.jpg 150w, https:\/\/www.czech-neuro.cz\/content\/uploads\/2017\/10\/1_ceska_neurologicka_akademie_35-100x100.jpg 100w\" sizes=\"auto, (max-width: 150px) 100vw, 150px\" itemprop=\"thumbnail\" \/><\/a>\n                        <meta itemprop='width' content='800'>\n                        <meta itemprop='height' content='534'>\n                    <\/div><\/figure><\/div><\/div>\n\n<div class='grid-item 1\/2 mt- mb- md-1\/3'><div class='thumbnail'><figure class='gallery-item' itemprop='associatedMedia' itemscope itemtype='http:\/\/schema.org\/ImageObject'>\n                    <div class='gallery-icon landscape'>\n                        <a target=\"_blank\" data-size=\"800x534\" href='https:\/\/www.czech-neuro.cz\/content\/uploads\/2017\/10\/1_ceska_neurologicka_akademie_36.jpg'><img loading=\"lazy\" decoding=\"async\" width=\"150\" height=\"150\" src=\"https:\/\/www.czech-neuro.cz\/content\/uploads\/2017\/10\/1_ceska_neurologicka_akademie_36-150x150.jpg\" class=\"attachment-thumbnail size-thumbnail\" alt=\"\" srcset=\"https:\/\/www.czech-neuro.cz\/content\/uploads\/2017\/10\/1_ceska_neurologicka_akademie_36-150x150.jpg 150w, https:\/\/www.czech-neuro.cz\/content\/uploads\/2017\/10\/1_ceska_neurologicka_akademie_36-100x100.jpg 100w\" sizes=\"auto, (max-width: 150px) 100vw, 150px\" itemprop=\"thumbnail\" \/><\/a>\n                        <meta itemprop='width' content='800'>\n                        <meta itemprop='height' content='534'>\n                    <\/div><\/figure><\/div><\/div>\n\n<div class='grid-item 1\/2 mt- mb- md-1\/3'><div class='thumbnail'><figure class='gallery-item' itemprop='associatedMedia' itemscope itemtype='http:\/\/schema.org\/ImageObject'>\n                    <div class='gallery-icon landscape'>\n                        <a target=\"_blank\" data-size=\"800x534\" href='https:\/\/www.czech-neuro.cz\/content\/uploads\/2017\/10\/1_ceska_neurologicka_akademie_37.jpg'><img loading=\"lazy\" decoding=\"async\" width=\"150\" height=\"150\" src=\"https:\/\/www.czech-neuro.cz\/content\/uploads\/2017\/10\/1_ceska_neurologicka_akademie_37-150x150.jpg\" class=\"attachment-thumbnail size-thumbnail\" alt=\"\" srcset=\"https:\/\/www.czech-neuro.cz\/content\/uploads\/2017\/10\/1_ceska_neurologicka_akademie_37-150x150.jpg 150w, https:\/\/www.czech-neuro.cz\/content\/uploads\/2017\/10\/1_ceska_neurologicka_akademie_37-100x100.jpg 100w\" sizes=\"auto, (max-width: 150px) 100vw, 150px\" itemprop=\"thumbnail\" \/><\/a>\n                        <meta itemprop='width' content='800'>\n                        <meta itemprop='height' content='534'>\n                    <\/div><\/figure><\/div><\/div>\n\n<div class='grid-item 1\/2 mt- mb- md-1\/3'><div class='thumbnail'><figure class='gallery-item' itemprop='associatedMedia' itemscope itemtype='http:\/\/schema.org\/ImageObject'>\n                    <div class='gallery-icon landscape'>\n                        <a target=\"_blank\" data-size=\"800x534\" href='https:\/\/www.czech-neuro.cz\/content\/uploads\/2017\/10\/1_ceska_neurologicka_akademie_38.jpg'><img loading=\"lazy\" decoding=\"async\" width=\"150\" height=\"150\" src=\"https:\/\/www.czech-neuro.cz\/content\/uploads\/2017\/10\/1_ceska_neurologicka_akademie_38-150x150.jpg\" class=\"attachment-thumbnail size-thumbnail\" alt=\"\" srcset=\"https:\/\/www.czech-neuro.cz\/content\/uploads\/2017\/10\/1_ceska_neurologicka_akademie_38-150x150.jpg 150w, https:\/\/www.czech-neuro.cz\/content\/uploads\/2017\/10\/1_ceska_neurologicka_akademie_38-100x100.jpg 100w\" sizes=\"auto, (max-width: 150px) 100vw, 150px\" itemprop=\"thumbnail\" \/><\/a>\n                        <meta itemprop='width' content='800'>\n                        <meta itemprop='height' content='534'>\n                    <\/div><\/figure><\/div><\/div>\n\n<div class='grid-item 1\/2 mt- mb- md-1\/3'><div class='thumbnail'><figure class='gallery-item' itemprop='associatedMedia' itemscope itemtype='http:\/\/schema.org\/ImageObject'>\n                    <div class='gallery-icon landscape'>\n                        <a target=\"_blank\" data-size=\"800x534\" href='https:\/\/www.czech-neuro.cz\/content\/uploads\/2017\/10\/1_ceska_neurologicka_akademie_39.jpg'><img loading=\"lazy\" decoding=\"async\" width=\"150\" height=\"150\" src=\"https:\/\/www.czech-neuro.cz\/content\/uploads\/2017\/10\/1_ceska_neurologicka_akademie_39-150x150.jpg\" class=\"attachment-thumbnail size-thumbnail\" alt=\"\" srcset=\"https:\/\/www.czech-neuro.cz\/content\/uploads\/2017\/10\/1_ceska_neurologicka_akademie_39-150x150.jpg 150w, https:\/\/www.czech-neuro.cz\/content\/uploads\/2017\/10\/1_ceska_neurologicka_akademie_39-100x100.jpg 100w\" sizes=\"auto, (max-width: 150px) 100vw, 150px\" itemprop=\"thumbnail\" \/><\/a>\n                        <meta itemprop='width' content='800'>\n                        <meta itemprop='height' content='534'>\n                    <\/div><\/figure><\/div><\/div>\n\n<div class='grid-item 1\/2 mt- mb- md-1\/3'><div class='thumbnail'><figure class='gallery-item' itemprop='associatedMedia' itemscope itemtype='http:\/\/schema.org\/ImageObject'>\n                    <div class='gallery-icon landscape'>\n                        <a target=\"_blank\" data-size=\"800x534\" href='https:\/\/www.czech-neuro.cz\/content\/uploads\/2017\/10\/1_ceska_neurologicka_akademie_40.jpg'><img loading=\"lazy\" decoding=\"async\" width=\"150\" height=\"150\" src=\"https:\/\/www.czech-neuro.cz\/content\/uploads\/2017\/10\/1_ceska_neurologicka_akademie_40-150x150.jpg\" class=\"attachment-thumbnail size-thumbnail\" alt=\"\" srcset=\"https:\/\/www.czech-neuro.cz\/content\/uploads\/2017\/10\/1_ceska_neurologicka_akademie_40-150x150.jpg 150w, https:\/\/www.czech-neuro.cz\/content\/uploads\/2017\/10\/1_ceska_neurologicka_akademie_40-100x100.jpg 100w\" sizes=\"auto, (max-width: 150px) 100vw, 150px\" itemprop=\"thumbnail\" \/><\/a>\n                        <meta itemprop='width' content='800'>\n                        <meta itemprop='height' content='534'>\n                    <\/div><\/figure><\/div><\/div>\n\n<div class='grid-item 1\/2 mt- mb- md-1\/3'><div class='thumbnail'><figure class='gallery-item' itemprop='associatedMedia' itemscope itemtype='http:\/\/schema.org\/ImageObject'>\n                    <div class='gallery-icon landscape'>\n                        <a target=\"_blank\" data-size=\"800x534\" href='https:\/\/www.czech-neuro.cz\/content\/uploads\/2017\/10\/1_ceska_neurologicka_akademie_41.jpg'><img loading=\"lazy\" decoding=\"async\" width=\"150\" height=\"150\" src=\"https:\/\/www.czech-neuro.cz\/content\/uploads\/2017\/10\/1_ceska_neurologicka_akademie_41-150x150.jpg\" class=\"attachment-thumbnail size-thumbnail\" alt=\"\" srcset=\"https:\/\/www.czech-neuro.cz\/content\/uploads\/2017\/10\/1_ceska_neurologicka_akademie_41-150x150.jpg 150w, https:\/\/www.czech-neuro.cz\/content\/uploads\/2017\/10\/1_ceska_neurologicka_akademie_41-100x100.jpg 100w\" sizes=\"auto, (max-width: 150px) 100vw, 150px\" itemprop=\"thumbnail\" \/><\/a>\n                        <meta itemprop='width' content='800'>\n                        <meta itemprop='height' content='534'>\n                    <\/div><\/figure><\/div><\/div>\n\n<div class='grid-item 1\/2 mt- mb- md-1\/3'><div class='thumbnail'><figure class='gallery-item' itemprop='associatedMedia' itemscope itemtype='http:\/\/schema.org\/ImageObject'>\n                    <div class='gallery-icon landscape'>\n                        <a target=\"_blank\" data-size=\"800x534\" href='https:\/\/www.czech-neuro.cz\/content\/uploads\/2017\/10\/1_ceska_neurologicka_akademie_42.jpg'><img loading=\"lazy\" decoding=\"async\" width=\"150\" height=\"150\" src=\"https:\/\/www.czech-neuro.cz\/content\/uploads\/2017\/10\/1_ceska_neurologicka_akademie_42-150x150.jpg\" class=\"attachment-thumbnail size-thumbnail\" alt=\"\" srcset=\"https:\/\/www.czech-neuro.cz\/content\/uploads\/2017\/10\/1_ceska_neurologicka_akademie_42-150x150.jpg 150w, https:\/\/www.czech-neuro.cz\/content\/uploads\/2017\/10\/1_ceska_neurologicka_akademie_42-100x100.jpg 100w\" sizes=\"auto, (max-width: 150px) 100vw, 150px\" itemprop=\"thumbnail\" \/><\/a>\n                        <meta itemprop='width' content='800'>\n                        <meta itemprop='height' content='534'>\n                    <\/div><\/figure><\/div><\/div>\n\n<div class='grid-item 1\/2 mt- mb- md-1\/3'><div class='thumbnail'><figure class='gallery-item' itemprop='associatedMedia' itemscope itemtype='http:\/\/schema.org\/ImageObject'>\n                    <div class='gallery-icon landscape'>\n                        <a target=\"_blank\" data-size=\"800x534\" href='https:\/\/www.czech-neuro.cz\/content\/uploads\/2017\/10\/1_ceska_neurologicka_akademie_43.jpg'><img loading=\"lazy\" decoding=\"async\" width=\"150\" height=\"150\" src=\"https:\/\/www.czech-neuro.cz\/content\/uploads\/2017\/10\/1_ceska_neurologicka_akademie_43-150x150.jpg\" class=\"attachment-thumbnail size-thumbnail\" alt=\"\" srcset=\"https:\/\/www.czech-neuro.cz\/content\/uploads\/2017\/10\/1_ceska_neurologicka_akademie_43-150x150.jpg 150w, https:\/\/www.czech-neuro.cz\/content\/uploads\/2017\/10\/1_ceska_neurologicka_akademie_43-100x100.jpg 100w\" sizes=\"auto, (max-width: 150px) 100vw, 150px\" itemprop=\"thumbnail\" \/><\/a>\n                        <meta itemprop='width' content='800'>\n                        <meta itemprop='height' content='534'>\n                    <\/div><\/figure><\/div><\/div>\n\n<div class='grid-item 1\/2 mt- mb- md-1\/3'><div class='thumbnail'><figure class='gallery-item' itemprop='associatedMedia' itemscope itemtype='http:\/\/schema.org\/ImageObject'>\n                    <div class='gallery-icon landscape'>\n                        <a target=\"_blank\" data-size=\"800x534\" href='https:\/\/www.czech-neuro.cz\/content\/uploads\/2017\/10\/1_ceska_neurologicka_akademie_44.jpg'><img loading=\"lazy\" decoding=\"async\" width=\"150\" height=\"150\" src=\"https:\/\/www.czech-neuro.cz\/content\/uploads\/2017\/10\/1_ceska_neurologicka_akademie_44-150x150.jpg\" class=\"attachment-thumbnail size-thumbnail\" alt=\"\" srcset=\"https:\/\/www.czech-neuro.cz\/content\/uploads\/2017\/10\/1_ceska_neurologicka_akademie_44-150x150.jpg 150w, https:\/\/www.czech-neuro.cz\/content\/uploads\/2017\/10\/1_ceska_neurologicka_akademie_44-100x100.jpg 100w\" sizes=\"auto, (max-width: 150px) 100vw, 150px\" itemprop=\"thumbnail\" \/><\/a>\n                        <meta itemprop='width' content='800'>\n                        <meta itemprop='height' content='534'>\n                    <\/div><\/figure><\/div><\/div>\n\n<div class='grid-item 1\/2 mt- mb- md-1\/3'><div class='thumbnail'><figure class='gallery-item' itemprop='associatedMedia' itemscope itemtype='http:\/\/schema.org\/ImageObject'>\n                    <div class='gallery-icon landscape'>\n                        <a target=\"_blank\" data-size=\"800x534\" href='https:\/\/www.czech-neuro.cz\/content\/uploads\/2017\/10\/1_ceska_neurologicka_akademie_45.jpg'><img loading=\"lazy\" decoding=\"async\" width=\"150\" height=\"150\" src=\"https:\/\/www.czech-neuro.cz\/content\/uploads\/2017\/10\/1_ceska_neurologicka_akademie_45-150x150.jpg\" class=\"attachment-thumbnail size-thumbnail\" alt=\"\" srcset=\"https:\/\/www.czech-neuro.cz\/content\/uploads\/2017\/10\/1_ceska_neurologicka_akademie_45-150x150.jpg 150w, https:\/\/www.czech-neuro.cz\/content\/uploads\/2017\/10\/1_ceska_neurologicka_akademie_45-100x100.jpg 100w\" sizes=\"auto, (max-width: 150px) 100vw, 150px\" itemprop=\"thumbnail\" \/><\/a>\n                        <meta itemprop='width' content='800'>\n                        <meta itemprop='height' content='534'>\n                    <\/div><\/figure><\/div><\/div>\n\n<div class='grid-item 1\/2 mt- mb- md-1\/3'><div class='thumbnail'><figure class='gallery-item' itemprop='associatedMedia' itemscope itemtype='http:\/\/schema.org\/ImageObject'>\n                    <div class='gallery-icon landscape'>\n                        <a target=\"_blank\" data-size=\"800x534\" href='https:\/\/www.czech-neuro.cz\/content\/uploads\/2017\/10\/1_ceska_neurologicka_akademie_46.jpg'><img loading=\"lazy\" decoding=\"async\" width=\"150\" height=\"150\" src=\"https:\/\/www.czech-neuro.cz\/content\/uploads\/2017\/10\/1_ceska_neurologicka_akademie_46-150x150.jpg\" class=\"attachment-thumbnail size-thumbnail\" alt=\"\" srcset=\"https:\/\/www.czech-neuro.cz\/content\/uploads\/2017\/10\/1_ceska_neurologicka_akademie_46-150x150.jpg 150w, https:\/\/www.czech-neuro.cz\/content\/uploads\/2017\/10\/1_ceska_neurologicka_akademie_46-100x100.jpg 100w\" sizes=\"auto, (max-width: 150px) 100vw, 150px\" itemprop=\"thumbnail\" \/><\/a>\n                        <meta itemprop='width' content='800'>\n                        <meta itemprop='height' content='534'>\n                    <\/div><\/figure><\/div><\/div>\n\n<div class='grid-item 1\/2 mt- mb- md-1\/3'><div class='thumbnail'><figure class='gallery-item' itemprop='associatedMedia' itemscope itemtype='http:\/\/schema.org\/ImageObject'>\n                    <div class='gallery-icon landscape'>\n                        <a target=\"_blank\" data-size=\"800x534\" href='https:\/\/www.czech-neuro.cz\/content\/uploads\/2017\/10\/1_ceska_neurologicka_akademie_47.jpg'><img loading=\"lazy\" decoding=\"async\" width=\"150\" height=\"150\" src=\"https:\/\/www.czech-neuro.cz\/content\/uploads\/2017\/10\/1_ceska_neurologicka_akademie_47-150x150.jpg\" class=\"attachment-thumbnail size-thumbnail\" alt=\"\" srcset=\"https:\/\/www.czech-neuro.cz\/content\/uploads\/2017\/10\/1_ceska_neurologicka_akademie_47-150x150.jpg 150w, https:\/\/www.czech-neuro.cz\/content\/uploads\/2017\/10\/1_ceska_neurologicka_akademie_47-100x100.jpg 100w\" sizes=\"auto, (max-width: 150px) 100vw, 150px\" itemprop=\"thumbnail\" \/><\/a>\n                        <meta itemprop='width' content='800'>\n                        <meta itemprop='height' content='534'>\n                    <\/div><\/figure><\/div><\/div>\n\n<div class='grid-item 1\/2 mt- mb- md-1\/3'><div class='thumbnail'><figure class='gallery-item' itemprop='associatedMedia' itemscope itemtype='http:\/\/schema.org\/ImageObject'>\n                    <div class='gallery-icon landscape'>\n                        <a target=\"_blank\" data-size=\"800x534\" href='https:\/\/www.czech-neuro.cz\/content\/uploads\/2017\/10\/1_ceska_neurologicka_akademie_48.jpg'><img loading=\"lazy\" decoding=\"async\" width=\"150\" height=\"150\" src=\"https:\/\/www.czech-neuro.cz\/content\/uploads\/2017\/10\/1_ceska_neurologicka_akademie_48-150x150.jpg\" class=\"attachment-thumbnail size-thumbnail\" alt=\"\" srcset=\"https:\/\/www.czech-neuro.cz\/content\/uploads\/2017\/10\/1_ceska_neurologicka_akademie_48-150x150.jpg 150w, https:\/\/www.czech-neuro.cz\/content\/uploads\/2017\/10\/1_ceska_neurologicka_akademie_48-100x100.jpg 100w\" sizes=\"auto, (max-width: 150px) 100vw, 150px\" itemprop=\"thumbnail\" \/><\/a>\n                        <meta itemprop='width' content='800'>\n                        <meta itemprop='height' content='534'>\n                    <\/div><\/figure><\/div><\/div>\n\n<div class='grid-item 1\/2 mt- mb- md-1\/3'><div class='thumbnail'><figure class='gallery-item' itemprop='associatedMedia' itemscope itemtype='http:\/\/schema.org\/ImageObject'>\n                    <div class='gallery-icon landscape'>\n                        <a target=\"_blank\" data-size=\"800x534\" href='https:\/\/www.czech-neuro.cz\/content\/uploads\/2017\/10\/1_ceska_neurologicka_akademie_49.jpg'><img loading=\"lazy\" decoding=\"async\" width=\"150\" height=\"150\" src=\"https:\/\/www.czech-neuro.cz\/content\/uploads\/2017\/10\/1_ceska_neurologicka_akademie_49-150x150.jpg\" class=\"attachment-thumbnail size-thumbnail\" alt=\"\" srcset=\"https:\/\/www.czech-neuro.cz\/content\/uploads\/2017\/10\/1_ceska_neurologicka_akademie_49-150x150.jpg 150w, https:\/\/www.czech-neuro.cz\/content\/uploads\/2017\/10\/1_ceska_neurologicka_akademie_49-100x100.jpg 100w\" sizes=\"auto, (max-width: 150px) 100vw, 150px\" itemprop=\"thumbnail\" \/><\/a>\n                        <meta itemprop='width' content='800'>\n                        <meta itemprop='height' content='534'>\n                    <\/div><\/figure><\/div><\/div>\n\n<div class='grid-item 1\/2 mt- mb- md-1\/3'><div class='thumbnail'><figure class='gallery-item' itemprop='associatedMedia' itemscope itemtype='http:\/\/schema.org\/ImageObject'>\n                    <div class='gallery-icon landscape'>\n                        <a target=\"_blank\" data-size=\"800x534\" href='https:\/\/www.czech-neuro.cz\/content\/uploads\/2017\/10\/1_ceska_neurologicka_akademie_50.jpg'><img loading=\"lazy\" decoding=\"async\" width=\"150\" height=\"150\" src=\"https:\/\/www.czech-neuro.cz\/content\/uploads\/2017\/10\/1_ceska_neurologicka_akademie_50-150x150.jpg\" class=\"attachment-thumbnail size-thumbnail\" alt=\"\" srcset=\"https:\/\/www.czech-neuro.cz\/content\/uploads\/2017\/10\/1_ceska_neurologicka_akademie_50-150x150.jpg 150w, https:\/\/www.czech-neuro.cz\/content\/uploads\/2017\/10\/1_ceska_neurologicka_akademie_50-100x100.jpg 100w\" sizes=\"auto, (max-width: 150px) 100vw, 150px\" itemprop=\"thumbnail\" \/><\/a>\n                        <meta itemprop='width' content='800'>\n                        <meta itemprop='height' content='534'>\n                    <\/div><\/figure><\/div><\/div>\n\n<div class='grid-item 1\/2 mt- mb- md-1\/3'><div class='thumbnail'><figure class='gallery-item' itemprop='associatedMedia' itemscope itemtype='http:\/\/schema.org\/ImageObject'>\n                    <div class='gallery-icon landscape'>\n                        <a target=\"_blank\" data-size=\"800x534\" href='https:\/\/www.czech-neuro.cz\/content\/uploads\/2017\/10\/1_ceska_neurologicka_akademie_51.jpg'><img loading=\"lazy\" decoding=\"async\" width=\"150\" height=\"150\" src=\"https:\/\/www.czech-neuro.cz\/content\/uploads\/2017\/10\/1_ceska_neurologicka_akademie_51-150x150.jpg\" class=\"attachment-thumbnail size-thumbnail\" alt=\"\" srcset=\"https:\/\/www.czech-neuro.cz\/content\/uploads\/2017\/10\/1_ceska_neurologicka_akademie_51-150x150.jpg 150w, https:\/\/www.czech-neuro.cz\/content\/uploads\/2017\/10\/1_ceska_neurologicka_akademie_51-100x100.jpg 100w\" sizes=\"auto, (max-width: 150px) 100vw, 150px\" itemprop=\"thumbnail\" \/><\/a>\n                        <meta itemprop='width' content='800'>\n                        <meta itemprop='height' content='534'>\n                    <\/div><\/figure><\/div><\/div>\n\n<div class='grid-item 1\/2 mt- mb- md-1\/3'><div class='thumbnail'><figure class='gallery-item' itemprop='associatedMedia' itemscope itemtype='http:\/\/schema.org\/ImageObject'>\n                    <div class='gallery-icon landscape'>\n                        <a target=\"_blank\" data-size=\"800x534\" href='https:\/\/www.czech-neuro.cz\/content\/uploads\/2017\/10\/1_ceska_neurologicka_akademie_52.jpg'><img loading=\"lazy\" decoding=\"async\" width=\"150\" height=\"150\" src=\"https:\/\/www.czech-neuro.cz\/content\/uploads\/2017\/10\/1_ceska_neurologicka_akademie_52-150x150.jpg\" class=\"attachment-thumbnail size-thumbnail\" alt=\"\" srcset=\"https:\/\/www.czech-neuro.cz\/content\/uploads\/2017\/10\/1_ceska_neurologicka_akademie_52-150x150.jpg 150w, https:\/\/www.czech-neuro.cz\/content\/uploads\/2017\/10\/1_ceska_neurologicka_akademie_52-100x100.jpg 100w\" sizes=\"auto, (max-width: 150px) 100vw, 150px\" itemprop=\"thumbnail\" \/><\/a>\n                        <meta itemprop='width' content='800'>\n                        <meta itemprop='height' content='534'>\n                    <\/div><\/figure><\/div><\/div>\n\n<div class='grid-item 1\/2 mt- mb- md-1\/3'><div class='thumbnail'><figure class='gallery-item' itemprop='associatedMedia' itemscope itemtype='http:\/\/schema.org\/ImageObject'>\n                    <div class='gallery-icon landscape'>\n                        <a target=\"_blank\" data-size=\"800x534\" href='https:\/\/www.czech-neuro.cz\/content\/uploads\/2017\/10\/1_ceska_neurologicka_akademie_53.jpg'><img loading=\"lazy\" decoding=\"async\" width=\"150\" height=\"150\" src=\"https:\/\/www.czech-neuro.cz\/content\/uploads\/2017\/10\/1_ceska_neurologicka_akademie_53-150x150.jpg\" class=\"attachment-thumbnail size-thumbnail\" alt=\"\" srcset=\"https:\/\/www.czech-neuro.cz\/content\/uploads\/2017\/10\/1_ceska_neurologicka_akademie_53-150x150.jpg 150w, https:\/\/www.czech-neuro.cz\/content\/uploads\/2017\/10\/1_ceska_neurologicka_akademie_53-100x100.jpg 100w\" sizes=\"auto, (max-width: 150px) 100vw, 150px\" itemprop=\"thumbnail\" \/><\/a>\n                        <meta itemprop='width' content='800'>\n                        <meta itemprop='height' content='534'>\n                    <\/div><\/figure><\/div><\/div>\n\n<div class='grid-item 1\/2 mt- mb- md-1\/3'><div class='thumbnail'><figure class='gallery-item' itemprop='associatedMedia' itemscope itemtype='http:\/\/schema.org\/ImageObject'>\n                    <div class='gallery-icon landscape'>\n                        <a target=\"_blank\" data-size=\"800x534\" href='https:\/\/www.czech-neuro.cz\/content\/uploads\/2017\/10\/1_ceska_neurologicka_akademie_28.jpg'><img loading=\"lazy\" decoding=\"async\" width=\"150\" height=\"150\" src=\"https:\/\/www.czech-neuro.cz\/content\/uploads\/2017\/10\/1_ceska_neurologicka_akademie_28-150x150.jpg\" class=\"attachment-thumbnail size-thumbnail\" alt=\"\" srcset=\"https:\/\/www.czech-neuro.cz\/content\/uploads\/2017\/10\/1_ceska_neurologicka_akademie_28-150x150.jpg 150w, https:\/\/www.czech-neuro.cz\/content\/uploads\/2017\/10\/1_ceska_neurologicka_akademie_28-100x100.jpg 100w\" sizes=\"auto, (max-width: 150px) 100vw, 150px\" itemprop=\"thumbnail\" \/><\/a>\n                        <meta itemprop='width' content='800'>\n                        <meta itemprop='height' content='534'>\n                    <\/div><\/figure><\/div><\/div>\n<\/div>\n<\/div>\n\n","protected":false},"excerpt":{"rendered":"","protected":false},"author":23,"featured_media":1942,"parent":2022,"menu_order":115,"comment_status":"closed","ping_status":"closed","template":"template-page-without-sidebar-content.php","meta":{"_acf_changed":false,"_searchwp_excluded":"","kia_subtitle":"24. \u2013 25. z\u00e1\u0159\u00ed 2015 Praha, Hotel Pyramida","footnotes":""},"class_list":["post-2025","page","type-page","status-publish","has-post-thumbnail","hentry"],"acf":[],"yoast_head":"<!-- This site is optimized with the Yoast SEO Premium plugin v26.2 (Yoast SEO v26.2) - https:\/\/yoast.com\/wordpress\/plugins\/seo\/ -->\n<title>1. \u010desk\u00e1 neurologick\u00e1 akademie - \u010cesk\u00e1 neurologick\u00e1 spole\u010dnost<\/title>\n<meta name=\"robots\" content=\"index, follow, max-snippet:-1, max-image-preview:large, max-video-preview:-1\" \/>\n<link rel=\"canonical\" href=\"https:\/\/www.czech-neuro.cz\/odborne-akce\/fotogalerie\/1-ceska-neurologicka-akademie\/\" \/>\n<meta property=\"og:locale\" content=\"cs_CZ\" \/>\n<meta property=\"og:type\" content=\"article\" \/>\n<meta property=\"og:title\" content=\"1. \u010desk\u00e1 neurologick\u00e1 akademie\" \/>\n<meta property=\"og:url\" content=\"https:\/\/www.czech-neuro.cz\/odborne-akce\/fotogalerie\/1-ceska-neurologicka-akademie\/\" \/>\n<meta property=\"og:site_name\" content=\"\u010cesk\u00e1 neurologick\u00e1 spole\u010dnost\" \/>\n<meta property=\"article:modified_time\" content=\"2022-01-31T09:00:25+00:00\" \/>\n<meta property=\"og:image\" content=\"https:\/\/www.czech-neuro.cz\/content\/uploads\/2017\/10\/1_ceska_neurologicka_akademie_12.jpg\" \/>\n\t<meta property=\"og:image:width\" content=\"800\" \/>\n\t<meta property=\"og:image:height\" content=\"534\" \/>\n\t<meta property=\"og:image:type\" content=\"image\/jpeg\" \/>\n<meta name=\"twitter:card\" content=\"summary_large_image\" \/>\n<script type=\"application\/ld+json\" class=\"yoast-schema-graph\">{\"@context\":\"https:\/\/schema.org\",\"@graph\":[{\"@type\":\"WebPage\",\"@id\":\"https:\/\/www.czech-neuro.cz\/odborne-akce\/fotogalerie\/1-ceska-neurologicka-akademie\/\",\"url\":\"https:\/\/www.czech-neuro.cz\/odborne-akce\/fotogalerie\/1-ceska-neurologicka-akademie\/\",\"name\":\"1. \u010desk\u00e1 neurologick\u00e1 akademie - \u010cesk\u00e1 neurologick\u00e1 spole\u010dnost\",\"isPartOf\":{\"@id\":\"https:\/\/www.czech-neuro.cz\/#website\"},\"primaryImageOfPage\":{\"@id\":\"https:\/\/www.czech-neuro.cz\/odborne-akce\/fotogalerie\/1-ceska-neurologicka-akademie\/#primaryimage\"},\"image\":{\"@id\":\"https:\/\/www.czech-neuro.cz\/odborne-akce\/fotogalerie\/1-ceska-neurologicka-akademie\/#primaryimage\"},\"thumbnailUrl\":\"https:\/\/www.czech-neuro.cz\/content\/uploads\/2017\/10\/1_ceska_neurologicka_akademie_12.jpg\",\"datePublished\":\"2017-10-17T11:06:24+00:00\",\"dateModified\":\"2022-01-31T09:00:25+00:00\",\"breadcrumb\":{\"@id\":\"https:\/\/www.czech-neuro.cz\/odborne-akce\/fotogalerie\/1-ceska-neurologicka-akademie\/#breadcrumb\"},\"inLanguage\":\"cs\",\"potentialAction\":[{\"@type\":\"ReadAction\",\"target\":[\"https:\/\/www.czech-neuro.cz\/odborne-akce\/fotogalerie\/1-ceska-neurologicka-akademie\/\"]}]},{\"@type\":\"ImageObject\",\"inLanguage\":\"cs\",\"@id\":\"https:\/\/www.czech-neuro.cz\/odborne-akce\/fotogalerie\/1-ceska-neurologicka-akademie\/#primaryimage\",\"url\":\"https:\/\/www.czech-neuro.cz\/content\/uploads\/2017\/10\/1_ceska_neurologicka_akademie_12.jpg\",\"contentUrl\":\"https:\/\/www.czech-neuro.cz\/content\/uploads\/2017\/10\/1_ceska_neurologicka_akademie_12.jpg\",\"width\":800,\"height\":534},{\"@type\":\"BreadcrumbList\",\"@id\":\"https:\/\/www.czech-neuro.cz\/odborne-akce\/fotogalerie\/1-ceska-neurologicka-akademie\/#breadcrumb\",\"itemListElement\":[{\"@type\":\"ListItem\",\"position\":1,\"name\":\"Dom\u016f\",\"item\":\"https:\/\/www.czech-neuro.cz\/\"},{\"@type\":\"ListItem\",\"position\":2,\"name\":\"Odborn\u00e9 akce\",\"item\":\"https:\/\/www.czech-neuro.cz\/odborne-akce\/sjezdy-a-akce-cns\/\"},{\"@type\":\"ListItem\",\"position\":3,\"name\":\"Fotogalerie\",\"item\":\"https:\/\/www.czech-neuro.cz\/odborne-akce\/fotogalerie\/\"},{\"@type\":\"ListItem\",\"position\":4,\"name\":\"1.&nbsp;\u010desk\u00e1 neurologick\u00e1 akademie\"}]},{\"@type\":\"WebSite\",\"@id\":\"https:\/\/www.czech-neuro.cz\/#website\",\"url\":\"https:\/\/www.czech-neuro.cz\/\",\"name\":\"\u010cesk\u00e1 neurologick\u00e1 spole\u010dnost\",\"description\":\"\u010cesk\u00e1 neurologick\u00e1 spole\u010dnost je odborn\u00e1 v\u011bdeck\u00e1 spole\u010dnost, jej\u00edm\u017e c\u00edlem je db\u00e1t o rozvoj neurologie jako v\u00fdznamn\u00e9 l\u00e9ka\u0159sk\u00e9 a v\u011bdeck\u00e9 discipliny v \u010cesk\u00e9 republice.\",\"potentialAction\":[{\"@type\":\"SearchAction\",\"target\":{\"@type\":\"EntryPoint\",\"urlTemplate\":\"https:\/\/www.czech-neuro.cz\/?s={search_term_string}\"},\"query-input\":{\"@type\":\"PropertyValueSpecification\",\"valueRequired\":true,\"valueName\":\"search_term_string\"}}],\"inLanguage\":\"cs\"}]}<\/script>\n<!-- \/ Yoast SEO Premium plugin. -->","yoast_head_json":{"title":"1. \u010desk\u00e1 neurologick\u00e1 akademie - \u010cesk\u00e1 neurologick\u00e1 spole\u010dnost","robots":{"index":"index","follow":"follow","max-snippet":"max-snippet:-1","max-image-preview":"max-image-preview:large","max-video-preview":"max-video-preview:-1"},"canonical":"https:\/\/www.czech-neuro.cz\/odborne-akce\/fotogalerie\/1-ceska-neurologicka-akademie\/","og_locale":"cs_CZ","og_type":"article","og_title":"1. \u010desk\u00e1 neurologick\u00e1 akademie","og_url":"https:\/\/www.czech-neuro.cz\/odborne-akce\/fotogalerie\/1-ceska-neurologicka-akademie\/","og_site_name":"\u010cesk\u00e1 neurologick\u00e1 spole\u010dnost","article_modified_time":"2022-01-31T09:00:25+00:00","og_image":[{"width":800,"height":534,"url":"https:\/\/www.czech-neuro.cz\/content\/uploads\/2017\/10\/1_ceska_neurologicka_akademie_12.jpg","type":"image\/jpeg"}],"twitter_card":"summary_large_image","schema":{"@context":"https:\/\/schema.org","@graph":[{"@type":"WebPage","@id":"https:\/\/www.czech-neuro.cz\/odborne-akce\/fotogalerie\/1-ceska-neurologicka-akademie\/","url":"https:\/\/www.czech-neuro.cz\/odborne-akce\/fotogalerie\/1-ceska-neurologicka-akademie\/","name":"1. \u010desk\u00e1 neurologick\u00e1 akademie - \u010cesk\u00e1 neurologick\u00e1 spole\u010dnost","isPartOf":{"@id":"https:\/\/www.czech-neuro.cz\/#website"},"primaryImageOfPage":{"@id":"https:\/\/www.czech-neuro.cz\/odborne-akce\/fotogalerie\/1-ceska-neurologicka-akademie\/#primaryimage"},"image":{"@id":"https:\/\/www.czech-neuro.cz\/odborne-akce\/fotogalerie\/1-ceska-neurologicka-akademie\/#primaryimage"},"thumbnailUrl":"https:\/\/www.czech-neuro.cz\/content\/uploads\/2017\/10\/1_ceska_neurologicka_akademie_12.jpg","datePublished":"2017-10-17T11:06:24+00:00","dateModified":"2022-01-31T09:00:25+00:00","breadcrumb":{"@id":"https:\/\/www.czech-neuro.cz\/odborne-akce\/fotogalerie\/1-ceska-neurologicka-akademie\/#breadcrumb"},"inLanguage":"cs","potentialAction":[{"@type":"ReadAction","target":["https:\/\/www.czech-neuro.cz\/odborne-akce\/fotogalerie\/1-ceska-neurologicka-akademie\/"]}]},{"@type":"ImageObject","inLanguage":"cs","@id":"https:\/\/www.czech-neuro.cz\/odborne-akce\/fotogalerie\/1-ceska-neurologicka-akademie\/#primaryimage","url":"https:\/\/www.czech-neuro.cz\/content\/uploads\/2017\/10\/1_ceska_neurologicka_akademie_12.jpg","contentUrl":"https:\/\/www.czech-neuro.cz\/content\/uploads\/2017\/10\/1_ceska_neurologicka_akademie_12.jpg","width":800,"height":534},{"@type":"BreadcrumbList","@id":"https:\/\/www.czech-neuro.cz\/odborne-akce\/fotogalerie\/1-ceska-neurologicka-akademie\/#breadcrumb","itemListElement":[{"@type":"ListItem","position":1,"name":"Dom\u016f","item":"https:\/\/www.czech-neuro.cz\/"},{"@type":"ListItem","position":2,"name":"Odborn\u00e9 akce","item":"https:\/\/www.czech-neuro.cz\/odborne-akce\/sjezdy-a-akce-cns\/"},{"@type":"ListItem","position":3,"name":"Fotogalerie","item":"https:\/\/www.czech-neuro.cz\/odborne-akce\/fotogalerie\/"},{"@type":"ListItem","position":4,"name":"1.&nbsp;\u010desk\u00e1 neurologick\u00e1 akademie"}]},{"@type":"WebSite","@id":"https:\/\/www.czech-neuro.cz\/#website","url":"https:\/\/www.czech-neuro.cz\/","name":"\u010cesk\u00e1 neurologick\u00e1 spole\u010dnost","description":"\u010cesk\u00e1 neurologick\u00e1 spole\u010dnost je odborn\u00e1 v\u011bdeck\u00e1 spole\u010dnost, jej\u00edm\u017e c\u00edlem je db\u00e1t o rozvoj neurologie jako v\u00fdznamn\u00e9 l\u00e9ka\u0159sk\u00e9 a v\u011bdeck\u00e9 discipliny v \u010cesk\u00e9 republice.","potentialAction":[{"@type":"SearchAction","target":{"@type":"EntryPoint","urlTemplate":"https:\/\/www.czech-neuro.cz\/?s={search_term_string}"},"query-input":{"@type":"PropertyValueSpecification","valueRequired":true,"valueName":"search_term_string"}}],"inLanguage":"cs"}]}},"lang":"cs","translations":{"cs":2025},"_links":{"self":[{"href":"https:\/\/www.czech-neuro.cz\/api\/wp\/v2\/pages\/2025","targetHints":{"allow":["GET"]}}],"collection":[{"href":"https:\/\/www.czech-neuro.cz\/api\/wp\/v2\/pages"}],"about":[{"href":"https:\/\/www.czech-neuro.cz\/api\/wp\/v2\/types\/page"}],"author":[{"embeddable":true,"href":"https:\/\/www.czech-neuro.cz\/api\/wp\/v2\/users\/23"}],"replies":[{"embeddable":true,"href":"https:\/\/www.czech-neuro.cz\/api\/wp\/v2\/comments?post=2025"}],"version-history":[{"count":1,"href":"https:\/\/www.czech-neuro.cz\/api\/wp\/v2\/pages\/2025\/revisions"}],"predecessor-version":[{"id":2026,"href":"https:\/\/www.czech-neuro.cz\/api\/wp\/v2\/pages\/2025\/revisions\/2026"}],"up":[{"embeddable":true,"href":"https:\/\/www.czech-neuro.cz\/api\/wp\/v2\/pages\/2022"}],"wp:featuredmedia":[{"embeddable":true,"href":"https:\/\/www.czech-neuro.cz\/api\/wp\/v2\/media\/1942"}],"wp:attachment":[{"href":"https:\/\/www.czech-neuro.cz\/api\/wp\/v2\/media?parent=2025"}],"curies":[{"name":"wp","href":"https:\/\/api.w.org\/{rel}","templated":true}]}}