{"id":15914,"date":"2025-12-15T14:16:48","date_gmt":"2025-12-15T13:16:48","guid":{"rendered":"https:\/\/www.czech-neuro.cz\/?page_id=15914"},"modified":"2026-02-11T10:54:00","modified_gmt":"2026-02-11T09:54:00","slug":"volby","status":"publish","type":"page","link":"https:\/\/www.czech-neuro.cz\/sekce\/sekce-neurofarmakologicka\/volby\/","title":{"rendered":"VOLBY"},"content":{"rendered":"<p style=\"text-align: center;\"><strong>V\u00fdsledky voleb do v\u00fdboru <\/strong><strong>Neurofarmakologick\u00e9 sekce \u010cNS \u010cLS JEP<br \/>\n<\/strong><strong>funk\u010dn\u00ed obdob\u00ed 2026 \u2013 2029<\/strong><\/p>\n<p>V\u00e1\u017een\u00e9 \u010dlenky, v\u00e1\u017een\u00ed \u010dlenov\u00e9 Neurofarmakologick\u00e9 sekce \u010cNS \u010cLS JEP,<\/p>\n<p>v\u00a0obdob\u00ed\u00a0<strong>od <\/strong><strong>2.&nbsp;2.&nbsp;2026 do 6.&nbsp;2.&nbsp;2026<\/strong> prob\u00edhaly elektronick\u00e9 volby do v\u00fdboru sekce. Volebn\u00ed \u00fa\u010dast byla 67&nbsp;%. \u00a0Slo\u017een\u00ed v\u00fdboru sekce je <strong>9ti\u010dlen\u00e9.<\/strong><\/p>\n<p><strong>Nov\u011b zvolen\u00fd v\u00fdbor sekce \u2013 po\u0159ad\u00ed dle po\u010dtu hlas\u016f, kter\u00e9 jsou uvedeny v\u00a0z\u00e1vorce<\/strong><\/p>\n<p>MUDr. Jolana Markov\u00e1, FEAN (24)<br \/>\nMUDr. Kate\u0159ina Mat\u011bjov\u00e1 (23)<br \/>\nMUDr. Pavel Hou\u0161ka (19)<br \/>\nMUDr. Petr Polidar (16)<br \/>\nMUDr. Ji\u0159\u00ed Pol\u00edvka, CSc. (16)<br \/>\nMUDr. Michal Miler (14)<br \/>\nMUDr. Tom\u00e1\u0161 Vodv\u00e1\u0159ka (14)<br \/>\nMUDr. Jana Vichrov\u00e1 (13)<br \/>\nMUDr. Lenka Hronzov\u00e1 (12)<strong>\u00a0<\/strong><\/p>\n<p><strong>Dal\u0161\u00ed po\u0159ad\u00ed nezvolen\u00fdch kandid\u00e1t\u016f do v\u00fdboru<\/strong><\/p>\n<p>MUDr. Dalibor Zimek (9)<\/p>\n<p>Jak\u00e9koliv dotazy \u010di\u00a0n\u00e1mitky proti pr\u016fb\u011bhu voleb n\u00e1m pros\u00edm po\u0161lete do 1 m\u011bs\u00edce po&nbsp;vyhl\u00e1\u0161en\u00ed voleb na email sekretari\u00e1tu \u010cNS \u00a0<a href=\"mailto:sekretariat@czech-neuroc.uz\">sekretariat@czech-neuro.cz<\/a><\/p>\n<p>Volebn\u00ed komise<\/p>\n<p>prof. MUDr. Ev\u017een R\u016f\u017ei\u010dka, DrSc. &#8211; p\u0159edseda<br \/>\nMUDr. Lucie Pokorn\u00e1<br \/>\nMUDr. Anton\u00edn Trojan<\/p>\n<p>11.&nbsp;2.&nbsp;2026<\/p>\n<hr \/>\n<p><strong>Kandid\u00e1tn\u00ed listina<\/strong><\/p>\n<p>V\u00e1\u017een\u00e9 \u010dlenky, v\u00e1\u017een\u00ed \u010dlenov\u00e9 Neurofarmakologick\u00e9 sekce \u010cNS \u010cLS JEP,<\/p>\n<p>na z\u00e1klad\u011b Va\u0161ich n\u00e1vrh\u016f byla sestavena\u00a0<strong>kandid\u00e1tn\u00ed listina<\/strong>\u00a0do voleb v\u00fdboru Neurofarmakologick\u00e9 sekce \u010cNS \u010cLS JEP. Navr\u017een\u00ed kandid\u00e1ti s\u00a0nominac\u00ed souhlasili.<\/p>\n<p>MUDr. Pavel Hou\u0161ka<br \/>\nMUDr. Lenka Hronzov\u00e1<br \/>\nMUDr. Jolana Markov\u00e1, FEAN<br \/>\nMUDr. Kate\u0159ina Mat\u011bjov\u00e1<br \/>\nMUDr. Michal Miler<br \/>\nMUDr. Petr Polidar<br \/>\nMUDr. Ji\u0159\u00ed Pol\u00edvka, CSc.<br \/>\nMUDr. Jana Vichrov\u00e1<br \/>\nMUDr. Tom\u00e1\u0161 Vodv\u00e1\u0159ka<br \/>\nMUDr. Dalibor Zimek<\/p>\n<p>Samotn\u00e1 volba kandid\u00e1t\u016f bude prob\u00edhat elektronicky prost\u0159ednictv\u00edm volebn\u00edho syst\u00e9mu Election Runner v\u00a0obdob\u00ed\u00a02. &#8211; 6.&nbsp;2.&nbsp;2026.<\/p>\n<p><strong>Pozv\u00e1nku k\u00a0elektronick\u00fdm volb\u00e1m V\u00e1m za\u0161leme na emailovou adresu, kter\u00e1 je evidov\u00e1na v\u00a0centr\u00e1ln\u00ed evidence \u010dlen\u016f \u010cLS JEP.\u00a0 <\/strong>Voleb se mohou \u00fa\u010dastnit pouze \u0159\u00e1dn\u00ed \u010dlenov\u00e9 Neurofarmakologick\u00e9 sekce \u010cNS \u010cLS JEP, kte\u0159\u00ed se stali \u010dleny nejpozd\u011bji ke dni\u00a031.&nbsp;12.&nbsp;2025. Rozhoduj\u00edc\u00ed je seznam \u010dlen\u016f Centr\u00e1ln\u00ed evidence \u010dlen\u016f \u010cLS JEP.<\/p>\n<p>D\u011bkujeme za spolupr\u00e1ci.<\/p>\n<p>Volebn\u00ed komise<br \/>\nprof. MUDr. Ev\u017een R\u016f\u017ei\u010dka, DrSc. &#8211; p\u0159edseda<br \/>\nMUDr. Lucie Pokorn\u00e1<br \/>\nMUDr. Anton\u00edn Trojan<\/p>\n<p>29.1.2026<\/p>\n<hr \/>\n<p><strong>V\u00fdzva k\u00a0zas\u00edl\u00e1n\u00ed kandidatur<\/strong><\/p>\n<p>V\u00e1\u017een\u00e9 \u010dlenky, v\u00e1\u017een\u00ed \u010dlenov\u00e9 Neurofarmakologick\u00e9 sekce \u010cNS \u010cLS JEP,<\/p>\n<p>v\u00a0souvislosti s\u00a0pl\u00e1novan\u00fdmi elektronick\u00fdmi volbami do Neurofarmakologick\u00e9 sekce \u010cNS \u010cLS JEP, kter\u00e9 se budou konat 2. &#8211; 6.&nbsp;2.&nbsp;2026 V\u00e1s <strong>\u017e\u00e1d\u00e1me o&nbsp;zasl\u00e1n\u00ed nominace. <\/strong><\/p>\n<p>Ka\u017ed\u00fd \u0159\u00e1dn\u00fd \u010dlen Neurofarmakologick\u00e9 sekce \u010cNS \u010cLS JEP, m\u016f\u017ee navrhnout do v\u00fdboru kohokoliv z&nbsp;\u010dlen\u016f sekce (v\u010detn\u011b sebe). N\u00e1vrhy kandid\u00e1t\u016f je mo\u017en\u00e9 zas\u00edlat <strong>do<\/strong><strong> 23.&nbsp;1.&nbsp;2026<\/strong> na emailov\u00fd kontakt Sekretari\u00e1tu \u010cNS \u00a0<a href=\"mailto:sekretariat@czech-neuroc.uz\">sekretariat@czech-neuro.cz<\/a>\u00a0 a&nbsp;na email p\u0159edsedy volebn\u00ed komise: <a href=\"mailto:evzen.ruzicka@lf1.cuni.cz\">evzen.ruzicka@lf1.cuni.cz<\/a> \u00a0v kopii.\u00a0 Navrhov\u00e1n\u00ed kandid\u00e1t\u016f nen\u00ed anonymn\u00ed.<\/p>\n<p>Pros\u00edme v\u017edy uve\u010fte n\u00e1sleduj\u00edc\u00ed \u00fadaje:<\/p>\n<ul>\n<li>kandid\u00e1t\/navrhovan\u00fd (tituly, jm\u00e9no, p\u0159\u00edjmen\u00ed, e-mail\/telefon)<\/li>\n<li>navrhovatel (jm\u00e9no, p\u0159\u00edjmen\u00ed)<\/li>\n<\/ul>\n<p>V\u00a0p\u0159\u00edpad\u011b jak\u00fdchkoliv Va\u0161ich dotaz\u016f n\u00e1s nev\u00e1hejte kontaktovat emailem na\u00a0<a href=\"mailto:sekretariat@czech-neuro.cz%20\">sekretariat@czech-neuro.cz\u00a0<\/a>\u00a0nebo telefonicky na +420\u00a0720\u00a0967\u00a0147.<\/p>\n<p>P\u0159edem V\u00e1m d\u011bkujeme za spolupr\u00e1ci.<\/p>\n<p>Volebn\u00ed komise<br \/>\nProf. MUDr. Ev\u017een R\u016f\u017ei\u010dka, DrSc. &#8211; p\u0159edseda<br \/>\nMUDr. Lucie Pokorn\u00e1<br \/>\nMUDr. Anton\u00edn Trojan<\/p>\n<p>16.1.2026<\/p>\n<hr \/>\n<p><strong>Vyhl\u00e1\u0161en\u00ed voleb<\/strong><\/p>\n<p>V\u00e1\u017een\u00e9 \u010dlenky, v\u00e1\u017een\u00ed \u010dlenov\u00e9 Neurofarmakologick\u00e9 sekce \u010cNS \u010cLS JEP,<\/p>\n<p>informujeme V\u00e1s, \u017ee v\u00a0term\u00ednu 2.- 6.\u00a02.\u00a02026 budou prob\u00edhat elektronick\u00e9 volby do v\u00fdboru Neurofarmakologick\u00e9 sekce \u010cNS \u010cLS JEP. Volby budou prob\u00edhat ve spolupr\u00e1ci se sekretari\u00e1tem \u010cNS \u010cLS JEP. Samotn\u00fdm volb\u00e1m p\u0159edch\u00e1z\u00ed tvorba kandid\u00e1tn\u00ed listiny\/n\u00e1vrh kandidatur.<\/p>\n<p>Navrhovat kandid\u00e1ty, volit a\u00a0b\u00fdt volen mohou pouze \u0159\u00e1dn\u00ed \u010dlenov\u00e9 Neurofarmakologick\u00e9 sekce \u010cNS \u010cLS JEP, kte\u0159\u00ed se stali \u010dleny nejpozd\u011bji ke dni\u00a031.\u00a012.\u00a02025. Rozhoduj\u00edc\u00ed je seznam \u010dlen\u016f Centr\u00e1ln\u00ed evidence \u010dlen\u016f \u010cLS JEP.<\/p>\n<p><strong>1) N\u00e1vrhy kandidatur<\/strong><\/p>\n<p>N\u00e1vrhy kandidatur prob\u00edhaj\u00ed\u00a0<strong>19. \u2013 23.\u00a01.\u00a02026<\/strong><strong>.<\/strong>\u00a0Ka\u017ed\u00fd \u0159\u00e1dn\u00fd \u010dlen sekce m\u016f\u017ee navrhnout do v\u00fdboru kohokoliv z\u00a0\u010dlen\u016f Neurofarmakologick\u00e9 sekce \u010cNS \u010cLS JEP (v\u010detn\u011b sebe). N\u00e1vrhy kandid\u00e1t\u016f je mo\u017en\u00e9 zas\u00edlat do\u00a023.\u00a01.\u00a02026\u00a0na emailov\u00fd kontakt Sekretari\u00e1tu \u010cNS\u00a0<a href=\"mailto:sekretariat@czech-neuroc.uz\">sekretariat@czech-neuro.cz<\/a><u>\u00a0<\/u>a\u00a0na email p\u0159edsedy volebn\u00ed komise:\u00a0<a href=\"mailto:evzen.ruzicka@lf1.cuni.cz\">evzen.ruzicka@lf1.cuni.cz<\/a> v\u00a0kopii.\u00a0 Navrhov\u00e1n\u00ed kandid\u00e1t\u016f nen\u00ed anonymn\u00ed. Navr\u017een\u00ed kandid\u00e1ti budou vyzv\u00e1ni, aby se svou kandidaturou p\u00edsemn\u011b vyj\u00e1d\u0159it souhlas.\u00a0\u00a0Po uplynut\u00ed term\u00ednu pro zas\u00edl\u00e1n\u00ed n\u00e1vrhu kandid\u00e1t\u016f bude p\u0159\u00edjem kandidatur uzav\u0159en a\u00a0vznikne kandid\u00e1tn\u00ed listina. Kandid\u00e1tn\u00ed listina bude zve\u0159ejn\u011bna na webov\u00fdch str\u00e1nk\u00e1ch \u010cNS a\u00a0sekce do 29.\u00a01.\u00a02026.<\/p>\n<p><strong>2) Volba kandid\u00e1t\u016f<\/strong><\/p>\n<p>Samotn\u00e1 volba kandid\u00e1t\u016f bude prob\u00edhat elektronicky prost\u0159ednictv\u00edm volebn\u00edho syst\u00e9mu Election Runner v\u00a0obdob\u00ed\u00a0<strong>od 10:00 dne 2.\u00a02.\u00a02026<\/strong><strong>\u00a0do 10:00 dne 6.\u00a02.\u00a02026.\u00a0<\/strong>Pozv\u00e1nku k\u00a0elektronick\u00fdm volb\u00e1m V\u00e1m za\u0161leme na emailovou adresu, kter\u00e1 je evidov\u00e1na v\u00a0centr\u00e1ln\u00ed evidence \u010dlen\u016f \u010cLS JEP.\u00a0Doporu\u010dujeme se do on-line datab\u00e1ze p\u0159ihl\u00e1sit a\u00a0ov\u011b\u0159it si zadan\u00e9 kontaktn\u00ed \u00fadaje.<\/p>\n<p>Slo\u017een\u00ed v\u00fdboru sekce bude\u00a0<strong>9\u010dlen\u00e9<\/strong>. \u010cleny v\u00fdboru se stanou kandid\u00e1ti s\u00a0nejvy\u0161\u0161\u00edm po\u010dtem hlas\u016f. P\u0159i\u00a0rovnosti hlas\u016f rozhodne volebn\u00ed komise losem. V\u00fdsledky voleb budou zve\u0159ejn\u011bny do 13.\u00a02.\u00a02026 na webov\u00fdch str\u00e1nk\u00e1ch \u010cNS a\u00a0sekce.<\/p>\n<p>Na pr\u016fb\u011bh voleb lez pod\u00e1vat p\u00edsemnou st\u00ed\u017enost do jednoho m\u011bs\u00edce od vyhl\u00e1\u0161en\u00ed v\u00fdsledk\u016f.<\/p>\n<p>V p\u0159\u00edpad\u011b jak\u00fdchkoliv Va\u0161ich dotaz\u016f n\u00e1s nev\u00e1hejte kontaktovat emailem na <a href=\"mailto:sekretariat@czech-neuro.cz%20\">sekretariat@czech-neuro.cz\u00a0<\/a>\u00a0nebo telefonicky na +420\u00a0720\u00a0967\u00a0147.<\/p>\n<p>S p\u0159\u00e1telsk\u00fdm pozdravem<\/p>\n<p>Volebn\u00ed komise<\/p>\n<p>prof. MUDr. Ev\u017een R\u016f\u017ei\u010dka, DrSc. \u2013 p\u0159edseda<br \/>\nMUDr. Lucie Pokorn\u00e1<br \/>\nMUDr. Anton\u00edn Trojan<\/p>\n<p>2.1.2026<\/p>\n<hr \/>\n<p>V\u00e1\u017een\u00e9 \u010dlenky, v\u00e1\u017een\u00ed \u010dlenov\u00e9 Neurofarmakologick\u00e9 sekce \u010cNS \u010cLS JEP,<\/p>\n<p>dovolujeme si V\u00e1s informovat, \u017ee se v\u00a0nejbli\u017e\u0161\u00ed dob\u011b budou konat volby do v\u00fdboru sekce. Volby budou prob\u00edhat elektronicky ve spolupr\u00e1ci se sekretari\u00e1tem \u010cNS \u010cLS JEP.<\/p>\n<p>Navrhovat kandid\u00e1ty, volit a\u00a0b\u00fdt volen mohou pouze \u0159\u00e1dn\u00ed \u010dlenov\u00e9 Neurofarmakologick\u00e9 sekce \u010cNS \u010cLS JEP, kte\u0159\u00ed se stali \u010dleny sekce nejpozd\u011bji ke dni\u00a0<strong>31.&nbsp;12.&nbsp;2025<\/strong>. Rozhoduj\u00edc\u00ed je seznam \u010dlen\u016f Centr\u00e1ln\u00ed evidence \u010dlen\u016f \u010cLS JEP.<\/p>\n<p>Volebn\u00ed komise bude pracovat ve slo\u017een\u00ed: prof. MUDr. Ev\u017een R\u016f\u017ei\u010dka, DrSc., MUDr. Lucie Pokorn\u00e1, MUDr. Anton\u00edn Trojan<\/p>\n<p>Podrobn\u00e9 informace v\u010detn\u011b instrukc\u00ed V\u00e1m budou zasl\u00e1ny s\u00a0dostate\u010dn\u00fdm \u010dasov\u00fdm p\u0159edstihem.<\/p>\n<p><strong>Pros\u00edme o&nbsp;aktualizaci Va\u0161ich kontaktn\u00edch \u00fadaj\u016f, abychom V\u00e1m mohli zaslat pozv\u00e1nky k\u00a0volb\u00e1m. Doporu\u010dujeme se p\u0159ihl\u00e1sit do <\/strong><a href=\"https:\/\/databaze.cls.cz\/prihlaseni-clena\"><strong>on-line \u010dlensk\u00e9\u00a0 datab\u00e1ze<\/strong><\/a><strong> a&nbsp;ov\u011b\u0159it si \u010dlenstv\u00ed v&nbsp;sekci a&nbsp;zadan\u00e9 kontaktn\u00ed \u00fadaje. <\/strong><\/p>\n<p>Aktualizaci kontakt\u016f lze prov\u00e1d\u011bt tak\u00e9 v&nbsp;sou\u010dinnosti se sekretari\u00e1tem \u010cLS JEP, kontaktn\u00ed osoba:\u00a0 Dana Hanu\u0161ov\u00e1, telefon: +420&nbsp;224&nbsp;266&nbsp;223, +420&nbsp;773&nbsp;307&nbsp;009, e-mail:<a href=\"mailto:hanusova@cls.cz\">hanusova@cls.cz\u00a0<\/a>\u00a0nebo prost\u0159ednictv\u00edm <a href=\"https:\/\/databaze.cls.cz\/prihlaseni-clena\">on-line \u010dlensk\u00e9 datab\u00e1ze \u010cLS JEP<\/a> \u2013 viz n\u00e1vod:\u00a0 <a href=\"https:\/\/www.czech-neuro.cz\/aktualita\/online-pristup-do-databaze-cls-jep\/\">https:\/\/www.czech-neuro.cz\/aktualita\/online-pristup-do-databaze-cls-jep\/<\/a><\/p>\n<p>S p\u0159\u00e1telsk\u00fdm pozdravem<\/p>\n<p>V\u00fdbor Neurofarmakologick\u00e9 sekce \u010cNS \u010cLS JEP<br \/>\n15.12.2025<\/p>\n","protected":false},"excerpt":{"rendered":"<p>V\u00fdsledky voleb do v\u00fdboru Neurofarmakologick\u00e9 sekce \u010cNS \u010cLS JEP funk\u010dn\u00ed obdob\u00ed 2026 \u2013 2029 V\u00e1\u017een\u00e9 \u010dlenky, v\u00e1\u017een\u00ed \u010dlenov\u00e9 Neurofarmakologick\u00e9 sekce&#8230;<\/p>\n","protected":false},"author":23,"featured_media":0,"parent":910,"menu_order":0,"comment_status":"closed","ping_status":"closed","template":"","meta":{"_acf_changed":false,"_searchwp_excluded":"","kia_subtitle":"Volby do p\u0159edsednictva Neurofarmakologick\u00e9 sekce \u010cNS \u010cLS JEP","footnotes":""},"class_list":["post-15914","page","type-page","status-publish","hentry"],"acf":[],"yoast_head":"<!-- This site is optimized with the Yoast SEO Premium plugin v26.2 (Yoast SEO v26.2) - https:\/\/yoast.com\/wordpress\/plugins\/seo\/ -->\n<title>VOLBY - \u010cesk\u00e1 neurologick\u00e1 spole\u010dnost<\/title>\n<meta name=\"robots\" content=\"index, follow, max-snippet:-1, max-image-preview:large, max-video-preview:-1\" \/>\n<link rel=\"canonical\" href=\"https:\/\/www.czech-neuro.cz\/sekce\/sekce-neurofarmakologicka\/volby\/\" \/>\n<meta property=\"og:locale\" content=\"cs_CZ\" \/>\n<meta property=\"og:type\" content=\"article\" \/>\n<meta property=\"og:title\" content=\"VOLBY\" \/>\n<meta property=\"og:description\" content=\"V\u00fdsledky voleb do v\u00fdboru Neurofarmakologick\u00e9 sekce \u010cNS \u010cLS JEP funk\u010dn\u00ed obdob\u00ed 2026 \u2013 2029 V\u00e1\u017een\u00e9 \u010dlenky, v\u00e1\u017een\u00ed \u010dlenov\u00e9 Neurofarmakologick\u00e9 sekce...\" \/>\n<meta property=\"og:url\" content=\"https:\/\/www.czech-neuro.cz\/sekce\/sekce-neurofarmakologicka\/volby\/\" \/>\n<meta property=\"og:site_name\" content=\"\u010cesk\u00e1 neurologick\u00e1 spole\u010dnost\" \/>\n<meta property=\"article:modified_time\" content=\"2026-02-11T09:54:00+00:00\" \/>\n<meta name=\"twitter:card\" content=\"summary_large_image\" \/>\n<meta name=\"twitter:label1\" content=\"Odhadovan\u00e1 doba \u010dten\u00ed\" \/>\n\t<meta name=\"twitter:data1\" content=\"6 minut\" \/>\n<script type=\"application\/ld+json\" class=\"yoast-schema-graph\">{\"@context\":\"https:\/\/schema.org\",\"@graph\":[{\"@type\":\"WebPage\",\"@id\":\"https:\/\/www.czech-neuro.cz\/sekce\/sekce-neurofarmakologicka\/volby\/\",\"url\":\"https:\/\/www.czech-neuro.cz\/sekce\/sekce-neurofarmakologicka\/volby\/\",\"name\":\"VOLBY - \u010cesk\u00e1 neurologick\u00e1 spole\u010dnost\",\"isPartOf\":{\"@id\":\"https:\/\/www.czech-neuro.cz\/#website\"},\"datePublished\":\"2025-12-15T13:16:48+00:00\",\"dateModified\":\"2026-02-11T09:54:00+00:00\",\"breadcrumb\":{\"@id\":\"https:\/\/www.czech-neuro.cz\/sekce\/sekce-neurofarmakologicka\/volby\/#breadcrumb\"},\"inLanguage\":\"cs\",\"potentialAction\":[{\"@type\":\"ReadAction\",\"target\":[\"https:\/\/www.czech-neuro.cz\/sekce\/sekce-neurofarmakologicka\/volby\/\"]}]},{\"@type\":\"BreadcrumbList\",\"@id\":\"https:\/\/www.czech-neuro.cz\/sekce\/sekce-neurofarmakologicka\/volby\/#breadcrumb\",\"itemListElement\":[{\"@type\":\"ListItem\",\"position\":1,\"name\":\"Dom\u016f\",\"item\":\"https:\/\/www.czech-neuro.cz\/\"},{\"@type\":\"ListItem\",\"position\":2,\"name\":\"Sekce\",\"item\":\"https:\/\/www.czech-neuro.cz\/sekce\/\"},{\"@type\":\"ListItem\",\"position\":3,\"name\":\"Sekce neurofarmakologick\u00e1\",\"item\":\"https:\/\/www.czech-neuro.cz\/sekce\/sekce-neurofarmakologicka\/\"},{\"@type\":\"ListItem\",\"position\":4,\"name\":\"VOLBY\"}]},{\"@type\":\"WebSite\",\"@id\":\"https:\/\/www.czech-neuro.cz\/#website\",\"url\":\"https:\/\/www.czech-neuro.cz\/\",\"name\":\"\u010cesk\u00e1 neurologick\u00e1 spole\u010dnost\",\"description\":\"\u010cesk\u00e1 neurologick\u00e1 spole\u010dnost je odborn\u00e1 v\u011bdeck\u00e1 spole\u010dnost, jej\u00edm\u017e c\u00edlem je db\u00e1t o rozvoj neurologie jako v\u00fdznamn\u00e9 l\u00e9ka\u0159sk\u00e9 a v\u011bdeck\u00e9 discipliny v \u010cesk\u00e9 republice.\",\"potentialAction\":[{\"@type\":\"SearchAction\",\"target\":{\"@type\":\"EntryPoint\",\"urlTemplate\":\"https:\/\/www.czech-neuro.cz\/?s={search_term_string}\"},\"query-input\":{\"@type\":\"PropertyValueSpecification\",\"valueRequired\":true,\"valueName\":\"search_term_string\"}}],\"inLanguage\":\"cs\"}]}<\/script>\n<!-- \/ Yoast SEO Premium plugin. -->","yoast_head_json":{"title":"VOLBY - \u010cesk\u00e1 neurologick\u00e1 spole\u010dnost","robots":{"index":"index","follow":"follow","max-snippet":"max-snippet:-1","max-image-preview":"max-image-preview:large","max-video-preview":"max-video-preview:-1"},"canonical":"https:\/\/www.czech-neuro.cz\/sekce\/sekce-neurofarmakologicka\/volby\/","og_locale":"cs_CZ","og_type":"article","og_title":"VOLBY","og_description":"V\u00fdsledky voleb do v\u00fdboru Neurofarmakologick\u00e9 sekce \u010cNS \u010cLS JEP funk\u010dn\u00ed obdob\u00ed 2026 \u2013 2029 V\u00e1\u017een\u00e9 \u010dlenky, v\u00e1\u017een\u00ed \u010dlenov\u00e9 Neurofarmakologick\u00e9 sekce...","og_url":"https:\/\/www.czech-neuro.cz\/sekce\/sekce-neurofarmakologicka\/volby\/","og_site_name":"\u010cesk\u00e1 neurologick\u00e1 spole\u010dnost","article_modified_time":"2026-02-11T09:54:00+00:00","twitter_card":"summary_large_image","twitter_misc":{"Odhadovan\u00e1 doba \u010dten\u00ed":"6 minut"},"schema":{"@context":"https:\/\/schema.org","@graph":[{"@type":"WebPage","@id":"https:\/\/www.czech-neuro.cz\/sekce\/sekce-neurofarmakologicka\/volby\/","url":"https:\/\/www.czech-neuro.cz\/sekce\/sekce-neurofarmakologicka\/volby\/","name":"VOLBY - \u010cesk\u00e1 neurologick\u00e1 spole\u010dnost","isPartOf":{"@id":"https:\/\/www.czech-neuro.cz\/#website"},"datePublished":"2025-12-15T13:16:48+00:00","dateModified":"2026-02-11T09:54:00+00:00","breadcrumb":{"@id":"https:\/\/www.czech-neuro.cz\/sekce\/sekce-neurofarmakologicka\/volby\/#breadcrumb"},"inLanguage":"cs","potentialAction":[{"@type":"ReadAction","target":["https:\/\/www.czech-neuro.cz\/sekce\/sekce-neurofarmakologicka\/volby\/"]}]},{"@type":"BreadcrumbList","@id":"https:\/\/www.czech-neuro.cz\/sekce\/sekce-neurofarmakologicka\/volby\/#breadcrumb","itemListElement":[{"@type":"ListItem","position":1,"name":"Dom\u016f","item":"https:\/\/www.czech-neuro.cz\/"},{"@type":"ListItem","position":2,"name":"Sekce","item":"https:\/\/www.czech-neuro.cz\/sekce\/"},{"@type":"ListItem","position":3,"name":"Sekce neurofarmakologick\u00e1","item":"https:\/\/www.czech-neuro.cz\/sekce\/sekce-neurofarmakologicka\/"},{"@type":"ListItem","position":4,"name":"VOLBY"}]},{"@type":"WebSite","@id":"https:\/\/www.czech-neuro.cz\/#website","url":"https:\/\/www.czech-neuro.cz\/","name":"\u010cesk\u00e1 neurologick\u00e1 spole\u010dnost","description":"\u010cesk\u00e1 neurologick\u00e1 spole\u010dnost je odborn\u00e1 v\u011bdeck\u00e1 spole\u010dnost, jej\u00edm\u017e c\u00edlem je db\u00e1t o rozvoj neurologie jako v\u00fdznamn\u00e9 l\u00e9ka\u0159sk\u00e9 a v\u011bdeck\u00e9 discipliny v \u010cesk\u00e9 republice.","potentialAction":[{"@type":"SearchAction","target":{"@type":"EntryPoint","urlTemplate":"https:\/\/www.czech-neuro.cz\/?s={search_term_string}"},"query-input":{"@type":"PropertyValueSpecification","valueRequired":true,"valueName":"search_term_string"}}],"inLanguage":"cs"}]}},"lang":"cs","translations":{"cs":15914},"_links":{"self":[{"href":"https:\/\/www.czech-neuro.cz\/api\/wp\/v2\/pages\/15914","targetHints":{"allow":["GET"]}}],"collection":[{"href":"https:\/\/www.czech-neuro.cz\/api\/wp\/v2\/pages"}],"about":[{"href":"https:\/\/www.czech-neuro.cz\/api\/wp\/v2\/types\/page"}],"author":[{"embeddable":true,"href":"https:\/\/www.czech-neuro.cz\/api\/wp\/v2\/users\/23"}],"replies":[{"embeddable":true,"href":"https:\/\/www.czech-neuro.cz\/api\/wp\/v2\/comments?post=15914"}],"version-history":[{"count":10,"href":"https:\/\/www.czech-neuro.cz\/api\/wp\/v2\/pages\/15914\/revisions"}],"predecessor-version":[{"id":16155,"href":"https:\/\/www.czech-neuro.cz\/api\/wp\/v2\/pages\/15914\/revisions\/16155"}],"up":[{"embeddable":true,"href":"https:\/\/www.czech-neuro.cz\/api\/wp\/v2\/pages\/910"}],"wp:attachment":[{"href":"https:\/\/www.czech-neuro.cz\/api\/wp\/v2\/media?parent=15914"}],"curies":[{"name":"wp","href":"https:\/\/api.w.org\/{rel}","templated":true}]}}