{"id":13572,"date":"2023-09-23T11:14:38","date_gmt":"2023-09-23T09:14:38","guid":{"rendered":"https:\/\/www.czech-neuro.cz\/?page_id=13572"},"modified":"2023-10-03T10:09:51","modified_gmt":"2023-10-03T08:09:51","slug":"syndrom-neklidnych-nohou","status":"publish","type":"page","link":"https:\/\/www.czech-neuro.cz\/pro-pacienty\/syndrom-neklidnych-nohou\/","title":{"rendered":"Syndrom neklidn\u00fdch nohou"},"content":{"rendered":"<h4>Mezin\u00e1rodn\u00ed den Syndromu neklidn\u00fdch nohou &#8211; 23.9.<\/h4>\n<p>Den neklidn\u00fdch nohou se ka\u017edoro\u010dn\u011b p\u0159ipom\u00edn\u00e1 23.&nbsp;z\u00e1\u0159\u00ed, aby se zv\u00fd\u0161ila informovanost o&nbsp;tomto zdravotn\u00edm stavu nebo syndromu. Willisova-Ekbomova choroba je celo\u017eivotn\u00ed neurologick\u00e9 onemocn\u011bn\u00ed charakterizovan\u00e9 neukojitelnou touhou pohybovat nohama, aby se ulevilo od nep\u0159\u00edjemn\u00fdch pocit\u016f.<\/p>\n<p>Odborn\u00e1 spole\u010dnost <strong>European Restless Legs Syndrom Study Group<\/strong> vytvo\u0159ila informa\u010dn\u00ed video <a href=\"https:\/\/eurlssg.org\/index.php\/rls-information\">RLS Information (eurlssg.org)<\/a><\/p>\n<hr \/>\n<p><strong>O syndromu neklidn\u00fdch nohou (RLS)<\/strong><\/p>\n<p>Syndrom neklidn\u00fdch nohou (RLS) je senzomotorick\u00e1 porucha, kter\u00e1 je definov\u00e1na p\u0159\u00edtomnost\u00ed n\u00e1sleduj\u00edc\u00edch \u010dty\u0159 z\u00e1kladn\u00edch klinick\u00fdch krit\u00e9ri\u00ed:<\/p>\n<p>1. Nutk\u00e1n\u00ed pohybovat nohama nebo jin\u00fdmi \u010d\u00e1stmi t\u011bla doprov\u00e1zen\u00e9 nebo vyvolan\u00e9 nep\u0159\u00edjemn\u00fdmi pocity;<br \/>\n2. Nutk\u00e1n\u00ed k&nbsp;pohybu nebo nep\u0159\u00edjemn\u00e9 pocity se zvy\u0161uj\u00ed nebo zhor\u0161uj\u00ed b\u011bhem klidu nebo ne\u010dinnosti;<br \/>\n3. Nutk\u00e1n\u00ed k&nbsp;pohybu nebo nep\u0159\u00edjemn\u00e9 pocity jsou \u010d\u00e1ste\u010dn\u011b nebo zcela zm\u00edrn\u011bny pohybem;<br \/>\n4. Nutk\u00e1n\u00ed k&nbsp;pohybu nebo nep\u0159\u00edjemn\u00e9 pocity jsou hor\u0161\u00ed v&nbsp;noci nebo se objevuj\u00ed pouze v&nbsp;noci.<\/p>\n<p><strong>Podp\u016frn\u00e9 klinick\u00e9 p\u0159\u00edznaky<\/strong><br \/>\nExistuje n\u011bkolik podp\u016frn\u00fdch klinick\u00fdch p\u0159\u00edznak\u016f, kter\u00e9 mohou pomoci vy\u0159e\u0161it p\u0159\u00edpadnou diagnostickou nejistotu:<\/p>\n<p>Pozitivn\u00ed rodinn\u00e1 anamn\u00e9za; pozitivn\u00ed odpov\u011b\u010f na dopaminergn\u00ed l\u00e9\u010dbu; soub\u011b\u017en\u011b se vyskytuj\u00edc\u00ed periodick\u00e9 pohyby nohou (PLM) b\u011bhem bd\u011bn\u00ed nebo sp\u00e1nku.<\/p>\n<p><strong>P\u0159idru\u017een\u00e9 znaky<\/strong><br \/>\nExistuj\u00ed v\u00fdznamn\u00e9 klinick\u00e9 p\u0159\u00edznaky, kter\u00e9 byly identifikov\u00e1ny jako souvisej\u00edc\u00ed s&nbsp;RLS, a&nbsp;to n\u00e1sleduj\u00edc\u00ed:<\/p>\n<p>Neurologick\u00e9 vy\u0161et\u0159en\u00ed je u&nbsp;idiopatick\u00e9 nebo famili\u00e1rn\u00ed formy RLS norm\u00e1ln\u00ed, ale u&nbsp;star\u0161\u00ed, rychleji progreduj\u00edc\u00ed nefamili\u00e1rn\u00ed formy m\u016f\u017ee vykazovat zn\u00e1mky p\u0159idru\u017een\u00e9 perifern\u00ed neuropatie nebo radikulopatie; \u010dastou st\u00ed\u017enost\u00ed jsou poruchy sp\u00e1nku.<\/p>\n<p>Symptomy RLS maj\u00ed \u010dasto v\u00fdznamn\u00fd negativn\u00ed dopad na ka\u017edodenn\u00ed aktivity kv\u016fli naru\u0161en\u00ed sp\u00e1nku, kter\u00e9 zp\u016fsobuj\u00ed, a&nbsp;neschopnosti udr\u017eet se v&nbsp;klidu, co\u017e zp\u016fsobuje obt\u00ed\u017ee p\u0159i&nbsp;pr\u00e1ci, cestov\u00e1n\u00ed a&nbsp;spole\u010densk\u00fdch aktivit\u00e1ch.<\/p>\n<p>Celo\u017eivotn\u00ed prevalence RLS se v&nbsp;evropsk\u00fdch studi\u00edch pohybuje mezi 3-10&nbsp;% (3-6). Prevalence RLS v&nbsp;jihov\u00fdchodn\u00ed Evrop\u011b je o&nbsp;n\u011bco ni\u017e\u0161\u00ed: 3,2&nbsp;% v&nbsp;Turecku (7) a&nbsp;3,9&nbsp;% ve st\u0159edn\u00edm \u0158ecku (8). Mezi osobami s&nbsp;RLS v&nbsp;b\u011b\u017en\u00e9 populaci m\u00e1 35,4-66&nbsp;% st\u0159edn\u011b z\u00e1va\u017en\u00e9 a\u017e z\u00e1va\u017en\u00e9 p\u0159\u00edznaky (3,5,8-10).<\/p>\n<p>RLS m\u016f\u017ee b\u00fdt sekund\u00e1rn\u00ed nebo zhor\u0161en\u00fd \u0159adou onemocn\u011bn\u00ed, mezi n\u011b\u017e pat\u0159\u00ed nedostatek \u017eeleza, t\u011bhotenstv\u00ed, kone\u010dn\u00e9 stadium onemocn\u011bn\u00ed ledvin (ESRD), diabetes a&nbsp;revmatoidn\u00ed artritida, nebo s&nbsp;neurologick\u00fdmi poruchami, jako je perifern\u00ed neuropatie, radikulopatie, poruchy p\u00e1te\u0159e a&nbsp;r\u016fzn\u00e9 formy spinocerebel\u00e1rn\u00ed ataxie.<\/p>\n<p><strong>Algoritmy pro diagnostiku a&nbsp;l\u00e9\u010dbu syndromu neklidn\u00fdch nohou v&nbsp;prim\u00e1rn\u00ed p\u00e9\u010di<\/strong><\/p>\n<p>\u010cl\u00e1nek: <a href=\"http:\/\/www.ncbi.nlm.nih.gov\/pubmed\/21352569\" target=\"_blank\" rel=\"noopener\">http:\/\/www.ncbi.nlm.nih.gov\/pubmed\/21352569<\/a><br \/>\nPro usnadn\u011bn\u00ed hodnocen\u00ed z\u00e1va\u017enosti RLS a&nbsp;sledov\u00e1n\u00ed \u00fa\u010dinnosti l\u00e9\u010dby lze pou\u017e\u00edt jednoduch\u00fd sp\u00e1nkov\u00fd den\u00edk.\u00a0Kliknut\u00edm <a href=\"https:\/\/eurlssg.org\/downloads\/symptom_diary.pdf\" target=\"_blank\" rel=\"noopener\">sem si m\u016f\u017eete st\u00e1hnout \u0161ablonu den\u00edku.<\/a><\/p>\n<p><strong>Evropsk\u00fd doporu\u010den\u00fd postup<\/strong><br \/>\nKe sta\u017een\u00ed <a href=\"https:\/\/www.czech-neuro.cz\/content\/uploads\/2023\/10\/garcia-borreguero.eurjneurol.2012.efnsguidelines.pdf\" target=\"_blank\" rel=\"noopener\">ZDE<\/a><\/p>\n<p><strong>Reference:<\/strong><\/p>\n<p>1. Allen RP, Picchietti D, Hening WA, Trenkwalder C, Walters AS, Montplaisir J. Restless legs syndrome: diagnostic criteria, special considerations, and epidemiology. A&nbsp;report from the restless legs syndrome diagnosis and epidemiology workshop at the National Institutes of Health. Sleep Med 2003;4(2):101-119.<\/p>\n<p>2. Hening WA, Walters AS, Allen RP, Montplaisir J, Myers A, Ferini-Strambi L. Impact, diagnosis and treatment of restless legs syndrome (RLS) in a&nbsp;primary care population: the REST (RLS epidemiology, symptoms, and treatment) primary care study. Sleep Med 2004;5(3):237-246.<\/p>\n<p>3. H\u00f6gl B, Kiechl S, Willeit J, Saletu M, Frauscher B, Seppi K, et al. Restless legs syndrome: a&nbsp;community-based study of prevalence, severity, and risk factors. Neurology 2005;64(11):1920-1940.<\/p>\n<p>4. Tison F, Crochard A, Leger D, Bouee S, Lainey E, El Hasnaoui A. Epidemiology of restless legs syndrome in French adults: a&nbsp;nationwide survey: the INSTANT STudy. Neurology 2005;65(2):239-246.<\/p>\n<p>5. Bj\u00f6rvatn B, Leissner L, Ulfberg J, Gyring J, Karlsborg M, Regeur L, et al. Prevalence, severity and risk factors of restless legs syndrome in the general adult population in two Scandinavian countries. Sleep Med 2005;6(4):307-312.<\/p>\n<p>6. Berger K, Luedemann J, Trenkwalder C, John U, Kessler C. Sex and the risk of restless legs syndrome in the general population. Archives of Internal Medicine 2004;164(2):196-202.<\/p>\n<p>7. Sevim S, Dogu O, Camdeviren H, Bugdayci R, Sasmaz T, Kaleagasi H, et al. Unexpected low precalence and unusual characteristics of RLS in Mersin, Turkey. Neurology 2003;61(11):1562-1569.<\/p>\n<p>8. Hadjigeorgiou GM, Stefanidis I, Dardiotis E, Aggellakis K, Sakkas GK, Xiromerisiou G, et al. Low RLS prevalence and awareness in central Greece: an epidemiological survey. Eur J Neurol 2007;14(11):1275-1280.<\/p>\n<p>9. Ulfberg J, Bj\u00f6rvatn B, Leissner L, Gyring J, Karlsborg M, Regeur L, et al. Comorbidity in restless legs syndrome among a&nbsp;sample of Swedish adults. Sleep Med 2007;8(7-8):768-772.<\/p>\n<p>10. Ulfberg J, Nystrom B, Carter N, Edling C. Restless Legs Syndrome among working-aged women. Eur Neurol 2001;46(1):17-19.<\/p>\n","protected":false},"excerpt":{"rendered":"<p>Mezin\u00e1rodn\u00ed den Syndromu neklidn\u00fdch nohou &#8211; 23.9. Den neklidn\u00fdch nohou se ka\u017edoro\u010dn\u011b p\u0159ipom\u00edn\u00e1 23.&nbsp;z\u00e1\u0159\u00ed, aby se zv\u00fd\u0161ila informovanost o&nbsp;tomto zdravotn\u00edm&#8230;<\/p>\n","protected":false},"author":23,"featured_media":0,"parent":102,"menu_order":0,"comment_status":"closed","ping_status":"closed","template":"template-page-without-sidebar-content.php","meta":{"_acf_changed":false,"_searchwp_excluded":"","kia_subtitle":"","footnotes":""},"class_list":["post-13572","page","type-page","status-publish","hentry"],"acf":[],"yoast_head":"<!-- This site is optimized with the Yoast SEO Premium plugin v26.2 (Yoast SEO v26.2) - https:\/\/yoast.com\/wordpress\/plugins\/seo\/ -->\n<title>Syndrom neklidn\u00fdch nohou - \u010cesk\u00e1 neurologick\u00e1 spole\u010dnost<\/title>\n<meta name=\"robots\" content=\"index, follow, max-snippet:-1, max-image-preview:large, max-video-preview:-1\" \/>\n<link rel=\"canonical\" href=\"https:\/\/www.czech-neuro.cz\/pro-pacienty\/syndrom-neklidnych-nohou\/\" \/>\n<meta property=\"og:locale\" content=\"cs_CZ\" \/>\n<meta property=\"og:type\" content=\"article\" \/>\n<meta property=\"og:title\" content=\"Syndrom neklidn\u00fdch nohou\" \/>\n<meta property=\"og:description\" content=\"Mezin\u00e1rodn\u00ed den Syndromu neklidn\u00fdch nohou &#8211; 23.9. Den neklidn\u00fdch nohou se ka\u017edoro\u010dn\u011b p\u0159ipom\u00edn\u00e1 23.&nbsp;z\u00e1\u0159\u00ed, aby se zv\u00fd\u0161ila informovanost o&nbsp;tomto zdravotn\u00edm...\" \/>\n<meta property=\"og:url\" content=\"https:\/\/www.czech-neuro.cz\/pro-pacienty\/syndrom-neklidnych-nohou\/\" \/>\n<meta property=\"og:site_name\" content=\"\u010cesk\u00e1 neurologick\u00e1 spole\u010dnost\" \/>\n<meta property=\"article:modified_time\" content=\"2023-10-03T08:09:51+00:00\" \/>\n<meta name=\"twitter:card\" content=\"summary_large_image\" \/>\n<meta name=\"twitter:label1\" content=\"Odhadovan\u00e1 doba \u010dten\u00ed\" \/>\n\t<meta name=\"twitter:data1\" content=\"4 minuty\" \/>\n<script type=\"application\/ld+json\" class=\"yoast-schema-graph\">{\"@context\":\"https:\/\/schema.org\",\"@graph\":[{\"@type\":\"WebPage\",\"@id\":\"https:\/\/www.czech-neuro.cz\/pro-pacienty\/syndrom-neklidnych-nohou\/\",\"url\":\"https:\/\/www.czech-neuro.cz\/pro-pacienty\/syndrom-neklidnych-nohou\/\",\"name\":\"Syndrom neklidn\u00fdch nohou - \u010cesk\u00e1 neurologick\u00e1 spole\u010dnost\",\"isPartOf\":{\"@id\":\"https:\/\/www.czech-neuro.cz\/#website\"},\"datePublished\":\"2023-09-23T09:14:38+00:00\",\"dateModified\":\"2023-10-03T08:09:51+00:00\",\"breadcrumb\":{\"@id\":\"https:\/\/www.czech-neuro.cz\/pro-pacienty\/syndrom-neklidnych-nohou\/#breadcrumb\"},\"inLanguage\":\"cs\",\"potentialAction\":[{\"@type\":\"ReadAction\",\"target\":[\"https:\/\/www.czech-neuro.cz\/pro-pacienty\/syndrom-neklidnych-nohou\/\"]}]},{\"@type\":\"BreadcrumbList\",\"@id\":\"https:\/\/www.czech-neuro.cz\/pro-pacienty\/syndrom-neklidnych-nohou\/#breadcrumb\",\"itemListElement\":[{\"@type\":\"ListItem\",\"position\":1,\"name\":\"Dom\u016f\",\"item\":\"https:\/\/www.czech-neuro.cz\/\"},{\"@type\":\"ListItem\",\"position\":2,\"name\":\"Pro pacienty\",\"item\":\"https:\/\/www.czech-neuro.cz\/pro-pacienty\/\"},{\"@type\":\"ListItem\",\"position\":3,\"name\":\"Syndrom neklidn\u00fdch nohou\"}]},{\"@type\":\"WebSite\",\"@id\":\"https:\/\/www.czech-neuro.cz\/#website\",\"url\":\"https:\/\/www.czech-neuro.cz\/\",\"name\":\"\u010cesk\u00e1 neurologick\u00e1 spole\u010dnost\",\"description\":\"\u010cesk\u00e1 neurologick\u00e1 spole\u010dnost je odborn\u00e1 v\u011bdeck\u00e1 spole\u010dnost, jej\u00edm\u017e c\u00edlem je db\u00e1t o rozvoj neurologie jako v\u00fdznamn\u00e9 l\u00e9ka\u0159sk\u00e9 a v\u011bdeck\u00e9 discipliny v \u010cesk\u00e9 republice.\",\"potentialAction\":[{\"@type\":\"SearchAction\",\"target\":{\"@type\":\"EntryPoint\",\"urlTemplate\":\"https:\/\/www.czech-neuro.cz\/?s={search_term_string}\"},\"query-input\":{\"@type\":\"PropertyValueSpecification\",\"valueRequired\":true,\"valueName\":\"search_term_string\"}}],\"inLanguage\":\"cs\"}]}<\/script>\n<!-- \/ Yoast SEO Premium plugin. -->","yoast_head_json":{"title":"Syndrom neklidn\u00fdch nohou - \u010cesk\u00e1 neurologick\u00e1 spole\u010dnost","robots":{"index":"index","follow":"follow","max-snippet":"max-snippet:-1","max-image-preview":"max-image-preview:large","max-video-preview":"max-video-preview:-1"},"canonical":"https:\/\/www.czech-neuro.cz\/pro-pacienty\/syndrom-neklidnych-nohou\/","og_locale":"cs_CZ","og_type":"article","og_title":"Syndrom neklidn\u00fdch nohou","og_description":"Mezin\u00e1rodn\u00ed den Syndromu neklidn\u00fdch nohou &#8211; 23.9. Den neklidn\u00fdch nohou se ka\u017edoro\u010dn\u011b p\u0159ipom\u00edn\u00e1 23.&nbsp;z\u00e1\u0159\u00ed, aby se zv\u00fd\u0161ila informovanost o&nbsp;tomto zdravotn\u00edm...","og_url":"https:\/\/www.czech-neuro.cz\/pro-pacienty\/syndrom-neklidnych-nohou\/","og_site_name":"\u010cesk\u00e1 neurologick\u00e1 spole\u010dnost","article_modified_time":"2023-10-03T08:09:51+00:00","twitter_card":"summary_large_image","twitter_misc":{"Odhadovan\u00e1 doba \u010dten\u00ed":"4 minuty"},"schema":{"@context":"https:\/\/schema.org","@graph":[{"@type":"WebPage","@id":"https:\/\/www.czech-neuro.cz\/pro-pacienty\/syndrom-neklidnych-nohou\/","url":"https:\/\/www.czech-neuro.cz\/pro-pacienty\/syndrom-neklidnych-nohou\/","name":"Syndrom neklidn\u00fdch nohou - \u010cesk\u00e1 neurologick\u00e1 spole\u010dnost","isPartOf":{"@id":"https:\/\/www.czech-neuro.cz\/#website"},"datePublished":"2023-09-23T09:14:38+00:00","dateModified":"2023-10-03T08:09:51+00:00","breadcrumb":{"@id":"https:\/\/www.czech-neuro.cz\/pro-pacienty\/syndrom-neklidnych-nohou\/#breadcrumb"},"inLanguage":"cs","potentialAction":[{"@type":"ReadAction","target":["https:\/\/www.czech-neuro.cz\/pro-pacienty\/syndrom-neklidnych-nohou\/"]}]},{"@type":"BreadcrumbList","@id":"https:\/\/www.czech-neuro.cz\/pro-pacienty\/syndrom-neklidnych-nohou\/#breadcrumb","itemListElement":[{"@type":"ListItem","position":1,"name":"Dom\u016f","item":"https:\/\/www.czech-neuro.cz\/"},{"@type":"ListItem","position":2,"name":"Pro pacienty","item":"https:\/\/www.czech-neuro.cz\/pro-pacienty\/"},{"@type":"ListItem","position":3,"name":"Syndrom neklidn\u00fdch nohou"}]},{"@type":"WebSite","@id":"https:\/\/www.czech-neuro.cz\/#website","url":"https:\/\/www.czech-neuro.cz\/","name":"\u010cesk\u00e1 neurologick\u00e1 spole\u010dnost","description":"\u010cesk\u00e1 neurologick\u00e1 spole\u010dnost je odborn\u00e1 v\u011bdeck\u00e1 spole\u010dnost, jej\u00edm\u017e c\u00edlem je db\u00e1t o rozvoj neurologie jako v\u00fdznamn\u00e9 l\u00e9ka\u0159sk\u00e9 a v\u011bdeck\u00e9 discipliny v \u010cesk\u00e9 republice.","potentialAction":[{"@type":"SearchAction","target":{"@type":"EntryPoint","urlTemplate":"https:\/\/www.czech-neuro.cz\/?s={search_term_string}"},"query-input":{"@type":"PropertyValueSpecification","valueRequired":true,"valueName":"search_term_string"}}],"inLanguage":"cs"}]}},"lang":"cs","translations":{"cs":13572},"_links":{"self":[{"href":"https:\/\/www.czech-neuro.cz\/api\/wp\/v2\/pages\/13572","targetHints":{"allow":["GET"]}}],"collection":[{"href":"https:\/\/www.czech-neuro.cz\/api\/wp\/v2\/pages"}],"about":[{"href":"https:\/\/www.czech-neuro.cz\/api\/wp\/v2\/types\/page"}],"author":[{"embeddable":true,"href":"https:\/\/www.czech-neuro.cz\/api\/wp\/v2\/users\/23"}],"replies":[{"embeddable":true,"href":"https:\/\/www.czech-neuro.cz\/api\/wp\/v2\/comments?post=13572"}],"version-history":[{"count":6,"href":"https:\/\/www.czech-neuro.cz\/api\/wp\/v2\/pages\/13572\/revisions"}],"predecessor-version":[{"id":13592,"href":"https:\/\/www.czech-neuro.cz\/api\/wp\/v2\/pages\/13572\/revisions\/13592"}],"up":[{"embeddable":true,"href":"https:\/\/www.czech-neuro.cz\/api\/wp\/v2\/pages\/102"}],"wp:attachment":[{"href":"https:\/\/www.czech-neuro.cz\/api\/wp\/v2\/media?parent=13572"}],"curies":[{"name":"wp","href":"https:\/\/api.w.org\/{rel}","templated":true}]}}