{"id":13360,"date":"2023-06-27T16:19:05","date_gmt":"2023-06-27T14:19:05","guid":{"rendered":"https:\/\/www.czech-neuro.cz\/?page_id=13360"},"modified":"2026-03-05T17:24:13","modified_gmt":"2026-03-05T16:24:13","slug":"spankova-sekce","status":"publish","type":"page","link":"https:\/\/www.czech-neuro.cz\/sekce\/spankova-sekce\/","title":{"rendered":"Sekce sp\u00e1nkov\u00e1"},"content":{"rendered":"<p><strong>P\u0159edseda sekce:<\/strong><br \/>\nprof. MUDr. Karel \u0160onka, DrSc.<\/p>\n<p><strong>M\u00edstop\u0159edsedkyn\u011b sekce:<br \/>\n<\/strong>MUDr. Simona Dost\u00e1lov\u00e1, Ph.D.<\/p>\n<p><strong>\u010clenov\u00e9 sekce:<br \/>\n<\/strong>MUDr. Martin Pretl, CSc.<br \/>\nMUDr. Kate\u0159ina Seltenreichov\u00e1, Ph.D.<br \/>\nMUDr. Jana Slonkov\u00e1, Ph.D.<\/p>\n<p><strong>Funk\u010dn\u00ed obdob\u00ed v\u00fdboru<\/strong>: 5\/2024 \u2013 4\/2028<\/p>\n<hr \/>\n<p><strong>Pl\u00e1novan\u00e9 akce:\u00a0<\/strong><\/p>\n<p><span style=\"font-size: 14pt;\"><strong><span style=\"color: #f0c106; font-size: 18pt;\">NeuroSleep.cz &#8211; Pracovn\u00ed den sp\u00e1nkov\u00e9 sekce 2026<\/span><br \/>\n16.&nbsp;4.&nbsp;2026<\/strong>, P\u0159edn\u00e1\u0161kov\u00fd s\u00e1l L\u00e9ka\u0159sk\u00e9ho domu<br \/>\n<a href=\"https:\/\/www.czech-neuro.cz\/sekce\/spankova-sekce\/neurosleep-2026\/\" target=\"_blank\" rel=\"noopener\">www.neurosleep.cz\u00a0<\/a><\/span><\/p>\n<p>&nbsp;<\/p>\n<hr \/>\n<p>&nbsp;<\/p>\n<p><strong>Z\u00e1pisy ze sch\u016fze:\u00a0<\/strong><\/p>\n<p><a href=\"https:\/\/www.czech-neuro.cz\/content\/uploads\/2024\/06\/zapis-ze-schuze-vyboru-spankove-sekce-cns-jep-13052024.pdf\" target=\"_blank\" rel=\"noopener\">Z\u00e1pis ze sch\u016fze v\u00fdboru sp\u00e1nkov\u00e9 sekce 13.&nbsp;5.&nbsp;2024<\/a><\/p>\n<hr \/>\n<p><span id=\"docs-internal-guid-0198b9b5-7fff-3e1c-6734-69524e942ca7\">Sp\u00e1nek je z\u00e1kladn\u00ed fyziologick\u00e1 pot\u0159eba \u010dlov\u011bka a&nbsp;z\u00e1kladn\u00ed p\u0159edpoklad t\u011blesn\u00e9ho i&nbsp;du\u0161evn\u00edho zdrav\u00ed. Sp\u00e1nek je prim\u00e1rn\u011b funkc\u00ed mozku, nicm\u00e9n\u011b jeho nedostatek ovliv\u0148uje cel\u00fd organismus, m\u00e1 \u0161irok\u00fd dopad na neurologick\u00e9, metabolick\u00e9, kardiovaskul\u00e1rn\u00ed a&nbsp;imunitn\u00ed zdrav\u00ed, co\u017e n\u00e1sledn\u011b zvy\u0161uje riziko neurologick\u00fdch onemocn\u011bn\u00ed jako jsou nap\u0159.&nbsp;c\u00e9vn\u00ed mozkov\u00e9 p\u0159\u00edhody, neurodegenerativn\u00ed onemocn\u011bn\u00ed, nervosvalov\u00e1 onemocn\u011bn\u00ed a&nbsp;epilepsie. \u0158ada neurologick\u00fdch onemocn\u011bn\u00ed m\u00e1 z\u00e1sadn\u00ed vliv na kvalitu a&nbsp;kvantitu sp\u00e1nku a&nbsp;bd\u011bn\u00ed. Sou\u010dasn\u011b velk\u00e1 \u010d\u00e1st poruch sp\u00e1nku a&nbsp;bd\u011bn\u00ed prim\u00e1rn\u011b pat\u0159\u00ed mezi neurologick\u00e9 choroby. Neurologov\u00e9 b\u011b\u017en\u011b prov\u00e1d\u011bj\u00ed diagnostiku sp\u00e1nkov\u00fdch poruch a&nbsp;stanovuj\u00ed jejich l\u00e9\u010dbu.<\/span><\/p>\n<p><strong>Sp\u00e1nkov\u00e1 sekce \u010cNS \u010cLS<\/strong> <strong>JEP<\/strong> m\u00e1 z\u00e1jem sdru\u017eovat odborn\u00edky z&nbsp;oblasti sp\u00e1nkov\u00e9 medic\u00edny a&nbsp;z\u00e1jemce o&nbsp;sp\u00e1nek a&nbsp;jeho poruchy z&nbsp;\u0159ad \u010dlen\u016f \u010cNS a&nbsp;bude otev\u0159ena odborn\u00edk\u016fm a&nbsp;z\u00e1jemc\u016fm z&nbsp;dal\u0161\u00edch p\u0159\u00edbuzn\u00fdch obor\u016f, jako je psychiatrie, psychologie, neurofyziologie, chronobiologie, bioin\u017een\u00fdrstv\u00ed, o\u0161et\u0159ovatelstv\u00ed a&nbsp;student\u016fm l\u00e9ka\u0159stv\u00ed a&nbsp;p\u0159\u00edbuzn\u00fdch obor\u016f.<\/p>\n<p><strong>Posl\u00e1n\u00ed Sp\u00e1nkov\u00e9 sekce\u00a0<\/strong><\/p>\n<ul>\n<li>Sp\u00e1nkov\u00e1 sekce vytvo\u0159\u00ed z\u00e1kladnu pro p\u0159ed\u00e1v\u00e1n\u00ed informac\u00ed, rozv\u00edjen\u00ed znalost\u00ed o&nbsp;sp\u00e1nkov\u00e9m zdrav\u00ed, poruch\u00e1ch sp\u00e1nku a&nbsp;bd\u011bn\u00ed a&nbsp;o&nbsp;cirkadi\u00e1nn\u00edch rytmech v\u00a0neurologick\u00e9 komunit\u011b. Sp\u00e1nkov\u00e1 sekce bude posilovat postaven\u00ed oboru neurologie ve sp\u00e1nkov\u00e9 medic\u00edn\u011b.<\/li>\n<li>Sp\u00e1nkov\u00e1 sekce bude usilovat o&nbsp;vysokou \u00farove\u0148 prevence, diagnostiky a&nbsp;l\u00e9\u010dby sp\u00e1nkov\u00fdch poruch v\u010detn\u011b tvorby klinick\u00fdch standard\u016f\/doporu\u010den\u00fdch postup\u016f.<\/li>\n<li>Sp\u00e1nkov\u00e1 sekce bude podporovat klinick\u00fd a&nbsp;neurov\u011bdn\u00ed v\u00fdzkum sp\u00e1nku a&nbsp;bd\u011bn\u00ed.<\/li>\n<li>Sp\u00e1nkov\u00e1 sekce se bude pod\u00edlet na pregradu\u00e1ln\u00edm, postgradu\u00e1ln\u00edm a&nbsp;celo\u017eivotn\u00edm vzd\u011bl\u00e1v\u00e1n\u00ed o&nbsp;sp\u00e1nku a&nbsp;poruch\u00e1ch sp\u00e1nku v\u00a0neurologii i&nbsp;v&nbsp;oblasti neurov\u011bd.<\/li>\n<li>Sp\u00e1nkov\u00e1 sekce bude platformou pro komunikaci o&nbsp;sp\u00e1nku sm\u011brem k&nbsp;laick\u00e9 ve\u0159ejnosti a&nbsp;ke st\u00e1tn\u00edm org\u00e1n\u016fm.<\/li>\n<li>Sp\u00e1nkov\u00e1 sekce bude t\u011bsn\u011b spolupracovat s\u00a0v\u00fdborem a&nbsp;s&nbsp;ostatn\u00edmi sekcemi \u010cNS.<\/li>\n<li>Sp\u00e1nkov\u00e1 sekce bude spolupracovat s\u00a0\u010desk\u00fdmi odborn\u00fdmi spole\u010dnostmi, kter\u00e9 se zab\u00fdvaj\u00ed podobnou t\u00e9matikou.<\/li>\n<li>Sp\u00e1nkov\u00e1 sekce bude rozv\u00edjet mezin\u00e1rodn\u00ed spolupr\u00e1ci v&nbsp;oblasti sp\u00e1nkov\u00e9 medic\u00edny a&nbsp;neurologie s&nbsp;Evropskou neurologickou akademi\u00ed (EAN) a&nbsp;jej\u00edm v\u011bdeck\u00fdm panelem Nemoci sp\u00e1nku a&nbsp;bd\u011bn\u00ed, s&nbsp;Evropskou spole\u010dnost\u00ed pro v\u00fdzkum sp\u00e1nku (ESRS) a&nbsp;se Sv\u011btovou sp\u00e1nkovou spole\u010dnost\u00ed (WSS) a&nbsp;s&nbsp;jejich\u017e c\u00edli a&nbsp;posl\u00e1n\u00edm se ztoto\u017e\u0148uje.<\/li>\n<\/ul>\n<hr \/>\n<h2>P\u0159ihl\u00e1\u0161ka nov\u00fdch \u010dlen\u016f<\/h2>\n<p>V\u0161ichni p\u0159\u00edznivci a&nbsp;z\u00e1jemci o&nbsp;sp\u00e1nkovou medic\u00ednu jsou srde\u010dn\u011b v\u00edt\u00e1ni!<\/p>\n<p>Up\u0159es\u0148ujeme, \u017ee vzhledem k&nbsp;tomu, \u017ee Sp\u00e1nkov\u00e1 sekce je sou\u010d\u00e1st\u00ed \u010cesk\u00e9 neurologick\u00e9 spole\u010dnosti \u010cLS JEP (\u010cNS), je podm\u00ednkou \u010dlenstv\u00ed (s&nbsp;volebn\u00edm pr\u00e1vem) v&nbsp;\u010cNS.<\/p>\n<p><strong>Online formul\u00e1\u0159<\/strong> pro nov\u00e9 \u017e\u00e1dosti o&nbsp;\u010dlenstv\u00ed \u010di&nbsp;roz\u0161\u00ed\u0159en\u00ed \u010dlenstv\u00ed ve Sp\u00e1nkov\u00e9 sekci je k&nbsp;dispozici\u00a0 <a href=\"http:\/\/www.cls.cz\/online-registrace\" target=\"_blank\" rel=\"noopener\" data-saferedirecturl=\"https:\/\/www.google.com\/url?hl=cs&amp;q=http:\/\/www.cls.cz\/online-registrace&amp;source=gmail&amp;ust=1471977904382000&amp;usg=AFQjCNGL-CjfkfNnfjZ3k7JrpkGFe6NCjQ\">http:\/\/www.cls.cz\/online-registrace<\/a><\/p>\n","protected":false},"excerpt":{"rendered":"<p>P\u0159edseda sekce: prof. MUDr. Karel \u0160onka, DrSc. M\u00edstop\u0159edsedkyn\u011b sekce: MUDr. Simona Dost\u00e1lov\u00e1, Ph.D. \u010clenov\u00e9 sekce: MUDr. Martin Pretl, CSc. MUDr&#8230;.<\/p>\n","protected":false},"author":23,"featured_media":0,"parent":96,"menu_order":150,"comment_status":"closed","ping_status":"closed","template":"template-page-without-sidebar-content.php","meta":{"_acf_changed":false,"_searchwp_excluded":"","kia_subtitle":"","footnotes":""},"class_list":["post-13360","page","type-page","status-publish","hentry"],"acf":[],"yoast_head":"<!-- This site is optimized with the Yoast SEO Premium plugin v26.2 (Yoast SEO v26.2) - https:\/\/yoast.com\/wordpress\/plugins\/seo\/ -->\n<title>Sekce sp\u00e1nkov\u00e1 - \u010cesk\u00e1 neurologick\u00e1 spole\u010dnost<\/title>\n<meta name=\"robots\" content=\"index, follow, max-snippet:-1, max-image-preview:large, max-video-preview:-1\" \/>\n<link rel=\"canonical\" href=\"https:\/\/www.czech-neuro.cz\/sekce\/spankova-sekce\/\" \/>\n<meta property=\"og:locale\" content=\"cs_CZ\" \/>\n<meta property=\"og:type\" content=\"article\" \/>\n<meta property=\"og:title\" content=\"Sekce sp\u00e1nkov\u00e1\" \/>\n<meta property=\"og:description\" content=\"P\u0159edseda sekce: prof. MUDr. Karel \u0160onka, DrSc. M\u00edstop\u0159edsedkyn\u011b sekce: MUDr. Simona Dost\u00e1lov\u00e1, Ph.D. \u010clenov\u00e9 sekce: MUDr. Martin Pretl, CSc. MUDr....\" \/>\n<meta property=\"og:url\" content=\"https:\/\/www.czech-neuro.cz\/sekce\/spankova-sekce\/\" \/>\n<meta property=\"og:site_name\" content=\"\u010cesk\u00e1 neurologick\u00e1 spole\u010dnost\" \/>\n<meta property=\"article:modified_time\" content=\"2026-03-05T16:24:13+00:00\" \/>\n<meta name=\"twitter:card\" content=\"summary_large_image\" \/>\n<meta name=\"twitter:label1\" content=\"Odhadovan\u00e1 doba \u010dten\u00ed\" \/>\n\t<meta name=\"twitter:data1\" content=\"3 minuty\" \/>\n<script type=\"application\/ld+json\" class=\"yoast-schema-graph\">{\"@context\":\"https:\/\/schema.org\",\"@graph\":[{\"@type\":\"WebPage\",\"@id\":\"https:\/\/www.czech-neuro.cz\/sekce\/spankova-sekce\/\",\"url\":\"https:\/\/www.czech-neuro.cz\/sekce\/spankova-sekce\/\",\"name\":\"Sekce sp\u00e1nkov\u00e1 - \u010cesk\u00e1 neurologick\u00e1 spole\u010dnost\",\"isPartOf\":{\"@id\":\"https:\/\/www.czech-neuro.cz\/#website\"},\"datePublished\":\"2023-06-27T14:19:05+00:00\",\"dateModified\":\"2026-03-05T16:24:13+00:00\",\"breadcrumb\":{\"@id\":\"https:\/\/www.czech-neuro.cz\/sekce\/spankova-sekce\/#breadcrumb\"},\"inLanguage\":\"cs\",\"potentialAction\":[{\"@type\":\"ReadAction\",\"target\":[\"https:\/\/www.czech-neuro.cz\/sekce\/spankova-sekce\/\"]}]},{\"@type\":\"BreadcrumbList\",\"@id\":\"https:\/\/www.czech-neuro.cz\/sekce\/spankova-sekce\/#breadcrumb\",\"itemListElement\":[{\"@type\":\"ListItem\",\"position\":1,\"name\":\"Dom\u016f\",\"item\":\"https:\/\/www.czech-neuro.cz\/\"},{\"@type\":\"ListItem\",\"position\":2,\"name\":\"Sekce\",\"item\":\"https:\/\/www.czech-neuro.cz\/sekce\/\"},{\"@type\":\"ListItem\",\"position\":3,\"name\":\"Sekce sp\u00e1nkov\u00e1\"}]},{\"@type\":\"WebSite\",\"@id\":\"https:\/\/www.czech-neuro.cz\/#website\",\"url\":\"https:\/\/www.czech-neuro.cz\/\",\"name\":\"\u010cesk\u00e1 neurologick\u00e1 spole\u010dnost\",\"description\":\"\u010cesk\u00e1 neurologick\u00e1 spole\u010dnost je odborn\u00e1 v\u011bdeck\u00e1 spole\u010dnost, jej\u00edm\u017e c\u00edlem je db\u00e1t o rozvoj neurologie jako v\u00fdznamn\u00e9 l\u00e9ka\u0159sk\u00e9 a v\u011bdeck\u00e9 discipliny v \u010cesk\u00e9 republice.\",\"potentialAction\":[{\"@type\":\"SearchAction\",\"target\":{\"@type\":\"EntryPoint\",\"urlTemplate\":\"https:\/\/www.czech-neuro.cz\/?s={search_term_string}\"},\"query-input\":{\"@type\":\"PropertyValueSpecification\",\"valueRequired\":true,\"valueName\":\"search_term_string\"}}],\"inLanguage\":\"cs\"}]}<\/script>\n<!-- \/ Yoast SEO Premium plugin. -->","yoast_head_json":{"title":"Sekce sp\u00e1nkov\u00e1 - \u010cesk\u00e1 neurologick\u00e1 spole\u010dnost","robots":{"index":"index","follow":"follow","max-snippet":"max-snippet:-1","max-image-preview":"max-image-preview:large","max-video-preview":"max-video-preview:-1"},"canonical":"https:\/\/www.czech-neuro.cz\/sekce\/spankova-sekce\/","og_locale":"cs_CZ","og_type":"article","og_title":"Sekce sp\u00e1nkov\u00e1","og_description":"P\u0159edseda sekce: prof. MUDr. Karel \u0160onka, DrSc. M\u00edstop\u0159edsedkyn\u011b sekce: MUDr. Simona Dost\u00e1lov\u00e1, Ph.D. \u010clenov\u00e9 sekce: MUDr. Martin Pretl, CSc. MUDr....","og_url":"https:\/\/www.czech-neuro.cz\/sekce\/spankova-sekce\/","og_site_name":"\u010cesk\u00e1 neurologick\u00e1 spole\u010dnost","article_modified_time":"2026-03-05T16:24:13+00:00","twitter_card":"summary_large_image","twitter_misc":{"Odhadovan\u00e1 doba \u010dten\u00ed":"3 minuty"},"schema":{"@context":"https:\/\/schema.org","@graph":[{"@type":"WebPage","@id":"https:\/\/www.czech-neuro.cz\/sekce\/spankova-sekce\/","url":"https:\/\/www.czech-neuro.cz\/sekce\/spankova-sekce\/","name":"Sekce sp\u00e1nkov\u00e1 - \u010cesk\u00e1 neurologick\u00e1 spole\u010dnost","isPartOf":{"@id":"https:\/\/www.czech-neuro.cz\/#website"},"datePublished":"2023-06-27T14:19:05+00:00","dateModified":"2026-03-05T16:24:13+00:00","breadcrumb":{"@id":"https:\/\/www.czech-neuro.cz\/sekce\/spankova-sekce\/#breadcrumb"},"inLanguage":"cs","potentialAction":[{"@type":"ReadAction","target":["https:\/\/www.czech-neuro.cz\/sekce\/spankova-sekce\/"]}]},{"@type":"BreadcrumbList","@id":"https:\/\/www.czech-neuro.cz\/sekce\/spankova-sekce\/#breadcrumb","itemListElement":[{"@type":"ListItem","position":1,"name":"Dom\u016f","item":"https:\/\/www.czech-neuro.cz\/"},{"@type":"ListItem","position":2,"name":"Sekce","item":"https:\/\/www.czech-neuro.cz\/sekce\/"},{"@type":"ListItem","position":3,"name":"Sekce sp\u00e1nkov\u00e1"}]},{"@type":"WebSite","@id":"https:\/\/www.czech-neuro.cz\/#website","url":"https:\/\/www.czech-neuro.cz\/","name":"\u010cesk\u00e1 neurologick\u00e1 spole\u010dnost","description":"\u010cesk\u00e1 neurologick\u00e1 spole\u010dnost je odborn\u00e1 v\u011bdeck\u00e1 spole\u010dnost, jej\u00edm\u017e c\u00edlem je db\u00e1t o rozvoj neurologie jako v\u00fdznamn\u00e9 l\u00e9ka\u0159sk\u00e9 a v\u011bdeck\u00e9 discipliny v \u010cesk\u00e9 republice.","potentialAction":[{"@type":"SearchAction","target":{"@type":"EntryPoint","urlTemplate":"https:\/\/www.czech-neuro.cz\/?s={search_term_string}"},"query-input":{"@type":"PropertyValueSpecification","valueRequired":true,"valueName":"search_term_string"}}],"inLanguage":"cs"}]}},"lang":"cs","translations":{"cs":13360},"_links":{"self":[{"href":"https:\/\/www.czech-neuro.cz\/api\/wp\/v2\/pages\/13360","targetHints":{"allow":["GET"]}}],"collection":[{"href":"https:\/\/www.czech-neuro.cz\/api\/wp\/v2\/pages"}],"about":[{"href":"https:\/\/www.czech-neuro.cz\/api\/wp\/v2\/types\/page"}],"author":[{"embeddable":true,"href":"https:\/\/www.czech-neuro.cz\/api\/wp\/v2\/users\/23"}],"replies":[{"embeddable":true,"href":"https:\/\/www.czech-neuro.cz\/api\/wp\/v2\/comments?post=13360"}],"version-history":[{"count":21,"href":"https:\/\/www.czech-neuro.cz\/api\/wp\/v2\/pages\/13360\/revisions"}],"predecessor-version":[{"id":16221,"href":"https:\/\/www.czech-neuro.cz\/api\/wp\/v2\/pages\/13360\/revisions\/16221"}],"up":[{"embeddable":true,"href":"https:\/\/www.czech-neuro.cz\/api\/wp\/v2\/pages\/96"}],"wp:attachment":[{"href":"https:\/\/www.czech-neuro.cz\/api\/wp\/v2\/media?parent=13360"}],"curies":[{"name":"wp","href":"https:\/\/api.w.org\/{rel}","templated":true}]}}