{"id":12544,"date":"2022-04-21T14:40:51","date_gmt":"2022-04-21T12:40:51","guid":{"rendered":"https:\/\/www.czech-neuro.cz\/?page_id=12544"},"modified":"2022-04-21T14:42:57","modified_gmt":"2022-04-21T12:42:57","slug":"34-cesky-a-slovensky-neurologicky-sjezd","status":"publish","type":"page","link":"https:\/\/www.czech-neuro.cz\/odborne-akce\/fotogalerie\/34-cesky-a-slovensky-neurologicky-sjezd\/","title":{"rendered":"34.&nbsp;\u010desk\u00fd a&nbsp;slovensk\u00fd neurologick\u00fd sjezd"},"content":{"rendered":"<div id='gallery-1' class='thumbnails gallery galleryid-12560 gallery-columns-3 gallery-size-thumbnail' itemscope itemtype='http:\/\/schema.org\/ImageGallery'>\n<div class=\"grid\">\n<div class='grid-item 1\/2 mt- mb- md-1\/3'><div class='thumbnail'><figure class='gallery-item' itemprop='associatedMedia' itemscope itemtype='http:\/\/schema.org\/ImageObject'>\n                    <div class='gallery-icon landscape'>\n                        <a target=\"_blank\" rel=\"gallery-12546\" href='https:\/\/www.czech-neuro.cz\/odborne-akce\/fotogalerie\/34-cesky-a-slovensky-neurologicky-sjezd\/img_6411\/'><img loading=\"lazy\" decoding=\"async\" width=\"150\" height=\"150\" src=\"https:\/\/www.czech-neuro.cz\/content\/uploads\/2022\/04\/img_6411-150x150.jpg\" class=\"attachment-thumbnail size-thumbnail\" alt=\"\" srcset=\"https:\/\/www.czech-neuro.cz\/content\/uploads\/2022\/04\/img_6411-150x150.jpg 150w, https:\/\/www.czech-neuro.cz\/content\/uploads\/2022\/04\/img_6411-100x100.jpg 100w\" sizes=\"auto, (max-width: 150px) 100vw, 150px\" itemprop=\"thumbnail\" \/><\/a>\n                        <meta itemprop='width' content='2102'>\n                        <meta itemprop='height' content='1500'>\n                    <\/div><\/figure><\/div><\/div>\n\n<div class='grid-item 1\/2 mt- mb- md-1\/3'><div class='thumbnail'><figure class='gallery-item' itemprop='associatedMedia' itemscope itemtype='http:\/\/schema.org\/ImageObject'>\n                    <div class='gallery-icon landscape'>\n                        <a target=\"_blank\" rel=\"gallery-12547\" href='https:\/\/www.czech-neuro.cz\/odborne-akce\/fotogalerie\/34-cesky-a-slovensky-neurologicky-sjezd\/img_6419\/'><img loading=\"lazy\" decoding=\"async\" width=\"150\" height=\"150\" src=\"https:\/\/www.czech-neuro.cz\/content\/uploads\/2022\/04\/img_6419-150x150.jpg\" class=\"attachment-thumbnail size-thumbnail\" alt=\"\" srcset=\"https:\/\/www.czech-neuro.cz\/content\/uploads\/2022\/04\/img_6419-150x150.jpg 150w, https:\/\/www.czech-neuro.cz\/content\/uploads\/2022\/04\/img_6419-100x100.jpg 100w\" sizes=\"auto, (max-width: 150px) 100vw, 150px\" itemprop=\"thumbnail\" \/><\/a>\n                        <meta itemprop='width' content='2102'>\n                        <meta itemprop='height' content='1500'>\n                    <\/div><\/figure><\/div><\/div>\n\n<div class='grid-item 1\/2 mt- mb- md-1\/3'><div class='thumbnail'><figure class='gallery-item' itemprop='associatedMedia' itemscope itemtype='http:\/\/schema.org\/ImageObject'>\n                    <div class='gallery-icon portrait'>\n                        <a target=\"_blank\" rel=\"gallery-12548\" href='https:\/\/www.czech-neuro.cz\/odborne-akce\/fotogalerie\/34-cesky-a-slovensky-neurologicky-sjezd\/img_6431\/'><img loading=\"lazy\" decoding=\"async\" width=\"150\" height=\"150\" src=\"https:\/\/www.czech-neuro.cz\/content\/uploads\/2022\/04\/img_6431-150x150.jpg\" class=\"attachment-thumbnail size-thumbnail\" alt=\"\" srcset=\"https:\/\/www.czech-neuro.cz\/content\/uploads\/2022\/04\/img_6431-150x150.jpg 150w, https:\/\/www.czech-neuro.cz\/content\/uploads\/2022\/04\/img_6431-100x100.jpg 100w\" sizes=\"auto, (max-width: 150px) 100vw, 150px\" itemprop=\"thumbnail\" \/><\/a>\n                        <meta itemprop='width' content='1500'>\n                        <meta itemprop='height' content='2102'>\n                    <\/div><\/figure><\/div><\/div>\n\n<div class='grid-item 1\/2 mt- mb- md-1\/3'><div class='thumbnail'><figure class='gallery-item' itemprop='associatedMedia' itemscope itemtype='http:\/\/schema.org\/ImageObject'>\n                    <div class='gallery-icon landscape'>\n                        <a target=\"_blank\" rel=\"gallery-12549\" href='https:\/\/www.czech-neuro.cz\/odborne-akce\/fotogalerie\/34-cesky-a-slovensky-neurologicky-sjezd\/img_6469\/'><img loading=\"lazy\" decoding=\"async\" width=\"150\" height=\"150\" src=\"https:\/\/www.czech-neuro.cz\/content\/uploads\/2022\/04\/img_6469-150x150.jpg\" class=\"attachment-thumbnail size-thumbnail\" alt=\"\" srcset=\"https:\/\/www.czech-neuro.cz\/content\/uploads\/2022\/04\/img_6469-150x150.jpg 150w, https:\/\/www.czech-neuro.cz\/content\/uploads\/2022\/04\/img_6469-100x100.jpg 100w\" sizes=\"auto, (max-width: 150px) 100vw, 150px\" itemprop=\"thumbnail\" \/><\/a>\n                        <meta itemprop='width' content='2102'>\n                        <meta itemprop='height' content='1500'>\n                    <\/div><\/figure><\/div><\/div>\n\n<div class='grid-item 1\/2 mt- mb- md-1\/3'><div class='thumbnail'><figure class='gallery-item' itemprop='associatedMedia' itemscope itemtype='http:\/\/schema.org\/ImageObject'>\n                    <div class='gallery-icon landscape'>\n                        <a target=\"_blank\" rel=\"gallery-12550\" href='https:\/\/www.czech-neuro.cz\/odborne-akce\/fotogalerie\/34-cesky-a-slovensky-neurologicky-sjezd\/img_6476\/'><img loading=\"lazy\" decoding=\"async\" width=\"150\" height=\"150\" src=\"https:\/\/www.czech-neuro.cz\/content\/uploads\/2022\/04\/img_6476-150x150.jpg\" class=\"attachment-thumbnail size-thumbnail\" alt=\"\" srcset=\"https:\/\/www.czech-neuro.cz\/content\/uploads\/2022\/04\/img_6476-150x150.jpg 150w, https:\/\/www.czech-neuro.cz\/content\/uploads\/2022\/04\/img_6476-100x100.jpg 100w\" sizes=\"auto, (max-width: 150px) 100vw, 150px\" itemprop=\"thumbnail\" \/><\/a>\n                        <meta itemprop='width' content='2102'>\n                        <meta itemprop='height' content='1500'>\n                    <\/div><\/figure><\/div><\/div>\n\n<div class='grid-item 1\/2 mt- mb- md-1\/3'><div class='thumbnail'><figure class='gallery-item' itemprop='associatedMedia' itemscope itemtype='http:\/\/schema.org\/ImageObject'>\n                    <div class='gallery-icon landscape'>\n                        <a target=\"_blank\" rel=\"gallery-12551\" href='https:\/\/www.czech-neuro.cz\/odborne-akce\/fotogalerie\/34-cesky-a-slovensky-neurologicky-sjezd\/img_6480\/'><img loading=\"lazy\" decoding=\"async\" width=\"150\" height=\"150\" src=\"https:\/\/www.czech-neuro.cz\/content\/uploads\/2022\/04\/img_6480-150x150.jpg\" class=\"attachment-thumbnail size-thumbnail\" alt=\"\" srcset=\"https:\/\/www.czech-neuro.cz\/content\/uploads\/2022\/04\/img_6480-150x150.jpg 150w, https:\/\/www.czech-neuro.cz\/content\/uploads\/2022\/04\/img_6480-100x100.jpg 100w\" sizes=\"auto, (max-width: 150px) 100vw, 150px\" itemprop=\"thumbnail\" \/><\/a>\n                        <meta itemprop='width' content='2102'>\n                        <meta itemprop='height' content='1500'>\n                    <\/div><\/figure><\/div><\/div>\n\n<div class='grid-item 1\/2 mt- mb- md-1\/3'><div class='thumbnail'><figure class='gallery-item' itemprop='associatedMedia' itemscope itemtype='http:\/\/schema.org\/ImageObject'>\n                    <div class='gallery-icon landscape'>\n                        <a target=\"_blank\" rel=\"gallery-12552\" href='https:\/\/www.czech-neuro.cz\/odborne-akce\/fotogalerie\/34-cesky-a-slovensky-neurologicky-sjezd\/img_6488\/'><img loading=\"lazy\" decoding=\"async\" width=\"150\" height=\"150\" src=\"https:\/\/www.czech-neuro.cz\/content\/uploads\/2022\/04\/img_6488-150x150.jpg\" class=\"attachment-thumbnail size-thumbnail\" alt=\"\" srcset=\"https:\/\/www.czech-neuro.cz\/content\/uploads\/2022\/04\/img_6488-150x150.jpg 150w, https:\/\/www.czech-neuro.cz\/content\/uploads\/2022\/04\/img_6488-100x100.jpg 100w\" sizes=\"auto, (max-width: 150px) 100vw, 150px\" itemprop=\"thumbnail\" \/><\/a>\n                        <meta itemprop='width' content='2102'>\n                        <meta itemprop='height' content='1500'>\n                    <\/div><\/figure><\/div><\/div>\n\n<div class='grid-item 1\/2 mt- mb- md-1\/3'><div class='thumbnail'><figure class='gallery-item' itemprop='associatedMedia' itemscope itemtype='http:\/\/schema.org\/ImageObject'>\n                    <div class='gallery-icon landscape'>\n                        <a target=\"_blank\" rel=\"gallery-12553\" href='https:\/\/www.czech-neuro.cz\/odborne-akce\/fotogalerie\/34-cesky-a-slovensky-neurologicky-sjezd\/img_6735\/'><img loading=\"lazy\" decoding=\"async\" width=\"150\" height=\"150\" src=\"https:\/\/www.czech-neuro.cz\/content\/uploads\/2022\/04\/img_6735-150x150.jpg\" class=\"attachment-thumbnail size-thumbnail\" alt=\"\" srcset=\"https:\/\/www.czech-neuro.cz\/content\/uploads\/2022\/04\/img_6735-150x150.jpg 150w, https:\/\/www.czech-neuro.cz\/content\/uploads\/2022\/04\/img_6735-100x100.jpg 100w\" sizes=\"auto, (max-width: 150px) 100vw, 150px\" itemprop=\"thumbnail\" \/><\/a>\n                        <meta itemprop='width' content='2102'>\n                        <meta itemprop='height' content='1500'>\n                    <\/div><\/figure><\/div><\/div>\n\n<div class='grid-item 1\/2 mt- mb- md-1\/3'><div class='thumbnail'><figure class='gallery-item' itemprop='associatedMedia' itemscope itemtype='http:\/\/schema.org\/ImageObject'>\n                    <div class='gallery-icon landscape'>\n                        <a target=\"_blank\" rel=\"gallery-12554\" href='https:\/\/www.czech-neuro.cz\/odborne-akce\/fotogalerie\/34-cesky-a-slovensky-neurologicky-sjezd\/img_6792\/'><img loading=\"lazy\" decoding=\"async\" width=\"150\" height=\"150\" src=\"https:\/\/www.czech-neuro.cz\/content\/uploads\/2022\/04\/img_6792-150x150.jpg\" class=\"attachment-thumbnail size-thumbnail\" alt=\"\" srcset=\"https:\/\/www.czech-neuro.cz\/content\/uploads\/2022\/04\/img_6792-150x150.jpg 150w, https:\/\/www.czech-neuro.cz\/content\/uploads\/2022\/04\/img_6792-100x100.jpg 100w\" sizes=\"auto, (max-width: 150px) 100vw, 150px\" itemprop=\"thumbnail\" \/><\/a>\n                        <meta itemprop='width' content='2102'>\n                        <meta itemprop='height' content='1500'>\n                    <\/div><\/figure><\/div><\/div>\n\n<div class='grid-item 1\/2 mt- mb- md-1\/3'><div class='thumbnail'><figure class='gallery-item' itemprop='associatedMedia' itemscope itemtype='http:\/\/schema.org\/ImageObject'>\n                    <div class='gallery-icon landscape'>\n                        <a target=\"_blank\" rel=\"gallery-12555\" href='https:\/\/www.czech-neuro.cz\/odborne-akce\/fotogalerie\/34-cesky-a-slovensky-neurologicky-sjezd\/img_6826\/'><img loading=\"lazy\" decoding=\"async\" width=\"150\" height=\"150\" src=\"https:\/\/www.czech-neuro.cz\/content\/uploads\/2022\/04\/img_6826-150x150.jpg\" class=\"attachment-thumbnail size-thumbnail\" alt=\"\" srcset=\"https:\/\/www.czech-neuro.cz\/content\/uploads\/2022\/04\/img_6826-150x150.jpg 150w, https:\/\/www.czech-neuro.cz\/content\/uploads\/2022\/04\/img_6826-100x100.jpg 100w\" sizes=\"auto, (max-width: 150px) 100vw, 150px\" itemprop=\"thumbnail\" \/><\/a>\n                        <meta itemprop='width' content='2560'>\n                        <meta itemprop='height' content='1827'>\n                    <\/div><\/figure><\/div><\/div>\n\n<div class='grid-item 1\/2 mt- mb- md-1\/3'><div class='thumbnail'><figure class='gallery-item' itemprop='associatedMedia' itemscope itemtype='http:\/\/schema.org\/ImageObject'>\n                    <div class='gallery-icon landscape'>\n                        <a target=\"_blank\" rel=\"gallery-12556\" href='https:\/\/www.czech-neuro.cz\/odborne-akce\/fotogalerie\/34-cesky-a-slovensky-neurologicky-sjezd\/img_7001\/'><img loading=\"lazy\" decoding=\"async\" width=\"150\" height=\"150\" src=\"https:\/\/www.czech-neuro.cz\/content\/uploads\/2022\/04\/img_7001-150x150.jpg\" class=\"attachment-thumbnail size-thumbnail\" alt=\"\" srcset=\"https:\/\/www.czech-neuro.cz\/content\/uploads\/2022\/04\/img_7001-150x150.jpg 150w, https:\/\/www.czech-neuro.cz\/content\/uploads\/2022\/04\/img_7001-100x100.jpg 100w\" sizes=\"auto, (max-width: 150px) 100vw, 150px\" itemprop=\"thumbnail\" \/><\/a>\n                        <meta itemprop='width' content='2102'>\n                        <meta itemprop='height' content='1500'>\n                    <\/div><\/figure><\/div><\/div>\n\n<div class='grid-item 1\/2 mt- mb- md-1\/3'><div class='thumbnail'><figure class='gallery-item' itemprop='associatedMedia' itemscope itemtype='http:\/\/schema.org\/ImageObject'>\n                    <div class='gallery-icon landscape'>\n                        <a target=\"_blank\" rel=\"gallery-12557\" href='https:\/\/www.czech-neuro.cz\/odborne-akce\/fotogalerie\/34-cesky-a-slovensky-neurologicky-sjezd\/img_7028\/'><img loading=\"lazy\" decoding=\"async\" width=\"150\" height=\"150\" src=\"https:\/\/www.czech-neuro.cz\/content\/uploads\/2022\/04\/img_7028-150x150.jpg\" class=\"attachment-thumbnail size-thumbnail\" alt=\"\" srcset=\"https:\/\/www.czech-neuro.cz\/content\/uploads\/2022\/04\/img_7028-150x150.jpg 150w, https:\/\/www.czech-neuro.cz\/content\/uploads\/2022\/04\/img_7028-100x100.jpg 100w\" sizes=\"auto, (max-width: 150px) 100vw, 150px\" itemprop=\"thumbnail\" \/><\/a>\n                        <meta itemprop='width' content='2102'>\n                        <meta itemprop='height' content='1500'>\n                    <\/div><\/figure><\/div><\/div>\n\n<div class='grid-item 1\/2 mt- mb- md-1\/3'><div class='thumbnail'><figure class='gallery-item' itemprop='associatedMedia' itemscope itemtype='http:\/\/schema.org\/ImageObject'>\n                    <div class='gallery-icon landscape'>\n                        <a target=\"_blank\" rel=\"gallery-12559\" href='https:\/\/www.czech-neuro.cz\/odborne-akce\/fotogalerie\/34-cesky-a-slovensky-neurologicky-sjezd\/cns_schuze-vyboru-05-2\/'><img loading=\"lazy\" decoding=\"async\" width=\"150\" height=\"150\" src=\"https:\/\/www.czech-neuro.cz\/content\/uploads\/2022\/04\/cns_schuze-vyboru-05-1-150x150.jpg\" class=\"attachment-thumbnail size-thumbnail\" alt=\"\" srcset=\"https:\/\/www.czech-neuro.cz\/content\/uploads\/2022\/04\/cns_schuze-vyboru-05-1-150x150.jpg 150w, https:\/\/www.czech-neuro.cz\/content\/uploads\/2022\/04\/cns_schuze-vyboru-05-1-100x100.jpg 100w\" sizes=\"auto, (max-width: 150px) 100vw, 150px\" itemprop=\"thumbnail\" \/><\/a>\n                        <meta itemprop='width' content='2102'>\n                        <meta itemprop='height' content='1500'>\n                    <\/div><\/figure><\/div><\/div>\n\n<div class='grid-item 1\/2 mt- mb- md-1\/3'><div class='thumbnail'><figure class='gallery-item' itemprop='associatedMedia' itemscope itemtype='http:\/\/schema.org\/ImageObject'>\n                    <div class='gallery-icon landscape'>\n                        <a target=\"_blank\" rel=\"gallery-12560\" href='https:\/\/www.czech-neuro.cz\/odborne-akce\/fotogalerie\/34-cesky-a-slovensky-neurologicky-sjezd\/cns_stanek_prazdny\/'><img loading=\"lazy\" decoding=\"async\" width=\"150\" height=\"150\" src=\"https:\/\/www.czech-neuro.cz\/content\/uploads\/2022\/04\/cns_stanek_prazdny-150x150.jpg\" class=\"attachment-thumbnail size-thumbnail\" alt=\"\" srcset=\"https:\/\/www.czech-neuro.cz\/content\/uploads\/2022\/04\/cns_stanek_prazdny-150x150.jpg 150w, https:\/\/www.czech-neuro.cz\/content\/uploads\/2022\/04\/cns_stanek_prazdny-100x100.jpg 100w\" sizes=\"auto, (max-width: 150px) 100vw, 150px\" itemprop=\"thumbnail\" \/><\/a>\n                        <meta itemprop='width' content='2102'>\n                        <meta itemprop='height' content='1500'>\n                    <\/div><\/figure><\/div><\/div>\n<\/div>\n<\/div>\n\n","protected":false},"excerpt":{"rendered":"","protected":false},"author":23,"featured_media":12546,"parent":2022,"menu_order":11,"comment_status":"closed","ping_status":"closed","template":"","meta":{"_acf_changed":false,"_searchwp_excluded":"","kia_subtitle":"29.-31.3.2022, Olomouc","footnotes":""},"class_list":["post-12544","page","type-page","status-publish","has-post-thumbnail","hentry"],"acf":[],"yoast_head":"<!-- This site is optimized with the Yoast SEO Premium plugin v26.2 (Yoast SEO v26.2) - https:\/\/yoast.com\/wordpress\/plugins\/seo\/ -->\n<title>34. \u010desk\u00fd a slovensk\u00fd neurologick\u00fd sjezd - \u010cesk\u00e1 neurologick\u00e1 spole\u010dnost<\/title>\n<meta name=\"robots\" content=\"index, follow, max-snippet:-1, max-image-preview:large, max-video-preview:-1\" \/>\n<link rel=\"canonical\" href=\"https:\/\/www.czech-neuro.cz\/odborne-akce\/fotogalerie\/34-cesky-a-slovensky-neurologicky-sjezd\/\" \/>\n<meta property=\"og:locale\" content=\"cs_CZ\" \/>\n<meta property=\"og:type\" content=\"article\" \/>\n<meta property=\"og:title\" content=\"34. \u010desk\u00fd a slovensk\u00fd neurologick\u00fd sjezd\" \/>\n<meta property=\"og:url\" content=\"https:\/\/www.czech-neuro.cz\/odborne-akce\/fotogalerie\/34-cesky-a-slovensky-neurologicky-sjezd\/\" \/>\n<meta property=\"og:site_name\" content=\"\u010cesk\u00e1 neurologick\u00e1 spole\u010dnost\" \/>\n<meta property=\"article:modified_time\" content=\"2022-04-21T12:42:57+00:00\" \/>\n<meta property=\"og:image\" content=\"https:\/\/www.czech-neuro.cz\/content\/uploads\/2022\/04\/img_6411.jpg\" \/>\n\t<meta property=\"og:image:width\" content=\"2102\" \/>\n\t<meta property=\"og:image:height\" content=\"1500\" \/>\n\t<meta property=\"og:image:type\" content=\"image\/jpeg\" \/>\n<meta name=\"twitter:card\" content=\"summary_large_image\" \/>\n<script type=\"application\/ld+json\" class=\"yoast-schema-graph\">{\"@context\":\"https:\/\/schema.org\",\"@graph\":[{\"@type\":\"WebPage\",\"@id\":\"https:\/\/www.czech-neuro.cz\/odborne-akce\/fotogalerie\/34-cesky-a-slovensky-neurologicky-sjezd\/\",\"url\":\"https:\/\/www.czech-neuro.cz\/odborne-akce\/fotogalerie\/34-cesky-a-slovensky-neurologicky-sjezd\/\",\"name\":\"34. \u010desk\u00fd a slovensk\u00fd neurologick\u00fd sjezd - \u010cesk\u00e1 neurologick\u00e1 spole\u010dnost\",\"isPartOf\":{\"@id\":\"https:\/\/www.czech-neuro.cz\/#website\"},\"primaryImageOfPage\":{\"@id\":\"https:\/\/www.czech-neuro.cz\/odborne-akce\/fotogalerie\/34-cesky-a-slovensky-neurologicky-sjezd\/#primaryimage\"},\"image\":{\"@id\":\"https:\/\/www.czech-neuro.cz\/odborne-akce\/fotogalerie\/34-cesky-a-slovensky-neurologicky-sjezd\/#primaryimage\"},\"thumbnailUrl\":\"https:\/\/www.czech-neuro.cz\/content\/uploads\/2022\/04\/img_6411.jpg\",\"datePublished\":\"2022-04-21T12:40:51+00:00\",\"dateModified\":\"2022-04-21T12:42:57+00:00\",\"breadcrumb\":{\"@id\":\"https:\/\/www.czech-neuro.cz\/odborne-akce\/fotogalerie\/34-cesky-a-slovensky-neurologicky-sjezd\/#breadcrumb\"},\"inLanguage\":\"cs\",\"potentialAction\":[{\"@type\":\"ReadAction\",\"target\":[\"https:\/\/www.czech-neuro.cz\/odborne-akce\/fotogalerie\/34-cesky-a-slovensky-neurologicky-sjezd\/\"]}]},{\"@type\":\"ImageObject\",\"inLanguage\":\"cs\",\"@id\":\"https:\/\/www.czech-neuro.cz\/odborne-akce\/fotogalerie\/34-cesky-a-slovensky-neurologicky-sjezd\/#primaryimage\",\"url\":\"https:\/\/www.czech-neuro.cz\/content\/uploads\/2022\/04\/img_6411.jpg\",\"contentUrl\":\"https:\/\/www.czech-neuro.cz\/content\/uploads\/2022\/04\/img_6411.jpg\",\"width\":2102,\"height\":1500},{\"@type\":\"BreadcrumbList\",\"@id\":\"https:\/\/www.czech-neuro.cz\/odborne-akce\/fotogalerie\/34-cesky-a-slovensky-neurologicky-sjezd\/#breadcrumb\",\"itemListElement\":[{\"@type\":\"ListItem\",\"position\":1,\"name\":\"Dom\u016f\",\"item\":\"https:\/\/www.czech-neuro.cz\/\"},{\"@type\":\"ListItem\",\"position\":2,\"name\":\"Odborn\u00e9 akce\",\"item\":\"https:\/\/www.czech-neuro.cz\/odborne-akce\/sjezdy-a-akce-cns\/\"},{\"@type\":\"ListItem\",\"position\":3,\"name\":\"Fotogalerie\",\"item\":\"https:\/\/www.czech-neuro.cz\/odborne-akce\/fotogalerie\/\"},{\"@type\":\"ListItem\",\"position\":4,\"name\":\"34.&nbsp;\u010desk\u00fd a&nbsp;slovensk\u00fd neurologick\u00fd sjezd\"}]},{\"@type\":\"WebSite\",\"@id\":\"https:\/\/www.czech-neuro.cz\/#website\",\"url\":\"https:\/\/www.czech-neuro.cz\/\",\"name\":\"\u010cesk\u00e1 neurologick\u00e1 spole\u010dnost\",\"description\":\"\u010cesk\u00e1 neurologick\u00e1 spole\u010dnost je odborn\u00e1 v\u011bdeck\u00e1 spole\u010dnost, jej\u00edm\u017e c\u00edlem je db\u00e1t o rozvoj neurologie jako v\u00fdznamn\u00e9 l\u00e9ka\u0159sk\u00e9 a v\u011bdeck\u00e9 discipliny v \u010cesk\u00e9 republice.\",\"potentialAction\":[{\"@type\":\"SearchAction\",\"target\":{\"@type\":\"EntryPoint\",\"urlTemplate\":\"https:\/\/www.czech-neuro.cz\/?s={search_term_string}\"},\"query-input\":{\"@type\":\"PropertyValueSpecification\",\"valueRequired\":true,\"valueName\":\"search_term_string\"}}],\"inLanguage\":\"cs\"}]}<\/script>\n<!-- \/ Yoast SEO Premium plugin. -->","yoast_head_json":{"title":"34. \u010desk\u00fd a slovensk\u00fd neurologick\u00fd sjezd - \u010cesk\u00e1 neurologick\u00e1 spole\u010dnost","robots":{"index":"index","follow":"follow","max-snippet":"max-snippet:-1","max-image-preview":"max-image-preview:large","max-video-preview":"max-video-preview:-1"},"canonical":"https:\/\/www.czech-neuro.cz\/odborne-akce\/fotogalerie\/34-cesky-a-slovensky-neurologicky-sjezd\/","og_locale":"cs_CZ","og_type":"article","og_title":"34. \u010desk\u00fd a slovensk\u00fd neurologick\u00fd sjezd","og_url":"https:\/\/www.czech-neuro.cz\/odborne-akce\/fotogalerie\/34-cesky-a-slovensky-neurologicky-sjezd\/","og_site_name":"\u010cesk\u00e1 neurologick\u00e1 spole\u010dnost","article_modified_time":"2022-04-21T12:42:57+00:00","og_image":[{"width":2102,"height":1500,"url":"https:\/\/www.czech-neuro.cz\/content\/uploads\/2022\/04\/img_6411.jpg","type":"image\/jpeg"}],"twitter_card":"summary_large_image","schema":{"@context":"https:\/\/schema.org","@graph":[{"@type":"WebPage","@id":"https:\/\/www.czech-neuro.cz\/odborne-akce\/fotogalerie\/34-cesky-a-slovensky-neurologicky-sjezd\/","url":"https:\/\/www.czech-neuro.cz\/odborne-akce\/fotogalerie\/34-cesky-a-slovensky-neurologicky-sjezd\/","name":"34. \u010desk\u00fd a slovensk\u00fd neurologick\u00fd sjezd - \u010cesk\u00e1 neurologick\u00e1 spole\u010dnost","isPartOf":{"@id":"https:\/\/www.czech-neuro.cz\/#website"},"primaryImageOfPage":{"@id":"https:\/\/www.czech-neuro.cz\/odborne-akce\/fotogalerie\/34-cesky-a-slovensky-neurologicky-sjezd\/#primaryimage"},"image":{"@id":"https:\/\/www.czech-neuro.cz\/odborne-akce\/fotogalerie\/34-cesky-a-slovensky-neurologicky-sjezd\/#primaryimage"},"thumbnailUrl":"https:\/\/www.czech-neuro.cz\/content\/uploads\/2022\/04\/img_6411.jpg","datePublished":"2022-04-21T12:40:51+00:00","dateModified":"2022-04-21T12:42:57+00:00","breadcrumb":{"@id":"https:\/\/www.czech-neuro.cz\/odborne-akce\/fotogalerie\/34-cesky-a-slovensky-neurologicky-sjezd\/#breadcrumb"},"inLanguage":"cs","potentialAction":[{"@type":"ReadAction","target":["https:\/\/www.czech-neuro.cz\/odborne-akce\/fotogalerie\/34-cesky-a-slovensky-neurologicky-sjezd\/"]}]},{"@type":"ImageObject","inLanguage":"cs","@id":"https:\/\/www.czech-neuro.cz\/odborne-akce\/fotogalerie\/34-cesky-a-slovensky-neurologicky-sjezd\/#primaryimage","url":"https:\/\/www.czech-neuro.cz\/content\/uploads\/2022\/04\/img_6411.jpg","contentUrl":"https:\/\/www.czech-neuro.cz\/content\/uploads\/2022\/04\/img_6411.jpg","width":2102,"height":1500},{"@type":"BreadcrumbList","@id":"https:\/\/www.czech-neuro.cz\/odborne-akce\/fotogalerie\/34-cesky-a-slovensky-neurologicky-sjezd\/#breadcrumb","itemListElement":[{"@type":"ListItem","position":1,"name":"Dom\u016f","item":"https:\/\/www.czech-neuro.cz\/"},{"@type":"ListItem","position":2,"name":"Odborn\u00e9 akce","item":"https:\/\/www.czech-neuro.cz\/odborne-akce\/sjezdy-a-akce-cns\/"},{"@type":"ListItem","position":3,"name":"Fotogalerie","item":"https:\/\/www.czech-neuro.cz\/odborne-akce\/fotogalerie\/"},{"@type":"ListItem","position":4,"name":"34.&nbsp;\u010desk\u00fd a&nbsp;slovensk\u00fd neurologick\u00fd sjezd"}]},{"@type":"WebSite","@id":"https:\/\/www.czech-neuro.cz\/#website","url":"https:\/\/www.czech-neuro.cz\/","name":"\u010cesk\u00e1 neurologick\u00e1 spole\u010dnost","description":"\u010cesk\u00e1 neurologick\u00e1 spole\u010dnost je odborn\u00e1 v\u011bdeck\u00e1 spole\u010dnost, jej\u00edm\u017e c\u00edlem je db\u00e1t o rozvoj neurologie jako v\u00fdznamn\u00e9 l\u00e9ka\u0159sk\u00e9 a v\u011bdeck\u00e9 discipliny v \u010cesk\u00e9 republice.","potentialAction":[{"@type":"SearchAction","target":{"@type":"EntryPoint","urlTemplate":"https:\/\/www.czech-neuro.cz\/?s={search_term_string}"},"query-input":{"@type":"PropertyValueSpecification","valueRequired":true,"valueName":"search_term_string"}}],"inLanguage":"cs"}]}},"lang":"cs","translations":{"cs":12544},"_links":{"self":[{"href":"https:\/\/www.czech-neuro.cz\/api\/wp\/v2\/pages\/12544","targetHints":{"allow":["GET"]}}],"collection":[{"href":"https:\/\/www.czech-neuro.cz\/api\/wp\/v2\/pages"}],"about":[{"href":"https:\/\/www.czech-neuro.cz\/api\/wp\/v2\/types\/page"}],"author":[{"embeddable":true,"href":"https:\/\/www.czech-neuro.cz\/api\/wp\/v2\/users\/23"}],"replies":[{"embeddable":true,"href":"https:\/\/www.czech-neuro.cz\/api\/wp\/v2\/comments?post=12544"}],"version-history":[{"count":1,"href":"https:\/\/www.czech-neuro.cz\/api\/wp\/v2\/pages\/12544\/revisions"}],"predecessor-version":[{"id":12561,"href":"https:\/\/www.czech-neuro.cz\/api\/wp\/v2\/pages\/12544\/revisions\/12561"}],"up":[{"embeddable":true,"href":"https:\/\/www.czech-neuro.cz\/api\/wp\/v2\/pages\/2022"}],"wp:featuredmedia":[{"embeddable":true,"href":"https:\/\/www.czech-neuro.cz\/api\/wp\/v2\/media\/12546"}],"wp:attachment":[{"href":"https:\/\/www.czech-neuro.cz\/api\/wp\/v2\/media?parent=12544"}],"curies":[{"name":"wp","href":"https:\/\/api.w.org\/{rel}","templated":true}]}}